{"id":21839,"date":"2022-10-04T09:46:07","date_gmt":"2022-10-04T07:46:07","guid":{"rendered":"https:\/\/fibgar.es\/human-rights\/"},"modified":"2023-10-23T16:31:38","modified_gmt":"2023-10-23T14:31:38","slug":"human-rights","status":"publish","type":"page","link":"https:\/\/fibgar.es\/en\/human-rights\/","title":{"rendered":"Human Rights"},"content":{"rendered":"<div class=\"wpb-content-wrapper\"><p>[vc_row content_width=&#8221;grid&#8221; css=&#8221;.vc_custom_1664870052898{margin-bottom: 50px !important;}&#8221;][vc_column width=&#8221;1\/3&#8243;][vc_hoverbox primary_title=&#8221;DEC POLICY BRIEFS&#8221; hover_title=&#8221;DEC POLICY BRIEFS&#8221; shape=&#8221;square&#8221; hover_background_color=&#8221;custom&#8221; hover_btn_title=&#8221;Descargar&#8221; hover_btn_style=&#8221;classic&#8221; hover_btn_color=&#8221;success&#8221; hover_btn_i_icon_fontawesome=&#8221;fa fa-file-pdf-o&#8221; hover_add_button=&#8221;true&#8221; hover_btn_add_icon=&#8221;true&#8221; hover_btn_link=&#8221;url:https%3A%2F%2Ffibgar.es%2Fwp-content%2Fuploads%2F2023%2F10%2FDEC-Policy-Briefs-e-booklet.pdf||target:%20_blank|&#8221; hover_custom_background=&#8221;#f6f4ee&#8221;]<\/p>\n<h4>FIBGAR<\/h4>\n<p style=\"text-align: justify;\">E-booklet developed in the framework of the Erasmus+ Project &#8220;Environmental and Digital Citizenship: Fostering Youth Engagement for a Safer Environment and Responsible Use of ICT&#8221;-DEC<\/p>\n<p>&nbsp;<\/p>\n<p>[\/vc_hoverbox][\/vc_column][vc_column width=&#8221;1\/3&#8243;][vc_hoverbox primary_title=&#8221;Feedback from the PATFox consortium&#8221; hover_title=&#8221;Feedback from the PATFox consortium&#8221; shape=&#8221;square&#8221; hover_background_color=&#8221;custom&#8221; hover_btn_title=&#8221;Descargar&#8221; hover_btn_style=&#8221;classic&#8221; hover_btn_color=&#8221;success&#8221; hover_btn_i_icon_fontawesome=&#8221;fa fa-file-pdf-o&#8221; hover_add_button=&#8221;true&#8221; hover_btn_add_icon=&#8221;true&#8221; hover_btn_link=&#8221;url:https%3A%2F%2Ffibgar.es%2Fwp-content%2Fuploads%2F2023%2F10%2FPATFoxFeedbackCoEreccomendation_010823.pdf||target:%20_blank|&#8221; hover_custom_background=&#8221;#f6f4ee&#8221;]<\/p>\n<h4>FIBGAR<\/h4>\n<p style=\"text-align: justify;\">Feedback on the Council of Europe Draft Recommendation of the Committee of Ministers to member states on countering the use of SLAPPs<\/p>\n<p>&nbsp;<\/p>\n<p>[\/vc_hoverbox][\/vc_column][vc_column width=&#8221;1\/3&#8243;][vc_hoverbox primary_title=&#8221;El rol de la mujer en la construcci\u00f3n de paz&#8221; hover_title=&#8221;El rol de la mujer en la construcci\u00f3n de paz&#8221; shape=&#8221;square&#8221; hover_background_color=&#8221;custom&#8221; hover_btn_title=&#8221;Descargar&#8221; hover_btn_style=&#8221;classic&#8221; hover_btn_color=&#8221;success&#8221; hover_btn_i_icon_fontawesome=&#8221;fa fa-file-pdf-o&#8221; hover_add_button=&#8221;true&#8221; hover_btn_add_icon=&#8221;true&#8221; hover_btn_link=&#8221;url:https%3A%2F%2Ffibgar.es%2Fwp-content%2Fuploads%2F2023%2F08%2FEl-rol-de-la-mujer-en-la-construccion-de-paz-plantilla.pdf|target:%20_blank|&#8221; hover_custom_background=&#8221;#f6f4ee&#8221;]<\/p>\n<h4>FIBGAR<\/h4>\n<p style=\"text-align: justify;\">La paz ha estado tradicionalmente vinculada a la imagen femenina, pero, parad\u00f3jicamente, las mujeres no han podido participar en su consecuci\u00f3n hasta hace poco.<\/p>\n<p>&nbsp;<\/p>\n<p>[\/vc_hoverbox][\/vc_column][\/vc_row][vc_row][vc_column][vc_empty_space height=&#8221;100px&#8221;][\/vc_column][\/vc_row][vc_row content_width=&#8221;grid&#8221; css=&#8221;.vc_custom_1664870052898{margin-bottom: 50px !important;}&#8221;][vc_column width=&#8221;1\/3&#8243;][vc_hoverbox primary_title=&#8221;La Justicia como f\u00e1brica del ant\u00eddoto al odio&#8221; hover_title=&#8221;La Justicia como f\u00e1brica del ant\u00eddoto al odio&#8221; shape=&#8221;square&#8221; hover_background_color=&#8221;custom&#8221; hover_btn_title=&#8221;Descargar&#8221; hover_btn_style=&#8221;classic&#8221; hover_btn_color=&#8221;success&#8221; hover_btn_i_icon_fontawesome=&#8221;fa fa-file-pdf-o&#8221; hover_add_button=&#8221;true&#8221; hover_btn_add_icon=&#8221;true&#8221; hover_btn_link=&#8221;url:https%3A%2F%2Ffibgar.es%2Fwp-content%2Fuploads%2F2023%2F08%2Fla_justicia_como_fabrica_del_antidoto_al_odio.pdf|target:%20_blank|&#8221; hover_custom_background=&#8221;#f6f4ee&#8221;]<\/p>\n<h4>FIBGAR<\/h4>\n<p style=\"text-align: justify;\">Este a\u00f1o se han cumplido 78 a\u00f1os de la liberaci\u00f3n de Auschwitz-Birkenau , donde se cometieron cr\u00edmenes brutales y abominables, donde \u201cmuri\u00f3 el hombre y la idea de hombre\u201d, como dijo el Premio Nobel de la Paz, Elie Wiesel.<\/p>\n<p>&nbsp;<\/p>\n<p>&nbsp;<\/p>\n<p>[\/vc_hoverbox][\/vc_column][vc_column width=&#8221;1\/3&#8243;][vc_hoverbox primary_title=&#8221;El caso de los pueblos ind\u00edgenas: los derechos de los olvidados&#8221; hover_title=&#8221;El caso de los pueblos ind\u00edgenas: los derechos de los olvidados&#8221; shape=&#8221;square&#8221; hover_background_color=&#8221;custom&#8221; hover_btn_title=&#8221;Descargar&#8221; hover_btn_style=&#8221;classic&#8221; hover_btn_color=&#8221;success&#8221; hover_btn_i_icon_fontawesome=&#8221;fa fa-file-pdf-o&#8221; hover_add_button=&#8221;true&#8221; hover_btn_add_icon=&#8221;true&#8221; hover_btn_link=&#8221;url:https%3A%2F%2Ffibgar.es%2Fwp-content%2Fuploads%2F2023%2F04%2FEl-caso-de-los-pueblos-indigenas-los-derechos-de-los-olvidados-.pdf|target:%20_blank|&#8221; hover_custom_background=&#8221;#f6f4ee&#8221;]<\/p>\n<p style=\"text-align: justify;\">Este art\u00edculo presenta una revisi\u00f3n del estado actual de los derechos de los pueblos ind\u00edgenas, destacando su lucha por el reconocimiento y garant\u00eda de sus derechos, as\u00ed como la persistente brecha entre el marco jur\u00eddico y la realidad.<\/p>\n<p>&nbsp;<\/p>\n<p>[\/vc_hoverbox][\/vc_column][vc_column width=&#8221;1\/3&#8243;][vc_hoverbox primary_title=&#8221;El Marco Jur\u00eddico Contra el Olvido- Informe final&#8221; hover_title=&#8221;El Marco Jur\u00eddico Contra el Olvido- Informe final&#8221; shape=&#8221;square&#8221; hover_background_color=&#8221;custom&#8221; hover_btn_title=&#8221;Descargar&#8221; hover_btn_style=&#8221;classic&#8221; hover_btn_color=&#8221;success&#8221; hover_btn_i_icon_fontawesome=&#8221;fa fa-file-pdf-o&#8221; hover_add_button=&#8221;true&#8221; hover_btn_add_icon=&#8221;true&#8221; hover_btn_link=&#8221;url:https%3A%2F%2Ffibgar.es%2Fwp-content%2Fuploads%2F2022%2F12%2FINFORME-FINAL.-EL-MARCO-JURIDICO-CONTRA-EL-OLVIDO.pdf|target:%20_blank|&#8221; hover_custom_background=&#8221;#f6f4ee&#8221;]<\/p>\n<p style=\"text-align: justify;\">An\u00e1lisis internacional y comparado sobre los fundamentos jur\u00eddicos de la memoria democr\u00e1tica<\/p>\n<p>&nbsp;<\/p>\n<p>[\/vc_hoverbox][\/vc_column][\/vc_row][vc_row][vc_column][vc_empty_space height=&#8221;100px&#8221;][\/vc_column][\/vc_row][vc_row content_width=&#8221;grid&#8221; css=&#8221;.vc_custom_1664870052898{margin-bottom: 50px !important;}&#8221;][vc_column width=&#8221;1\/3&#8243;][vc_hoverbox primary_title=&#8221;El Marco Jur\u00eddico Contra el Olvido- Resumen Ejecutivo&#8221; hover_title=&#8221;El Marco Jur\u00eddico Contra el Olvido- Resumen Ejecutivo&#8221; shape=&#8221;square&#8221; hover_background_color=&#8221;custom&#8221; hover_btn_title=&#8221;Descargar&#8221; hover_btn_style=&#8221;classic&#8221; hover_btn_color=&#8221;success&#8221; hover_btn_i_icon_fontawesome=&#8221;fa fa-file-pdf-o&#8221; hover_add_button=&#8221;true&#8221; hover_btn_add_icon=&#8221;true&#8221; hover_btn_link=&#8221;url:https%3A%2F%2Ffibgar.es%2Fwp-content%2Fuploads%2F2022%2F12%2FRESUMEN-EJECUTIVO.-EL-MARCO-JURIDICO-CONTRA-EL-OLVIDO.pdf|target:%20_blank|&#8221; hover_custom_background=&#8221;#f6f4ee&#8221;]<\/p>\n<p style=\"text-align: justify;\">An\u00e1lisis internacional y comparado sobre los fundamentos jur\u00eddicos de la memoria democr\u00e1tica<\/p>\n<p>[\/vc_hoverbox][\/vc_column][vc_column width=&#8221;1\/3&#8243;][vc_hoverbox image=&#8221;20210&#8243; primary_title=&#8221;EU action against abusive litigation (SLAPP) targeting journalists and rights defenders \u2013 feedback from the PATFox consortium&#8221; hover_title=&#8221;EU action against abusive litigation (SLAPP) targeting journalists and rights defenders \u2013 feedback from the PATFox consortium&#8221; shape=&#8221;square&#8221; hover_background_color=&#8221;custom&#8221; hover_btn_title=&#8221;Descargar&#8221; hover_btn_style=&#8221;classic&#8221; hover_btn_color=&#8221;success&#8221; hover_btn_i_icon_fontawesome=&#8221;fa fa-file-pdf-o&#8221; hover_add_button=&#8221;true&#8221; hover_btn_add_icon=&#8221;true&#8221; hover_btn_link=&#8221;url:https%3A%2F%2Ffibgar.es%2Fwp-content%2Fuploads%2F2022%2F10%2FPATFoxFeedback.pdf|target:%20_blank|&#8221; hover_custom_background=&#8221;#f6f4ee&#8221;]<\/p>\n<h4>BLUEPRINT FOR FREESPEECH FIBGAR<\/h4>\n<p style=\"text-align: justify;\">Feeback on the proposal of the EU Directive on protecting persons who engage in public participation from manifestly unfounded or abusive court proceedings (\u201cStrategic lawsuits against public participation\u201d).<\/p>\n<p>[\/vc_hoverbox][\/vc_column][vc_column width=&#8221;1\/3&#8243;][vc_hoverbox image=&#8221;20212&#8243; primary_title=&#8221;Acci\u00f3n de la UE frente a las demandas abusivas (SLAPP) contra periodistas y defensores de Derechos Humanos \u2013 Observaciones del consorcio PATFox&#8221; hover_title=&#8221;Acci\u00f3n de la UE frente a las demandas abusivas (SLAPP) contra periodistas y defensores de Derechos Humanos \u2013 Observaciones del consorcio PATFox&#8221; shape=&#8221;square&#8221; hover_background_color=&#8221;custom&#8221; hover_btn_title=&#8221;Descargar&#8221; hover_btn_style=&#8221;classic&#8221; hover_btn_color=&#8221;success&#8221; hover_btn_i_icon_fontawesome=&#8221;fa fa-file-pdf-o&#8221; hover_add_button=&#8221;true&#8221; hover_btn_add_icon=&#8221;true&#8221; hover_btn_link=&#8221;url:https%3A%2F%2Ffibgar.es%2Fwp-content%2Fuploads%2F2022%2F10%2FPATFoxFeedback-espan%CC%83ol.pdf|target:%20_blank|&#8221; hover_custom_background=&#8221;#f6f4ee&#8221;]<\/p>\n<h4>BLUEPRINT FOR FREESPEECH FIBGAR<\/h4>\n<p style=\"text-align: justify;\">Feeback on the proposal of the EU Directive on protecting persons who engage in public participation from manifestly unfounded or abusive court proceedings (\u201cStrategic lawsuits against public participation\u201d).<\/p>\n<p>[\/vc_hoverbox][\/vc_column][\/vc_row][vc_row][vc_column][vc_empty_space height=&#8221;100px&#8221;][\/vc_column][\/vc_row][vc_row content_width=&#8221;grid&#8221; css=&#8221;.vc_custom_1664870052898{margin-bottom: 50px !important;}&#8221;][vc_column width=&#8221;1\/3&#8243;][vc_hoverbox image=&#8221;20208&#8243; primary_title=&#8221;La compleja actualidad americana: aportes para una evoluci\u00f3n positiva-La lucha Anticorrupci\u00f3n en Am\u00e9rica Latina. Radiograf\u00eda Cr\u00edtica del Estado Democr\u00e1tico de Derecho&#8221; hover_title=&#8221;La compleja actualidad americana: aportes para una evoluci\u00f3n positiva-La lucha Anticorrupci\u00f3n en Am\u00e9rica Latina. Radiograf\u00eda Cr\u00edtica del Estado Democr\u00e1tico de Derecho&#8221; shape=&#8221;square&#8221; hover_background_color=&#8221;custom&#8221; hover_btn_title=&#8221;Descargar&#8221; hover_btn_style=&#8221;classic&#8221; hover_btn_color=&#8221;success&#8221; hover_btn_i_icon_fontawesome=&#8221;fa fa-file-pdf-o&#8221; hover_add_button=&#8221;true&#8221; hover_btn_add_icon=&#8221;true&#8221; hover_btn_link=&#8221;url:https%3A%2F%2Ffibgar.es%2Fwp-content%2Fuploads%2F2022%2F10%2FPublicacion-def-La-compleja-actualidad-latinoamericana-Proyecto-UAP.pdf|target:%20_blank|&#8221; hover_custom_background=&#8221;#f6f4ee&#8221;]<\/p>\n<h4>FIBGAR<\/h4>\n<p style=\"text-align: justify;\">Durante la \u00faltima d\u00e9cada este fen\u00f3meno ha tomado dimensiones alarmantes en Am\u00e9rica Latina, que han quedado en evidencia con la prol\u00edfera revelaci\u00f3n de casos, los cuales parecen no solo haberse multiplicado sino transnacionalizado, en los que funcionarios p\u00fablicos, pol\u00edticos, empresas y ciudadanos han abusado de sus funciones y de los recursos p\u00fablicos para conseguir ganancias privadas, colocando a la corrupci\u00f3n entre las principales preocupaciones en el contexto de una recesi\u00f3n econ\u00f3mica regional y de incertidumbre global.<\/p>\n<p>&nbsp;<\/p>\n<p>[\/vc_hoverbox][\/vc_column][vc_column width=&#8221;1\/3&#8243;][vc_hoverbox image=&#8221;20206&#8243; primary_title=&#8221;Alegaciones sobre la aplicaci\u00f3n de la Convenci\u00f3n Internacional para la protecci\u00f3n de todas las personas contra las desapariciones forzadas por el Estado espa\u00f1ol&#8221; hover_title=&#8221;Alegaciones sobre la aplicaci\u00f3n de la Convenci\u00f3n Internacional para la protecci\u00f3n de todas las personas contra las desapariciones forzadas por el Estado espa\u00f1ol&#8221; shape=&#8221;square&#8221; hover_background_color=&#8221;custom&#8221; hover_btn_title=&#8221;Descargar&#8221; hover_btn_style=&#8221;classic&#8221; hover_btn_color=&#8221;success&#8221; hover_btn_i_icon_fontawesome=&#8221;fa fa-file-pdf-o&#8221; hover_add_button=&#8221;true&#8221; hover_btn_add_icon=&#8221;true&#8221; hover_btn_link=&#8221;url:https%3A%2F%2Ffibgar.es%2Fwp-content%2Fuploads%2F2022%2F10%2Falegaciones-convencion.pdf|target:%20_blank|&#8221; hover_custom_background=&#8221;#f6f4ee&#8221;]<\/p>\n<h4>FIBGAR<\/h4>\n<p style=\"text-align: justify;\">Contribuci\u00f3n al examen de la informaci\u00f3n complementaria proporcionada por el Estado espa\u00f1ol sobre la aplicaci\u00f3n de la Convenci\u00f3n Internacional para la protecci\u00f3n de todas las personas contra las desapariciones forzadas (art. 29.4 de la Convenci\u00f3n)-21\u00ba periodo de sesiones (13-24 de septiembre de 2021)<\/p>\n<p>[\/vc_hoverbox][\/vc_column][vc_column width=&#8221;1\/3&#8243;][vc_hoverbox image=&#8221;20221&#8243; primary_title=&#8221;Guias Jesdi&#8221; hover_title=&#8221;Guias Jesdi&#8221; shape=&#8221;square&#8221; hover_background_color=&#8221;custom&#8221; hover_btn_title=&#8221;Descargar&#8221; hover_btn_style=&#8221;classic&#8221; hover_btn_color=&#8221;success&#8221; hover_btn_i_icon_fontawesome=&#8221;fa fa-file-pdf-o&#8221; hover_add_button=&#8221;true&#8221; hover_btn_add_icon=&#8221;true&#8221; hover_btn_link=&#8221;url:https%3A%2F%2Ffibgar.es%2Fwp-content%2Fuploads%2F2022%2F10%2FGui%CC%81a-educadores.pdf|target:%20_blank|&#8221; hover_custom_background=&#8221;#f6f4ee&#8221;]<\/p>\n<h4>FIBGAR<\/h4>\n<p style=\"text-align: justify;\">Jovenes para una Espa\u00f1a diversa<\/p>\n<p>[\/vc_hoverbox][\/vc_column][\/vc_row][vc_row][vc_column][vc_empty_space height=&#8221;100px&#8221;][\/vc_column][\/vc_row][vc_row content_width=&#8221;grid&#8221; css=&#8221;.vc_custom_1664870052898{margin-bottom: 50px !important;}&#8221;][vc_column width=&#8221;1\/3&#8243;][vc_hoverbox image=&#8221;20202&#8243; primary_title=&#8221;Informe de seguimiento el Grupo de Trabajo sobre las Desapariciones Forzadas o Involuntarias&#8221; hover_title=&#8221;Informe de seguimiento el Grupo de Trabajo sobre las Desapariciones Forzadas o Involuntarias&#8221; shape=&#8221;square&#8221; hover_background_color=&#8221;custom&#8221; hover_btn_title=&#8221;Descargar&#8221; hover_btn_style=&#8221;classic&#8221; hover_btn_color=&#8221;success&#8221; hover_btn_i_icon_fontawesome=&#8221;fa fa-file-pdf-o&#8221; hover_add_button=&#8221;true&#8221; hover_btn_add_icon=&#8221;true&#8221; hover_btn_link=&#8221;url:https%3A%2F%2Ffibgar.es%2Fwp-content%2Fuploads%2F2022%2F10%2Finforme-al-grupo-de-trabajo.pdf|target:%20_blank|&#8221; hover_custom_background=&#8221;#f6f4ee&#8221;]<\/p>\n<h4>FIBGAR TRIAL Ris APDHE HAUSFELD &amp; CO LLP<\/h4>\n<p style=\"text-align: justify;\">Informe de seguimiento pde las observaciones preliminares formuladas por el Grupo de Trabajo sobre las Desapariciones Forzadas o Involuntarias<\/p>\n<p>[\/vc_hoverbox][\/vc_column][vc_column width=&#8221;1\/3&#8243;][vc_hoverbox image=&#8221;20199&#8243; primary_title=&#8221;Informe sobre la situaci\u00f3n de los derechos humanos en Espa\u00f1a&#8221; hover_title=&#8221;Informe sobre la situaci\u00f3n de los derechos humanos en Espa\u00f1a&#8221; shape=&#8221;square&#8221; hover_background_color=&#8221;custom&#8221; hover_btn_title=&#8221;Descargar&#8221; hover_btn_style=&#8221;classic&#8221; hover_btn_color=&#8221;success&#8221; hover_btn_i_icon_fontawesome=&#8221;fa fa-file-pdf-o&#8221; hover_add_button=&#8221;true&#8221; hover_btn_add_icon=&#8221;true&#8221; hover_btn_link=&#8221;url:https%3A%2F%2Ffibgar.es%2Fwp-content%2Fuploads%2F2023%2F07%2FCoalicion-de-ONG-Informe-FIBGAR-APAEM-Womens-Link.pdf|target:%20_blank|&#8221; hover_custom_background=&#8221;#f6f4ee&#8221;]<\/p>\n<h4>FIBGAR APAEM Women\u2019s Link Worlwide<\/h4>\n<p style=\"text-align: justify;\">Informe presentado Consejo de Derechos Humanos de la ONU en el marco del Examen Peri\u00f3dico Universal (EPU)<\/p>\n<p>&nbsp;<\/p>\n<p>[\/vc_hoverbox][\/vc_column][vc_column width=&#8221;1\/3&#8243;][vc_hoverbox image=&#8221;20204&#8243; primary_title=&#8221;La deuda privada desde un enfoque de los derechos del ni\u00f1o&#8221; hover_title=&#8221;La deuda privada desde un enfoque de los derechos del ni\u00f1o&#8221; shape=&#8221;square&#8221; hover_background_color=&#8221;custom&#8221; hover_btn_title=&#8221;Descargar&#8221; hover_btn_style=&#8221;classic&#8221; hover_btn_color=&#8221;success&#8221; hover_btn_i_icon_fontawesome=&#8221;fa fa-file-pdf-o&#8221; hover_add_button=&#8221;true&#8221; hover_btn_add_icon=&#8221;true&#8221; hover_btn_link=&#8221;url:https%3A%2F%2Ffibgar.es%2Fwp-content%2Fuploads%2F2022%2F10%2Fla-deuda-privada-desde-un-enfoque-de-los-derechos-del-nino.pdf|target:%20_blank|&#8221; hover_custom_background=&#8221;#f6f4ee&#8221;]<\/p>\n<h4>FIBGAR<\/h4>\n<p style=\"text-align: justify;\">El informe tiene por objeto ofrecer recomendaciones al Experto Independiente en las consecuencias de la deuda externa y las obligaciones financieras internacionales conexas de los Estados para el pleno goce de todos los derechos humanos, sobre todo los derechos econ\u00f3micos, sociales y culturales, en su esfuerzo por abordar el tema de la deuda privada desde una perspectiva de los derechos humanos, con particular enfoque en los ni\u00f1os.<\/p>\n<p>[\/vc_hoverbox][\/vc_column][\/vc_row][vc_row][vc_column][vc_empty_space height=&#8221;100px&#8221;][\/vc_column][\/vc_row][vc_row content_width=&#8221;grid&#8221; css=&#8221;.vc_custom_1664870052898{margin-bottom: 50px !important;}&#8221;][vc_column width=&#8221;1\/3&#8243;][vc_hoverbox image=&#8221;20162&#8243; primary_title=&#8221;The balance of immunity and impunity in the prosecution of international crimes&#8221; hover_title=&#8221;The balance of immunity and impunity in the prosecution of international crimes&#8221; shape=&#8221;square&#8221; hover_background_color=&#8221;custom&#8221; hover_btn_title=&#8221;Descargar&#8221; hover_btn_style=&#8221;classic&#8221; hover_btn_color=&#8221;success&#8221; hover_btn_i_icon_fontawesome=&#8221;fa fa-file-pdf-o&#8221; hover_add_button=&#8221;true&#8221; hover_btn_add_icon=&#8221;true&#8221; hover_btn_link=&#8221;url:https%3A%2F%2Ffibgar.es%2Fwp-content%2Fuploads%2F2020%2F07%2Fthe-balance-of-immunity-and-impunity-in-the-prosecution-of-international-crimes.pdf|target:%20_blank|&#8221; hover_custom_background=&#8221;#f6f4ee&#8221;]<\/p>\n<h4>Jimena Sof\u00eda Viveros \u00c1lvarez<\/h4>\n<p style=\"text-align: justify;\">Es una realidad que las inmunidades han desempe\u00f1ado un importante papel en el orden legal internacional.Este estudio analiza el progresivo desarrollo del derecho internacional con respecto a esta paradoja, partiendo de la premisa de que es de suma importancia detener la perpetuaci\u00f3n de cr\u00edmenes auspiciados por el Estado mediante el encubrimiento de los responsables bajo un velo de inmunidad e impunidad.<\/p>\n<p>[\/vc_hoverbox][\/vc_column][vc_column width=&#8221;1\/3&#8243;][vc_hoverbox image=&#8221;20163&#8243; primary_title=&#8221;Legal pedagogy, the rule of law, and Human Rights. The Professor, the Magistrate\u2019s Robe, and Miguel de Unamuno&#8221; hover_title=&#8221;Legal pedagogy, the rule of law, and Human Rights. The Professor, the Magistrate\u2019s Robe, and Miguel de Unamuno&#8221; shape=&#8221;square&#8221; hover_background_color=&#8221;custom&#8221; hover_btn_title=&#8221;Descargar&#8221; hover_btn_style=&#8221;classic&#8221; hover_btn_color=&#8221;success&#8221; hover_btn_i_icon_fontawesome=&#8221;fa fa-file-pdf-o&#8221; hover_add_button=&#8221;true&#8221; hover_btn_add_icon=&#8221;true&#8221; hover_btn_link=&#8221;url:https%3A%2F%2Ffibgar.es%2Fwp-content%2Fuploads%2F2020%2F07%2Flegal-pedagogy-the-rule-of-law-and-human-rights-the-professor-the-magistrate-rsquo-s-robe-and-miguel-de-unamuno.pdf|target:%20_blank|&#8221; hover_custom_background=&#8221;#f6f4ee&#8221;]<\/p>\n<h4>Joaqu\u00edn Gonz\u00e1lez Ib\u00e1\u00f1ez<\/h4>\n<p style=\"text-align: justify;\">El proceso judicial del magistrado Baltasor Garz\u00f3n por sus investigaciones relacionadas con la comisi\u00f3n de cr\u00edmenes de lesa humanidad durante la durante la Dictadura Franquista ha causado controversia en lo que se ha percibido como un ataque al Estado de Derecho por parte de la defensa del magistrado. Proyecta un marco de comprensi\u00f3n de la situaci\u00f3n con la defensa del Estado de Derecho en Espa\u00f1a, a trav\u00e9s de la interpretaci\u00f3n de las obligaciones surgidas en el \u00e1mbito del derecho internacional de los DDHH.<\/p>\n<p>[\/vc_hoverbox][\/vc_column][vc_column width=&#8221;1\/3&#8243;][vc_hoverbox image=&#8221;20164&#8243; primary_title=&#8221;Las Comisiones de la Verdad: El pasado frente al espejo An\u00e1lisis comparativo de distintas experiencias y reflexi\u00f3n sobre la aplicaci\u00f3n de este instrumento al caso espa\u00f1ol&#8221; hover_title=&#8221;Las Comisiones de la Verdad: El pasado frente al espejo&#8221; shape=&#8221;square&#8221; hover_background_color=&#8221;custom&#8221; hover_btn_title=&#8221;Descargar&#8221; hover_btn_style=&#8221;classic&#8221; hover_btn_color=&#8221;success&#8221; hover_btn_i_icon_fontawesome=&#8221;fa fa-file-pdf-o&#8221; hover_add_button=&#8221;true&#8221; hover_btn_add_icon=&#8221;true&#8221; hover_btn_link=&#8221;url:https%3A%2F%2Ffibgar.es%2Fwp-content%2Fuploads%2F2020%2F07%2Flas-comisiones-de-la-verdad-el-pasado-frente-al-espejo.pdf|target:%20_blank|&#8221; hover_custom_background=&#8221;#f6f4ee&#8221;]<\/p>\n<h4>Covadonga Fern\u00e1ndez Garc\u00eda<\/h4>\n<p style=\"text-align: justify;\">En cualquier sociedad que haya vivido un conflicto siempre se presenta un momento en el que se hace necesario construir un nuevo orden democr\u00e1tico y recuperar la convivencia social. En un per\u00edodo de transici\u00f3n es inevitable preguntarse c\u00f3mo actuar con respecto a los responsables de las violaciones de Derechos Humanos y el derecho internacional humanitario en el pasado. En algunas ocasiones se opta por el olvido, pero cuando la apuesta es luchar contra la impunidad, se lleva a cabo una justicia transicional.<\/p>\n<p>[\/vc_hoverbox][\/vc_column][\/vc_row][vc_row][vc_column][vc_empty_space height=&#8221;100px&#8221;][\/vc_column][\/vc_row][vc_row content_width=&#8221;grid&#8221; css=&#8221;.vc_custom_1664870052898{margin-bottom: 50px !important;}&#8221;][vc_column width=&#8221;1\/3&#8243;][vc_hoverbox image=&#8221;20165&#8243; primary_title=&#8221;El crimen autorizado en M\u00e9xico: Un paradigma para explicar la violencia*&#8221; hover_title=&#8221;El crimen autorizado en M\u00e9xico: Un paradigma para explicar la violencia*&#8221; shape=&#8221;square&#8221; hover_background_color=&#8221;custom&#8221; hover_btn_title=&#8221;Descargar&#8221; hover_btn_style=&#8221;classic&#8221; hover_btn_color=&#8221;success&#8221; hover_btn_i_icon_fontawesome=&#8221;fa fa-file-pdf-o&#8221; hover_add_button=&#8221;true&#8221; hover_btn_add_icon=&#8221;true&#8221; hover_btn_link=&#8221;url:https%3A%2F%2Ffibgar.es%2Fwp-content%2Fuploads%2F2022%2F10%2Fel-crimen-autorizado-en-mexico-un-paradigma-para-explicar-la-violencia.pdf|target:%20_blank|&#8221; hover_custom_background=&#8221;#f6f4ee&#8221;]<\/p>\n<h4>Samuel Schmidt y Carlos Spector<\/h4>\n<p style=\"text-align: justify;\">En este art\u00edculo los autores abordan el concepto de crimen autorizado, proponiendo un paradigma para analizar la situaci\u00f3n de seguridad actual en M\u00e9xico. El crimen autorizado implica la simbiosis entre los criminales con diversas instancias del Estado, generando una complicidad dif\u00edcil de erradicar.<\/p>\n<p>[\/vc_hoverbox][\/vc_column][vc_column width=&#8221;1\/3&#8243;][vc_hoverbox image=&#8221;20185&#8243; primary_title=&#8221;Estructura del sistema de capturas, deportaciones y p\u00e9rdidas infantiles establecido por la dictadura del general Francisco Franco. 1938-1949&#8243; hover_title=&#8221;Estructura del sistema de capturas, deportaciones y p\u00e9rdidas infantiles establecido por la dictadura del general Francisco Franco. 1938-1949&#8243; shape=&#8221;square&#8221; hover_background_color=&#8221;custom&#8221; hover_btn_title=&#8221;Descargar&#8221; hover_btn_style=&#8221;classic&#8221; hover_btn_color=&#8221;success&#8221; hover_btn_i_icon_fontawesome=&#8221;fa fa-file-pdf-o&#8221; hover_add_button=&#8221;true&#8221; hover_btn_add_icon=&#8221;true&#8221; hover_btn_link=&#8221;url:https%3A%2F%2Ffibgar.es%2Fwp-content%2Fuploads%2F2020%2F07%2Festructura-del-sistema-de-capturas-deportaciones-y-perdidas-infantiles-establecido-por-la-dictadura-del-general-francisco-franco-1938-1949.pdf|target:%20_blank|&#8221; hover_custom_background=&#8221;#f6f4ee&#8221;]<\/p>\n<h4>Ricard Vinyes Ribas<\/h4>\n<p style=\"text-align: justify;\">Entre 1938 y 1949 el Estado espa\u00f1ol, detentado por la dictadura del general Francisco Franco, activo sus recursos institucionales para apropiarse de los hijos de republicanos encarcelados, exiliados, organizados en la resistencia clandestina o simplemente marginados y perseguidos como desafectos al r\u00e9gimen. La finalidad de estas apropiaciones fue la reeducaci\u00f3n de aquellos ni\u00f1os y ni\u00f1as en los principios del nacionalcatolicismo.<\/p>\n<p>[\/vc_hoverbox][\/vc_column][vc_column width=&#8221;1\/3&#8243;][vc_hoverbox image=&#8221;20187&#8243; primary_title=&#8221;Del marco internacional al nacional: El derecho a la igualdad y a la no discriminaci\u00f3n en la Uni\u00f3n Europea, la Orden de protecci\u00f3n y las Medidas de protecci\u00f3n integral contra la violencia de g\u00e9nero en Espa\u00f1a&#8221; hover_title=&#8221;Del marco internacional al nacional: El derecho a la igualdad y a la no discriminaci\u00f3n en la Uni\u00f3n Europea, la Orden de protecci\u00f3n y las Medidas de protecci\u00f3n integral contra la violencia de g\u00e9nero en Espa\u00f1a&#8221; shape=&#8221;square&#8221; hover_background_color=&#8221;custom&#8221; hover_btn_title=&#8221;Descargar&#8221; hover_btn_style=&#8221;classic&#8221; hover_btn_color=&#8221;success&#8221; hover_btn_i_icon_fontawesome=&#8221;fa fa-file-pdf-o&#8221; hover_add_button=&#8221;true&#8221; hover_btn_add_icon=&#8221;true&#8221; hover_btn_link=&#8221;url:https%3A%2F%2Ffibgar.es%2Fwp-content%2Fuploads%2F2020%2F07%2Fel-derecho-a-la-igualdad-y-a-la-no-discriminacion-en-la-union-europea-la-orden-de-proteccion-y-las-medidas-de-proteccion-integral-contra-la-violencia-de-genero-en-espana.pdf|target:%20_blank|&#8221; hover_custom_background=&#8221;#f6f4ee&#8221;]<\/p>\n<h4>Juan Manuel de Farami\u00f1\u00e1n Gilbert<\/h4>\n<p style=\"text-align: justify;\">Acabar con la violencia de g\u00e9nero precisa necesariamente conocer los instrumentos legales que la combaten. Bajo esta premisa, el presente art\u00edculo analiza pormenorizadamente la evoluci\u00f3n jur\u00eddica de los instrumentos legales que han regulado el marco a favor de la igualdad entre hombres y mujeres tanto desde el plano internacional, como europeo y nacional.<\/p>\n<p>[\/vc_hoverbox][\/vc_column][\/vc_row][vc_row][vc_column][vc_empty_space height=&#8221;100px&#8221;][\/vc_column][\/vc_row][vc_row content_width=&#8221;grid&#8221; css=&#8221;.vc_custom_1664870052898{margin-bottom: 50px !important;}&#8221;][vc_column width=&#8221;1\/3&#8243;][vc_hoverbox image=&#8221;20196&#8243; primary_title=&#8221;\u00bfSon los Derechos Humanos universales? Introducci\u00f3n a los debates sobre la universalidad&#8221; hover_title=&#8221;\u00bfSon los Derechos Humanos universales? Introducci\u00f3n a los debates sobre la universalidad&#8221; shape=&#8221;square&#8221; hover_background_color=&#8221;custom&#8221; hover_btn_title=&#8221;Descargar&#8221; hover_btn_style=&#8221;classic&#8221; hover_btn_color=&#8221;success&#8221; hover_btn_i_icon_fontawesome=&#8221;fa fa-file-pdf-o&#8221; hover_add_button=&#8221;true&#8221; hover_btn_add_icon=&#8221;true&#8221; hover_btn_link=&#8221;url:https%3A%2F%2Ffibgar.es%2Fwp-content%2Fuploads%2F2020%2F07%2Fson-los-derechos-humanos-universales-introduccion-a-los-debates-sobre-la-universalidad.pdf|target:%20_blank|&#8221; hover_custom_background=&#8221;#f6f4ee&#8221;]<\/p>\n<h4>V\u00edctor Pr\u00e1xedes Saavedra Rionda<\/h4>\n<p style=\"text-align: justify;\">Que los Derechos Humanos son universales es una idea extendida y aceptada en la sociedad. Sin embargo, en el \u00e1mbito acad\u00e9mico esta idea no es pac\u00edfica. En esta breve introducci\u00f3n, se presentan debates centrales entorno a la universalidad. Revisando sucintamente cuestiones en principio tan distantes como el binomio persona-ser humano, las ideas de dignidad e igualdad, la diversidad cultural y la relaci\u00f3n de los Derechos Humanos con el mundo del Derecho y el mundo de lo humano&#8230;<\/p>\n<p>[\/vc_hoverbox][\/vc_column][vc_column width=&#8221;1\/3&#8243;][vc_hoverbox image=&#8221;20197&#8243; primary_title=&#8221;El crimen de genocidio (I): G\u00e9nesis y evoluci\u00f3n legislativa nacional e internacional&#8221; hover_title=&#8221;El crimen de genocidio (I): G\u00e9nesis y evoluci\u00f3n legislativa nacional e internacional&#8221; shape=&#8221;square&#8221; hover_background_color=&#8221;custom&#8221; hover_btn_title=&#8221;Descargar&#8221; hover_btn_style=&#8221;classic&#8221; hover_btn_color=&#8221;success&#8221; hover_btn_i_icon_fontawesome=&#8221;fa fa-file-pdf-o&#8221; hover_add_button=&#8221;true&#8221; hover_btn_add_icon=&#8221;true&#8221; hover_btn_link=&#8221;url:https%3A%2F%2Ffibgar.es%2Fwp-content%2Fuploads%2F2020%2F07%2Fel-crimen-de-genocidio-i-genesis-y-evolucion-legislativa-nacional-e-internacional.pdf|target:%20_blank|&#8221; hover_custom_background=&#8221;#f6f4ee&#8221;]<\/p>\n<h4>Manuel Oll\u00e9 Ses\u00e9<\/h4>\n<p style=\"text-align: justify;\">En esta primera parte del crimen de genocidio se abordar\u00e1 la g\u00e9nesis del mismo, c\u00f3mo nace y las discusiones previas hasta la adopci\u00f3n de su definici\u00f3n en el Convenio para la Prevenci\u00f3n y Sanci\u00f3n del Delito de Genocidio de 1948. Trabajos preliminares que servir\u00e1n tanto para analizar la verdadera voluntad de la Convenci\u00f3n respecto de los grupos humanos objeto de protecci\u00f3n, como para la interpretaci\u00f3n de todos los elementos del crimen.<\/p>\n<p>[\/vc_hoverbox][\/vc_column][vc_column width=&#8221;1\/3&#8243;][vc_hoverbox image=&#8221;20216&#8243; primary_title=&#8221;Informe al Comit\u00e9 contra la Desaparici\u00f3n Forzada&#8221; hover_title=&#8221;Informe al Comit\u00e9 contra la Desaparici\u00f3n Forzada&#8221; shape=&#8221;square&#8221; hover_background_color=&#8221;custom&#8221; hover_btn_title=&#8221;Descargar&#8221; hover_btn_style=&#8221;classic&#8221; hover_btn_color=&#8221;success&#8221; hover_btn_i_icon_fontawesome=&#8221;fa fa-file-pdf-o&#8221; hover_add_button=&#8221;true&#8221; hover_btn_add_icon=&#8221;true&#8221; hover_btn_link=&#8221;url:https%3A%2F%2Ffibgar.es%2Fwp-content%2Fuploads%2F2022%2F10%2Finforme-2014pdf.pdf|target:%20_blank|&#8221; hover_custom_background=&#8221;#f6f4ee&#8221;]<\/p>\n<h4>FIBGAR TRIAL<\/h4>\n<p style=\"text-align: justify;\">&#8220;Informe de seguimiento presentado al Comit\u00e9 contra la Desaparici\u00f3n Forzada sobre el cumplimiento de las medidas recomendadas en las observaciones finales adoptadas el 15 de noviembre de 2013 (CED\/C\/ESP\/CO\/1)&#8221;<\/p>\n<p>[\/vc_hoverbox][\/vc_column][\/vc_row][vc_row][vc_column][vc_empty_space height=&#8221;100px&#8221;][\/vc_column][\/vc_row][vc_row content_width=&#8221;grid&#8221; css=&#8221;.vc_custom_1664870052898{margin-bottom: 50px !important;}&#8221;][vc_column width=&#8221;1\/3&#8243;][\/vc_column][vc_column width=&#8221;1\/3&#8243;][\/vc_column][vc_column width=&#8221;1\/3&#8243;][\/vc_column][\/vc_row]<\/p>\n<\/div>","protected":false},"excerpt":{"rendered":"<p>[vc_row content_width=&#8221;grid&#8221; css=&#8221;.vc_custom_1664870052898{margin-bottom: 50px !important;}&#8221;][vc_column width=&#8221;1\/3&#8243;][vc_hoverbox primary_title=&#8221;DEC POLICY BRIEFS&#8221; hover_title=&#8221;DEC POLICY BRIEFS&#8221; shape=&#8221;square&#8221; hover_background_color=&#8221;custom&#8221; hover_btn_title=&#8221;Descargar&#8221; hover_btn_style=&#8221;classic&#8221; hover_btn_color=&#8221;success&#8221; hover_btn_i_icon_fontawesome=&#8221;fa fa-file-pdf-o&#8221; hover_add_button=&#8221;true&#8221; hover_btn_add_icon=&#8221;true&#8221; hover_btn_link=&#8221;url:https%3A%2F%2Ffibgar.es%2Fwp-content%2Fuploads%2F2023%2F10%2FDEC-Policy-Briefs-e-booklet.pdf||target:%20_blank|&#8221; hover_custom_background=&#8221;#f6f4ee&#8221;] FIBGAR E-booklet developed in the framework of the Erasmus+ Project &#8220;Environmental and Digital Citizenship: Fostering Youth Engagement for a Safer Environment and Responsible Use of ICT&#8221;-DEC &nbsp; [\/vc_hoverbox][\/vc_column][vc_column width=&#8221;1\/3&#8243;][vc_hoverbox primary_title=&#8221;Feedback from the&#8230;<\/p>\n","protected":false},"author":1,"featured_media":0,"parent":0,"menu_order":0,"comment_status":"closed","ping_status":"closed","template":"full-width.php","meta":{"footnotes":""},"class_list":["post-21839","page","type-page","status-publish","hentry"],"yoast_head":"<!-- This site is optimized with the Yoast SEO plugin v27.4 - https:\/\/yoast.com\/product\/yoast-seo-wordpress\/ -->\n<title>Human Rights - FIBGAR<\/title>\n<meta name=\"description\" content=\"Publicaciones sobre Derechos Humanos.\" \/>\n<meta name=\"robots\" content=\"index, follow, max-snippet:-1, max-image-preview:large, max-video-preview:-1\" \/>\n<link rel=\"canonical\" href=\"https:\/\/fibgar.es\/en\/human-rights\/\" \/>\n<meta property=\"og:locale\" content=\"en_US\" \/>\n<meta property=\"og:type\" content=\"article\" \/>\n<meta property=\"og:title\" content=\"Human Rights - FIBGAR\" \/>\n<meta property=\"og:description\" content=\"Publicaciones sobre Derechos Humanos.\" \/>\n<meta property=\"og:url\" content=\"https:\/\/fibgar.es\/en\/human-rights\/\" \/>\n<meta property=\"og:site_name\" content=\"FIBGAR\" \/>\n<meta property=\"article:publisher\" content=\"https:\/\/www.facebook.com\/Fibgar\" \/>\n<meta property=\"article:modified_time\" content=\"2023-10-23T14:31:38+00:00\" \/>\n<meta name=\"twitter:card\" content=\"summary_large_image\" \/>\n<meta name=\"twitter:site\" content=\"@fibgar_\" \/>\n<meta name=\"twitter:label1\" content=\"Est. reading time\" \/>\n\t<meta name=\"twitter:data1\" content=\"10 minutes\" \/>\n<script type=\"application\/ld+json\" class=\"yoast-schema-graph\">{\"@context\":\"https:\\\/\\\/schema.org\",\"@graph\":[{\"@type\":\"WebPage\",\"@id\":\"https:\\\/\\\/fibgar.es\\\/en\\\/human-rights\\\/\",\"url\":\"https:\\\/\\\/fibgar.es\\\/en\\\/human-rights\\\/\",\"name\":\"Human Rights - FIBGAR\",\"isPartOf\":{\"@id\":\"https:\\\/\\\/fibgar.es\\\/en\\\/#website\"},\"datePublished\":\"2022-10-04T07:46:07+00:00\",\"dateModified\":\"2023-10-23T14:31:38+00:00\",\"description\":\"Publicaciones sobre Derechos Humanos.\",\"breadcrumb\":{\"@id\":\"https:\\\/\\\/fibgar.es\\\/en\\\/human-rights\\\/#breadcrumb\"},\"inLanguage\":\"en-US\",\"potentialAction\":[{\"@type\":\"ReadAction\",\"target\":[\"https:\\\/\\\/fibgar.es\\\/en\\\/human-rights\\\/\"]}]},{\"@type\":\"BreadcrumbList\",\"@id\":\"https:\\\/\\\/fibgar.es\\\/en\\\/human-rights\\\/#breadcrumb\",\"itemListElement\":[{\"@type\":\"ListItem\",\"position\":1,\"name\":\"Home\",\"item\":\"https:\\\/\\\/fibgar.es\\\/en\\\/\"},{\"@type\":\"ListItem\",\"position\":2,\"name\":\"Human Rights\"}]},{\"@type\":\"WebSite\",\"@id\":\"https:\\\/\\\/fibgar.es\\\/en\\\/#website\",\"url\":\"https:\\\/\\\/fibgar.es\\\/en\\\/\",\"name\":\"FIBGAR\",\"description\":\"Fundaci\u00f3n Internacional Baltasar Garz\u00f3n\",\"publisher\":{\"@id\":\"https:\\\/\\\/fibgar.es\\\/en\\\/#organization\"},\"alternateName\":\"FIBGAR\",\"potentialAction\":[{\"@type\":\"SearchAction\",\"target\":{\"@type\":\"EntryPoint\",\"urlTemplate\":\"https:\\\/\\\/fibgar.es\\\/en\\\/?s={search_term_string}\"},\"query-input\":{\"@type\":\"PropertyValueSpecification\",\"valueRequired\":true,\"valueName\":\"search_term_string\"}}],\"inLanguage\":\"en-US\"},{\"@type\":\"Organization\",\"@id\":\"https:\\\/\\\/fibgar.es\\\/en\\\/#organization\",\"name\":\"Fundaci\u00f3n Internacional Baltasar Garz\u00f3n\",\"alternateName\":\"FIBGAR\",\"url\":\"https:\\\/\\\/fibgar.es\\\/en\\\/\",\"logo\":{\"@type\":\"ImageObject\",\"inLanguage\":\"en-US\",\"@id\":\"https:\\\/\\\/fibgar.es\\\/en\\\/#\\\/schema\\\/logo\\\/image\\\/\",\"url\":\"https:\\\/\\\/fibgar.es\\\/wp-content\\\/uploads\\\/2020\\\/04\\\/cropped-fibgar-icono.jpeg\",\"contentUrl\":\"https:\\\/\\\/fibgar.es\\\/wp-content\\\/uploads\\\/2020\\\/04\\\/cropped-fibgar-icono.jpeg\",\"width\":512,\"height\":512,\"caption\":\"Fundaci\u00f3n Internacional Baltasar Garz\u00f3n\"},\"image\":{\"@id\":\"https:\\\/\\\/fibgar.es\\\/en\\\/#\\\/schema\\\/logo\\\/image\\\/\"},\"sameAs\":[\"https:\\\/\\\/www.facebook.com\\\/Fibgar\",\"https:\\\/\\\/x.com\\\/fibgar_\"]}]}<\/script>\n<!-- \/ Yoast SEO plugin. -->","yoast_head_json":{"title":"Human Rights - FIBGAR","description":"Publicaciones sobre Derechos Humanos.","robots":{"index":"index","follow":"follow","max-snippet":"max-snippet:-1","max-image-preview":"max-image-preview:large","max-video-preview":"max-video-preview:-1"},"canonical":"https:\/\/fibgar.es\/en\/human-rights\/","og_locale":"en_US","og_type":"article","og_title":"Human Rights - FIBGAR","og_description":"Publicaciones sobre Derechos Humanos.","og_url":"https:\/\/fibgar.es\/en\/human-rights\/","og_site_name":"FIBGAR","article_publisher":"https:\/\/www.facebook.com\/Fibgar","article_modified_time":"2023-10-23T14:31:38+00:00","twitter_card":"summary_large_image","twitter_site":"@fibgar_","twitter_misc":{"Est. reading time":"10 minutes"},"schema":{"@context":"https:\/\/schema.org","@graph":[{"@type":"WebPage","@id":"https:\/\/fibgar.es\/en\/human-rights\/","url":"https:\/\/fibgar.es\/en\/human-rights\/","name":"Human Rights - FIBGAR","isPartOf":{"@id":"https:\/\/fibgar.es\/en\/#website"},"datePublished":"2022-10-04T07:46:07+00:00","dateModified":"2023-10-23T14:31:38+00:00","description":"Publicaciones sobre Derechos Humanos.","breadcrumb":{"@id":"https:\/\/fibgar.es\/en\/human-rights\/#breadcrumb"},"inLanguage":"en-US","potentialAction":[{"@type":"ReadAction","target":["https:\/\/fibgar.es\/en\/human-rights\/"]}]},{"@type":"BreadcrumbList","@id":"https:\/\/fibgar.es\/en\/human-rights\/#breadcrumb","itemListElement":[{"@type":"ListItem","position":1,"name":"Home","item":"https:\/\/fibgar.es\/en\/"},{"@type":"ListItem","position":2,"name":"Human Rights"}]},{"@type":"WebSite","@id":"https:\/\/fibgar.es\/en\/#website","url":"https:\/\/fibgar.es\/en\/","name":"FIBGAR","description":"Fundaci\u00f3n Internacional Baltasar Garz\u00f3n","publisher":{"@id":"https:\/\/fibgar.es\/en\/#organization"},"alternateName":"FIBGAR","potentialAction":[{"@type":"SearchAction","target":{"@type":"EntryPoint","urlTemplate":"https:\/\/fibgar.es\/en\/?s={search_term_string}"},"query-input":{"@type":"PropertyValueSpecification","valueRequired":true,"valueName":"search_term_string"}}],"inLanguage":"en-US"},{"@type":"Organization","@id":"https:\/\/fibgar.es\/en\/#organization","name":"Fundaci\u00f3n Internacional Baltasar Garz\u00f3n","alternateName":"FIBGAR","url":"https:\/\/fibgar.es\/en\/","logo":{"@type":"ImageObject","inLanguage":"en-US","@id":"https:\/\/fibgar.es\/en\/#\/schema\/logo\/image\/","url":"https:\/\/fibgar.es\/wp-content\/uploads\/2020\/04\/cropped-fibgar-icono.jpeg","contentUrl":"https:\/\/fibgar.es\/wp-content\/uploads\/2020\/04\/cropped-fibgar-icono.jpeg","width":512,"height":512,"caption":"Fundaci\u00f3n Internacional Baltasar Garz\u00f3n"},"image":{"@id":"https:\/\/fibgar.es\/en\/#\/schema\/logo\/image\/"},"sameAs":["https:\/\/www.facebook.com\/Fibgar","https:\/\/x.com\/fibgar_"]}]}},"_links":{"self":[{"href":"https:\/\/fibgar.es\/en\/wp-json\/wp\/v2\/pages\/21839","targetHints":{"allow":["GET"]}}],"collection":[{"href":"https:\/\/fibgar.es\/en\/wp-json\/wp\/v2\/pages"}],"about":[{"href":"https:\/\/fibgar.es\/en\/wp-json\/wp\/v2\/types\/page"}],"author":[{"embeddable":true,"href":"https:\/\/fibgar.es\/en\/wp-json\/wp\/v2\/users\/1"}],"replies":[{"embeddable":true,"href":"https:\/\/fibgar.es\/en\/wp-json\/wp\/v2\/comments?post=21839"}],"version-history":[{"count":8,"href":"https:\/\/fibgar.es\/en\/wp-json\/wp\/v2\/pages\/21839\/revisions"}],"predecessor-version":[{"id":22312,"href":"https:\/\/fibgar.es\/en\/wp-json\/wp\/v2\/pages\/21839\/revisions\/22312"}],"wp:attachment":[{"href":"https:\/\/fibgar.es\/en\/wp-json\/wp\/v2\/media?parent=21839"}],"curies":[{"name":"wp","href":"https:\/\/api.w.org\/{rel}","templated":true}]}}