{"id":21863,"date":"2022-10-13T11:16:50","date_gmt":"2022-10-13T09:16:50","guid":{"rendered":"https:\/\/fibgar.es\/news\/articles\/"},"modified":"2023-08-28T14:56:40","modified_gmt":"2023-08-28T12:56:40","slug":"articles","status":"publish","type":"page","link":"https:\/\/fibgar.es\/en\/news\/articles\/","title":{"rendered":"Articles"},"content":{"rendered":"<div class=\"wpb-content-wrapper\"><p>[vc_row content_width=&#8221;grid&#8221; css=&#8221;.vc_custom_1599688152866{padding-top: 67px !important;padding-bottom: 50px !important;}&#8221; el_class=&#8221;post-box&#8221;][vc_column]<div class=\"edgtf-blog-list-holder edgtf-boxes edgtf-three-columns \">\n\t<ul class=\"edgtf-blog-list\">\n\t<li class=\"edgtf-blog-list-item clearfix\">\n\t<div class=\"edgtf-blog-list-item-inner\">\n\t\t<div class=\"edgtf-item-image\">\n\t\t\t<a itemprop=\"url\" href=\"https:\/\/fibgar.es\/en\/the-european-union-adopts-a-new-harmonised-criminal-law-framework-to-prevent-and-combat-corruption\/\">\n\t\t\t\t<img loading=\"lazy\" decoding=\"async\" width=\"1600\" height=\"900\" src=\"https:\/\/fibgar.es\/wp-content\/uploads\/2026\/04\/POST-GENERICO-16.png\" class=\"attachment-full size-full wp-post-image\" alt=\"\" srcset=\"https:\/\/fibgar.es\/wp-content\/uploads\/2026\/04\/POST-GENERICO-16.png 1600w, https:\/\/fibgar.es\/wp-content\/uploads\/2026\/04\/POST-GENERICO-16-300x169.png 300w, https:\/\/fibgar.es\/wp-content\/uploads\/2026\/04\/POST-GENERICO-16-1024x576.png 1024w, https:\/\/fibgar.es\/wp-content\/uploads\/2026\/04\/POST-GENERICO-16-768x432.png 768w, https:\/\/fibgar.es\/wp-content\/uploads\/2026\/04\/POST-GENERICO-16-1536x864.png 1536w\" sizes=\"auto, (max-width: 1600px) 100vw, 1600px\" \/>\t\t\t<\/a>\n\t\t<\/div>\n\t\t<div class=\"edgtf-item-text-holder\" style=\"background-color:#ffffff;box-shadow:none;\">\n\t\t\t<h3 itemprop=\"name\" class=\"edgtf-item-title entry-title\">\n\t\t\t\t<a itemprop=\"url\" href=\"https:\/\/fibgar.es\/en\/the-european-union-adopts-a-new-harmonised-criminal-law-framework-to-prevent-and-combat-corruption\/\" >\n\t\t\t\t\tThe European Union adopts a new harmonised criminal law framework to prevent and combat corruption\t\t\t\t<\/a>\n\t\t\t<\/h3>\n\n\t\t\t<div class=\"edgtf-item-info-section\">\n\t\t\t\t<div class=\"edgtf-post-info-author\">by\t<a itemprop=\"author\" class=\"edgtf-post-info-author-link\" href=\"https:\/\/fibgar.es\/en\/author\/fibgaradmin\/\">\n\t\tFibgar\t<\/a>\n<\/div><div class=\"edgtf-post-info-category\">\n\t<a href=\"https:\/\/fibgar.es\/en\/category\/articles\/\" rel=\"category tag\">Articles<\/a><\/div><div itemprop=\"dateCreated\" class=\"edgtf-post-info-date entry-date updated\">\n\t\t\t21\/04\/2026\t    <meta itemprop=\"interactionCount\" content=\"UserComments: 0\"\/>\n<\/div>\t\t\t<\/div>\n\n\t\t\t\t\t\t\t<p itemprop=\"description\" class=\"edgtf-excerpt\">According to the latest corruption index published by Transparency International, although Europe ranks as the least corrupt region, the reality is th...<\/p>\n\t\t\t\t\t\t<a itemprop=\"url\" href=\"https:\/\/fibgar.es\/en\/the-european-union-adopts-a-new-harmonised-criminal-law-framework-to-prevent-and-combat-corruption\/\" class=\"edgtf-blog-list-read-more\">Read more<i class=\"arrow_right\"><\/i><\/a>\n\t\t<\/div>\n\t<\/div>\n<\/li>\n<li class=\"edgtf-blog-list-item clearfix\">\n\t<div class=\"edgtf-blog-list-item-inner\">\n\t\t<div class=\"edgtf-item-image\">\n\t\t\t<a itemprop=\"url\" href=\"https:\/\/fibgar.es\/en\/the-report-on-the-csw70-side-event-gender-justice-and-universal-jurisdiction-held-in-new-york-is-now-available\/\">\n\t\t\t\t<img loading=\"lazy\" decoding=\"async\" width=\"1600\" height=\"900\" src=\"https:\/\/fibgar.es\/wp-content\/uploads\/2026\/04\/POST-GENERICO-13.png\" class=\"attachment-full size-full wp-post-image\" alt=\"\" srcset=\"https:\/\/fibgar.es\/wp-content\/uploads\/2026\/04\/POST-GENERICO-13.png 1600w, https:\/\/fibgar.es\/wp-content\/uploads\/2026\/04\/POST-GENERICO-13-300x169.png 300w, https:\/\/fibgar.es\/wp-content\/uploads\/2026\/04\/POST-GENERICO-13-1024x576.png 1024w, https:\/\/fibgar.es\/wp-content\/uploads\/2026\/04\/POST-GENERICO-13-768x432.png 768w, https:\/\/fibgar.es\/wp-content\/uploads\/2026\/04\/POST-GENERICO-13-1536x864.png 1536w\" sizes=\"auto, (max-width: 1600px) 100vw, 1600px\" \/>\t\t\t<\/a>\n\t\t<\/div>\n\t\t<div class=\"edgtf-item-text-holder\" style=\"background-color:#ffffff;box-shadow:none;\">\n\t\t\t<h3 itemprop=\"name\" class=\"edgtf-item-title entry-title\">\n\t\t\t\t<a itemprop=\"url\" href=\"https:\/\/fibgar.es\/en\/the-report-on-the-csw70-side-event-gender-justice-and-universal-jurisdiction-held-in-new-york-is-now-available\/\" >\n\t\t\t\t\tThe report on the CSW70 side event \u201cGender Justice and Universal Jurisdiction\u201d, held in New York, is now available\t\t\t\t<\/a>\n\t\t\t<\/h3>\n\n\t\t\t<div class=\"edgtf-item-info-section\">\n\t\t\t\t<div class=\"edgtf-post-info-author\">by\t<a itemprop=\"author\" class=\"edgtf-post-info-author-link\" href=\"https:\/\/fibgar.es\/en\/author\/fibgaradmin\/\">\n\t\tFibgar\t<\/a>\n<\/div><div class=\"edgtf-post-info-category\">\n\t<a href=\"https:\/\/fibgar.es\/en\/category\/articles\/\" rel=\"category tag\">Articles<\/a><\/div><div itemprop=\"dateCreated\" class=\"edgtf-post-info-date entry-date updated\">\n\t\t\t20\/04\/2026\t    <meta itemprop=\"interactionCount\" content=\"UserComments: 0\"\/>\n<\/div>\t\t\t<\/div>\n\n\t\t\t\t\t\t\t<p itemprop=\"description\" class=\"edgtf-excerpt\">The report on the seminar \u201cGender Justice and Universal Jurisdiction: Strengthening Access to Justice for Women and Girls\u201d, held on 17 March 2026 ...<\/p>\n\t\t\t\t\t\t<a itemprop=\"url\" href=\"https:\/\/fibgar.es\/en\/the-report-on-the-csw70-side-event-gender-justice-and-universal-jurisdiction-held-in-new-york-is-now-available\/\" class=\"edgtf-blog-list-read-more\">Read more<i class=\"arrow_right\"><\/i><\/a>\n\t\t<\/div>\n\t<\/div>\n<\/li>\n<li class=\"edgtf-blog-list-item clearfix\">\n\t<div class=\"edgtf-blog-list-item-inner\">\n\t\t<div class=\"edgtf-item-image\">\n\t\t\t<a itemprop=\"url\" href=\"https:\/\/fibgar.es\/en\/launch-event-spain-and-global-justice-with-a-gender-perspective\/\">\n\t\t\t\t<img loading=\"lazy\" decoding=\"async\" width=\"1600\" height=\"900\" src=\"https:\/\/fibgar.es\/wp-content\/uploads\/2026\/04\/TW-Espana-y-genero-1.png\" class=\"attachment-full size-full wp-post-image\" alt=\"\" srcset=\"https:\/\/fibgar.es\/wp-content\/uploads\/2026\/04\/TW-Espana-y-genero-1.png 1600w, https:\/\/fibgar.es\/wp-content\/uploads\/2026\/04\/TW-Espana-y-genero-1-300x169.png 300w, https:\/\/fibgar.es\/wp-content\/uploads\/2026\/04\/TW-Espana-y-genero-1-1024x576.png 1024w, https:\/\/fibgar.es\/wp-content\/uploads\/2026\/04\/TW-Espana-y-genero-1-768x432.png 768w, https:\/\/fibgar.es\/wp-content\/uploads\/2026\/04\/TW-Espana-y-genero-1-1536x864.png 1536w\" sizes=\"auto, (max-width: 1600px) 100vw, 1600px\" \/>\t\t\t<\/a>\n\t\t<\/div>\n\t\t<div class=\"edgtf-item-text-holder\" style=\"background-color:#ffffff;box-shadow:none;\">\n\t\t\t<h3 itemprop=\"name\" class=\"edgtf-item-title entry-title\">\n\t\t\t\t<a itemprop=\"url\" href=\"https:\/\/fibgar.es\/en\/launch-event-spain-and-global-justice-with-a-gender-perspective\/\" >\n\t\t\t\t\tLaunch event: Spain and global justice with a gender perspective\t\t\t\t<\/a>\n\t\t\t<\/h3>\n\n\t\t\t<div class=\"edgtf-item-info-section\">\n\t\t\t\t<div class=\"edgtf-post-info-author\">by\t<a itemprop=\"author\" class=\"edgtf-post-info-author-link\" href=\"https:\/\/fibgar.es\/en\/author\/fibgaradmin\/\">\n\t\tFibgar\t<\/a>\n<\/div><div class=\"edgtf-post-info-category\">\n\t<a href=\"https:\/\/fibgar.es\/en\/category\/articles\/\" rel=\"category tag\">Articles<\/a><\/div><div itemprop=\"dateCreated\" class=\"edgtf-post-info-date entry-date updated\">\n\t\t\t16\/04\/2026\t    <meta itemprop=\"interactionCount\" content=\"UserComments: 0\"\/>\n<\/div>\t\t\t<\/div>\n\n\t\t\t\t\t\t\t<p itemprop=\"description\" class=\"edgtf-excerpt\">Next Tuesday, 28 April 2026, from 10.00 am to 2.00 pm, the event \u201cSpain as a promoter of the gender perspective in the fight against impunity: a str...<\/p>\n\t\t\t\t\t\t<a itemprop=\"url\" href=\"https:\/\/fibgar.es\/en\/launch-event-spain-and-global-justice-with-a-gender-perspective\/\" class=\"edgtf-blog-list-read-more\">Read more<i class=\"arrow_right\"><\/i><\/a>\n\t\t<\/div>\n\t<\/div>\n<\/li>\n<li class=\"edgtf-blog-list-item clearfix\">\n\t<div class=\"edgtf-blog-list-item-inner\">\n\t\t<div class=\"edgtf-item-image\">\n\t\t\t<a itemprop=\"url\" href=\"https:\/\/fibgar.es\/en\/strengthening-accountability-for-international-crimes-against-the-yazidi-community-the-hague-court-of-appeal-upholds-the-conviction-of-hasna-a\/\">\n\t\t\t\t<img loading=\"lazy\" decoding=\"async\" width=\"1600\" height=\"900\" src=\"https:\/\/fibgar.es\/wp-content\/uploads\/2026\/04\/POST-GENERICO-9.png\" class=\"attachment-full size-full wp-post-image\" alt=\"\" srcset=\"https:\/\/fibgar.es\/wp-content\/uploads\/2026\/04\/POST-GENERICO-9.png 1600w, https:\/\/fibgar.es\/wp-content\/uploads\/2026\/04\/POST-GENERICO-9-300x169.png 300w, https:\/\/fibgar.es\/wp-content\/uploads\/2026\/04\/POST-GENERICO-9-1024x576.png 1024w, https:\/\/fibgar.es\/wp-content\/uploads\/2026\/04\/POST-GENERICO-9-768x432.png 768w, https:\/\/fibgar.es\/wp-content\/uploads\/2026\/04\/POST-GENERICO-9-1536x864.png 1536w\" sizes=\"auto, (max-width: 1600px) 100vw, 1600px\" \/>\t\t\t<\/a>\n\t\t<\/div>\n\t\t<div class=\"edgtf-item-text-holder\" style=\"background-color:#ffffff;box-shadow:none;\">\n\t\t\t<h3 itemprop=\"name\" class=\"edgtf-item-title entry-title\">\n\t\t\t\t<a itemprop=\"url\" href=\"https:\/\/fibgar.es\/en\/strengthening-accountability-for-international-crimes-against-the-yazidi-community-the-hague-court-of-appeal-upholds-the-conviction-of-hasna-a\/\" >\n\t\t\t\t\tStrengthening accountability for international crimes against the Yazidi community: The Hague Court of Appeal upholds the conviction of Hasna A\t\t\t\t<\/a>\n\t\t\t<\/h3>\n\n\t\t\t<div class=\"edgtf-item-info-section\">\n\t\t\t\t<div class=\"edgtf-post-info-author\">by\t<a itemprop=\"author\" class=\"edgtf-post-info-author-link\" href=\"https:\/\/fibgar.es\/en\/author\/fibgaradmin\/\">\n\t\tFibgar\t<\/a>\n<\/div><div class=\"edgtf-post-info-category\">\n\t<a href=\"https:\/\/fibgar.es\/en\/category\/articles\/\" rel=\"category tag\">Articles<\/a><\/div><div itemprop=\"dateCreated\" class=\"edgtf-post-info-date entry-date updated\">\n\t\t\t15\/04\/2026\t    <meta itemprop=\"interactionCount\" content=\"UserComments: 0\"\/>\n<\/div>\t\t\t<\/div>\n\n\t\t\t\t\t\t\t<p itemprop=\"description\" class=\"edgtf-excerpt\">On 25 March 2026, the Court of Appeal in The Hague upheld the conviction of Hasna A., a 33-year-old Dutch national from Hengelo with links to the so-c...<\/p>\n\t\t\t\t\t\t<a itemprop=\"url\" href=\"https:\/\/fibgar.es\/en\/strengthening-accountability-for-international-crimes-against-the-yazidi-community-the-hague-court-of-appeal-upholds-the-conviction-of-hasna-a\/\" class=\"edgtf-blog-list-read-more\">Read more<i class=\"arrow_right\"><\/i><\/a>\n\t\t<\/div>\n\t<\/div>\n<\/li>\n<li class=\"edgtf-blog-list-item clearfix\">\n\t<div class=\"edgtf-blog-list-item-inner\">\n\t\t<div class=\"edgtf-item-image\">\n\t\t\t<a itemprop=\"url\" href=\"https:\/\/fibgar.es\/en\/appeal-proceedings-have-begun-in-switzerland-in-the-case-against-ousman-sonko-for-crimes-against-humanity\/\">\n\t\t\t\t<img loading=\"lazy\" decoding=\"async\" width=\"1600\" height=\"900\" src=\"https:\/\/fibgar.es\/wp-content\/uploads\/2026\/04\/POST-GENERICO-8.png\" class=\"attachment-full size-full wp-post-image\" alt=\"\" srcset=\"https:\/\/fibgar.es\/wp-content\/uploads\/2026\/04\/POST-GENERICO-8.png 1600w, https:\/\/fibgar.es\/wp-content\/uploads\/2026\/04\/POST-GENERICO-8-300x169.png 300w, https:\/\/fibgar.es\/wp-content\/uploads\/2026\/04\/POST-GENERICO-8-1024x576.png 1024w, https:\/\/fibgar.es\/wp-content\/uploads\/2026\/04\/POST-GENERICO-8-768x432.png 768w, https:\/\/fibgar.es\/wp-content\/uploads\/2026\/04\/POST-GENERICO-8-1536x864.png 1536w\" sizes=\"auto, (max-width: 1600px) 100vw, 1600px\" \/>\t\t\t<\/a>\n\t\t<\/div>\n\t\t<div class=\"edgtf-item-text-holder\" style=\"background-color:#ffffff;box-shadow:none;\">\n\t\t\t<h3 itemprop=\"name\" class=\"edgtf-item-title entry-title\">\n\t\t\t\t<a itemprop=\"url\" href=\"https:\/\/fibgar.es\/en\/appeal-proceedings-have-begun-in-switzerland-in-the-case-against-ousman-sonko-for-crimes-against-humanity\/\" >\n\t\t\t\t\tAppeal proceedings have begun in Switzerland in the case against Ousman Sonko for crimes against humanity\t\t\t\t<\/a>\n\t\t\t<\/h3>\n\n\t\t\t<div class=\"edgtf-item-info-section\">\n\t\t\t\t<div class=\"edgtf-post-info-author\">by\t<a itemprop=\"author\" class=\"edgtf-post-info-author-link\" href=\"https:\/\/fibgar.es\/en\/author\/fibgaradmin\/\">\n\t\tFibgar\t<\/a>\n<\/div><div class=\"edgtf-post-info-category\">\n\t<a href=\"https:\/\/fibgar.es\/en\/category\/articles\/\" rel=\"category tag\">Articles<\/a><\/div><div itemprop=\"dateCreated\" class=\"edgtf-post-info-date entry-date updated\">\n\t\t\t08\/04\/2026\t    <meta itemprop=\"interactionCount\" content=\"UserComments: 0\"\/>\n<\/div>\t\t\t<\/div>\n\n\t\t\t\t\t\t\t<p itemprop=\"description\" class=\"edgtf-excerpt\">On 30 March 2026, appeal proceedings began in Bellinzona in the case against the former Gambian Minister of the Interior, Ousman Sonko, who was convic...<\/p>\n\t\t\t\t\t\t<a itemprop=\"url\" href=\"https:\/\/fibgar.es\/en\/appeal-proceedings-have-begun-in-switzerland-in-the-case-against-ousman-sonko-for-crimes-against-humanity\/\" class=\"edgtf-blog-list-read-more\">Read more<i class=\"arrow_right\"><\/i><\/a>\n\t\t<\/div>\n\t<\/div>\n<\/li>\n<li class=\"edgtf-blog-list-item clearfix\">\n\t<div class=\"edgtf-blog-list-item-inner\">\n\t\t<div class=\"edgtf-item-image\">\n\t\t\t<a itemprop=\"url\" href=\"https:\/\/fibgar.es\/en\/the-event-report-of-the-congress-on-international-criminal-justice-is-now-available-advances-and-challenges-in-the-fight-against-impunity\/\">\n\t\t\t\t<img loading=\"lazy\" decoding=\"async\" width=\"1600\" height=\"900\" src=\"https:\/\/fibgar.es\/wp-content\/uploads\/2026\/04\/POST-GENERICO-5.png\" class=\"attachment-full size-full wp-post-image\" alt=\"\" srcset=\"https:\/\/fibgar.es\/wp-content\/uploads\/2026\/04\/POST-GENERICO-5.png 1600w, https:\/\/fibgar.es\/wp-content\/uploads\/2026\/04\/POST-GENERICO-5-300x169.png 300w, https:\/\/fibgar.es\/wp-content\/uploads\/2026\/04\/POST-GENERICO-5-1024x576.png 1024w, https:\/\/fibgar.es\/wp-content\/uploads\/2026\/04\/POST-GENERICO-5-768x432.png 768w, https:\/\/fibgar.es\/wp-content\/uploads\/2026\/04\/POST-GENERICO-5-1536x864.png 1536w\" sizes=\"auto, (max-width: 1600px) 100vw, 1600px\" \/>\t\t\t<\/a>\n\t\t<\/div>\n\t\t<div class=\"edgtf-item-text-holder\" style=\"background-color:#ffffff;box-shadow:none;\">\n\t\t\t<h3 itemprop=\"name\" class=\"edgtf-item-title entry-title\">\n\t\t\t\t<a itemprop=\"url\" href=\"https:\/\/fibgar.es\/en\/the-event-report-of-the-congress-on-international-criminal-justice-is-now-available-advances-and-challenges-in-the-fight-against-impunity\/\" >\n\t\t\t\t\tThe event report of the Congress on International Criminal Justice is now available: advances and challenges in the fight against impunity\t\t\t\t<\/a>\n\t\t\t<\/h3>\n\n\t\t\t<div class=\"edgtf-item-info-section\">\n\t\t\t\t<div class=\"edgtf-post-info-author\">by\t<a itemprop=\"author\" class=\"edgtf-post-info-author-link\" href=\"https:\/\/fibgar.es\/en\/author\/fibgaradmin\/\">\n\t\tFibgar\t<\/a>\n<\/div><div class=\"edgtf-post-info-category\">\n\t<a href=\"https:\/\/fibgar.es\/en\/category\/articles\/\" rel=\"category tag\">Articles<\/a><\/div><div itemprop=\"dateCreated\" class=\"edgtf-post-info-date entry-date updated\">\n\t\t\t06\/04\/2026\t    <meta itemprop=\"interactionCount\" content=\"UserComments: 0\"\/>\n<\/div>\t\t\t<\/div>\n\n\t\t\t\t\t\t\t<p itemprop=\"description\" class=\"edgtf-excerpt\">At FIBGAR, we are pleased to present the event report of the Congress on International Criminal Justice: Advances and Challenges in the Fight against ...<\/p>\n\t\t\t\t\t\t<a itemprop=\"url\" href=\"https:\/\/fibgar.es\/en\/the-event-report-of-the-congress-on-international-criminal-justice-is-now-available-advances-and-challenges-in-the-fight-against-impunity\/\" class=\"edgtf-blog-list-read-more\">Read more<i class=\"arrow_right\"><\/i><\/a>\n\t\t<\/div>\n\t<\/div>\n<\/li>\n<li class=\"edgtf-blog-list-item clearfix\">\n\t<div class=\"edgtf-blog-list-item-inner\">\n\t\t<div class=\"edgtf-item-image\">\n\t\t\t<a itemprop=\"url\" href=\"https:\/\/fibgar.es\/en\/needs-analysis-report-on-whistleblower-protection-systems-across-eu-countries-main-conclusions-voiceguard\/\">\n\t\t\t\t<img loading=\"lazy\" decoding=\"async\" width=\"1200\" height=\"1200\" src=\"https:\/\/fibgar.es\/wp-content\/uploads\/2026\/03\/In_Needs-Analysis_2-1.png\" class=\"attachment-full size-full wp-post-image\" alt=\"\" srcset=\"https:\/\/fibgar.es\/wp-content\/uploads\/2026\/03\/In_Needs-Analysis_2-1.png 1200w, https:\/\/fibgar.es\/wp-content\/uploads\/2026\/03\/In_Needs-Analysis_2-1-300x300.png 300w, https:\/\/fibgar.es\/wp-content\/uploads\/2026\/03\/In_Needs-Analysis_2-1-1024x1024.png 1024w, https:\/\/fibgar.es\/wp-content\/uploads\/2026\/03\/In_Needs-Analysis_2-1-150x150.png 150w, https:\/\/fibgar.es\/wp-content\/uploads\/2026\/03\/In_Needs-Analysis_2-1-768x768.png 768w, https:\/\/fibgar.es\/wp-content\/uploads\/2026\/03\/In_Needs-Analysis_2-1-550x550.png 550w, https:\/\/fibgar.es\/wp-content\/uploads\/2026\/03\/In_Needs-Analysis_2-1-1000x1000.png 1000w\" sizes=\"auto, (max-width: 1200px) 100vw, 1200px\" \/>\t\t\t<\/a>\n\t\t<\/div>\n\t\t<div class=\"edgtf-item-text-holder\" style=\"background-color:#ffffff;box-shadow:none;\">\n\t\t\t<h3 itemprop=\"name\" class=\"edgtf-item-title entry-title\">\n\t\t\t\t<a itemprop=\"url\" href=\"https:\/\/fibgar.es\/en\/needs-analysis-report-on-whistleblower-protection-systems-across-eu-countries-main-conclusions-voiceguard\/\" >\n\t\t\t\t\tNeeds Analysis Report on whistleblower protection systems across EU countries &#8211; main conclusions &#8211; VoiceGuard\t\t\t\t<\/a>\n\t\t\t<\/h3>\n\n\t\t\t<div class=\"edgtf-item-info-section\">\n\t\t\t\t<div class=\"edgtf-post-info-author\">by\t<a itemprop=\"author\" class=\"edgtf-post-info-author-link\" href=\"https:\/\/fibgar.es\/en\/author\/fibgaradmin\/\">\n\t\tFibgar\t<\/a>\n<\/div><div class=\"edgtf-post-info-category\">\n\t<a href=\"https:\/\/fibgar.es\/en\/category\/articles\/\" rel=\"category tag\">Articles<\/a><\/div><div itemprop=\"dateCreated\" class=\"edgtf-post-info-date entry-date updated\">\n\t\t\t02\/04\/2026\t    <meta itemprop=\"interactionCount\" content=\"UserComments: 0\"\/>\n<\/div>\t\t\t<\/div>\n\n\t\t\t\t\t\t\t<p itemprop=\"description\" class=\"edgtf-excerpt\">Across the European Union, there is a significant gap between the promise of whistleblower protection and the real experiences of those who report wro...<\/p>\n\t\t\t\t\t\t<a itemprop=\"url\" href=\"https:\/\/fibgar.es\/en\/needs-analysis-report-on-whistleblower-protection-systems-across-eu-countries-main-conclusions-voiceguard\/\" class=\"edgtf-blog-list-read-more\">Read more<i class=\"arrow_right\"><\/i><\/a>\n\t\t<\/div>\n\t<\/div>\n<\/li>\n<li class=\"edgtf-blog-list-item clearfix\">\n\t<div class=\"edgtf-blog-list-item-inner\">\n\t\t<div class=\"edgtf-item-image\">\n\t\t\t<a itemprop=\"url\" href=\"https:\/\/fibgar.es\/en\/universal-jurisdiction-as-a-tool-for-gender-justice-reflections-from-new-york\/\">\n\t\t\t\t<img loading=\"lazy\" decoding=\"async\" width=\"1600\" height=\"900\" src=\"https:\/\/fibgar.es\/wp-content\/uploads\/2026\/03\/POST-GENERICO-2.png\" class=\"attachment-full size-full wp-post-image\" alt=\"\" srcset=\"https:\/\/fibgar.es\/wp-content\/uploads\/2026\/03\/POST-GENERICO-2.png 1600w, https:\/\/fibgar.es\/wp-content\/uploads\/2026\/03\/POST-GENERICO-2-300x169.png 300w, https:\/\/fibgar.es\/wp-content\/uploads\/2026\/03\/POST-GENERICO-2-1024x576.png 1024w, https:\/\/fibgar.es\/wp-content\/uploads\/2026\/03\/POST-GENERICO-2-768x432.png 768w, https:\/\/fibgar.es\/wp-content\/uploads\/2026\/03\/POST-GENERICO-2-1536x864.png 1536w\" sizes=\"auto, (max-width: 1600px) 100vw, 1600px\" \/>\t\t\t<\/a>\n\t\t<\/div>\n\t\t<div class=\"edgtf-item-text-holder\" style=\"background-color:#ffffff;box-shadow:none;\">\n\t\t\t<h3 itemprop=\"name\" class=\"edgtf-item-title entry-title\">\n\t\t\t\t<a itemprop=\"url\" href=\"https:\/\/fibgar.es\/en\/universal-jurisdiction-as-a-tool-for-gender-justice-reflections-from-new-york\/\" >\n\t\t\t\t\tUniversal Jurisdiction as a Tool for Gender Justice: Reflections from New York\t\t\t\t<\/a>\n\t\t\t<\/h3>\n\n\t\t\t<div class=\"edgtf-item-info-section\">\n\t\t\t\t<div class=\"edgtf-post-info-author\">by\t<a itemprop=\"author\" class=\"edgtf-post-info-author-link\" href=\"https:\/\/fibgar.es\/en\/author\/fibgaradmin\/\">\n\t\tFibgar\t<\/a>\n<\/div><div class=\"edgtf-post-info-category\">\n\t<a href=\"https:\/\/fibgar.es\/en\/category\/articles\/\" rel=\"category tag\">Articles<\/a><\/div><div itemprop=\"dateCreated\" class=\"edgtf-post-info-date entry-date updated\">\n\t\t\t01\/04\/2026\t    <meta itemprop=\"interactionCount\" content=\"UserComments: 0\"\/>\n<\/div>\t\t\t<\/div>\n\n\t\t\t\t\t\t\t<p itemprop=\"description\" class=\"edgtf-excerpt\">On 17 March, the event \u201cGender Justice and Universal Jurisdiction: Strengthening Access to Justice for Women and Girls\u201d was held in New York, orga...<\/p>\n\t\t\t\t\t\t<a itemprop=\"url\" href=\"https:\/\/fibgar.es\/en\/universal-jurisdiction-as-a-tool-for-gender-justice-reflections-from-new-york\/\" class=\"edgtf-blog-list-read-more\">Read more<i class=\"arrow_right\"><\/i><\/a>\n\t\t<\/div>\n\t<\/div>\n<\/li>\n<li class=\"edgtf-blog-list-item clearfix\">\n\t<div class=\"edgtf-blog-list-item-inner\">\n\t\t<div class=\"edgtf-item-image\">\n\t\t\t<a itemprop=\"url\" href=\"https:\/\/fibgar.es\/en\/universal-jurisdiction-under-debate-from-latin-america-contributions-tensions-and-horizons-for-international-justice\/\">\n\t\t\t\t<img loading=\"lazy\" decoding=\"async\" width=\"2560\" height=\"1707\" src=\"https:\/\/fibgar.es\/wp-content\/uploads\/2026\/03\/IMG_9558-1-scaled.jpg\" class=\"attachment-full size-full wp-post-image\" alt=\"\" srcset=\"https:\/\/fibgar.es\/wp-content\/uploads\/2026\/03\/IMG_9558-1-scaled.jpg 2560w, https:\/\/fibgar.es\/wp-content\/uploads\/2026\/03\/IMG_9558-1-300x200.jpg 300w, https:\/\/fibgar.es\/wp-content\/uploads\/2026\/03\/IMG_9558-1-1024x683.jpg 1024w, https:\/\/fibgar.es\/wp-content\/uploads\/2026\/03\/IMG_9558-1-768x512.jpg 768w, https:\/\/fibgar.es\/wp-content\/uploads\/2026\/03\/IMG_9558-1-1536x1024.jpg 1536w\" sizes=\"auto, (max-width: 2560px) 100vw, 2560px\" \/>\t\t\t<\/a>\n\t\t<\/div>\n\t\t<div class=\"edgtf-item-text-holder\" style=\"background-color:#ffffff;box-shadow:none;\">\n\t\t\t<h3 itemprop=\"name\" class=\"edgtf-item-title entry-title\">\n\t\t\t\t<a itemprop=\"url\" href=\"https:\/\/fibgar.es\/en\/universal-jurisdiction-under-debate-from-latin-america-contributions-tensions-and-horizons-for-international-justice\/\" >\n\t\t\t\t\tUniversal Jurisdiction under Debate from Latin America: Contributions, Tensions, and Horizons for International Justice\t\t\t\t<\/a>\n\t\t\t<\/h3>\n\n\t\t\t<div class=\"edgtf-item-info-section\">\n\t\t\t\t<div class=\"edgtf-post-info-author\">by\t<a itemprop=\"author\" class=\"edgtf-post-info-author-link\" href=\"https:\/\/fibgar.es\/en\/author\/fibgaradmin\/\">\n\t\tFibgar\t<\/a>\n<\/div><div class=\"edgtf-post-info-category\">\n\t<a href=\"https:\/\/fibgar.es\/en\/category\/articles\/\" rel=\"category tag\">Articles<\/a>, <a href=\"https:\/\/fibgar.es\/en\/category\/universal-jurisdiction\/\" rel=\"category tag\">Universal jurisdiction<\/a><\/div><div itemprop=\"dateCreated\" class=\"edgtf-post-info-date entry-date updated\">\n\t\t\t27\/03\/2026\t    <meta itemprop=\"interactionCount\" content=\"UserComments: 0\"\/>\n<\/div>\t\t\t<\/div>\n\n\t\t\t\t\t\t\t<p itemprop=\"description\" class=\"edgtf-excerpt\">On 26 March, the regional seminar \u201cUniversal Jurisdiction: Critical Perspectives from Latin America\u201d took place, organised by FIBGAR with the supp...<\/p>\n\t\t\t\t\t\t<a itemprop=\"url\" href=\"https:\/\/fibgar.es\/en\/universal-jurisdiction-under-debate-from-latin-america-contributions-tensions-and-horizons-for-international-justice\/\" class=\"edgtf-blog-list-read-more\">Read more<i class=\"arrow_right\"><\/i><\/a>\n\t\t<\/div>\n\t<\/div>\n<\/li>\n<li class=\"edgtf-blog-list-item clearfix\">\n\t<div class=\"edgtf-blog-list-item-inner\">\n\t\t<div class=\"edgtf-item-image\">\n\t\t\t<a itemprop=\"url\" href=\"https:\/\/fibgar.es\/en\/fibgar-organises-in-argentina-the-seminar-universal-jurisdiction-critical-perspectives-from-latin-america\/\">\n\t\t\t\t<img loading=\"lazy\" decoding=\"async\" width=\"1600\" height=\"900\" src=\"https:\/\/fibgar.es\/wp-content\/uploads\/2026\/03\/Copia-de-TW-Seminario-La-Jurisdiccion-Universal_-Perspectivas-criticas-desde-Latinoamerica-1.png\" class=\"attachment-full size-full wp-post-image\" alt=\"\" srcset=\"https:\/\/fibgar.es\/wp-content\/uploads\/2026\/03\/Copia-de-TW-Seminario-La-Jurisdiccion-Universal_-Perspectivas-criticas-desde-Latinoamerica-1.png 1600w, https:\/\/fibgar.es\/wp-content\/uploads\/2026\/03\/Copia-de-TW-Seminario-La-Jurisdiccion-Universal_-Perspectivas-criticas-desde-Latinoamerica-1-300x169.png 300w, https:\/\/fibgar.es\/wp-content\/uploads\/2026\/03\/Copia-de-TW-Seminario-La-Jurisdiccion-Universal_-Perspectivas-criticas-desde-Latinoamerica-1-1024x576.png 1024w, https:\/\/fibgar.es\/wp-content\/uploads\/2026\/03\/Copia-de-TW-Seminario-La-Jurisdiccion-Universal_-Perspectivas-criticas-desde-Latinoamerica-1-768x432.png 768w, https:\/\/fibgar.es\/wp-content\/uploads\/2026\/03\/Copia-de-TW-Seminario-La-Jurisdiccion-Universal_-Perspectivas-criticas-desde-Latinoamerica-1-1536x864.png 1536w\" sizes=\"auto, (max-width: 1600px) 100vw, 1600px\" \/>\t\t\t<\/a>\n\t\t<\/div>\n\t\t<div class=\"edgtf-item-text-holder\" style=\"background-color:#ffffff;box-shadow:none;\">\n\t\t\t<h3 itemprop=\"name\" class=\"edgtf-item-title entry-title\">\n\t\t\t\t<a itemprop=\"url\" href=\"https:\/\/fibgar.es\/en\/fibgar-organises-in-argentina-the-seminar-universal-jurisdiction-critical-perspectives-from-latin-america\/\" >\n\t\t\t\t\tFIBGAR Organises in Argentina the Seminar \u201cUniversal Jurisdiction: Critical Perspectives from Latin America\u201d\t\t\t\t<\/a>\n\t\t\t<\/h3>\n\n\t\t\t<div class=\"edgtf-item-info-section\">\n\t\t\t\t<div class=\"edgtf-post-info-author\">by\t<a itemprop=\"author\" class=\"edgtf-post-info-author-link\" href=\"https:\/\/fibgar.es\/en\/author\/fibgaradmin\/\">\n\t\tFibgar\t<\/a>\n<\/div><div class=\"edgtf-post-info-category\">\n\t<a href=\"https:\/\/fibgar.es\/en\/category\/articles\/\" rel=\"category tag\">Articles<\/a><\/div><div itemprop=\"dateCreated\" class=\"edgtf-post-info-date entry-date updated\">\n\t\t\t16\/03\/2026\t    <meta itemprop=\"interactionCount\" content=\"UserComments: 0\"\/>\n<\/div>\t\t\t<\/div>\n\n\t\t\t\t\t\t\t<p itemprop=\"description\" class=\"edgtf-excerpt\">The International Baltasar Garz\u00f3n Foundation (FIBGAR), with the support of the Instituto Fray Bartolom\u00e9 de las Casas, is pleased to announce the reg...<\/p>\n\t\t\t\t\t\t<a itemprop=\"url\" href=\"https:\/\/fibgar.es\/en\/fibgar-organises-in-argentina-the-seminar-universal-jurisdiction-critical-perspectives-from-latin-america\/\" class=\"edgtf-blog-list-read-more\">Read more<i class=\"arrow_right\"><\/i><\/a>\n\t\t<\/div>\n\t<\/div>\n<\/li>\n<li class=\"edgtf-blog-list-item clearfix\">\n\t<div class=\"edgtf-blog-list-item-inner\">\n\t\t<div class=\"edgtf-item-image\">\n\t\t\t<a itemprop=\"url\" href=\"https:\/\/fibgar.es\/en\/workshop-cultivating-democracy-at-greenpeace-spain\/\">\n\t\t\t\t<img loading=\"lazy\" decoding=\"async\" width=\"1600\" height=\"1200\" src=\"https:\/\/fibgar.es\/wp-content\/uploads\/2026\/03\/774ef76d-fc90-48f3-8fac-17cc7b55b470.jpg\" class=\"attachment-full size-full wp-post-image\" alt=\"\" srcset=\"https:\/\/fibgar.es\/wp-content\/uploads\/2026\/03\/774ef76d-fc90-48f3-8fac-17cc7b55b470.jpg 1600w, https:\/\/fibgar.es\/wp-content\/uploads\/2026\/03\/774ef76d-fc90-48f3-8fac-17cc7b55b470-300x225.jpg 300w, https:\/\/fibgar.es\/wp-content\/uploads\/2026\/03\/774ef76d-fc90-48f3-8fac-17cc7b55b470-1024x768.jpg 1024w, https:\/\/fibgar.es\/wp-content\/uploads\/2026\/03\/774ef76d-fc90-48f3-8fac-17cc7b55b470-768x576.jpg 768w, https:\/\/fibgar.es\/wp-content\/uploads\/2026\/03\/774ef76d-fc90-48f3-8fac-17cc7b55b470-1536x1152.jpg 1536w, https:\/\/fibgar.es\/wp-content\/uploads\/2026\/03\/774ef76d-fc90-48f3-8fac-17cc7b55b470-800x600.jpg 800w\" sizes=\"auto, (max-width: 1600px) 100vw, 1600px\" \/>\t\t\t<\/a>\n\t\t<\/div>\n\t\t<div class=\"edgtf-item-text-holder\" style=\"background-color:#ffffff;box-shadow:none;\">\n\t\t\t<h3 itemprop=\"name\" class=\"edgtf-item-title entry-title\">\n\t\t\t\t<a itemprop=\"url\" href=\"https:\/\/fibgar.es\/en\/workshop-cultivating-democracy-at-greenpeace-spain\/\" >\n\t\t\t\t\tWorkshop: \u201cCultivating Democracy\u201d at Greenpeace Spain\t\t\t\t<\/a>\n\t\t\t<\/h3>\n\n\t\t\t<div class=\"edgtf-item-info-section\">\n\t\t\t\t<div class=\"edgtf-post-info-author\">by\t<a itemprop=\"author\" class=\"edgtf-post-info-author-link\" href=\"https:\/\/fibgar.es\/en\/author\/fibgaradmin\/\">\n\t\tFibgar\t<\/a>\n<\/div><div class=\"edgtf-post-info-category\">\n\t<a href=\"https:\/\/fibgar.es\/en\/category\/articles\/\" rel=\"category tag\">Articles<\/a><\/div><div itemprop=\"dateCreated\" class=\"edgtf-post-info-date entry-date updated\">\n\t\t\t13\/03\/2026\t    <meta itemprop=\"interactionCount\" content=\"UserComments: 0\"\/>\n<\/div>\t\t\t<\/div>\n\n\t\t\t\t\t\t\t<p itemprop=\"description\" class=\"edgtf-excerpt\">On Thursday 12 March, we held a workshop as part of our project \u201cCultivating Democracy: Recipes for Resilience\u201d, a research initiative co-funded b...<\/p>\n\t\t\t\t\t\t<a itemprop=\"url\" href=\"https:\/\/fibgar.es\/en\/workshop-cultivating-democracy-at-greenpeace-spain\/\" class=\"edgtf-blog-list-read-more\">Read more<i class=\"arrow_right\"><\/i><\/a>\n\t\t<\/div>\n\t<\/div>\n<\/li>\n<li class=\"edgtf-blog-list-item clearfix\">\n\t<div class=\"edgtf-blog-list-item-inner\">\n\t\t<div class=\"edgtf-item-image\">\n\t\t\t<a itemprop=\"url\" href=\"https:\/\/fibgar.es\/en\/fibgar-hosts-in-new-york-the-event-gender-justice-and-universal-jurisdiction\/\">\n\t\t\t\t<img loading=\"lazy\" decoding=\"async\" width=\"1600\" height=\"900\" src=\"https:\/\/fibgar.es\/wp-content\/uploads\/2026\/03\/Gender-and-Universal-Jurisdiction-Post-de-Twitter-2-1.png\" class=\"attachment-full size-full wp-post-image\" alt=\"\" srcset=\"https:\/\/fibgar.es\/wp-content\/uploads\/2026\/03\/Gender-and-Universal-Jurisdiction-Post-de-Twitter-2-1.png 1600w, https:\/\/fibgar.es\/wp-content\/uploads\/2026\/03\/Gender-and-Universal-Jurisdiction-Post-de-Twitter-2-1-300x169.png 300w, https:\/\/fibgar.es\/wp-content\/uploads\/2026\/03\/Gender-and-Universal-Jurisdiction-Post-de-Twitter-2-1-1024x576.png 1024w, https:\/\/fibgar.es\/wp-content\/uploads\/2026\/03\/Gender-and-Universal-Jurisdiction-Post-de-Twitter-2-1-768x432.png 768w, https:\/\/fibgar.es\/wp-content\/uploads\/2026\/03\/Gender-and-Universal-Jurisdiction-Post-de-Twitter-2-1-1536x864.png 1536w\" sizes=\"auto, (max-width: 1600px) 100vw, 1600px\" \/>\t\t\t<\/a>\n\t\t<\/div>\n\t\t<div class=\"edgtf-item-text-holder\" style=\"background-color:#ffffff;box-shadow:none;\">\n\t\t\t<h3 itemprop=\"name\" class=\"edgtf-item-title entry-title\">\n\t\t\t\t<a itemprop=\"url\" href=\"https:\/\/fibgar.es\/en\/fibgar-hosts-in-new-york-the-event-gender-justice-and-universal-jurisdiction\/\" >\n\t\t\t\t\tFIBGAR hosts in New York the Event \u201cGender Justice and Universal Jurisdiction\u201d\t\t\t\t<\/a>\n\t\t\t<\/h3>\n\n\t\t\t<div class=\"edgtf-item-info-section\">\n\t\t\t\t<div class=\"edgtf-post-info-author\">by\t<a itemprop=\"author\" class=\"edgtf-post-info-author-link\" href=\"https:\/\/fibgar.es\/en\/author\/fibgaradmin\/\">\n\t\tFibgar\t<\/a>\n<\/div><div class=\"edgtf-post-info-category\">\n\t<a href=\"https:\/\/fibgar.es\/en\/category\/articles\/\" rel=\"category tag\">Articles<\/a><\/div><div itemprop=\"dateCreated\" class=\"edgtf-post-info-date entry-date updated\">\n\t\t\t06\/03\/2026\t    <meta itemprop=\"interactionCount\" content=\"UserComments: 0\"\/>\n<\/div>\t\t\t<\/div>\n\n\t\t\t\t\t\t\t<p itemprop=\"description\" class=\"edgtf-excerpt\">From FIBGAR, in collaboration with the Association of Women of Guatemala (AMG), we are pleased to announce the event \u201cGender Justice and Universal J...<\/p>\n\t\t\t\t\t\t<a itemprop=\"url\" href=\"https:\/\/fibgar.es\/en\/fibgar-hosts-in-new-york-the-event-gender-justice-and-universal-jurisdiction\/\" class=\"edgtf-blog-list-read-more\">Read more<i class=\"arrow_right\"><\/i><\/a>\n\t\t<\/div>\n\t<\/div>\n<\/li>\n<li class=\"edgtf-blog-list-item clearfix\">\n\t<div class=\"edgtf-blog-list-item-inner\">\n\t\t<div class=\"edgtf-item-image\">\n\t\t\t<a itemprop=\"url\" href=\"https:\/\/fibgar.es\/en\/barcelona-hosts-the-roundtable-afghan-women-in-search-of-stolen-justice-anatomy-of-a-historic-trial\/\">\n\t\t\t\t<img loading=\"lazy\" decoding=\"async\" width=\"1600\" height=\"900\" src=\"https:\/\/fibgar.es\/wp-content\/uploads\/2026\/03\/web-RAGAA-Barcelona-1.png\" class=\"attachment-full size-full wp-post-image\" alt=\"\" srcset=\"https:\/\/fibgar.es\/wp-content\/uploads\/2026\/03\/web-RAGAA-Barcelona-1.png 1600w, https:\/\/fibgar.es\/wp-content\/uploads\/2026\/03\/web-RAGAA-Barcelona-1-300x169.png 300w, https:\/\/fibgar.es\/wp-content\/uploads\/2026\/03\/web-RAGAA-Barcelona-1-1024x576.png 1024w, https:\/\/fibgar.es\/wp-content\/uploads\/2026\/03\/web-RAGAA-Barcelona-1-768x432.png 768w, https:\/\/fibgar.es\/wp-content\/uploads\/2026\/03\/web-RAGAA-Barcelona-1-1536x864.png 1536w\" sizes=\"auto, (max-width: 1600px) 100vw, 1600px\" \/>\t\t\t<\/a>\n\t\t<\/div>\n\t\t<div class=\"edgtf-item-text-holder\" style=\"background-color:#ffffff;box-shadow:none;\">\n\t\t\t<h3 itemprop=\"name\" class=\"edgtf-item-title entry-title\">\n\t\t\t\t<a itemprop=\"url\" href=\"https:\/\/fibgar.es\/en\/barcelona-hosts-the-roundtable-afghan-women-in-search-of-stolen-justice-anatomy-of-a-historic-trial\/\" >\n\t\t\t\t\tBarcelona Hosts the Roundtable \u201cAfghan Women in Search of Stolen Justice: Anatomy of a Historic Trial\u201d\t\t\t\t<\/a>\n\t\t\t<\/h3>\n\n\t\t\t<div class=\"edgtf-item-info-section\">\n\t\t\t\t<div class=\"edgtf-post-info-author\">by\t<a itemprop=\"author\" class=\"edgtf-post-info-author-link\" href=\"https:\/\/fibgar.es\/en\/author\/fibgaradmin\/\">\n\t\tFibgar\t<\/a>\n<\/div><div class=\"edgtf-post-info-category\">\n\t<a href=\"https:\/\/fibgar.es\/en\/category\/articles\/\" rel=\"category tag\">Articles<\/a><\/div><div itemprop=\"dateCreated\" class=\"edgtf-post-info-date entry-date updated\">\n\t\t\t04\/03\/2026\t    <meta itemprop=\"interactionCount\" content=\"UserComments: 0\"\/>\n<\/div>\t\t\t<\/div>\n\n\t\t\t\t\t\t\t<p itemprop=\"description\" class=\"edgtf-excerpt\">25 February 2026 | Barcelona On 25 February in Barcelona, FIBGAR, within the framework of its initiative RAGAA (Raise Against Gender Apartheid in Afgh...<\/p>\n\t\t\t\t\t\t<a itemprop=\"url\" href=\"https:\/\/fibgar.es\/en\/barcelona-hosts-the-roundtable-afghan-women-in-search-of-stolen-justice-anatomy-of-a-historic-trial\/\" class=\"edgtf-blog-list-read-more\">Read more<i class=\"arrow_right\"><\/i><\/a>\n\t\t<\/div>\n\t<\/div>\n<\/li>\n<li class=\"edgtf-blog-list-item clearfix\">\n\t<div class=\"edgtf-blog-list-item-inner\">\n\t\t<div class=\"edgtf-item-image\">\n\t\t\t<a itemprop=\"url\" href=\"https:\/\/fibgar.es\/en\/fibgar-held-the-event-women-defending-democracy-a-feminist-perspective-on-access-to-justice-and-democratic-memory-as-part-of-the-womens-network-for-memory-and-democracy-redmem\/\">\n\t\t\t\t<img loading=\"lazy\" decoding=\"async\" width=\"1600\" height=\"1200\" src=\"https:\/\/fibgar.es\/wp-content\/uploads\/2026\/03\/PHOTO-2026-03-09-11-49-21.jpg\" class=\"attachment-full size-full wp-post-image\" alt=\"\" srcset=\"https:\/\/fibgar.es\/wp-content\/uploads\/2026\/03\/PHOTO-2026-03-09-11-49-21.jpg 1600w, https:\/\/fibgar.es\/wp-content\/uploads\/2026\/03\/PHOTO-2026-03-09-11-49-21-300x225.jpg 300w, https:\/\/fibgar.es\/wp-content\/uploads\/2026\/03\/PHOTO-2026-03-09-11-49-21-1024x768.jpg 1024w, https:\/\/fibgar.es\/wp-content\/uploads\/2026\/03\/PHOTO-2026-03-09-11-49-21-768x576.jpg 768w, https:\/\/fibgar.es\/wp-content\/uploads\/2026\/03\/PHOTO-2026-03-09-11-49-21-1536x1152.jpg 1536w, https:\/\/fibgar.es\/wp-content\/uploads\/2026\/03\/PHOTO-2026-03-09-11-49-21-800x600.jpg 800w\" sizes=\"auto, (max-width: 1600px) 100vw, 1600px\" \/>\t\t\t<\/a>\n\t\t<\/div>\n\t\t<div class=\"edgtf-item-text-holder\" style=\"background-color:#ffffff;box-shadow:none;\">\n\t\t\t<h3 itemprop=\"name\" class=\"edgtf-item-title entry-title\">\n\t\t\t\t<a itemprop=\"url\" href=\"https:\/\/fibgar.es\/en\/fibgar-held-the-event-women-defending-democracy-a-feminist-perspective-on-access-to-justice-and-democratic-memory-as-part-of-the-womens-network-for-memory-and-democracy-redmem\/\" >\n\t\t\t\t\tFIBGAR held the event \u2018Women defending democracy: A feminist perspective on access to justice and democratic memory\u2019 as part of the Women&#8217;s Network for Memory and Democracy (REDMEM).\t\t\t\t<\/a>\n\t\t\t<\/h3>\n\n\t\t\t<div class=\"edgtf-item-info-section\">\n\t\t\t\t<div class=\"edgtf-post-info-author\">by\t<a itemprop=\"author\" class=\"edgtf-post-info-author-link\" href=\"https:\/\/fibgar.es\/en\/author\/fibgaradmin\/\">\n\t\tFibgar\t<\/a>\n<\/div><div class=\"edgtf-post-info-category\">\n\t<a href=\"https:\/\/fibgar.es\/en\/category\/articles\/\" rel=\"category tag\">Articles<\/a><\/div><div itemprop=\"dateCreated\" class=\"edgtf-post-info-date entry-date updated\">\n\t\t\t02\/03\/2026\t    <meta itemprop=\"interactionCount\" content=\"UserComments: 0\"\/>\n<\/div>\t\t\t<\/div>\n\n\t\t\t\t\t\t\t<p itemprop=\"description\" class=\"edgtf-excerpt\">On Friday 27 February, the first event of the year took place within the framework of the Women&#8217;s Network for Memory and Democracy (REDMEM), org...<\/p>\n\t\t\t\t\t\t<a itemprop=\"url\" href=\"https:\/\/fibgar.es\/en\/fibgar-held-the-event-women-defending-democracy-a-feminist-perspective-on-access-to-justice-and-democratic-memory-as-part-of-the-womens-network-for-memory-and-democracy-redmem\/\" class=\"edgtf-blog-list-read-more\">Read more<i class=\"arrow_right\"><\/i><\/a>\n\t\t<\/div>\n\t<\/div>\n<\/li>\n<li class=\"edgtf-blog-list-item clearfix\">\n\t<div class=\"edgtf-blog-list-item-inner\">\n\t\t<div class=\"edgtf-item-image\">\n\t\t\t<a itemprop=\"url\" href=\"https:\/\/fibgar.es\/en\/towards-an-international-convention-on-the-prevention-and-punishment-of-crimes-against-humanity\/\">\n\t\t\t\t<img loading=\"lazy\" decoding=\"async\" width=\"1600\" height=\"900\" src=\"https:\/\/fibgar.es\/wp-content\/uploads\/2026\/02\/POST-GENERICO-2-1.png\" class=\"attachment-full size-full wp-post-image\" alt=\"\" srcset=\"https:\/\/fibgar.es\/wp-content\/uploads\/2026\/02\/POST-GENERICO-2-1.png 1600w, https:\/\/fibgar.es\/wp-content\/uploads\/2026\/02\/POST-GENERICO-2-1-300x169.png 300w, https:\/\/fibgar.es\/wp-content\/uploads\/2026\/02\/POST-GENERICO-2-1-1024x576.png 1024w, https:\/\/fibgar.es\/wp-content\/uploads\/2026\/02\/POST-GENERICO-2-1-768x432.png 768w, https:\/\/fibgar.es\/wp-content\/uploads\/2026\/02\/POST-GENERICO-2-1-1536x864.png 1536w\" sizes=\"auto, (max-width: 1600px) 100vw, 1600px\" \/>\t\t\t<\/a>\n\t\t<\/div>\n\t\t<div class=\"edgtf-item-text-holder\" style=\"background-color:#ffffff;box-shadow:none;\">\n\t\t\t<h3 itemprop=\"name\" class=\"edgtf-item-title entry-title\">\n\t\t\t\t<a itemprop=\"url\" href=\"https:\/\/fibgar.es\/en\/towards-an-international-convention-on-the-prevention-and-punishment-of-crimes-against-humanity\/\" >\n\t\t\t\t\tTowards an International Convention on the Prevention and Punishment of Crimes against Humanity\t\t\t\t<\/a>\n\t\t\t<\/h3>\n\n\t\t\t<div class=\"edgtf-item-info-section\">\n\t\t\t\t<div class=\"edgtf-post-info-author\">by\t<a itemprop=\"author\" class=\"edgtf-post-info-author-link\" href=\"https:\/\/fibgar.es\/en\/author\/fibgaradmin\/\">\n\t\tFibgar\t<\/a>\n<\/div><div class=\"edgtf-post-info-category\">\n\t<a href=\"https:\/\/fibgar.es\/en\/category\/articles\/\" rel=\"category tag\">Articles<\/a><\/div><div itemprop=\"dateCreated\" class=\"edgtf-post-info-date entry-date updated\">\n\t\t\t22\/02\/2026\t    <meta itemprop=\"interactionCount\" content=\"UserComments: 0\"\/>\n<\/div>\t\t\t<\/div>\n\n\t\t\t\t\t\t\t<p itemprop=\"description\" class=\"edgtf-excerpt\">Unlike other international crimes, such as genocide or war crimes, crimes against humanity still do not have a universal and legally binding instrumen...<\/p>\n\t\t\t\t\t\t<a itemprop=\"url\" href=\"https:\/\/fibgar.es\/en\/towards-an-international-convention-on-the-prevention-and-punishment-of-crimes-against-humanity\/\" class=\"edgtf-blog-list-read-more\">Read more<i class=\"arrow_right\"><\/i><\/a>\n\t\t<\/div>\n\t<\/div>\n<\/li>\n<li class=\"edgtf-blog-list-item clearfix\">\n\t<div class=\"edgtf-blog-list-item-inner\">\n\t\t<div class=\"edgtf-item-image\">\n\t\t\t<a itemprop=\"url\" href=\"https:\/\/fibgar.es\/en\/the-international-court-of-justice-moves-forward-in-a-landmark-case-seeking-justice-for-the-rohingya-people\/\">\n\t\t\t\t<img loading=\"lazy\" decoding=\"async\" width=\"1600\" height=\"900\" src=\"https:\/\/fibgar.es\/wp-content\/uploads\/2026\/02\/POST-GENERICO-2.png\" class=\"attachment-full size-full wp-post-image\" alt=\"\" srcset=\"https:\/\/fibgar.es\/wp-content\/uploads\/2026\/02\/POST-GENERICO-2.png 1600w, https:\/\/fibgar.es\/wp-content\/uploads\/2026\/02\/POST-GENERICO-2-300x169.png 300w, https:\/\/fibgar.es\/wp-content\/uploads\/2026\/02\/POST-GENERICO-2-1024x576.png 1024w, https:\/\/fibgar.es\/wp-content\/uploads\/2026\/02\/POST-GENERICO-2-768x432.png 768w, https:\/\/fibgar.es\/wp-content\/uploads\/2026\/02\/POST-GENERICO-2-1536x864.png 1536w\" sizes=\"auto, (max-width: 1600px) 100vw, 1600px\" \/>\t\t\t<\/a>\n\t\t<\/div>\n\t\t<div class=\"edgtf-item-text-holder\" style=\"background-color:#ffffff;box-shadow:none;\">\n\t\t\t<h3 itemprop=\"name\" class=\"edgtf-item-title entry-title\">\n\t\t\t\t<a itemprop=\"url\" href=\"https:\/\/fibgar.es\/en\/the-international-court-of-justice-moves-forward-in-a-landmark-case-seeking-justice-for-the-rohingya-people\/\" >\n\t\t\t\t\tThe International Court of Justice moves forward in a landmark case seeking justice for the Rohingya people\t\t\t\t<\/a>\n\t\t\t<\/h3>\n\n\t\t\t<div class=\"edgtf-item-info-section\">\n\t\t\t\t<div class=\"edgtf-post-info-author\">by\t<a itemprop=\"author\" class=\"edgtf-post-info-author-link\" href=\"https:\/\/fibgar.es\/en\/author\/fibgaradmin\/\">\n\t\tFibgar\t<\/a>\n<\/div><div class=\"edgtf-post-info-category\">\n\t<a href=\"https:\/\/fibgar.es\/en\/category\/articles\/\" rel=\"category tag\">Articles<\/a><\/div><div itemprop=\"dateCreated\" class=\"edgtf-post-info-date entry-date updated\">\n\t\t\t05\/02\/2026\t    <meta itemprop=\"interactionCount\" content=\"UserComments: 0\"\/>\n<\/div>\t\t\t<\/div>\n\n\t\t\t\t\t\t\t<p itemprop=\"description\" class=\"edgtf-excerpt\">On 11 November 2019, the State of Gambia, backed by the 57 countries of the Organisation of Islamic Cooperation (OIC) and together with 11 other inter...<\/p>\n\t\t\t\t\t\t<a itemprop=\"url\" href=\"https:\/\/fibgar.es\/en\/the-international-court-of-justice-moves-forward-in-a-landmark-case-seeking-justice-for-the-rohingya-people\/\" class=\"edgtf-blog-list-read-more\">Read more<i class=\"arrow_right\"><\/i><\/a>\n\t\t<\/div>\n\t<\/div>\n<\/li>\n<li class=\"edgtf-blog-list-item clearfix\">\n\t<div class=\"edgtf-blog-list-item-inner\">\n\t\t<div class=\"edgtf-item-image\">\n\t\t\t<a itemprop=\"url\" href=\"https:\/\/fibgar.es\/en\/panel-discussion-afghan-womens-struggle-against-gender-apartheid-a-collective-responsibility\/\">\n\t\t\t\t<img loading=\"lazy\" decoding=\"async\" width=\"1600\" height=\"900\" src=\"https:\/\/fibgar.es\/wp-content\/uploads\/2026\/01\/POST-GENERICO-37.png\" class=\"attachment-full size-full wp-post-image\" alt=\"\" srcset=\"https:\/\/fibgar.es\/wp-content\/uploads\/2026\/01\/POST-GENERICO-37.png 1600w, https:\/\/fibgar.es\/wp-content\/uploads\/2026\/01\/POST-GENERICO-37-300x169.png 300w, https:\/\/fibgar.es\/wp-content\/uploads\/2026\/01\/POST-GENERICO-37-1024x576.png 1024w, https:\/\/fibgar.es\/wp-content\/uploads\/2026\/01\/POST-GENERICO-37-768x432.png 768w, https:\/\/fibgar.es\/wp-content\/uploads\/2026\/01\/POST-GENERICO-37-1536x864.png 1536w\" sizes=\"auto, (max-width: 1600px) 100vw, 1600px\" \/>\t\t\t<\/a>\n\t\t<\/div>\n\t\t<div class=\"edgtf-item-text-holder\" style=\"background-color:#ffffff;box-shadow:none;\">\n\t\t\t<h3 itemprop=\"name\" class=\"edgtf-item-title entry-title\">\n\t\t\t\t<a itemprop=\"url\" href=\"https:\/\/fibgar.es\/en\/panel-discussion-afghan-womens-struggle-against-gender-apartheid-a-collective-responsibility\/\" >\n\t\t\t\t\tPanel discussion: \u2018Afghan women&#8217;s struggle against gender apartheid: a collective responsibility\u2019\t\t\t\t<\/a>\n\t\t\t<\/h3>\n\n\t\t\t<div class=\"edgtf-item-info-section\">\n\t\t\t\t<div class=\"edgtf-post-info-author\">by\t<a itemprop=\"author\" class=\"edgtf-post-info-author-link\" href=\"https:\/\/fibgar.es\/en\/author\/fibgaradmin\/\">\n\t\tFibgar\t<\/a>\n<\/div><div class=\"edgtf-post-info-category\">\n\t<a href=\"https:\/\/fibgar.es\/en\/category\/articles\/\" rel=\"category tag\">Articles<\/a><\/div><div itemprop=\"dateCreated\" class=\"edgtf-post-info-date entry-date updated\">\n\t\t\t29\/01\/2026\t    <meta itemprop=\"interactionCount\" content=\"UserComments: 0\"\/>\n<\/div>\t\t\t<\/div>\n\n\t\t\t\t\t\t\t<p itemprop=\"description\" class=\"edgtf-excerpt\">28 January 2026 | Madrid On 28 January, FIBGAR, as part of its RAGAA (Raise Against Gender Apartheid in Afghanistan) initiative, together with People ...<\/p>\n\t\t\t\t\t\t<a itemprop=\"url\" href=\"https:\/\/fibgar.es\/en\/panel-discussion-afghan-womens-struggle-against-gender-apartheid-a-collective-responsibility\/\" class=\"edgtf-blog-list-read-more\">Read more<i class=\"arrow_right\"><\/i><\/a>\n\t\t<\/div>\n\t<\/div>\n<\/li>\n<li class=\"edgtf-blog-list-item clearfix\">\n\t<div class=\"edgtf-blog-list-item-inner\">\n\t\t<div class=\"edgtf-item-image\">\n\t\t\t<a itemprop=\"url\" href=\"https:\/\/fibgar.es\/en\/81-years-after-auschwitz-memory-human-rights-and-education\/\">\n\t\t\t\t<img loading=\"lazy\" decoding=\"async\" width=\"1600\" height=\"900\" src=\"https:\/\/fibgar.es\/wp-content\/uploads\/2026\/01\/DIA-INTERNACIONAL-4-2.png\" class=\"attachment-full size-full wp-post-image\" alt=\"\" srcset=\"https:\/\/fibgar.es\/wp-content\/uploads\/2026\/01\/DIA-INTERNACIONAL-4-2.png 1600w, https:\/\/fibgar.es\/wp-content\/uploads\/2026\/01\/DIA-INTERNACIONAL-4-2-300x169.png 300w, https:\/\/fibgar.es\/wp-content\/uploads\/2026\/01\/DIA-INTERNACIONAL-4-2-1024x576.png 1024w, https:\/\/fibgar.es\/wp-content\/uploads\/2026\/01\/DIA-INTERNACIONAL-4-2-768x432.png 768w, https:\/\/fibgar.es\/wp-content\/uploads\/2026\/01\/DIA-INTERNACIONAL-4-2-1536x864.png 1536w\" sizes=\"auto, (max-width: 1600px) 100vw, 1600px\" \/>\t\t\t<\/a>\n\t\t<\/div>\n\t\t<div class=\"edgtf-item-text-holder\" style=\"background-color:#ffffff;box-shadow:none;\">\n\t\t\t<h3 itemprop=\"name\" class=\"edgtf-item-title entry-title\">\n\t\t\t\t<a itemprop=\"url\" href=\"https:\/\/fibgar.es\/en\/81-years-after-auschwitz-memory-human-rights-and-education\/\" >\n\t\t\t\t\t81 years after Auschwitz: Memory, Human Rights and Education\t\t\t\t<\/a>\n\t\t\t<\/h3>\n\n\t\t\t<div class=\"edgtf-item-info-section\">\n\t\t\t\t<div class=\"edgtf-post-info-author\">by\t<a itemprop=\"author\" class=\"edgtf-post-info-author-link\" href=\"https:\/\/fibgar.es\/en\/author\/fibgaradmin\/\">\n\t\tFibgar\t<\/a>\n<\/div><div class=\"edgtf-post-info-category\">\n\t<a href=\"https:\/\/fibgar.es\/en\/category\/articles\/\" rel=\"category tag\">Articles<\/a><\/div><div itemprop=\"dateCreated\" class=\"edgtf-post-info-date entry-date updated\">\n\t\t\t29\/01\/2026\t    <meta itemprop=\"interactionCount\" content=\"UserComments: 0\"\/>\n<\/div>\t\t\t<\/div>\n\n\t\t\t\t\t\t\t<p itemprop=\"description\" class=\"edgtf-excerpt\">In November 2005, the United Nations General Assembly officially proclaimed 27 January as the International Day of Commemoration in Memory of the Vict...<\/p>\n\t\t\t\t\t\t<a itemprop=\"url\" href=\"https:\/\/fibgar.es\/en\/81-years-after-auschwitz-memory-human-rights-and-education\/\" class=\"edgtf-blog-list-read-more\">Read more<i class=\"arrow_right\"><\/i><\/a>\n\t\t<\/div>\n\t<\/div>\n<\/li>\n<li class=\"edgtf-blog-list-item clearfix\">\n\t<div class=\"edgtf-blog-list-item-inner\">\n\t\t<div class=\"edgtf-item-image\">\n\t\t\t<a itemprop=\"url\" href=\"https:\/\/fibgar.es\/en\/26144\/\">\n\t\t\t\t<img loading=\"lazy\" decoding=\"async\" width=\"2000\" height=\"943\" src=\"https:\/\/fibgar.es\/wp-content\/uploads\/2026\/01\/2f0a6865-3bbf-4ee0-a3d6-727d5cd51ac8-e1769517123770.jpeg\" class=\"attachment-full size-full wp-post-image\" alt=\"\" srcset=\"https:\/\/fibgar.es\/wp-content\/uploads\/2026\/01\/2f0a6865-3bbf-4ee0-a3d6-727d5cd51ac8-e1769517123770.jpeg 2000w, https:\/\/fibgar.es\/wp-content\/uploads\/2026\/01\/2f0a6865-3bbf-4ee0-a3d6-727d5cd51ac8-e1769517123770-300x141.jpeg 300w, https:\/\/fibgar.es\/wp-content\/uploads\/2026\/01\/2f0a6865-3bbf-4ee0-a3d6-727d5cd51ac8-e1769517123770-1024x483.jpeg 1024w, https:\/\/fibgar.es\/wp-content\/uploads\/2026\/01\/2f0a6865-3bbf-4ee0-a3d6-727d5cd51ac8-e1769517123770-768x362.jpeg 768w, https:\/\/fibgar.es\/wp-content\/uploads\/2026\/01\/2f0a6865-3bbf-4ee0-a3d6-727d5cd51ac8-e1769517123770-1536x724.jpeg 1536w\" sizes=\"auto, (max-width: 2000px) 100vw, 2000px\" \/>\t\t\t<\/a>\n\t\t<\/div>\n\t\t<div class=\"edgtf-item-text-holder\" style=\"background-color:#ffffff;box-shadow:none;\">\n\t\t\t<h3 itemprop=\"name\" class=\"edgtf-item-title entry-title\">\n\t\t\t\t<a itemprop=\"url\" href=\"https:\/\/fibgar.es\/en\/26144\/\" >\n\t\t\t\t\tWe celebrated the event \u2018Stolen Lessons: the comic\u2019 together with Libros con Memoria.\t\t\t\t<\/a>\n\t\t\t<\/h3>\n\n\t\t\t<div class=\"edgtf-item-info-section\">\n\t\t\t\t<div class=\"edgtf-post-info-author\">by\t<a itemprop=\"author\" class=\"edgtf-post-info-author-link\" href=\"https:\/\/fibgar.es\/en\/author\/fibgaradmin\/\">\n\t\tFibgar\t<\/a>\n<\/div><div class=\"edgtf-post-info-category\">\n\t<a href=\"https:\/\/fibgar.es\/en\/category\/articles\/\" rel=\"category tag\">Articles<\/a><\/div><div itemprop=\"dateCreated\" class=\"edgtf-post-info-date entry-date updated\">\n\t\t\t27\/01\/2026\t    <meta itemprop=\"interactionCount\" content=\"UserComments: 0\"\/>\n<\/div>\t\t\t<\/div>\n\n\t\t\t\t\t\t\t<p itemprop=\"description\" class=\"edgtf-excerpt\">On Saturday, 24 January 2026, we held the event \u2018Stolen Lessons: The Comic\u2019 at the Iv\u00e1n de Vargas Library in Madrid, organised in collaboration w...<\/p>\n\t\t\t\t\t\t<a itemprop=\"url\" href=\"https:\/\/fibgar.es\/en\/26144\/\" class=\"edgtf-blog-list-read-more\">Read more<i class=\"arrow_right\"><\/i><\/a>\n\t\t<\/div>\n\t<\/div>\n<\/li>\n<li class=\"edgtf-blog-list-item clearfix\">\n\t<div class=\"edgtf-blog-list-item-inner\">\n\t\t<div class=\"edgtf-item-image\">\n\t\t\t<a itemprop=\"url\" href=\"https:\/\/fibgar.es\/en\/discover-our-new-research-project-on-spains-role-in-promoting-gender-equality-in-global-justice\/\">\n\t\t\t\t<img loading=\"lazy\" decoding=\"async\" width=\"1600\" height=\"900\" src=\"https:\/\/fibgar.es\/wp-content\/uploads\/2026\/01\/POST-GENERICO-15.png\" class=\"attachment-full size-full wp-post-image\" alt=\"\" srcset=\"https:\/\/fibgar.es\/wp-content\/uploads\/2026\/01\/POST-GENERICO-15.png 1600w, https:\/\/fibgar.es\/wp-content\/uploads\/2026\/01\/POST-GENERICO-15-300x169.png 300w, https:\/\/fibgar.es\/wp-content\/uploads\/2026\/01\/POST-GENERICO-15-1024x576.png 1024w, https:\/\/fibgar.es\/wp-content\/uploads\/2026\/01\/POST-GENERICO-15-768x432.png 768w, https:\/\/fibgar.es\/wp-content\/uploads\/2026\/01\/POST-GENERICO-15-1536x864.png 1536w\" sizes=\"auto, (max-width: 1600px) 100vw, 1600px\" \/>\t\t\t<\/a>\n\t\t<\/div>\n\t\t<div class=\"edgtf-item-text-holder\" style=\"background-color:#ffffff;box-shadow:none;\">\n\t\t\t<h3 itemprop=\"name\" class=\"edgtf-item-title entry-title\">\n\t\t\t\t<a itemprop=\"url\" href=\"https:\/\/fibgar.es\/en\/discover-our-new-research-project-on-spains-role-in-promoting-gender-equality-in-global-justice\/\" >\n\t\t\t\t\tDiscover our new research project on Spain\u2019s role in promoting gender equality in global justice\t\t\t\t<\/a>\n\t\t\t<\/h3>\n\n\t\t\t<div class=\"edgtf-item-info-section\">\n\t\t\t\t<div class=\"edgtf-post-info-author\">by\t<a itemprop=\"author\" class=\"edgtf-post-info-author-link\" href=\"https:\/\/fibgar.es\/en\/author\/fibgaradmin\/\">\n\t\tFibgar\t<\/a>\n<\/div><div class=\"edgtf-post-info-category\">\n\t<a href=\"https:\/\/fibgar.es\/en\/category\/articles\/\" rel=\"category tag\">Articles<\/a><\/div><div itemprop=\"dateCreated\" class=\"edgtf-post-info-date entry-date updated\">\n\t\t\t22\/01\/2026\t    <meta itemprop=\"interactionCount\" content=\"UserComments: 0\"\/>\n<\/div>\t\t\t<\/div>\n\n\t\t\t\t\t\t\t<p itemprop=\"description\" class=\"edgtf-excerpt\">FIBGAR launches the project \u201cSpain as a Promoter of a Gender Approach in the Fight Against Impunity: A Strategic Assessment from the Perspective of ...<\/p>\n\t\t\t\t\t\t<a itemprop=\"url\" href=\"https:\/\/fibgar.es\/en\/discover-our-new-research-project-on-spains-role-in-promoting-gender-equality-in-global-justice\/\" class=\"edgtf-blog-list-read-more\">Read more<i class=\"arrow_right\"><\/i><\/a>\n\t\t<\/div>\n\t<\/div>\n<\/li>\n<li class=\"edgtf-blog-list-item clearfix\">\n\t<div class=\"edgtf-blog-list-item-inner\">\n\t\t<div class=\"edgtf-item-image\">\n\t\t\t<a itemprop=\"url\" href=\"https:\/\/fibgar.es\/en\/fibgar-launches-its-new-project-on-child-enforced-disappearances\/\">\n\t\t\t\t<img loading=\"lazy\" decoding=\"async\" width=\"1600\" height=\"900\" src=\"https:\/\/fibgar.es\/wp-content\/uploads\/2026\/01\/POST-GENERICO-13.png\" class=\"attachment-full size-full wp-post-image\" alt=\"\" srcset=\"https:\/\/fibgar.es\/wp-content\/uploads\/2026\/01\/POST-GENERICO-13.png 1600w, https:\/\/fibgar.es\/wp-content\/uploads\/2026\/01\/POST-GENERICO-13-300x169.png 300w, https:\/\/fibgar.es\/wp-content\/uploads\/2026\/01\/POST-GENERICO-13-1024x576.png 1024w, https:\/\/fibgar.es\/wp-content\/uploads\/2026\/01\/POST-GENERICO-13-768x432.png 768w, https:\/\/fibgar.es\/wp-content\/uploads\/2026\/01\/POST-GENERICO-13-1536x864.png 1536w\" sizes=\"auto, (max-width: 1600px) 100vw, 1600px\" \/>\t\t\t<\/a>\n\t\t<\/div>\n\t\t<div class=\"edgtf-item-text-holder\" style=\"background-color:#ffffff;box-shadow:none;\">\n\t\t\t<h3 itemprop=\"name\" class=\"edgtf-item-title entry-title\">\n\t\t\t\t<a itemprop=\"url\" href=\"https:\/\/fibgar.es\/en\/fibgar-launches-its-new-project-on-child-enforced-disappearances\/\" >\n\t\t\t\t\tFIBGAR launches its new project on child enforced disappearances\t\t\t\t<\/a>\n\t\t\t<\/h3>\n\n\t\t\t<div class=\"edgtf-item-info-section\">\n\t\t\t\t<div class=\"edgtf-post-info-author\">by\t<a itemprop=\"author\" class=\"edgtf-post-info-author-link\" href=\"https:\/\/fibgar.es\/en\/author\/fibgaradmin\/\">\n\t\tFibgar\t<\/a>\n<\/div><div class=\"edgtf-post-info-category\">\n\t<a href=\"https:\/\/fibgar.es\/en\/category\/articles\/\" rel=\"category tag\">Articles<\/a><\/div><div itemprop=\"dateCreated\" class=\"edgtf-post-info-date entry-date updated\">\n\t\t\t15\/01\/2026\t    <meta itemprop=\"interactionCount\" content=\"UserComments: 0\"\/>\n<\/div>\t\t\t<\/div>\n\n\t\t\t\t\t\t\t<p itemprop=\"description\" class=\"edgtf-excerpt\">FIBGAR launches a new project in which the foundation\u2019s Democratic Memory area will work throughout this year, aiming to address child enforced disa...<\/p>\n\t\t\t\t\t\t<a itemprop=\"url\" href=\"https:\/\/fibgar.es\/en\/fibgar-launches-its-new-project-on-child-enforced-disappearances\/\" class=\"edgtf-blog-list-read-more\">Read more<i class=\"arrow_right\"><\/i><\/a>\n\t\t<\/div>\n\t<\/div>\n<\/li>\n<li class=\"edgtf-blog-list-item clearfix\">\n\t<div class=\"edgtf-blog-list-item-inner\">\n\t\t<div class=\"edgtf-item-image\">\n\t\t\t<a itemprop=\"url\" href=\"https:\/\/fibgar.es\/en\/let-us-not-allow-international-law-to-die\/\">\n\t\t\t\t<img loading=\"lazy\" decoding=\"async\" width=\"1600\" height=\"900\" src=\"https:\/\/fibgar.es\/wp-content\/uploads\/2026\/01\/POST-GENERICO-19-1.png\" class=\"attachment-full size-full wp-post-image\" alt=\"\" srcset=\"https:\/\/fibgar.es\/wp-content\/uploads\/2026\/01\/POST-GENERICO-19-1.png 1600w, https:\/\/fibgar.es\/wp-content\/uploads\/2026\/01\/POST-GENERICO-19-1-300x169.png 300w, https:\/\/fibgar.es\/wp-content\/uploads\/2026\/01\/POST-GENERICO-19-1-1024x576.png 1024w, https:\/\/fibgar.es\/wp-content\/uploads\/2026\/01\/POST-GENERICO-19-1-768x432.png 768w, https:\/\/fibgar.es\/wp-content\/uploads\/2026\/01\/POST-GENERICO-19-1-1536x864.png 1536w\" sizes=\"auto, (max-width: 1600px) 100vw, 1600px\" \/>\t\t\t<\/a>\n\t\t<\/div>\n\t\t<div class=\"edgtf-item-text-holder\" style=\"background-color:#ffffff;box-shadow:none;\">\n\t\t\t<h3 itemprop=\"name\" class=\"edgtf-item-title entry-title\">\n\t\t\t\t<a itemprop=\"url\" href=\"https:\/\/fibgar.es\/en\/let-us-not-allow-international-law-to-die\/\" >\n\t\t\t\t\tLet us not allow international law to die\t\t\t\t<\/a>\n\t\t\t<\/h3>\n\n\t\t\t<div class=\"edgtf-item-info-section\">\n\t\t\t\t<div class=\"edgtf-post-info-author\">by\t<a itemprop=\"author\" class=\"edgtf-post-info-author-link\" href=\"https:\/\/fibgar.es\/en\/author\/fibgaradmin\/\">\n\t\tFibgar\t<\/a>\n<\/div><div class=\"edgtf-post-info-category\">\n\t<a href=\"https:\/\/fibgar.es\/en\/category\/articles\/\" rel=\"category tag\">Articles<\/a><\/div><div itemprop=\"dateCreated\" class=\"edgtf-post-info-date entry-date updated\">\n\t\t\t12\/01\/2026\t    <meta itemprop=\"interactionCount\" content=\"UserComments: 0\"\/>\n<\/div>\t\t\t<\/div>\n\n\t\t\t\t\t\t\t<p itemprop=\"description\" class=\"edgtf-excerpt\">In these troubling times, FIBGAR wishes to express its strong condemnation of recent events that represent a deliberate challenge to the international...<\/p>\n\t\t\t\t\t\t<a itemprop=\"url\" href=\"https:\/\/fibgar.es\/en\/let-us-not-allow-international-law-to-die\/\" class=\"edgtf-blog-list-read-more\">Read more<i class=\"arrow_right\"><\/i><\/a>\n\t\t<\/div>\n\t<\/div>\n<\/li>\n<li class=\"edgtf-blog-list-item clearfix\">\n\t<div class=\"edgtf-blog-list-item-inner\">\n\t\t<div class=\"edgtf-item-image\">\n\t\t\t<a itemprop=\"url\" href=\"https:\/\/fibgar.es\/en\/under-scrutiny-the-united-kingdom-moves-towards-a-significant-reform-of-its-approach-to-universal-jurisdiction\/\">\n\t\t\t\t<img loading=\"lazy\" decoding=\"async\" width=\"1600\" height=\"900\" src=\"https:\/\/fibgar.es\/wp-content\/uploads\/2026\/01\/POST-GENERICO-17.png\" class=\"attachment-full size-full wp-post-image\" alt=\"\" srcset=\"https:\/\/fibgar.es\/wp-content\/uploads\/2026\/01\/POST-GENERICO-17.png 1600w, https:\/\/fibgar.es\/wp-content\/uploads\/2026\/01\/POST-GENERICO-17-300x169.png 300w, https:\/\/fibgar.es\/wp-content\/uploads\/2026\/01\/POST-GENERICO-17-1024x576.png 1024w, https:\/\/fibgar.es\/wp-content\/uploads\/2026\/01\/POST-GENERICO-17-768x432.png 768w, https:\/\/fibgar.es\/wp-content\/uploads\/2026\/01\/POST-GENERICO-17-1536x864.png 1536w\" sizes=\"auto, (max-width: 1600px) 100vw, 1600px\" \/>\t\t\t<\/a>\n\t\t<\/div>\n\t\t<div class=\"edgtf-item-text-holder\" style=\"background-color:#ffffff;box-shadow:none;\">\n\t\t\t<h3 itemprop=\"name\" class=\"edgtf-item-title entry-title\">\n\t\t\t\t<a itemprop=\"url\" href=\"https:\/\/fibgar.es\/en\/under-scrutiny-the-united-kingdom-moves-towards-a-significant-reform-of-its-approach-to-universal-jurisdiction\/\" >\n\t\t\t\t\tUnder Scrutiny: the United Kingdom Moves towards a Significant Reform of Its Approach to Universal Jurisdiction\t\t\t\t<\/a>\n\t\t\t<\/h3>\n\n\t\t\t<div class=\"edgtf-item-info-section\">\n\t\t\t\t<div class=\"edgtf-post-info-author\">by\t<a itemprop=\"author\" class=\"edgtf-post-info-author-link\" href=\"https:\/\/fibgar.es\/en\/author\/fibgaradmin\/\">\n\t\tFibgar\t<\/a>\n<\/div><div class=\"edgtf-post-info-category\">\n\t<a href=\"https:\/\/fibgar.es\/en\/category\/articles\/\" rel=\"category tag\">Articles<\/a><\/div><div itemprop=\"dateCreated\" class=\"edgtf-post-info-date entry-date updated\">\n\t\t\t12\/01\/2026\t    <meta itemprop=\"interactionCount\" content=\"UserComments: 0\"\/>\n<\/div>\t\t\t<\/div>\n\n\t\t\t\t\t\t\t<p itemprop=\"description\" class=\"edgtf-excerpt\">Over recent months, various organisations have worked to engage British parliamentarians in the reforms deemed necessary to ensure that the United Kin...<\/p>\n\t\t\t\t\t\t<a itemprop=\"url\" href=\"https:\/\/fibgar.es\/en\/under-scrutiny-the-united-kingdom-moves-towards-a-significant-reform-of-its-approach-to-universal-jurisdiction\/\" class=\"edgtf-blog-list-read-more\">Read more<i class=\"arrow_right\"><\/i><\/a>\n\t\t<\/div>\n\t<\/div>\n<\/li>\n<li class=\"edgtf-blog-list-item clearfix\">\n\t<div class=\"edgtf-blog-list-item-inner\">\n\t\t<div class=\"edgtf-item-image\">\n\t\t\t<a itemprop=\"url\" href=\"https:\/\/fibgar.es\/en\/introducing-cultivating-democracy-recipes-for-resilience-reflection-action-and-dialogue-for-a-stronger-democracy\/\">\n\t\t\t\t<img loading=\"lazy\" decoding=\"async\" width=\"1600\" height=\"900\" src=\"https:\/\/fibgar.es\/wp-content\/uploads\/2026\/01\/POST-GENERICO-11.png\" class=\"attachment-full size-full wp-post-image\" alt=\"\" srcset=\"https:\/\/fibgar.es\/wp-content\/uploads\/2026\/01\/POST-GENERICO-11.png 1600w, https:\/\/fibgar.es\/wp-content\/uploads\/2026\/01\/POST-GENERICO-11-300x169.png 300w, https:\/\/fibgar.es\/wp-content\/uploads\/2026\/01\/POST-GENERICO-11-1024x576.png 1024w, https:\/\/fibgar.es\/wp-content\/uploads\/2026\/01\/POST-GENERICO-11-768x432.png 768w, https:\/\/fibgar.es\/wp-content\/uploads\/2026\/01\/POST-GENERICO-11-1536x864.png 1536w\" sizes=\"auto, (max-width: 1600px) 100vw, 1600px\" \/>\t\t\t<\/a>\n\t\t<\/div>\n\t\t<div class=\"edgtf-item-text-holder\" style=\"background-color:#ffffff;box-shadow:none;\">\n\t\t\t<h3 itemprop=\"name\" class=\"edgtf-item-title entry-title\">\n\t\t\t\t<a itemprop=\"url\" href=\"https:\/\/fibgar.es\/en\/introducing-cultivating-democracy-recipes-for-resilience-reflection-action-and-dialogue-for-a-stronger-democracy\/\" >\n\t\t\t\t\tIntroducing \u201cCultivating Democracy: Recipes for Resilience\u201d: reflection, action, and dialogue for a stronger democracy\t\t\t\t<\/a>\n\t\t\t<\/h3>\n\n\t\t\t<div class=\"edgtf-item-info-section\">\n\t\t\t\t<div class=\"edgtf-post-info-author\">by\t<a itemprop=\"author\" class=\"edgtf-post-info-author-link\" href=\"https:\/\/fibgar.es\/en\/author\/fibgaradmin\/\">\n\t\tFibgar\t<\/a>\n<\/div><div class=\"edgtf-post-info-category\">\n\t<a href=\"https:\/\/fibgar.es\/en\/category\/articles\/\" rel=\"category tag\">Articles<\/a><\/div><div itemprop=\"dateCreated\" class=\"edgtf-post-info-date entry-date updated\">\n\t\t\t08\/01\/2026\t    <meta itemprop=\"interactionCount\" content=\"UserComments: 0\"\/>\n<\/div>\t\t\t<\/div>\n\n\t\t\t\t\t\t\t<p itemprop=\"description\" class=\"edgtf-excerpt\">FIBGAR is launching the project \u201cCultivating Democracy: Recipes for Resilience\u201d, an initiative designed to strengthen democratic values and foster...<\/p>\n\t\t\t\t\t\t<a itemprop=\"url\" href=\"https:\/\/fibgar.es\/en\/introducing-cultivating-democracy-recipes-for-resilience-reflection-action-and-dialogue-for-a-stronger-democracy\/\" class=\"edgtf-blog-list-read-more\">Read more<i class=\"arrow_right\"><\/i><\/a>\n\t\t<\/div>\n\t<\/div>\n<\/li>\n<li class=\"edgtf-blog-list-item clearfix\">\n\t<div class=\"edgtf-blog-list-item-inner\">\n\t\t<div class=\"edgtf-item-image\">\n\t\t\t<a itemprop=\"url\" href=\"https:\/\/fibgar.es\/en\/working-on-our-upcoming-international-criminal-justice-congress\/\">\n\t\t\t\t<img loading=\"lazy\" decoding=\"async\" width=\"768\" height=\"576\" src=\"https:\/\/fibgar.es\/wp-content\/uploads\/2025\/12\/congreso-768x576-2.png\" class=\"attachment-full size-full wp-post-image\" alt=\"\" srcset=\"https:\/\/fibgar.es\/wp-content\/uploads\/2025\/12\/congreso-768x576-2.png 768w, https:\/\/fibgar.es\/wp-content\/uploads\/2025\/12\/congreso-768x576-2-300x225.png 300w\" sizes=\"auto, (max-width: 768px) 100vw, 768px\" \/>\t\t\t<\/a>\n\t\t<\/div>\n\t\t<div class=\"edgtf-item-text-holder\" style=\"background-color:#ffffff;box-shadow:none;\">\n\t\t\t<h3 itemprop=\"name\" class=\"edgtf-item-title entry-title\">\n\t\t\t\t<a itemprop=\"url\" href=\"https:\/\/fibgar.es\/en\/working-on-our-upcoming-international-criminal-justice-congress\/\" >\n\t\t\t\t\tWorking on Our Upcoming International Criminal Justice Congress\t\t\t\t<\/a>\n\t\t\t<\/h3>\n\n\t\t\t<div class=\"edgtf-item-info-section\">\n\t\t\t\t<div class=\"edgtf-post-info-author\">by\t<a itemprop=\"author\" class=\"edgtf-post-info-author-link\" href=\"https:\/\/fibgar.es\/en\/author\/fibgaradmin\/\">\n\t\tFibgar\t<\/a>\n<\/div><div class=\"edgtf-post-info-category\">\n\t<a href=\"https:\/\/fibgar.es\/en\/category\/articles\/\" rel=\"category tag\">Articles<\/a><\/div><div itemprop=\"dateCreated\" class=\"edgtf-post-info-date entry-date updated\">\n\t\t\t04\/01\/2026\t    <meta itemprop=\"interactionCount\" content=\"UserComments: 0\"\/>\n<\/div>\t\t\t<\/div>\n\n\t\t\t\t\t\t\t<p itemprop=\"description\" class=\"edgtf-excerpt\">At FIBGAR, we have been working for several months on the development of our upcoming project: the International Criminal Justice Congress: Progress a...<\/p>\n\t\t\t\t\t\t<a itemprop=\"url\" href=\"https:\/\/fibgar.es\/en\/working-on-our-upcoming-international-criminal-justice-congress\/\" class=\"edgtf-blog-list-read-more\">Read more<i class=\"arrow_right\"><\/i><\/a>\n\t\t<\/div>\n\t<\/div>\n<\/li>\n<li class=\"edgtf-blog-list-item clearfix\">\n\t<div class=\"edgtf-blog-list-item-inner\">\n\t\t<div class=\"edgtf-item-image\">\n\t\t\t<a itemprop=\"url\" href=\"https:\/\/fibgar.es\/en\/germany-opens-new-trial-on-crimes-committed-under-bashar-al-assads-regime-in-syria\/\">\n\t\t\t\t<img loading=\"lazy\" decoding=\"async\" width=\"1600\" height=\"900\" src=\"https:\/\/fibgar.es\/wp-content\/uploads\/2025\/12\/POST-GENERICO-15.png\" class=\"attachment-full size-full wp-post-image\" alt=\"\" srcset=\"https:\/\/fibgar.es\/wp-content\/uploads\/2025\/12\/POST-GENERICO-15.png 1600w, https:\/\/fibgar.es\/wp-content\/uploads\/2025\/12\/POST-GENERICO-15-300x169.png 300w, https:\/\/fibgar.es\/wp-content\/uploads\/2025\/12\/POST-GENERICO-15-1024x576.png 1024w, https:\/\/fibgar.es\/wp-content\/uploads\/2025\/12\/POST-GENERICO-15-768x432.png 768w, https:\/\/fibgar.es\/wp-content\/uploads\/2025\/12\/POST-GENERICO-15-1536x864.png 1536w\" sizes=\"auto, (max-width: 1600px) 100vw, 1600px\" \/>\t\t\t<\/a>\n\t\t<\/div>\n\t\t<div class=\"edgtf-item-text-holder\" style=\"background-color:#ffffff;box-shadow:none;\">\n\t\t\t<h3 itemprop=\"name\" class=\"edgtf-item-title entry-title\">\n\t\t\t\t<a itemprop=\"url\" href=\"https:\/\/fibgar.es\/en\/germany-opens-new-trial-on-crimes-committed-under-bashar-al-assads-regime-in-syria\/\" >\n\t\t\t\t\tGermany Opens New Trial on Crimes Committed under Bashar al-Assad\u2019s Regime in Syria\t\t\t\t<\/a>\n\t\t\t<\/h3>\n\n\t\t\t<div class=\"edgtf-item-info-section\">\n\t\t\t\t<div class=\"edgtf-post-info-author\">by\t<a itemprop=\"author\" class=\"edgtf-post-info-author-link\" href=\"https:\/\/fibgar.es\/en\/author\/fibgaradmin\/\">\n\t\tFibgar\t<\/a>\n<\/div><div class=\"edgtf-post-info-category\">\n\t<a href=\"https:\/\/fibgar.es\/en\/category\/articles\/\" rel=\"category tag\">Articles<\/a><\/div><div itemprop=\"dateCreated\" class=\"edgtf-post-info-date entry-date updated\">\n\t\t\t03\/01\/2026\t    <meta itemprop=\"interactionCount\" content=\"UserComments: 0\"\/>\n<\/div>\t\t\t<\/div>\n\n\t\t\t\t\t\t\t<p itemprop=\"description\" class=\"edgtf-excerpt\">On 19 November, the Higher Regional Court of Koblenz initiated a new trial concerning crimes committed under the Assad regime in Syria, which, for the...<\/p>\n\t\t\t\t\t\t<a itemprop=\"url\" href=\"https:\/\/fibgar.es\/en\/germany-opens-new-trial-on-crimes-committed-under-bashar-al-assads-regime-in-syria\/\" class=\"edgtf-blog-list-read-more\">Read more<i class=\"arrow_right\"><\/i><\/a>\n\t\t<\/div>\n\t<\/div>\n<\/li>\n<li class=\"edgtf-blog-list-item clearfix\">\n\t<div class=\"edgtf-blog-list-item-inner\">\n\t\t<div class=\"edgtf-item-image\">\n\t\t\t<a itemprop=\"url\" href=\"https:\/\/fibgar.es\/en\/law-20-2022-on-democratic-memory-three-years-on-what-is-the-current-situation\/\">\n\t\t\t\t<img loading=\"lazy\" decoding=\"async\" width=\"1600\" height=\"900\" src=\"https:\/\/fibgar.es\/wp-content\/uploads\/2025\/12\/POST-GENERICO-7.jpg\" class=\"attachment-full size-full wp-post-image\" alt=\"\" srcset=\"https:\/\/fibgar.es\/wp-content\/uploads\/2025\/12\/POST-GENERICO-7.jpg 1600w, https:\/\/fibgar.es\/wp-content\/uploads\/2025\/12\/POST-GENERICO-7-300x169.jpg 300w, https:\/\/fibgar.es\/wp-content\/uploads\/2025\/12\/POST-GENERICO-7-1024x576.jpg 1024w, https:\/\/fibgar.es\/wp-content\/uploads\/2025\/12\/POST-GENERICO-7-768x432.jpg 768w, https:\/\/fibgar.es\/wp-content\/uploads\/2025\/12\/POST-GENERICO-7-1536x864.jpg 1536w\" sizes=\"auto, (max-width: 1600px) 100vw, 1600px\" \/>\t\t\t<\/a>\n\t\t<\/div>\n\t\t<div class=\"edgtf-item-text-holder\" style=\"background-color:#ffffff;box-shadow:none;\">\n\t\t\t<h3 itemprop=\"name\" class=\"edgtf-item-title entry-title\">\n\t\t\t\t<a itemprop=\"url\" href=\"https:\/\/fibgar.es\/en\/law-20-2022-on-democratic-memory-three-years-on-what-is-the-current-situation\/\" >\n\t\t\t\t\tLaw 20\/2022 on Democratic Memory: three years on, what is the current situation?\t\t\t\t<\/a>\n\t\t\t<\/h3>\n\n\t\t\t<div class=\"edgtf-item-info-section\">\n\t\t\t\t<div class=\"edgtf-post-info-author\">by\t<a itemprop=\"author\" class=\"edgtf-post-info-author-link\" href=\"https:\/\/fibgar.es\/en\/author\/fibgaradmin\/\">\n\t\tFibgar\t<\/a>\n<\/div><div class=\"edgtf-post-info-category\">\n\t<a href=\"https:\/\/fibgar.es\/en\/category\/articles\/\" rel=\"category tag\">Articles<\/a><\/div><div itemprop=\"dateCreated\" class=\"edgtf-post-info-date entry-date updated\">\n\t\t\t29\/12\/2025\t    <meta itemprop=\"interactionCount\" content=\"UserComments: 0\"\/>\n<\/div>\t\t\t<\/div>\n\n\t\t\t\t\t\t\t<p itemprop=\"description\" class=\"edgtf-excerpt\">Three years have passed since Law 20\/2022 on Democratic Memory (hereinafter LMD) came into force on 21 October 2022. This law expands and updates the ...<\/p>\n\t\t\t\t\t\t<a itemprop=\"url\" href=\"https:\/\/fibgar.es\/en\/law-20-2022-on-democratic-memory-three-years-on-what-is-the-current-situation\/\" class=\"edgtf-blog-list-read-more\">Read more<i class=\"arrow_right\"><\/i><\/a>\n\t\t<\/div>\n\t<\/div>\n<\/li>\n<li class=\"edgtf-blog-list-item clearfix\">\n\t<div class=\"edgtf-blog-list-item-inner\">\n\t\t<div class=\"edgtf-item-image\">\n\t\t\t<a itemprop=\"url\" href=\"https:\/\/fibgar.es\/en\/democracy-labs-a-completed-project-to-strengthen-the-memory-and-defence-of-democracy\/\">\n\t\t\t\t<img loading=\"lazy\" decoding=\"async\" width=\"1600\" height=\"900\" src=\"https:\/\/fibgar.es\/wp-content\/uploads\/2025\/12\/TW-Laboratorios-de-democracia-1.png\" class=\"attachment-full size-full wp-post-image\" alt=\"\" srcset=\"https:\/\/fibgar.es\/wp-content\/uploads\/2025\/12\/TW-Laboratorios-de-democracia-1.png 1600w, https:\/\/fibgar.es\/wp-content\/uploads\/2025\/12\/TW-Laboratorios-de-democracia-1-300x169.png 300w, https:\/\/fibgar.es\/wp-content\/uploads\/2025\/12\/TW-Laboratorios-de-democracia-1-1024x576.png 1024w, https:\/\/fibgar.es\/wp-content\/uploads\/2025\/12\/TW-Laboratorios-de-democracia-1-768x432.png 768w, https:\/\/fibgar.es\/wp-content\/uploads\/2025\/12\/TW-Laboratorios-de-democracia-1-1536x864.png 1536w\" sizes=\"auto, (max-width: 1600px) 100vw, 1600px\" \/>\t\t\t<\/a>\n\t\t<\/div>\n\t\t<div class=\"edgtf-item-text-holder\" style=\"background-color:#ffffff;box-shadow:none;\">\n\t\t\t<h3 itemprop=\"name\" class=\"edgtf-item-title entry-title\">\n\t\t\t\t<a itemprop=\"url\" href=\"https:\/\/fibgar.es\/en\/democracy-labs-a-completed-project-to-strengthen-the-memory-and-defence-of-democracy\/\" >\n\t\t\t\t\tDemocracy Labs: a completed project to strengthen the memory and defence of democracy\t\t\t\t<\/a>\n\t\t\t<\/h3>\n\n\t\t\t<div class=\"edgtf-item-info-section\">\n\t\t\t\t<div class=\"edgtf-post-info-author\">by\t<a itemprop=\"author\" class=\"edgtf-post-info-author-link\" href=\"https:\/\/fibgar.es\/en\/author\/fibgaradmin\/\">\n\t\tFibgar\t<\/a>\n<\/div><div class=\"edgtf-post-info-category\">\n\t<a href=\"https:\/\/fibgar.es\/en\/category\/articles\/\" rel=\"category tag\">Articles<\/a><\/div><div itemprop=\"dateCreated\" class=\"edgtf-post-info-date entry-date updated\">\n\t\t\t23\/12\/2025\t    <meta itemprop=\"interactionCount\" content=\"UserComments: 0\"\/>\n<\/div>\t\t\t<\/div>\n\n\t\t\t\t\t\t\t<p itemprop=\"description\" class=\"edgtf-excerpt\">We are bringing the \u2018Democracy Labs\u2019 project to a close, an educational initiative developed in the province of Valencia with the aim of strengthe...<\/p>\n\t\t\t\t\t\t<a itemprop=\"url\" href=\"https:\/\/fibgar.es\/en\/democracy-labs-a-completed-project-to-strengthen-the-memory-and-defence-of-democracy\/\" class=\"edgtf-blog-list-read-more\">Read more<i class=\"arrow_right\"><\/i><\/a>\n\t\t<\/div>\n\t<\/div>\n<\/li>\n<li class=\"edgtf-blog-list-item clearfix\">\n\t<div class=\"edgtf-blog-list-item-inner\">\n\t\t<div class=\"edgtf-item-image\">\n\t\t\t<a itemprop=\"url\" href=\"https:\/\/fibgar.es\/en\/the-trial-of-congolese-warlord-roger-lumbala-tshitenga-held-in-france-in-a-historic-step-towards-justice\/\">\n\t\t\t\t<img loading=\"lazy\" decoding=\"async\" width=\"1600\" height=\"900\" src=\"https:\/\/fibgar.es\/wp-content\/uploads\/2025\/12\/POST-GENERICO-14.png\" class=\"attachment-full size-full wp-post-image\" alt=\"\" srcset=\"https:\/\/fibgar.es\/wp-content\/uploads\/2025\/12\/POST-GENERICO-14.png 1600w, https:\/\/fibgar.es\/wp-content\/uploads\/2025\/12\/POST-GENERICO-14-300x169.png 300w, https:\/\/fibgar.es\/wp-content\/uploads\/2025\/12\/POST-GENERICO-14-1024x576.png 1024w, https:\/\/fibgar.es\/wp-content\/uploads\/2025\/12\/POST-GENERICO-14-768x432.png 768w, https:\/\/fibgar.es\/wp-content\/uploads\/2025\/12\/POST-GENERICO-14-1536x864.png 1536w\" sizes=\"auto, (max-width: 1600px) 100vw, 1600px\" \/>\t\t\t<\/a>\n\t\t<\/div>\n\t\t<div class=\"edgtf-item-text-holder\" style=\"background-color:#ffffff;box-shadow:none;\">\n\t\t\t<h3 itemprop=\"name\" class=\"edgtf-item-title entry-title\">\n\t\t\t\t<a itemprop=\"url\" href=\"https:\/\/fibgar.es\/en\/the-trial-of-congolese-warlord-roger-lumbala-tshitenga-held-in-france-in-a-historic-step-towards-justice\/\" >\n\t\t\t\t\tThe Trial of Congolese Warlord Roger Lumbala Tshitenga Held in France in a Historic Step towards Justice\t\t\t\t<\/a>\n\t\t\t<\/h3>\n\n\t\t\t<div class=\"edgtf-item-info-section\">\n\t\t\t\t<div class=\"edgtf-post-info-author\">by\t<a itemprop=\"author\" class=\"edgtf-post-info-author-link\" href=\"https:\/\/fibgar.es\/en\/author\/fibgaradmin\/\">\n\t\tFibgar\t<\/a>\n<\/div><div class=\"edgtf-post-info-category\">\n\t<a href=\"https:\/\/fibgar.es\/en\/category\/articles\/\" rel=\"category tag\">Articles<\/a><\/div><div itemprop=\"dateCreated\" class=\"edgtf-post-info-date entry-date updated\">\n\t\t\t23\/12\/2025\t    <meta itemprop=\"interactionCount\" content=\"UserComments: 0\"\/>\n<\/div>\t\t\t<\/div>\n\n\t\t\t\t\t\t\t<p itemprop=\"description\" class=\"edgtf-excerpt\">The trial of former Congolese warlord Roger Lumbala Tshitenga began on 12 November and continued until 15 December 2025 before the Paris Assize Court ...<\/p>\n\t\t\t\t\t\t<a itemprop=\"url\" href=\"https:\/\/fibgar.es\/en\/the-trial-of-congolese-warlord-roger-lumbala-tshitenga-held-in-france-in-a-historic-step-towards-justice\/\" class=\"edgtf-blog-list-read-more\">Read more<i class=\"arrow_right\"><\/i><\/a>\n\t\t<\/div>\n\t<\/div>\n<\/li>\n<li class=\"edgtf-blog-list-item clearfix\">\n\t<div class=\"edgtf-blog-list-item-inner\">\n\t\t<div class=\"edgtf-item-image\">\n\t\t\t<a itemprop=\"url\" href=\"https:\/\/fibgar.es\/en\/fibgar-is-part-of-the-council-for-democratic-memory-established-in-accordance-with-law-20-2022-on-democratic-memory\/\">\n\t\t\t\t<img loading=\"lazy\" decoding=\"async\" width=\"1600\" height=\"900\" src=\"https:\/\/fibgar.es\/wp-content\/uploads\/2025\/12\/POST-GENERICO-16.png\" class=\"attachment-full size-full wp-post-image\" alt=\"\" srcset=\"https:\/\/fibgar.es\/wp-content\/uploads\/2025\/12\/POST-GENERICO-16.png 1600w, https:\/\/fibgar.es\/wp-content\/uploads\/2025\/12\/POST-GENERICO-16-300x169.png 300w, https:\/\/fibgar.es\/wp-content\/uploads\/2025\/12\/POST-GENERICO-16-1024x576.png 1024w, https:\/\/fibgar.es\/wp-content\/uploads\/2025\/12\/POST-GENERICO-16-768x432.png 768w, https:\/\/fibgar.es\/wp-content\/uploads\/2025\/12\/POST-GENERICO-16-1536x864.png 1536w\" sizes=\"auto, (max-width: 1600px) 100vw, 1600px\" \/>\t\t\t<\/a>\n\t\t<\/div>\n\t\t<div class=\"edgtf-item-text-holder\" style=\"background-color:#ffffff;box-shadow:none;\">\n\t\t\t<h3 itemprop=\"name\" class=\"edgtf-item-title entry-title\">\n\t\t\t\t<a itemprop=\"url\" href=\"https:\/\/fibgar.es\/en\/fibgar-is-part-of-the-council-for-democratic-memory-established-in-accordance-with-law-20-2022-on-democratic-memory\/\" >\n\t\t\t\t\tFIBGAR is part of the Council for Democratic Memory, established in accordance with Law 20\/2022 on Democratic Memory\t\t\t\t<\/a>\n\t\t\t<\/h3>\n\n\t\t\t<div class=\"edgtf-item-info-section\">\n\t\t\t\t<div class=\"edgtf-post-info-author\">by\t<a itemprop=\"author\" class=\"edgtf-post-info-author-link\" href=\"https:\/\/fibgar.es\/en\/author\/fibgaradmin\/\">\n\t\tFibgar\t<\/a>\n<\/div><div class=\"edgtf-post-info-category\">\n\t<a href=\"https:\/\/fibgar.es\/en\/category\/articles\/\" rel=\"category tag\">Articles<\/a><\/div><div itemprop=\"dateCreated\" class=\"edgtf-post-info-date entry-date updated\">\n\t\t\t23\/12\/2025\t    <meta itemprop=\"interactionCount\" content=\"UserComments: 0\"\/>\n<\/div>\t\t\t<\/div>\n\n\t\t\t\t\t\t\t<p itemprop=\"description\" class=\"edgtf-excerpt\">The Minister for Territorial Policy and Democratic Memory, \u00c1ngel V\u00edctor Torres, presided over the inaugural meeting of the Council for Democratic Me...<\/p>\n\t\t\t\t\t\t<a itemprop=\"url\" href=\"https:\/\/fibgar.es\/en\/fibgar-is-part-of-the-council-for-democratic-memory-established-in-accordance-with-law-20-2022-on-democratic-memory\/\" class=\"edgtf-blog-list-read-more\">Read more<i class=\"arrow_right\"><\/i><\/a>\n\t\t<\/div>\n\t<\/div>\n<\/li>\n<li class=\"edgtf-blog-list-item clearfix\">\n\t<div class=\"edgtf-blog-list-item-inner\">\n\t\t<div class=\"edgtf-item-image\">\n\t\t\t<a itemprop=\"url\" href=\"https:\/\/fibgar.es\/en\/humanized-law-but-dehumanized-human-beings\/\">\n\t\t\t\t<img loading=\"lazy\" decoding=\"async\" width=\"1600\" height=\"900\" src=\"https:\/\/fibgar.es\/wp-content\/uploads\/2025\/12\/POST-GENERICO-2.png\" class=\"attachment-full size-full wp-post-image\" alt=\"\" srcset=\"https:\/\/fibgar.es\/wp-content\/uploads\/2025\/12\/POST-GENERICO-2.png 1600w, https:\/\/fibgar.es\/wp-content\/uploads\/2025\/12\/POST-GENERICO-2-300x169.png 300w, https:\/\/fibgar.es\/wp-content\/uploads\/2025\/12\/POST-GENERICO-2-1024x576.png 1024w, https:\/\/fibgar.es\/wp-content\/uploads\/2025\/12\/POST-GENERICO-2-768x432.png 768w, https:\/\/fibgar.es\/wp-content\/uploads\/2025\/12\/POST-GENERICO-2-1536x864.png 1536w\" sizes=\"auto, (max-width: 1600px) 100vw, 1600px\" \/>\t\t\t<\/a>\n\t\t<\/div>\n\t\t<div class=\"edgtf-item-text-holder\" style=\"background-color:#ffffff;box-shadow:none;\">\n\t\t\t<h3 itemprop=\"name\" class=\"edgtf-item-title entry-title\">\n\t\t\t\t<a itemprop=\"url\" href=\"https:\/\/fibgar.es\/en\/humanized-law-but-dehumanized-human-beings\/\" >\n\t\t\t\t\tHumanized Law but Dehumanized Human Beings\t\t\t\t<\/a>\n\t\t\t<\/h3>\n\n\t\t\t<div class=\"edgtf-item-info-section\">\n\t\t\t\t<div class=\"edgtf-post-info-author\">by\t<a itemprop=\"author\" class=\"edgtf-post-info-author-link\" href=\"https:\/\/fibgar.es\/en\/author\/fibgaradmin\/\">\n\t\tFibgar\t<\/a>\n<\/div><div class=\"edgtf-post-info-category\">\n\t<a href=\"https:\/\/fibgar.es\/en\/category\/articles\/\" rel=\"category tag\">Articles<\/a><\/div><div itemprop=\"dateCreated\" class=\"edgtf-post-info-date entry-date updated\">\n\t\t\t15\/12\/2025\t    <meta itemprop=\"interactionCount\" content=\"UserComments: 0\"\/>\n<\/div>\t\t\t<\/div>\n\n\t\t\t\t\t\t\t<p itemprop=\"description\" class=\"edgtf-excerpt\">There are judicial decisions that illuminate the dark corners of the world and force us to ask whether the law is still capable of containing human br...<\/p>\n\t\t\t\t\t\t<a itemprop=\"url\" href=\"https:\/\/fibgar.es\/en\/humanized-law-but-dehumanized-human-beings\/\" class=\"edgtf-blog-list-read-more\">Read more<i class=\"arrow_right\"><\/i><\/a>\n\t\t<\/div>\n\t<\/div>\n<\/li>\n<li class=\"edgtf-blog-list-item clearfix\">\n\t<div class=\"edgtf-blog-list-item-inner\">\n\t\t<div class=\"edgtf-item-image\">\n\t\t\t<a itemprop=\"url\" href=\"https:\/\/fibgar.es\/en\/screening-and-discussion-of-as-duas-casas-de-xustiza-in-cambados-a-encounter-with-restorative-justice\/\">\n\t\t\t\t<img loading=\"lazy\" decoding=\"async\" width=\"1131\" height=\"1599\" src=\"https:\/\/fibgar.es\/wp-content\/uploads\/2025\/12\/Imagen-de-WhatsApp-2025-12-10-a-las-17.49.54_b9a8e697.jpg\" class=\"attachment-full size-full wp-post-image\" alt=\"\" srcset=\"https:\/\/fibgar.es\/wp-content\/uploads\/2025\/12\/Imagen-de-WhatsApp-2025-12-10-a-las-17.49.54_b9a8e697.jpg 1131w, https:\/\/fibgar.es\/wp-content\/uploads\/2025\/12\/Imagen-de-WhatsApp-2025-12-10-a-las-17.49.54_b9a8e697-212x300.jpg 212w, https:\/\/fibgar.es\/wp-content\/uploads\/2025\/12\/Imagen-de-WhatsApp-2025-12-10-a-las-17.49.54_b9a8e697-724x1024.jpg 724w, https:\/\/fibgar.es\/wp-content\/uploads\/2025\/12\/Imagen-de-WhatsApp-2025-12-10-a-las-17.49.54_b9a8e697-768x1086.jpg 768w, https:\/\/fibgar.es\/wp-content\/uploads\/2025\/12\/Imagen-de-WhatsApp-2025-12-10-a-las-17.49.54_b9a8e697-1086x1536.jpg 1086w\" sizes=\"auto, (max-width: 1131px) 100vw, 1131px\" \/>\t\t\t<\/a>\n\t\t<\/div>\n\t\t<div class=\"edgtf-item-text-holder\" style=\"background-color:#ffffff;box-shadow:none;\">\n\t\t\t<h3 itemprop=\"name\" class=\"edgtf-item-title entry-title\">\n\t\t\t\t<a itemprop=\"url\" href=\"https:\/\/fibgar.es\/en\/screening-and-discussion-of-as-duas-casas-de-xustiza-in-cambados-a-encounter-with-restorative-justice\/\" >\n\t\t\t\t\tScreening and Discussion of \u201cAs Duas Casas de Xustiza\u201d in Cambados: A Encounter with Restorative Justice\t\t\t\t<\/a>\n\t\t\t<\/h3>\n\n\t\t\t<div class=\"edgtf-item-info-section\">\n\t\t\t\t<div class=\"edgtf-post-info-author\">by\t<a itemprop=\"author\" class=\"edgtf-post-info-author-link\" href=\"https:\/\/fibgar.es\/en\/author\/fibgaradmin\/\">\n\t\tFibgar\t<\/a>\n<\/div><div class=\"edgtf-post-info-category\">\n\t<a href=\"https:\/\/fibgar.es\/en\/category\/articles\/\" rel=\"category tag\">Articles<\/a><\/div><div itemprop=\"dateCreated\" class=\"edgtf-post-info-date entry-date updated\">\n\t\t\t13\/12\/2025\t    <meta itemprop=\"interactionCount\" content=\"UserComments: 0\"\/>\n<\/div>\t\t\t<\/div>\n\n\t\t\t\t\t\t\t<p itemprop=\"description\" class=\"edgtf-excerpt\">Last Friday, December 12, as part of the activities linked to International Human Rights Day, the screening of the film \u201cAs Duas Casas de Xustiza\u201d...<\/p>\n\t\t\t\t\t\t<a itemprop=\"url\" href=\"https:\/\/fibgar.es\/en\/screening-and-discussion-of-as-duas-casas-de-xustiza-in-cambados-a-encounter-with-restorative-justice\/\" class=\"edgtf-blog-list-read-more\">Read more<i class=\"arrow_right\"><\/i><\/a>\n\t\t<\/div>\n\t<\/div>\n<\/li>\n<li class=\"edgtf-blog-list-item clearfix\">\n\t<div class=\"edgtf-blog-list-item-inner\">\n\t\t<div class=\"edgtf-item-image\">\n\t\t\t<a itemprop=\"url\" href=\"https:\/\/fibgar.es\/en\/fibgar-commemorates-human-rights-day-in-cambados-with-full-reading-of-the-universal-declaration\/\">\n\t\t\t\t<img loading=\"lazy\" decoding=\"async\" width=\"1280\" height=\"732\" src=\"https:\/\/fibgar.es\/wp-content\/uploads\/2025\/12\/6938384283b55.r_d.539-479-11852.jpeg\" class=\"attachment-full size-full wp-post-image\" alt=\"\" srcset=\"https:\/\/fibgar.es\/wp-content\/uploads\/2025\/12\/6938384283b55.r_d.539-479-11852.jpeg 1280w, https:\/\/fibgar.es\/wp-content\/uploads\/2025\/12\/6938384283b55.r_d.539-479-11852-300x172.jpeg 300w, https:\/\/fibgar.es\/wp-content\/uploads\/2025\/12\/6938384283b55.r_d.539-479-11852-1024x586.jpeg 1024w, https:\/\/fibgar.es\/wp-content\/uploads\/2025\/12\/6938384283b55.r_d.539-479-11852-768x439.jpeg 768w\" sizes=\"auto, (max-width: 1280px) 100vw, 1280px\" \/>\t\t\t<\/a>\n\t\t<\/div>\n\t\t<div class=\"edgtf-item-text-holder\" style=\"background-color:#ffffff;box-shadow:none;\">\n\t\t\t<h3 itemprop=\"name\" class=\"edgtf-item-title entry-title\">\n\t\t\t\t<a itemprop=\"url\" href=\"https:\/\/fibgar.es\/en\/fibgar-commemorates-human-rights-day-in-cambados-with-full-reading-of-the-universal-declaration\/\" >\n\t\t\t\t\tFIBGAR Commemorates Human Rights Day in Cambados with Full Reading of the Universal Declaration\t\t\t\t<\/a>\n\t\t\t<\/h3>\n\n\t\t\t<div class=\"edgtf-item-info-section\">\n\t\t\t\t<div class=\"edgtf-post-info-author\">by\t<a itemprop=\"author\" class=\"edgtf-post-info-author-link\" href=\"https:\/\/fibgar.es\/en\/author\/fibgaradmin\/\">\n\t\tFibgar\t<\/a>\n<\/div><div class=\"edgtf-post-info-category\">\n\t<a href=\"https:\/\/fibgar.es\/en\/category\/articles\/\" rel=\"category tag\">Articles<\/a><\/div><div itemprop=\"dateCreated\" class=\"edgtf-post-info-date entry-date updated\">\n\t\t\t11\/12\/2025\t    <meta itemprop=\"interactionCount\" content=\"UserComments: 0\"\/>\n<\/div>\t\t\t<\/div>\n\n\t\t\t\t\t\t\t<p itemprop=\"description\" class=\"edgtf-excerpt\">On December 10, on the occasion of International Human Rights Day, FIBGAR organized a commemorative event in Cambados, bringing together local authori...<\/p>\n\t\t\t\t\t\t<a itemprop=\"url\" href=\"https:\/\/fibgar.es\/en\/fibgar-commemorates-human-rights-day-in-cambados-with-full-reading-of-the-universal-declaration\/\" class=\"edgtf-blog-list-read-more\">Read more<i class=\"arrow_right\"><\/i><\/a>\n\t\t<\/div>\n\t<\/div>\n<\/li>\n<li class=\"edgtf-blog-list-item clearfix\">\n\t<div class=\"edgtf-blog-list-item-inner\">\n\t\t<div class=\"edgtf-item-image\">\n\t\t\t<a itemprop=\"url\" href=\"https:\/\/fibgar.es\/en\/we-launched-the-voiceguard-project-whistleblower-empowerment-support-initiative\/\">\n\t\t\t\t<img loading=\"lazy\" decoding=\"async\" width=\"1600\" height=\"900\" src=\"https:\/\/fibgar.es\/wp-content\/uploads\/2025\/12\/VoiceGuard_FbProjectLaunch-1.png\" class=\"attachment-full size-full wp-post-image\" alt=\"\" srcset=\"https:\/\/fibgar.es\/wp-content\/uploads\/2025\/12\/VoiceGuard_FbProjectLaunch-1.png 1600w, https:\/\/fibgar.es\/wp-content\/uploads\/2025\/12\/VoiceGuard_FbProjectLaunch-1-300x169.png 300w, https:\/\/fibgar.es\/wp-content\/uploads\/2025\/12\/VoiceGuard_FbProjectLaunch-1-1024x576.png 1024w, https:\/\/fibgar.es\/wp-content\/uploads\/2025\/12\/VoiceGuard_FbProjectLaunch-1-768x432.png 768w, https:\/\/fibgar.es\/wp-content\/uploads\/2025\/12\/VoiceGuard_FbProjectLaunch-1-1536x864.png 1536w\" sizes=\"auto, (max-width: 1600px) 100vw, 1600px\" \/>\t\t\t<\/a>\n\t\t<\/div>\n\t\t<div class=\"edgtf-item-text-holder\" style=\"background-color:#ffffff;box-shadow:none;\">\n\t\t\t<h3 itemprop=\"name\" class=\"edgtf-item-title entry-title\">\n\t\t\t\t<a itemprop=\"url\" href=\"https:\/\/fibgar.es\/en\/we-launched-the-voiceguard-project-whistleblower-empowerment-support-initiative\/\" >\n\t\t\t\t\tWe launched the VoiceGuard project &#8211; Whistleblower Empowerment &amp; Support Initiative\t\t\t\t<\/a>\n\t\t\t<\/h3>\n\n\t\t\t<div class=\"edgtf-item-info-section\">\n\t\t\t\t<div class=\"edgtf-post-info-author\">by\t<a itemprop=\"author\" class=\"edgtf-post-info-author-link\" href=\"https:\/\/fibgar.es\/en\/author\/fibgaradmin\/\">\n\t\tFibgar\t<\/a>\n<\/div><div class=\"edgtf-post-info-category\">\n\t<a href=\"https:\/\/fibgar.es\/en\/category\/articles\/\" rel=\"category tag\">Articles<\/a><\/div><div itemprop=\"dateCreated\" class=\"edgtf-post-info-date entry-date updated\">\n\t\t\t09\/12\/2025\t    <meta itemprop=\"interactionCount\" content=\"UserComments: 0\"\/>\n<\/div>\t\t\t<\/div>\n\n\t\t\t\t\t\t\t<p itemprop=\"description\" class=\"edgtf-excerpt\">On International Anti-Corruption Day we stand with all those brave enough to report corruption and other wrongdoing that could seriously harm the publ...<\/p>\n\t\t\t\t\t\t<a itemprop=\"url\" href=\"https:\/\/fibgar.es\/en\/we-launched-the-voiceguard-project-whistleblower-empowerment-support-initiative\/\" class=\"edgtf-blog-list-read-more\">Read more<i class=\"arrow_right\"><\/i><\/a>\n\t\t<\/div>\n\t<\/div>\n<\/li>\n<li class=\"edgtf-blog-list-item clearfix\">\n\t<div class=\"edgtf-blog-list-item-inner\">\n\t\t<div class=\"edgtf-item-image\">\n\t\t\t<a itemprop=\"url\" href=\"https:\/\/fibgar.es\/en\/join-the-change-the-power-of-volunteering-at-fibgar\/\">\n\t\t\t\t<img loading=\"lazy\" decoding=\"async\" width=\"1600\" height=\"900\" src=\"https:\/\/fibgar.es\/wp-content\/uploads\/2025\/11\/POST-GENERICO-11-1.png\" class=\"attachment-full size-full wp-post-image\" alt=\"\" srcset=\"https:\/\/fibgar.es\/wp-content\/uploads\/2025\/11\/POST-GENERICO-11-1.png 1600w, https:\/\/fibgar.es\/wp-content\/uploads\/2025\/11\/POST-GENERICO-11-1-300x169.png 300w, https:\/\/fibgar.es\/wp-content\/uploads\/2025\/11\/POST-GENERICO-11-1-1024x576.png 1024w, https:\/\/fibgar.es\/wp-content\/uploads\/2025\/11\/POST-GENERICO-11-1-768x432.png 768w, https:\/\/fibgar.es\/wp-content\/uploads\/2025\/11\/POST-GENERICO-11-1-1536x864.png 1536w\" sizes=\"auto, (max-width: 1600px) 100vw, 1600px\" \/>\t\t\t<\/a>\n\t\t<\/div>\n\t\t<div class=\"edgtf-item-text-holder\" style=\"background-color:#ffffff;box-shadow:none;\">\n\t\t\t<h3 itemprop=\"name\" class=\"edgtf-item-title entry-title\">\n\t\t\t\t<a itemprop=\"url\" href=\"https:\/\/fibgar.es\/en\/join-the-change-the-power-of-volunteering-at-fibgar\/\" >\n\t\t\t\t\tJoin the Change: The Power of Volunteering at FIBGAR\t\t\t\t<\/a>\n\t\t\t<\/h3>\n\n\t\t\t<div class=\"edgtf-item-info-section\">\n\t\t\t\t<div class=\"edgtf-post-info-author\">by\t<a itemprop=\"author\" class=\"edgtf-post-info-author-link\" href=\"https:\/\/fibgar.es\/en\/author\/fibgaradmin\/\">\n\t\tFibgar\t<\/a>\n<\/div><div class=\"edgtf-post-info-category\">\n\t<a href=\"https:\/\/fibgar.es\/en\/category\/articles\/\" rel=\"category tag\">Articles<\/a><\/div><div itemprop=\"dateCreated\" class=\"edgtf-post-info-date entry-date updated\">\n\t\t\t05\/12\/2025\t    <meta itemprop=\"interactionCount\" content=\"UserComments: 0\"\/>\n<\/div>\t\t\t<\/div>\n\n\t\t\t\t\t\t\t<p itemprop=\"description\" class=\"edgtf-excerpt\">Every December 5th, the world celebrates International Volunteer Day, a moment to recognize the dedication, effort, and passion of those who give thei...<\/p>\n\t\t\t\t\t\t<a itemprop=\"url\" href=\"https:\/\/fibgar.es\/en\/join-the-change-the-power-of-volunteering-at-fibgar\/\" class=\"edgtf-blog-list-read-more\">Read more<i class=\"arrow_right\"><\/i><\/a>\n\t\t<\/div>\n\t<\/div>\n<\/li>\n<li class=\"edgtf-blog-list-item clearfix\">\n\t<div class=\"edgtf-blog-list-item-inner\">\n\t\t<div class=\"edgtf-item-image\">\n\t\t\t<a itemprop=\"url\" href=\"https:\/\/fibgar.es\/en\/the-24th-assembly-of-states-parties-of-the-international-criminal-court-a-critical-moment-for-international-justice\/\">\n\t\t\t\t<img loading=\"lazy\" decoding=\"async\" width=\"1600\" height=\"900\" src=\"https:\/\/fibgar.es\/wp-content\/uploads\/2025\/11\/POST-GENERICO-10.png\" class=\"attachment-full size-full wp-post-image\" alt=\"\" srcset=\"https:\/\/fibgar.es\/wp-content\/uploads\/2025\/11\/POST-GENERICO-10.png 1600w, https:\/\/fibgar.es\/wp-content\/uploads\/2025\/11\/POST-GENERICO-10-300x169.png 300w, https:\/\/fibgar.es\/wp-content\/uploads\/2025\/11\/POST-GENERICO-10-1024x576.png 1024w, https:\/\/fibgar.es\/wp-content\/uploads\/2025\/11\/POST-GENERICO-10-768x432.png 768w, https:\/\/fibgar.es\/wp-content\/uploads\/2025\/11\/POST-GENERICO-10-1536x864.png 1536w\" sizes=\"auto, (max-width: 1600px) 100vw, 1600px\" \/>\t\t\t<\/a>\n\t\t<\/div>\n\t\t<div class=\"edgtf-item-text-holder\" style=\"background-color:#ffffff;box-shadow:none;\">\n\t\t\t<h3 itemprop=\"name\" class=\"edgtf-item-title entry-title\">\n\t\t\t\t<a itemprop=\"url\" href=\"https:\/\/fibgar.es\/en\/the-24th-assembly-of-states-parties-of-the-international-criminal-court-a-critical-moment-for-international-justice\/\" >\n\t\t\t\t\tThe 24th Assembly of States Parties of the International Criminal Court: A Critical Moment for International Justice\t\t\t\t<\/a>\n\t\t\t<\/h3>\n\n\t\t\t<div class=\"edgtf-item-info-section\">\n\t\t\t\t<div class=\"edgtf-post-info-author\">by\t<a itemprop=\"author\" class=\"edgtf-post-info-author-link\" href=\"https:\/\/fibgar.es\/en\/author\/fibgaradmin\/\">\n\t\tFibgar\t<\/a>\n<\/div><div class=\"edgtf-post-info-category\">\n\t<a href=\"https:\/\/fibgar.es\/en\/category\/articles\/\" rel=\"category tag\">Articles<\/a><\/div><div itemprop=\"dateCreated\" class=\"edgtf-post-info-date entry-date updated\">\n\t\t\t01\/12\/2025\t    <meta itemprop=\"interactionCount\" content=\"UserComments: 0\"\/>\n<\/div>\t\t\t<\/div>\n\n\t\t\t\t\t\t\t<p itemprop=\"description\" class=\"edgtf-excerpt\">This week, the 24th Assembly of States Parties of the International Criminal Court (ICC) is taking place in The Hague, Netherlands, from December 1 to...<\/p>\n\t\t\t\t\t\t<a itemprop=\"url\" href=\"https:\/\/fibgar.es\/en\/the-24th-assembly-of-states-parties-of-the-international-criminal-court-a-critical-moment-for-international-justice\/\" class=\"edgtf-blog-list-read-more\">Read more<i class=\"arrow_right\"><\/i><\/a>\n\t\t<\/div>\n\t<\/div>\n<\/li>\n<li class=\"edgtf-blog-list-item clearfix\">\n\t<div class=\"edgtf-blog-list-item-inner\">\n\t\t<div class=\"edgtf-item-image\">\n\t\t\t<a itemprop=\"url\" href=\"https:\/\/fibgar.es\/en\/an-unpostponable-commitment-ensuring-a-life-free-of-violence-for-all-women\/\">\n\t\t\t\t<img loading=\"lazy\" decoding=\"async\" width=\"1600\" height=\"900\" src=\"https:\/\/fibgar.es\/wp-content\/uploads\/2025\/11\/DIA-INTERNACIONAL-3.png\" class=\"attachment-full size-full wp-post-image\" alt=\"\" srcset=\"https:\/\/fibgar.es\/wp-content\/uploads\/2025\/11\/DIA-INTERNACIONAL-3.png 1600w, https:\/\/fibgar.es\/wp-content\/uploads\/2025\/11\/DIA-INTERNACIONAL-3-300x169.png 300w, https:\/\/fibgar.es\/wp-content\/uploads\/2025\/11\/DIA-INTERNACIONAL-3-1024x576.png 1024w, https:\/\/fibgar.es\/wp-content\/uploads\/2025\/11\/DIA-INTERNACIONAL-3-768x432.png 768w, https:\/\/fibgar.es\/wp-content\/uploads\/2025\/11\/DIA-INTERNACIONAL-3-1536x864.png 1536w\" sizes=\"auto, (max-width: 1600px) 100vw, 1600px\" \/>\t\t\t<\/a>\n\t\t<\/div>\n\t\t<div class=\"edgtf-item-text-holder\" style=\"background-color:#ffffff;box-shadow:none;\">\n\t\t\t<h3 itemprop=\"name\" class=\"edgtf-item-title entry-title\">\n\t\t\t\t<a itemprop=\"url\" href=\"https:\/\/fibgar.es\/en\/an-unpostponable-commitment-ensuring-a-life-free-of-violence-for-all-women\/\" >\n\t\t\t\t\tAn Unpostponable Commitment: Ensuring a Life Free of Violence for All Women\t\t\t\t<\/a>\n\t\t\t<\/h3>\n\n\t\t\t<div class=\"edgtf-item-info-section\">\n\t\t\t\t<div class=\"edgtf-post-info-author\">by\t<a itemprop=\"author\" class=\"edgtf-post-info-author-link\" href=\"https:\/\/fibgar.es\/en\/author\/fibgaradmin\/\">\n\t\tFibgar\t<\/a>\n<\/div><div class=\"edgtf-post-info-category\">\n\t<a href=\"https:\/\/fibgar.es\/en\/category\/articles\/\" rel=\"category tag\">Articles<\/a><\/div><div itemprop=\"dateCreated\" class=\"edgtf-post-info-date entry-date updated\">\n\t\t\t26\/11\/2025\t    <meta itemprop=\"interactionCount\" content=\"UserComments: 0\"\/>\n<\/div>\t\t\t<\/div>\n\n\t\t\t\t\t\t\t<p itemprop=\"description\" class=\"edgtf-excerpt\">Each year, on November 25, we commemorate the International Day for the Elimination of Violence against Women, a date proclaimed by the United Nations...<\/p>\n\t\t\t\t\t\t<a itemprop=\"url\" href=\"https:\/\/fibgar.es\/en\/an-unpostponable-commitment-ensuring-a-life-free-of-violence-for-all-women\/\" class=\"edgtf-blog-list-read-more\">Read more<i class=\"arrow_right\"><\/i><\/a>\n\t\t<\/div>\n\t<\/div>\n<\/li>\n<li class=\"edgtf-blog-list-item clearfix\">\n\t<div class=\"edgtf-blog-list-item-inner\">\n\t\t<div class=\"edgtf-item-image\">\n\t\t\t<a itemprop=\"url\" href=\"https:\/\/fibgar.es\/en\/statement-against-impunity-victims-of-false-positives-protest-the-dismissal-of-the-argentine-case-against-alvaro-uribe-velez\/\">\n\t\t\t\t<img loading=\"lazy\" decoding=\"async\" width=\"1600\" height=\"900\" src=\"https:\/\/fibgar.es\/wp-content\/uploads\/2025\/11\/POST-GENERICO-2-1.png\" class=\"attachment-full size-full wp-post-image\" alt=\"\" srcset=\"https:\/\/fibgar.es\/wp-content\/uploads\/2025\/11\/POST-GENERICO-2-1.png 1600w, https:\/\/fibgar.es\/wp-content\/uploads\/2025\/11\/POST-GENERICO-2-1-300x169.png 300w, https:\/\/fibgar.es\/wp-content\/uploads\/2025\/11\/POST-GENERICO-2-1-1024x576.png 1024w, https:\/\/fibgar.es\/wp-content\/uploads\/2025\/11\/POST-GENERICO-2-1-768x432.png 768w, https:\/\/fibgar.es\/wp-content\/uploads\/2025\/11\/POST-GENERICO-2-1-1536x864.png 1536w\" sizes=\"auto, (max-width: 1600px) 100vw, 1600px\" \/>\t\t\t<\/a>\n\t\t<\/div>\n\t\t<div class=\"edgtf-item-text-holder\" style=\"background-color:#ffffff;box-shadow:none;\">\n\t\t\t<h3 itemprop=\"name\" class=\"edgtf-item-title entry-title\">\n\t\t\t\t<a itemprop=\"url\" href=\"https:\/\/fibgar.es\/en\/statement-against-impunity-victims-of-false-positives-protest-the-dismissal-of-the-argentine-case-against-alvaro-uribe-velez\/\" >\n\t\t\t\t\tStatement against impunity: Victims of false positives protest the dismissal of the Argentine Case against \u00c1lvaro Uribe V\u00e9lez\t\t\t\t<\/a>\n\t\t\t<\/h3>\n\n\t\t\t<div class=\"edgtf-item-info-section\">\n\t\t\t\t<div class=\"edgtf-post-info-author\">by\t<a itemprop=\"author\" class=\"edgtf-post-info-author-link\" href=\"https:\/\/fibgar.es\/en\/author\/fibgaradmin\/\">\n\t\tFibgar\t<\/a>\n<\/div><div class=\"edgtf-post-info-category\">\n\t<a href=\"https:\/\/fibgar.es\/en\/category\/articles\/\" rel=\"category tag\">Articles<\/a><\/div><div itemprop=\"dateCreated\" class=\"edgtf-post-info-date entry-date updated\">\n\t\t\t24\/11\/2025\t    <meta itemprop=\"interactionCount\" content=\"UserComments: 0\"\/>\n<\/div>\t\t\t<\/div>\n\n\t\t\t\t\t\t\t<p itemprop=\"description\" class=\"edgtf-excerpt\">The complaints in the case against \u00c1lvaro Uribe V\u00e9lez, represented by his international advisor B\u00e9n\u00e9dict De Moerloose and his lawyer M\u00e1ximo Caste...<\/p>\n\t\t\t\t\t\t<a itemprop=\"url\" href=\"https:\/\/fibgar.es\/en\/statement-against-impunity-victims-of-false-positives-protest-the-dismissal-of-the-argentine-case-against-alvaro-uribe-velez\/\" class=\"edgtf-blog-list-read-more\">Read more<i class=\"arrow_right\"><\/i><\/a>\n\t\t<\/div>\n\t<\/div>\n<\/li>\n<li class=\"edgtf-blog-list-item clearfix\">\n\t<div class=\"edgtf-blog-list-item-inner\">\n\t\t<div class=\"edgtf-item-image\">\n\t\t\t<a itemprop=\"url\" href=\"https:\/\/fibgar.es\/en\/80-years-of-the-nuremberg-trials-lessons-for-the-present\/\">\n\t\t\t\t<img loading=\"lazy\" decoding=\"async\" width=\"1600\" height=\"900\" src=\"https:\/\/fibgar.es\/wp-content\/uploads\/2025\/11\/POST-GENERICO-8.png\" class=\"attachment-full size-full wp-post-image\" alt=\"\" srcset=\"https:\/\/fibgar.es\/wp-content\/uploads\/2025\/11\/POST-GENERICO-8.png 1600w, https:\/\/fibgar.es\/wp-content\/uploads\/2025\/11\/POST-GENERICO-8-300x169.png 300w, https:\/\/fibgar.es\/wp-content\/uploads\/2025\/11\/POST-GENERICO-8-1024x576.png 1024w, https:\/\/fibgar.es\/wp-content\/uploads\/2025\/11\/POST-GENERICO-8-768x432.png 768w, https:\/\/fibgar.es\/wp-content\/uploads\/2025\/11\/POST-GENERICO-8-1536x864.png 1536w\" sizes=\"auto, (max-width: 1600px) 100vw, 1600px\" \/>\t\t\t<\/a>\n\t\t<\/div>\n\t\t<div class=\"edgtf-item-text-holder\" style=\"background-color:#ffffff;box-shadow:none;\">\n\t\t\t<h3 itemprop=\"name\" class=\"edgtf-item-title entry-title\">\n\t\t\t\t<a itemprop=\"url\" href=\"https:\/\/fibgar.es\/en\/80-years-of-the-nuremberg-trials-lessons-for-the-present\/\" >\n\t\t\t\t\t80 years of the Nuremberg Trials: Lessons for the present\t\t\t\t<\/a>\n\t\t\t<\/h3>\n\n\t\t\t<div class=\"edgtf-item-info-section\">\n\t\t\t\t<div class=\"edgtf-post-info-author\">by\t<a itemprop=\"author\" class=\"edgtf-post-info-author-link\" href=\"https:\/\/fibgar.es\/en\/author\/fibgaradmin\/\">\n\t\tFibgar\t<\/a>\n<\/div><div class=\"edgtf-post-info-category\">\n\t<a href=\"https:\/\/fibgar.es\/en\/category\/articles\/\" rel=\"category tag\">Articles<\/a><\/div><div itemprop=\"dateCreated\" class=\"edgtf-post-info-date entry-date updated\">\n\t\t\t20\/11\/2025\t    <meta itemprop=\"interactionCount\" content=\"UserComments: 0\"\/>\n<\/div>\t\t\t<\/div>\n\n\t\t\t\t\t\t\t<p itemprop=\"description\" class=\"edgtf-excerpt\">This year marks 80 years since the Nuremberg Trials, a decisive moment that marked a turning point in the history of international law and human right...<\/p>\n\t\t\t\t\t\t<a itemprop=\"url\" href=\"https:\/\/fibgar.es\/en\/80-years-of-the-nuremberg-trials-lessons-for-the-present\/\" class=\"edgtf-blog-list-read-more\">Read more<i class=\"arrow_right\"><\/i><\/a>\n\t\t<\/div>\n\t<\/div>\n<\/li>\n<li class=\"edgtf-blog-list-item clearfix\">\n\t<div class=\"edgtf-blog-list-item-inner\">\n\t\t<div class=\"edgtf-item-image\">\n\t\t\t<a itemprop=\"url\" href=\"https:\/\/fibgar.es\/en\/ragaa-raising-our-voice-against-gender-apartheid-in-afghanistan\/\">\n\t\t\t\t<img loading=\"lazy\" decoding=\"async\" width=\"1600\" height=\"867\" src=\"https:\/\/fibgar.es\/wp-content\/uploads\/2025\/11\/PHOTO-2025-08-07-07-37-37-1.jpg\" class=\"attachment-full size-full wp-post-image\" alt=\"\" srcset=\"https:\/\/fibgar.es\/wp-content\/uploads\/2025\/11\/PHOTO-2025-08-07-07-37-37-1.jpg 1600w, https:\/\/fibgar.es\/wp-content\/uploads\/2025\/11\/PHOTO-2025-08-07-07-37-37-1-300x163.jpg 300w, https:\/\/fibgar.es\/wp-content\/uploads\/2025\/11\/PHOTO-2025-08-07-07-37-37-1-1024x555.jpg 1024w, https:\/\/fibgar.es\/wp-content\/uploads\/2025\/11\/PHOTO-2025-08-07-07-37-37-1-768x416.jpg 768w, https:\/\/fibgar.es\/wp-content\/uploads\/2025\/11\/PHOTO-2025-08-07-07-37-37-1-1536x832.jpg 1536w\" sizes=\"auto, (max-width: 1600px) 100vw, 1600px\" \/>\t\t\t<\/a>\n\t\t<\/div>\n\t\t<div class=\"edgtf-item-text-holder\" style=\"background-color:#ffffff;box-shadow:none;\">\n\t\t\t<h3 itemprop=\"name\" class=\"edgtf-item-title entry-title\">\n\t\t\t\t<a itemprop=\"url\" href=\"https:\/\/fibgar.es\/en\/ragaa-raising-our-voice-against-gender-apartheid-in-afghanistan\/\" >\n\t\t\t\t\tRAGAA: Raising our voice against gender apartheid in Afghanistan\t\t\t\t<\/a>\n\t\t\t<\/h3>\n\n\t\t\t<div class=\"edgtf-item-info-section\">\n\t\t\t\t<div class=\"edgtf-post-info-author\">by\t<a itemprop=\"author\" class=\"edgtf-post-info-author-link\" href=\"https:\/\/fibgar.es\/en\/author\/fibgaradmin\/\">\n\t\tFibgar\t<\/a>\n<\/div><div class=\"edgtf-post-info-category\">\n\t<a href=\"https:\/\/fibgar.es\/en\/category\/articles\/\" rel=\"category tag\">Articles<\/a><\/div><div itemprop=\"dateCreated\" class=\"edgtf-post-info-date entry-date updated\">\n\t\t\t19\/11\/2025\t    <meta itemprop=\"interactionCount\" content=\"UserComments: 0\"\/>\n<\/div>\t\t\t<\/div>\n\n\t\t\t\t\t\t\t<p itemprop=\"description\" class=\"edgtf-excerpt\">We present RAGAA \u2013 Raise Against Gender Apartheid in Afghanistan, an initiative created in collaboration with the association People Help (PH) to ex...<\/p>\n\t\t\t\t\t\t<a itemprop=\"url\" href=\"https:\/\/fibgar.es\/en\/ragaa-raising-our-voice-against-gender-apartheid-in-afghanistan\/\" class=\"edgtf-blog-list-read-more\">Read more<i class=\"arrow_right\"><\/i><\/a>\n\t\t<\/div>\n\t<\/div>\n<\/li>\n<li class=\"edgtf-blog-list-item clearfix\">\n\t<div class=\"edgtf-blog-list-item-inner\">\n\t\t<div class=\"edgtf-item-image\">\n\t\t\t<a itemprop=\"url\" href=\"https:\/\/fibgar.es\/en\/fibgar-has-been-registered-in-the-state-register-of-democratic-memory-entities\/\">\n\t\t\t\t<img loading=\"lazy\" decoding=\"async\" width=\"1600\" height=\"900\" src=\"https:\/\/fibgar.es\/wp-content\/uploads\/2025\/11\/POST-GENERICO-2.jpg\" class=\"attachment-full size-full wp-post-image\" alt=\"\" srcset=\"https:\/\/fibgar.es\/wp-content\/uploads\/2025\/11\/POST-GENERICO-2.jpg 1600w, https:\/\/fibgar.es\/wp-content\/uploads\/2025\/11\/POST-GENERICO-2-300x169.jpg 300w, https:\/\/fibgar.es\/wp-content\/uploads\/2025\/11\/POST-GENERICO-2-1024x576.jpg 1024w, https:\/\/fibgar.es\/wp-content\/uploads\/2025\/11\/POST-GENERICO-2-768x432.jpg 768w, https:\/\/fibgar.es\/wp-content\/uploads\/2025\/11\/POST-GENERICO-2-1536x864.jpg 1536w\" sizes=\"auto, (max-width: 1600px) 100vw, 1600px\" \/>\t\t\t<\/a>\n\t\t<\/div>\n\t\t<div class=\"edgtf-item-text-holder\" style=\"background-color:#ffffff;box-shadow:none;\">\n\t\t\t<h3 itemprop=\"name\" class=\"edgtf-item-title entry-title\">\n\t\t\t\t<a itemprop=\"url\" href=\"https:\/\/fibgar.es\/en\/fibgar-has-been-registered-in-the-state-register-of-democratic-memory-entities\/\" >\n\t\t\t\t\tFIBGAR has been registered in the State Register of Democratic Memory Entities\t\t\t\t<\/a>\n\t\t\t<\/h3>\n\n\t\t\t<div class=\"edgtf-item-info-section\">\n\t\t\t\t<div class=\"edgtf-post-info-author\">by\t<a itemprop=\"author\" class=\"edgtf-post-info-author-link\" href=\"https:\/\/fibgar.es\/en\/author\/fibgaradmin\/\">\n\t\tFibgar\t<\/a>\n<\/div><div class=\"edgtf-post-info-category\">\n\t<a href=\"https:\/\/fibgar.es\/en\/category\/articles\/\" rel=\"category tag\">Articles<\/a><\/div><div itemprop=\"dateCreated\" class=\"edgtf-post-info-date entry-date updated\">\n\t\t\t19\/11\/2025\t    <meta itemprop=\"interactionCount\" content=\"UserComments: 0\"\/>\n<\/div>\t\t\t<\/div>\n\n\t\t\t\t\t\t\t<p itemprop=\"description\" class=\"edgtf-excerpt\">The Baltasar Garz\u00f3n International Foundation (FIBGAR) has been officially recognised as a memory organisation with its registration in the State Regi...<\/p>\n\t\t\t\t\t\t<a itemprop=\"url\" href=\"https:\/\/fibgar.es\/en\/fibgar-has-been-registered-in-the-state-register-of-democratic-memory-entities\/\" class=\"edgtf-blog-list-read-more\">Read more<i class=\"arrow_right\"><\/i><\/a>\n\t\t<\/div>\n\t<\/div>\n<\/li>\n<li class=\"edgtf-blog-list-item clearfix\">\n\t<div class=\"edgtf-blog-list-item-inner\">\n\t\t<div class=\"edgtf-item-image\">\n\t\t\t<a itemprop=\"url\" href=\"https:\/\/fibgar.es\/en\/conclusions-of-the-event-justice-victims-and-civil-society-in-the-face-of-the-challenges-of-transnational-organised-crime-at-the-complutense-university-of-madrid\/\">\n\t\t\t\t<img loading=\"lazy\" decoding=\"async\" width=\"1600\" height=\"900\" src=\"https:\/\/fibgar.es\/wp-content\/uploads\/2025\/11\/POST-GENERICO-7.png\" class=\"attachment-full size-full wp-post-image\" alt=\"\" srcset=\"https:\/\/fibgar.es\/wp-content\/uploads\/2025\/11\/POST-GENERICO-7.png 1600w, https:\/\/fibgar.es\/wp-content\/uploads\/2025\/11\/POST-GENERICO-7-300x169.png 300w, https:\/\/fibgar.es\/wp-content\/uploads\/2025\/11\/POST-GENERICO-7-1024x576.png 1024w, https:\/\/fibgar.es\/wp-content\/uploads\/2025\/11\/POST-GENERICO-7-768x432.png 768w, https:\/\/fibgar.es\/wp-content\/uploads\/2025\/11\/POST-GENERICO-7-1536x864.png 1536w\" sizes=\"auto, (max-width: 1600px) 100vw, 1600px\" \/>\t\t\t<\/a>\n\t\t<\/div>\n\t\t<div class=\"edgtf-item-text-holder\" style=\"background-color:#ffffff;box-shadow:none;\">\n\t\t\t<h3 itemprop=\"name\" class=\"edgtf-item-title entry-title\">\n\t\t\t\t<a itemprop=\"url\" href=\"https:\/\/fibgar.es\/en\/conclusions-of-the-event-justice-victims-and-civil-society-in-the-face-of-the-challenges-of-transnational-organised-crime-at-the-complutense-university-of-madrid\/\" >\n\t\t\t\t\tConclusions of the Event \u201cJustice, Victims, and Civil Society in the Face of the Challenges of Transnational Organised Crime\u201d at the Complutense University of Madrid\t\t\t\t<\/a>\n\t\t\t<\/h3>\n\n\t\t\t<div class=\"edgtf-item-info-section\">\n\t\t\t\t<div class=\"edgtf-post-info-author\">by\t<a itemprop=\"author\" class=\"edgtf-post-info-author-link\" href=\"https:\/\/fibgar.es\/en\/author\/fibgaradmin\/\">\n\t\tFibgar\t<\/a>\n<\/div><div class=\"edgtf-post-info-category\">\n\t<a href=\"https:\/\/fibgar.es\/en\/category\/articles\/\" rel=\"category tag\">Articles<\/a><\/div><div itemprop=\"dateCreated\" class=\"edgtf-post-info-date entry-date updated\">\n\t\t\t14\/11\/2025\t    <meta itemprop=\"interactionCount\" content=\"UserComments: 0\"\/>\n<\/div>\t\t\t<\/div>\n\n\t\t\t\t\t\t\t<p itemprop=\"description\" class=\"edgtf-excerpt\">On November 5, 2025, the seminar \u201cJustice, Victims, and Civil Society in the Face of the Challenges of Transnational Organised Crime\u201d was held at ...<\/p>\n\t\t\t\t\t\t<a itemprop=\"url\" href=\"https:\/\/fibgar.es\/en\/conclusions-of-the-event-justice-victims-and-civil-society-in-the-face-of-the-challenges-of-transnational-organised-crime-at-the-complutense-university-of-madrid\/\" class=\"edgtf-blog-list-read-more\">Read more<i class=\"arrow_right\"><\/i><\/a>\n\t\t<\/div>\n\t<\/div>\n<\/li>\n<li class=\"edgtf-blog-list-item clearfix\">\n\t<div class=\"edgtf-blog-list-item-inner\">\n\t\t<div class=\"edgtf-item-image\">\n\t\t\t<a itemprop=\"url\" href=\"https:\/\/fibgar.es\/en\/the-future-of-universal-jurisdiction-tenth-anniversary-of-the-madrid-buenos-aires-principles\/\">\n\t\t\t\t<img loading=\"lazy\" decoding=\"async\" width=\"1600\" height=\"900\" src=\"https:\/\/fibgar.es\/wp-content\/uploads\/2025\/11\/POST-GENERICO.png\" class=\"attachment-full size-full wp-post-image\" alt=\"\" srcset=\"https:\/\/fibgar.es\/wp-content\/uploads\/2025\/11\/POST-GENERICO.png 1600w, https:\/\/fibgar.es\/wp-content\/uploads\/2025\/11\/POST-GENERICO-300x169.png 300w, https:\/\/fibgar.es\/wp-content\/uploads\/2025\/11\/POST-GENERICO-1024x576.png 1024w, https:\/\/fibgar.es\/wp-content\/uploads\/2025\/11\/POST-GENERICO-768x432.png 768w, https:\/\/fibgar.es\/wp-content\/uploads\/2025\/11\/POST-GENERICO-1536x864.png 1536w\" sizes=\"auto, (max-width: 1600px) 100vw, 1600px\" \/>\t\t\t<\/a>\n\t\t<\/div>\n\t\t<div class=\"edgtf-item-text-holder\" style=\"background-color:#ffffff;box-shadow:none;\">\n\t\t\t<h3 itemprop=\"name\" class=\"edgtf-item-title entry-title\">\n\t\t\t\t<a itemprop=\"url\" href=\"https:\/\/fibgar.es\/en\/the-future-of-universal-jurisdiction-tenth-anniversary-of-the-madrid-buenos-aires-principles\/\" >\n\t\t\t\t\tThe Future of Universal Jurisdiction \u2013 Tenth Anniversary of the Madrid\u2013Buenos Aires Principles\t\t\t\t<\/a>\n\t\t\t<\/h3>\n\n\t\t\t<div class=\"edgtf-item-info-section\">\n\t\t\t\t<div class=\"edgtf-post-info-author\">by\t<a itemprop=\"author\" class=\"edgtf-post-info-author-link\" href=\"https:\/\/fibgar.es\/en\/author\/fibgaradmin\/\">\n\t\tFibgar\t<\/a>\n<\/div><div class=\"edgtf-post-info-category\">\n\t<a href=\"https:\/\/fibgar.es\/en\/category\/articles\/\" rel=\"category tag\">Articles<\/a><\/div><div itemprop=\"dateCreated\" class=\"edgtf-post-info-date entry-date updated\">\n\t\t\t11\/11\/2025\t    <meta itemprop=\"interactionCount\" content=\"UserComments: 0\"\/>\n<\/div>\t\t\t<\/div>\n\n\t\t\t\t\t\t\t<p itemprop=\"description\" class=\"edgtf-excerpt\">On November 4, a commemorative event was held at the Congress of Deputies to mark the tenth anniversary of the Madrid\u2013Buenos Aires Principles. The m...<\/p>\n\t\t\t\t\t\t<a itemprop=\"url\" href=\"https:\/\/fibgar.es\/en\/the-future-of-universal-jurisdiction-tenth-anniversary-of-the-madrid-buenos-aires-principles\/\" class=\"edgtf-blog-list-read-more\">Read more<i class=\"arrow_right\"><\/i><\/a>\n\t\t<\/div>\n\t<\/div>\n<\/li>\n<li class=\"edgtf-blog-list-item clearfix\">\n\t<div class=\"edgtf-blog-list-item-inner\">\n\t\t<div class=\"edgtf-item-image\">\n\t\t\t<a itemprop=\"url\" href=\"https:\/\/fibgar.es\/en\/peace-cannot-flourish-on-poisoned-soil-defending-the-land-means-defending-peace\/\">\n\t\t\t\t<img loading=\"lazy\" decoding=\"async\" width=\"1600\" height=\"900\" src=\"https:\/\/fibgar.es\/wp-content\/uploads\/2025\/11\/DIA-INTERNACIONAL-4.png\" class=\"attachment-full size-full wp-post-image\" alt=\"\" srcset=\"https:\/\/fibgar.es\/wp-content\/uploads\/2025\/11\/DIA-INTERNACIONAL-4.png 1600w, https:\/\/fibgar.es\/wp-content\/uploads\/2025\/11\/DIA-INTERNACIONAL-4-300x169.png 300w, https:\/\/fibgar.es\/wp-content\/uploads\/2025\/11\/DIA-INTERNACIONAL-4-1024x576.png 1024w, https:\/\/fibgar.es\/wp-content\/uploads\/2025\/11\/DIA-INTERNACIONAL-4-768x432.png 768w, https:\/\/fibgar.es\/wp-content\/uploads\/2025\/11\/DIA-INTERNACIONAL-4-1536x864.png 1536w\" sizes=\"auto, (max-width: 1600px) 100vw, 1600px\" \/>\t\t\t<\/a>\n\t\t<\/div>\n\t\t<div class=\"edgtf-item-text-holder\" style=\"background-color:#ffffff;box-shadow:none;\">\n\t\t\t<h3 itemprop=\"name\" class=\"edgtf-item-title entry-title\">\n\t\t\t\t<a itemprop=\"url\" href=\"https:\/\/fibgar.es\/en\/peace-cannot-flourish-on-poisoned-soil-defending-the-land-means-defending-peace\/\" >\n\t\t\t\t\tPeace cannot flourish on poisoned soil: defending the land means defending peace.\t\t\t\t<\/a>\n\t\t\t<\/h3>\n\n\t\t\t<div class=\"edgtf-item-info-section\">\n\t\t\t\t<div class=\"edgtf-post-info-author\">by\t<a itemprop=\"author\" class=\"edgtf-post-info-author-link\" href=\"https:\/\/fibgar.es\/en\/author\/fibgaradmin\/\">\n\t\tFibgar\t<\/a>\n<\/div><div class=\"edgtf-post-info-category\">\n\t<a href=\"https:\/\/fibgar.es\/en\/category\/articles\/\" rel=\"category tag\">Articles<\/a><\/div><div itemprop=\"dateCreated\" class=\"edgtf-post-info-date entry-date updated\">\n\t\t\t06\/11\/2025\t    <meta itemprop=\"interactionCount\" content=\"UserComments: 0\"\/>\n<\/div>\t\t\t<\/div>\n\n\t\t\t\t\t\t\t<p itemprop=\"description\" class=\"edgtf-excerpt\">Every November 6, the world commemorates the International Day for Preventing the Exploitation of the Environment in War and Armed Conflict, proclaime...<\/p>\n\t\t\t\t\t\t<a itemprop=\"url\" href=\"https:\/\/fibgar.es\/en\/peace-cannot-flourish-on-poisoned-soil-defending-the-land-means-defending-peace\/\" class=\"edgtf-blog-list-read-more\">Read more<i class=\"arrow_right\"><\/i><\/a>\n\t\t<\/div>\n\t<\/div>\n<\/li>\n<li class=\"edgtf-blog-list-item clearfix\">\n\t<div class=\"edgtf-blog-list-item-inner\">\n\t\t<div class=\"edgtf-item-image\">\n\t\t\t<a itemprop=\"url\" href=\"https:\/\/fibgar.es\/en\/november-2-for-the-safety-of-those-who-tell-the-truth\/\">\n\t\t\t\t<img loading=\"lazy\" decoding=\"async\" width=\"1600\" height=\"900\" src=\"https:\/\/fibgar.es\/wp-content\/uploads\/2025\/11\/DIA-INTERNACIONAL.png\" class=\"attachment-full size-full wp-post-image\" alt=\"\" srcset=\"https:\/\/fibgar.es\/wp-content\/uploads\/2025\/11\/DIA-INTERNACIONAL.png 1600w, https:\/\/fibgar.es\/wp-content\/uploads\/2025\/11\/DIA-INTERNACIONAL-300x169.png 300w, https:\/\/fibgar.es\/wp-content\/uploads\/2025\/11\/DIA-INTERNACIONAL-1024x576.png 1024w, https:\/\/fibgar.es\/wp-content\/uploads\/2025\/11\/DIA-INTERNACIONAL-768x432.png 768w, https:\/\/fibgar.es\/wp-content\/uploads\/2025\/11\/DIA-INTERNACIONAL-1536x864.png 1536w\" sizes=\"auto, (max-width: 1600px) 100vw, 1600px\" \/>\t\t\t<\/a>\n\t\t<\/div>\n\t\t<div class=\"edgtf-item-text-holder\" style=\"background-color:#ffffff;box-shadow:none;\">\n\t\t\t<h3 itemprop=\"name\" class=\"edgtf-item-title entry-title\">\n\t\t\t\t<a itemprop=\"url\" href=\"https:\/\/fibgar.es\/en\/november-2-for-the-safety-of-those-who-tell-the-truth\/\" >\n\t\t\t\t\tNovember 2: For the Safety of Those Who Tell the Truth\t\t\t\t<\/a>\n\t\t\t<\/h3>\n\n\t\t\t<div class=\"edgtf-item-info-section\">\n\t\t\t\t<div class=\"edgtf-post-info-author\">by\t<a itemprop=\"author\" class=\"edgtf-post-info-author-link\" href=\"https:\/\/fibgar.es\/en\/author\/fibgaradmin\/\">\n\t\tFibgar\t<\/a>\n<\/div><div class=\"edgtf-post-info-category\">\n\t<a href=\"https:\/\/fibgar.es\/en\/category\/articles\/\" rel=\"category tag\">Articles<\/a><\/div><div itemprop=\"dateCreated\" class=\"edgtf-post-info-date entry-date updated\">\n\t\t\t06\/11\/2025\t    <meta itemprop=\"interactionCount\" content=\"UserComments: 0\"\/>\n<\/div>\t\t\t<\/div>\n\n\t\t\t\t\t\t\t<p itemprop=\"description\" class=\"edgtf-excerpt\">Ending impunity for crimes against journalists remains one of the greatest and most urgent challenges of our time. Every November 2, the world commemo...<\/p>\n\t\t\t\t\t\t<a itemprop=\"url\" href=\"https:\/\/fibgar.es\/en\/november-2-for-the-safety-of-those-who-tell-the-truth\/\" class=\"edgtf-blog-list-read-more\">Read more<i class=\"arrow_right\"><\/i><\/a>\n\t\t<\/div>\n\t<\/div>\n<\/li>\n<li class=\"edgtf-blog-list-item clearfix\">\n\t<div class=\"edgtf-blog-list-item-inner\">\n\t\t<div class=\"edgtf-item-image\">\n\t\t\t<a itemprop=\"url\" href=\"https:\/\/fibgar.es\/en\/democracy-labs-honouring-the-day-of-remembrance-and-tribute-to-the-victims-of-the-military-coup-war-and-dictatorship\/\">\n\t\t\t\t<img loading=\"lazy\" decoding=\"async\" width=\"1600\" height=\"900\" src=\"https:\/\/fibgar.es\/wp-content\/uploads\/2025\/10\/POST-GENERICO-3-1.jpg\" class=\"attachment-full size-full wp-post-image\" alt=\"\" srcset=\"https:\/\/fibgar.es\/wp-content\/uploads\/2025\/10\/POST-GENERICO-3-1.jpg 1600w, https:\/\/fibgar.es\/wp-content\/uploads\/2025\/10\/POST-GENERICO-3-1-300x169.jpg 300w, https:\/\/fibgar.es\/wp-content\/uploads\/2025\/10\/POST-GENERICO-3-1-1024x576.jpg 1024w, https:\/\/fibgar.es\/wp-content\/uploads\/2025\/10\/POST-GENERICO-3-1-768x432.jpg 768w, https:\/\/fibgar.es\/wp-content\/uploads\/2025\/10\/POST-GENERICO-3-1-1536x864.jpg 1536w\" sizes=\"auto, (max-width: 1600px) 100vw, 1600px\" \/>\t\t\t<\/a>\n\t\t<\/div>\n\t\t<div class=\"edgtf-item-text-holder\" style=\"background-color:#ffffff;box-shadow:none;\">\n\t\t\t<h3 itemprop=\"name\" class=\"edgtf-item-title entry-title\">\n\t\t\t\t<a itemprop=\"url\" href=\"https:\/\/fibgar.es\/en\/democracy-labs-honouring-the-day-of-remembrance-and-tribute-to-the-victims-of-the-military-coup-war-and-dictatorship\/\" >\n\t\t\t\t\tDemocracy Labs Honouring the Day of Remembrance and Tribute to the Victims of the Military Coup, War and Dictatorship\t\t\t\t<\/a>\n\t\t\t<\/h3>\n\n\t\t\t<div class=\"edgtf-item-info-section\">\n\t\t\t\t<div class=\"edgtf-post-info-author\">by\t<a itemprop=\"author\" class=\"edgtf-post-info-author-link\" href=\"https:\/\/fibgar.es\/en\/author\/fibgaradmin\/\">\n\t\tFibgar\t<\/a>\n<\/div><div class=\"edgtf-post-info-category\">\n\t<a href=\"https:\/\/fibgar.es\/en\/category\/articles\/\" rel=\"category tag\">Articles<\/a><\/div><div itemprop=\"dateCreated\" class=\"edgtf-post-info-date entry-date updated\">\n\t\t\t31\/10\/2025\t    <meta itemprop=\"interactionCount\" content=\"UserComments: 0\"\/>\n<\/div>\t\t\t<\/div>\n\n\t\t\t\t\t\t\t<p itemprop=\"description\" class=\"edgtf-excerpt\">It is difficult to talk about the Day of Remembrance and Tribute to all the victims of the military coup, war and dictatorship without thinking about ...<\/p>\n\t\t\t\t\t\t<a itemprop=\"url\" href=\"https:\/\/fibgar.es\/en\/democracy-labs-honouring-the-day-of-remembrance-and-tribute-to-the-victims-of-the-military-coup-war-and-dictatorship\/\" class=\"edgtf-blog-list-read-more\">Read more<i class=\"arrow_right\"><\/i><\/a>\n\t\t<\/div>\n\t<\/div>\n<\/li>\n<li class=\"edgtf-blog-list-item clearfix\">\n\t<div class=\"edgtf-blog-list-item-inner\">\n\t\t<div class=\"edgtf-item-image\">\n\t\t\t<a itemprop=\"url\" href=\"https:\/\/fibgar.es\/en\/fibgar-organizes-the-event-the-future-of-universal-jurisdiction-at-the-spanish-congress\/\">\n\t\t\t\t<img loading=\"lazy\" decoding=\"async\" width=\"1600\" height=\"900\" src=\"https:\/\/fibgar.es\/wp-content\/uploads\/2025\/10\/Copia-de-EL-FUTURO-DE-LA-JURISDICCION-UNIVERSAL-Post-de-Twitter-1.png\" class=\"attachment-full size-full wp-post-image\" alt=\"\" srcset=\"https:\/\/fibgar.es\/wp-content\/uploads\/2025\/10\/Copia-de-EL-FUTURO-DE-LA-JURISDICCION-UNIVERSAL-Post-de-Twitter-1.png 1600w, https:\/\/fibgar.es\/wp-content\/uploads\/2025\/10\/Copia-de-EL-FUTURO-DE-LA-JURISDICCION-UNIVERSAL-Post-de-Twitter-1-300x169.png 300w, https:\/\/fibgar.es\/wp-content\/uploads\/2025\/10\/Copia-de-EL-FUTURO-DE-LA-JURISDICCION-UNIVERSAL-Post-de-Twitter-1-1024x576.png 1024w, https:\/\/fibgar.es\/wp-content\/uploads\/2025\/10\/Copia-de-EL-FUTURO-DE-LA-JURISDICCION-UNIVERSAL-Post-de-Twitter-1-768x432.png 768w, https:\/\/fibgar.es\/wp-content\/uploads\/2025\/10\/Copia-de-EL-FUTURO-DE-LA-JURISDICCION-UNIVERSAL-Post-de-Twitter-1-1536x864.png 1536w\" sizes=\"auto, (max-width: 1600px) 100vw, 1600px\" \/>\t\t\t<\/a>\n\t\t<\/div>\n\t\t<div class=\"edgtf-item-text-holder\" style=\"background-color:#ffffff;box-shadow:none;\">\n\t\t\t<h3 itemprop=\"name\" class=\"edgtf-item-title entry-title\">\n\t\t\t\t<a itemprop=\"url\" href=\"https:\/\/fibgar.es\/en\/fibgar-organizes-the-event-the-future-of-universal-jurisdiction-at-the-spanish-congress\/\" >\n\t\t\t\t\tFIBGAR organizes the event \u201cThe Future of Universal Jurisdiction\u201d at the Spanish Congress\t\t\t\t<\/a>\n\t\t\t<\/h3>\n\n\t\t\t<div class=\"edgtf-item-info-section\">\n\t\t\t\t<div class=\"edgtf-post-info-author\">by\t<a itemprop=\"author\" class=\"edgtf-post-info-author-link\" href=\"https:\/\/fibgar.es\/en\/author\/fibgaradmin\/\">\n\t\tFibgar\t<\/a>\n<\/div><div class=\"edgtf-post-info-category\">\n\t<a href=\"https:\/\/fibgar.es\/en\/category\/articles\/\" rel=\"category tag\">Articles<\/a><\/div><div itemprop=\"dateCreated\" class=\"edgtf-post-info-date entry-date updated\">\n\t\t\t20\/10\/2025\t    <meta itemprop=\"interactionCount\" content=\"UserComments: 0\"\/>\n<\/div>\t\t\t<\/div>\n\n\t\t\t\t\t\t\t<p itemprop=\"description\" class=\"edgtf-excerpt\">On November 4, from 16:00 to 20:00, in the Ernest Lluch Hall of the Spanish Congress in Madrid, we will hold the event \u201cThe Future of Universal Juri...<\/p>\n\t\t\t\t\t\t<a itemprop=\"url\" href=\"https:\/\/fibgar.es\/en\/fibgar-organizes-the-event-the-future-of-universal-jurisdiction-at-the-spanish-congress\/\" class=\"edgtf-blog-list-read-more\">Read more<i class=\"arrow_right\"><\/i><\/a>\n\t\t<\/div>\n\t<\/div>\n<\/li>\n<li class=\"edgtf-blog-list-item clearfix\">\n\t<div class=\"edgtf-blog-list-item-inner\">\n\t\t<div class=\"edgtf-item-image\">\n\t\t\t<a itemprop=\"url\" href=\"https:\/\/fibgar.es\/en\/25550\/\">\n\t\t\t\t<img loading=\"lazy\" decoding=\"async\" width=\"1600\" height=\"900\" src=\"https:\/\/fibgar.es\/wp-content\/uploads\/2025\/10\/POST-GENERICO-4.jpg\" class=\"attachment-full size-full wp-post-image\" alt=\"\" srcset=\"https:\/\/fibgar.es\/wp-content\/uploads\/2025\/10\/POST-GENERICO-4.jpg 1600w, https:\/\/fibgar.es\/wp-content\/uploads\/2025\/10\/POST-GENERICO-4-300x169.jpg 300w, https:\/\/fibgar.es\/wp-content\/uploads\/2025\/10\/POST-GENERICO-4-1024x576.jpg 1024w, https:\/\/fibgar.es\/wp-content\/uploads\/2025\/10\/POST-GENERICO-4-768x432.jpg 768w, https:\/\/fibgar.es\/wp-content\/uploads\/2025\/10\/POST-GENERICO-4-1536x864.jpg 1536w\" sizes=\"auto, (max-width: 1600px) 100vw, 1600px\" \/>\t\t\t<\/a>\n\t\t<\/div>\n\t\t<div class=\"edgtf-item-text-holder\" style=\"background-color:#ffffff;box-shadow:none;\">\n\t\t\t<h3 itemprop=\"name\" class=\"edgtf-item-title entry-title\">\n\t\t\t\t<a itemprop=\"url\" href=\"https:\/\/fibgar.es\/en\/25550\/\" >\n\t\t\t\t\tThe UN&#8217;s liquidity crisis and the increase in cases mark the sessions on enforced disappearances\t\t\t\t<\/a>\n\t\t\t<\/h3>\n\n\t\t\t<div class=\"edgtf-item-info-section\">\n\t\t\t\t<div class=\"edgtf-post-info-author\">by\t<a itemprop=\"author\" class=\"edgtf-post-info-author-link\" href=\"https:\/\/fibgar.es\/en\/author\/fibgaradmin\/\">\n\t\tFibgar\t<\/a>\n<\/div><div class=\"edgtf-post-info-category\">\n\t<a href=\"https:\/\/fibgar.es\/en\/category\/articles\/\" rel=\"category tag\">Articles<\/a><\/div><div itemprop=\"dateCreated\" class=\"edgtf-post-info-date entry-date updated\">\n\t\t\t20\/10\/2025\t    <meta itemprop=\"interactionCount\" content=\"UserComments: 0\"\/>\n<\/div>\t\t\t<\/div>\n\n\t\t\t\t\t\t\t<p itemprop=\"description\" class=\"edgtf-excerpt\">The recent sessions of the Committee on Enforced Disappearances (CED) and the UN Working Group on Enforced or Involuntary Disappearances, held in Gene...<\/p>\n\t\t\t\t\t\t<a itemprop=\"url\" href=\"https:\/\/fibgar.es\/en\/25550\/\" class=\"edgtf-blog-list-read-more\">Read more<i class=\"arrow_right\"><\/i><\/a>\n\t\t<\/div>\n\t<\/div>\n<\/li>\n<li class=\"edgtf-blog-list-item clearfix\">\n\t<div class=\"edgtf-blog-list-item-inner\">\n\t\t<div class=\"edgtf-item-image\">\n\t\t\t<a itemprop=\"url\" href=\"https:\/\/fibgar.es\/en\/france-moves-forward-in-the-prosecution-of-international-crimes-committed-in-syria-historic-conviction-and-new-trial-underway\/\">\n\t\t\t\t<img loading=\"lazy\" decoding=\"async\" width=\"1600\" height=\"900\" src=\"https:\/\/fibgar.es\/wp-content\/uploads\/2025\/10\/POST-GENERICO-33.png\" class=\"attachment-full size-full wp-post-image\" alt=\"\" srcset=\"https:\/\/fibgar.es\/wp-content\/uploads\/2025\/10\/POST-GENERICO-33.png 1600w, https:\/\/fibgar.es\/wp-content\/uploads\/2025\/10\/POST-GENERICO-33-300x169.png 300w, https:\/\/fibgar.es\/wp-content\/uploads\/2025\/10\/POST-GENERICO-33-1024x576.png 1024w, https:\/\/fibgar.es\/wp-content\/uploads\/2025\/10\/POST-GENERICO-33-768x432.png 768w, https:\/\/fibgar.es\/wp-content\/uploads\/2025\/10\/POST-GENERICO-33-1536x864.png 1536w\" sizes=\"auto, (max-width: 1600px) 100vw, 1600px\" \/>\t\t\t<\/a>\n\t\t<\/div>\n\t\t<div class=\"edgtf-item-text-holder\" style=\"background-color:#ffffff;box-shadow:none;\">\n\t\t\t<h3 itemprop=\"name\" class=\"edgtf-item-title entry-title\">\n\t\t\t\t<a itemprop=\"url\" href=\"https:\/\/fibgar.es\/en\/france-moves-forward-in-the-prosecution-of-international-crimes-committed-in-syria-historic-conviction-and-new-trial-underway\/\" >\n\t\t\t\t\tFrance moves forward in the prosecution of international crimes committed in Syria: historic conviction and new trial underway\t\t\t\t<\/a>\n\t\t\t<\/h3>\n\n\t\t\t<div class=\"edgtf-item-info-section\">\n\t\t\t\t<div class=\"edgtf-post-info-author\">by\t<a itemprop=\"author\" class=\"edgtf-post-info-author-link\" href=\"https:\/\/fibgar.es\/en\/author\/fibgaradmin\/\">\n\t\tFibgar\t<\/a>\n<\/div><div class=\"edgtf-post-info-category\">\n\t<a href=\"https:\/\/fibgar.es\/en\/category\/articles\/\" rel=\"category tag\">Articles<\/a><\/div><div itemprop=\"dateCreated\" class=\"edgtf-post-info-date entry-date updated\">\n\t\t\t18\/10\/2025\t    <meta itemprop=\"interactionCount\" content=\"UserComments: 0\"\/>\n<\/div>\t\t\t<\/div>\n\n\t\t\t\t\t\t\t<p itemprop=\"description\" class=\"edgtf-excerpt\">In May 2024, the French justice system marked a milestone in the fight against international impunity by sentencing three senior Syrian regime officia...<\/p>\n\t\t\t\t\t\t<a itemprop=\"url\" href=\"https:\/\/fibgar.es\/en\/france-moves-forward-in-the-prosecution-of-international-crimes-committed-in-syria-historic-conviction-and-new-trial-underway\/\" class=\"edgtf-blog-list-read-more\">Read more<i class=\"arrow_right\"><\/i><\/a>\n\t\t<\/div>\n\t<\/div>\n<\/li>\n<li class=\"edgtf-blog-list-item clearfix\">\n\t<div class=\"edgtf-blog-list-item-inner\">\n\t\t<div class=\"edgtf-item-image\">\n\t\t\t<a itemprop=\"url\" href=\"https:\/\/fibgar.es\/en\/join-the-campaign-democracy-isnt-inherited-it-must-be-built-raise-your-voice\/\">\n\t\t\t\t<img loading=\"lazy\" decoding=\"async\" width=\"2526\" height=\"1360\" src=\"https:\/\/fibgar.es\/wp-content\/uploads\/2025\/10\/La-democracia-no-se-hereda.-Se-constryue.-Haz-ruido.png\" class=\"attachment-full size-full wp-post-image\" alt=\"\" srcset=\"https:\/\/fibgar.es\/wp-content\/uploads\/2025\/10\/La-democracia-no-se-hereda.-Se-constryue.-Haz-ruido.png 2526w, https:\/\/fibgar.es\/wp-content\/uploads\/2025\/10\/La-democracia-no-se-hereda.-Se-constryue.-Haz-ruido-300x162.png 300w, https:\/\/fibgar.es\/wp-content\/uploads\/2025\/10\/La-democracia-no-se-hereda.-Se-constryue.-Haz-ruido-1024x551.png 1024w, https:\/\/fibgar.es\/wp-content\/uploads\/2025\/10\/La-democracia-no-se-hereda.-Se-constryue.-Haz-ruido-768x413.png 768w, https:\/\/fibgar.es\/wp-content\/uploads\/2025\/10\/La-democracia-no-se-hereda.-Se-constryue.-Haz-ruido-1536x827.png 1536w\" sizes=\"auto, (max-width: 2526px) 100vw, 2526px\" \/>\t\t\t<\/a>\n\t\t<\/div>\n\t\t<div class=\"edgtf-item-text-holder\" style=\"background-color:#ffffff;box-shadow:none;\">\n\t\t\t<h3 itemprop=\"name\" class=\"edgtf-item-title entry-title\">\n\t\t\t\t<a itemprop=\"url\" href=\"https:\/\/fibgar.es\/en\/join-the-campaign-democracy-isnt-inherited-it-must-be-built-raise-your-voice\/\" >\n\t\t\t\t\tJoin the campaign: \u201cDemocracy isn\u2019t inherited. It must be built. Raise your voice.\u201d\t\t\t\t<\/a>\n\t\t\t<\/h3>\n\n\t\t\t<div class=\"edgtf-item-info-section\">\n\t\t\t\t<div class=\"edgtf-post-info-author\">by\t<a itemprop=\"author\" class=\"edgtf-post-info-author-link\" href=\"https:\/\/fibgar.es\/en\/author\/fibgaradmin\/\">\n\t\tFibgar\t<\/a>\n<\/div><div class=\"edgtf-post-info-category\">\n\t<a href=\"https:\/\/fibgar.es\/en\/category\/articles\/\" rel=\"category tag\">Articles<\/a><\/div><div itemprop=\"dateCreated\" class=\"edgtf-post-info-date entry-date updated\">\n\t\t\t16\/10\/2025\t    <meta itemprop=\"interactionCount\" content=\"UserComments: 0\"\/>\n<\/div>\t\t\t<\/div>\n\n\t\t\t\t\t\t\t<p itemprop=\"description\" class=\"edgtf-excerpt\">At FIBGAR, we are launching the campaign\u00a0\u201cDemocracy isn\u2019t inherited. It must be built. Raise your voice.\u201d, a call to citizens and the legal com...<\/p>\n\t\t\t\t\t\t<a itemprop=\"url\" href=\"https:\/\/fibgar.es\/en\/join-the-campaign-democracy-isnt-inherited-it-must-be-built-raise-your-voice\/\" class=\"edgtf-blog-list-read-more\">Read more<i class=\"arrow_right\"><\/i><\/a>\n\t\t<\/div>\n\t<\/div>\n<\/li>\n<li class=\"edgtf-blog-list-item clearfix\">\n\t<div class=\"edgtf-blog-list-item-inner\">\n\t\t<div class=\"edgtf-item-image\">\n\t\t\t<a itemprop=\"url\" href=\"https:\/\/fibgar.es\/en\/redmem-event-progress-and-challenges-of-the-30-years-of-the-beijing-platform\/\">\n\t\t\t\t<img loading=\"lazy\" decoding=\"async\" width=\"1600\" height=\"900\" src=\"https:\/\/fibgar.es\/wp-content\/uploads\/2025\/10\/POST-GENERICO-2.jpg\" class=\"attachment-full size-full wp-post-image\" alt=\"\" srcset=\"https:\/\/fibgar.es\/wp-content\/uploads\/2025\/10\/POST-GENERICO-2.jpg 1600w, https:\/\/fibgar.es\/wp-content\/uploads\/2025\/10\/POST-GENERICO-2-300x169.jpg 300w, https:\/\/fibgar.es\/wp-content\/uploads\/2025\/10\/POST-GENERICO-2-1024x576.jpg 1024w, https:\/\/fibgar.es\/wp-content\/uploads\/2025\/10\/POST-GENERICO-2-768x432.jpg 768w, https:\/\/fibgar.es\/wp-content\/uploads\/2025\/10\/POST-GENERICO-2-1536x864.jpg 1536w\" sizes=\"auto, (max-width: 1600px) 100vw, 1600px\" \/>\t\t\t<\/a>\n\t\t<\/div>\n\t\t<div class=\"edgtf-item-text-holder\" style=\"background-color:#ffffff;box-shadow:none;\">\n\t\t\t<h3 itemprop=\"name\" class=\"edgtf-item-title entry-title\">\n\t\t\t\t<a itemprop=\"url\" href=\"https:\/\/fibgar.es\/en\/redmem-event-progress-and-challenges-of-the-30-years-of-the-beijing-platform\/\" >\n\t\t\t\t\tREDMEM event: \u2018Progress and challenges of the 30 years of the Beijing Platform\u2019\t\t\t\t<\/a>\n\t\t\t<\/h3>\n\n\t\t\t<div class=\"edgtf-item-info-section\">\n\t\t\t\t<div class=\"edgtf-post-info-author\">by\t<a itemprop=\"author\" class=\"edgtf-post-info-author-link\" href=\"https:\/\/fibgar.es\/en\/author\/fibgaradmin\/\">\n\t\tFibgar\t<\/a>\n<\/div><div class=\"edgtf-post-info-category\">\n\t<a href=\"https:\/\/fibgar.es\/en\/category\/articles\/\" rel=\"category tag\">Articles<\/a><\/div><div itemprop=\"dateCreated\" class=\"edgtf-post-info-date entry-date updated\">\n\t\t\t03\/10\/2025\t    <meta itemprop=\"interactionCount\" content=\"UserComments: 0\"\/>\n<\/div>\t\t\t<\/div>\n\n\t\t\t\t\t\t\t<p itemprop=\"description\" class=\"edgtf-excerpt\">On Thursday, 2 October, at the Mar\u00eda de Maeztu Equality Space in Madrid, the Women&#8217;s Network for Memory and Democracy (REDMEM) convened a meeti...<\/p>\n\t\t\t\t\t\t<a itemprop=\"url\" href=\"https:\/\/fibgar.es\/en\/redmem-event-progress-and-challenges-of-the-30-years-of-the-beijing-platform\/\" class=\"edgtf-blog-list-read-more\">Read more<i class=\"arrow_right\"><\/i><\/a>\n\t\t<\/div>\n\t<\/div>\n<\/li>\n<li class=\"edgtf-blog-list-item clearfix\">\n\t<div class=\"edgtf-blog-list-item-inner\">\n\t\t<div class=\"edgtf-item-image\">\n\t\t\t<a itemprop=\"url\" href=\"https:\/\/fibgar.es\/en\/spain-engages-in-investigation-of-crimes-in-gazathe-need-to-strengthen-universal-jurisdiction\/\">\n\t\t\t\t<img loading=\"lazy\" decoding=\"async\" width=\"1600\" height=\"900\" src=\"https:\/\/fibgar.es\/wp-content\/uploads\/2025\/09\/POST-GENERICO-27.png\" class=\"attachment-full size-full wp-post-image\" alt=\"\" srcset=\"https:\/\/fibgar.es\/wp-content\/uploads\/2025\/09\/POST-GENERICO-27.png 1600w, https:\/\/fibgar.es\/wp-content\/uploads\/2025\/09\/POST-GENERICO-27-300x169.png 300w, https:\/\/fibgar.es\/wp-content\/uploads\/2025\/09\/POST-GENERICO-27-1024x576.png 1024w, https:\/\/fibgar.es\/wp-content\/uploads\/2025\/09\/POST-GENERICO-27-768x432.png 768w, https:\/\/fibgar.es\/wp-content\/uploads\/2025\/09\/POST-GENERICO-27-1536x864.png 1536w\" sizes=\"auto, (max-width: 1600px) 100vw, 1600px\" \/>\t\t\t<\/a>\n\t\t<\/div>\n\t\t<div class=\"edgtf-item-text-holder\" style=\"background-color:#ffffff;box-shadow:none;\">\n\t\t\t<h3 itemprop=\"name\" class=\"edgtf-item-title entry-title\">\n\t\t\t\t<a itemprop=\"url\" href=\"https:\/\/fibgar.es\/en\/spain-engages-in-investigation-of-crimes-in-gazathe-need-to-strengthen-universal-jurisdiction\/\" >\n\t\t\t\t\tSpain Engages in Investigation of Crimes in Gaza:The Need to Strengthen Universal Jurisdiction\t\t\t\t<\/a>\n\t\t\t<\/h3>\n\n\t\t\t<div class=\"edgtf-item-info-section\">\n\t\t\t\t<div class=\"edgtf-post-info-author\">by\t<a itemprop=\"author\" class=\"edgtf-post-info-author-link\" href=\"https:\/\/fibgar.es\/en\/author\/fibgaradmin\/\">\n\t\tFibgar\t<\/a>\n<\/div><div class=\"edgtf-post-info-category\">\n\t<a href=\"https:\/\/fibgar.es\/en\/category\/articles\/\" rel=\"category tag\">Articles<\/a><\/div><div itemprop=\"dateCreated\" class=\"edgtf-post-info-date entry-date updated\">\n\t\t\t19\/09\/2025\t    <meta itemprop=\"interactionCount\" content=\"UserComments: 0\"\/>\n<\/div>\t\t\t<\/div>\n\n\t\t\t\t\t\t\t<p itemprop=\"description\" class=\"edgtf-excerpt\">This past Thursday, September 18, the Attorney General of the State, \u00c1lvaro Garc\u00eda Ortiz, authorized the opening of preliminary proceedings to inves...<\/p>\n\t\t\t\t\t\t<a itemprop=\"url\" href=\"https:\/\/fibgar.es\/en\/spain-engages-in-investigation-of-crimes-in-gazathe-need-to-strengthen-universal-jurisdiction\/\" class=\"edgtf-blog-list-read-more\">Read more<i class=\"arrow_right\"><\/i><\/a>\n\t\t<\/div>\n\t<\/div>\n<\/li>\n<li class=\"edgtf-blog-list-item clearfix\">\n\t<div class=\"edgtf-blog-list-item-inner\">\n\t\t<div class=\"edgtf-item-image\">\n\t\t\t<a itemprop=\"url\" href=\"https:\/\/fibgar.es\/en\/portugal-issues-historic-ruling-against-two-former-isis-members-with-unitad-support\/\">\n\t\t\t\t<img loading=\"lazy\" decoding=\"async\" width=\"1600\" height=\"900\" src=\"https:\/\/fibgar.es\/wp-content\/uploads\/2025\/09\/POST-GENERICO-23.png\" class=\"attachment-full size-full wp-post-image\" alt=\"\" srcset=\"https:\/\/fibgar.es\/wp-content\/uploads\/2025\/09\/POST-GENERICO-23.png 1600w, https:\/\/fibgar.es\/wp-content\/uploads\/2025\/09\/POST-GENERICO-23-300x169.png 300w, https:\/\/fibgar.es\/wp-content\/uploads\/2025\/09\/POST-GENERICO-23-1024x576.png 1024w, https:\/\/fibgar.es\/wp-content\/uploads\/2025\/09\/POST-GENERICO-23-768x432.png 768w, https:\/\/fibgar.es\/wp-content\/uploads\/2025\/09\/POST-GENERICO-23-1536x864.png 1536w\" sizes=\"auto, (max-width: 1600px) 100vw, 1600px\" \/>\t\t\t<\/a>\n\t\t<\/div>\n\t\t<div class=\"edgtf-item-text-holder\" style=\"background-color:#ffffff;box-shadow:none;\">\n\t\t\t<h3 itemprop=\"name\" class=\"edgtf-item-title entry-title\">\n\t\t\t\t<a itemprop=\"url\" href=\"https:\/\/fibgar.es\/en\/portugal-issues-historic-ruling-against-two-former-isis-members-with-unitad-support\/\" >\n\t\t\t\t\tPortugal issues historic ruling against two former ISIS members with UNITAD support\t\t\t\t<\/a>\n\t\t\t<\/h3>\n\n\t\t\t<div class=\"edgtf-item-info-section\">\n\t\t\t\t<div class=\"edgtf-post-info-author\">by\t<a itemprop=\"author\" class=\"edgtf-post-info-author-link\" href=\"https:\/\/fibgar.es\/en\/author\/fibgaradmin\/\">\n\t\tFibgar\t<\/a>\n<\/div><div class=\"edgtf-post-info-category\">\n\t<a href=\"https:\/\/fibgar.es\/en\/category\/articles\/\" rel=\"category tag\">Articles<\/a><\/div><div itemprop=\"dateCreated\" class=\"edgtf-post-info-date entry-date updated\">\n\t\t\t10\/09\/2025\t    <meta itemprop=\"interactionCount\" content=\"UserComments: 0\"\/>\n<\/div>\t\t\t<\/div>\n\n\t\t\t\t\t\t\t<p itemprop=\"description\" class=\"edgtf-excerpt\">In a significant step toward accountability for international crimes, the Lisbon Court of Appeal in Portugal issued a historic conviction against two ...<\/p>\n\t\t\t\t\t\t<a itemprop=\"url\" href=\"https:\/\/fibgar.es\/en\/portugal-issues-historic-ruling-against-two-former-isis-members-with-unitad-support\/\" class=\"edgtf-blog-list-read-more\">Read more<i class=\"arrow_right\"><\/i><\/a>\n\t\t<\/div>\n\t<\/div>\n<\/li>\n<li class=\"edgtf-blog-list-item clearfix\">\n\t<div class=\"edgtf-blog-list-item-inner\">\n\t\t<div class=\"edgtf-item-image\">\n\t\t\t<a itemprop=\"url\" href=\"https:\/\/fibgar.es\/en\/80-years-of-the-un-renewing-global-cooperation-for-a-sustainable-future-un-high-level-week-2025\/\">\n\t\t\t\t<img loading=\"lazy\" decoding=\"async\" width=\"1600\" height=\"900\" src=\"https:\/\/fibgar.es\/wp-content\/uploads\/2025\/09\/POST-GENERICO-21.png\" class=\"attachment-full size-full wp-post-image\" alt=\"\" srcset=\"https:\/\/fibgar.es\/wp-content\/uploads\/2025\/09\/POST-GENERICO-21.png 1600w, https:\/\/fibgar.es\/wp-content\/uploads\/2025\/09\/POST-GENERICO-21-300x169.png 300w, https:\/\/fibgar.es\/wp-content\/uploads\/2025\/09\/POST-GENERICO-21-1024x576.png 1024w, https:\/\/fibgar.es\/wp-content\/uploads\/2025\/09\/POST-GENERICO-21-768x432.png 768w, https:\/\/fibgar.es\/wp-content\/uploads\/2025\/09\/POST-GENERICO-21-1536x864.png 1536w\" sizes=\"auto, (max-width: 1600px) 100vw, 1600px\" \/>\t\t\t<\/a>\n\t\t<\/div>\n\t\t<div class=\"edgtf-item-text-holder\" style=\"background-color:#ffffff;box-shadow:none;\">\n\t\t\t<h3 itemprop=\"name\" class=\"edgtf-item-title entry-title\">\n\t\t\t\t<a itemprop=\"url\" href=\"https:\/\/fibgar.es\/en\/80-years-of-the-un-renewing-global-cooperation-for-a-sustainable-future-un-high-level-week-2025\/\" >\n\t\t\t\t\t80 years of the UN: renewing global cooperation for a sustainable future &#8211; UN High-Level Week 2025\t\t\t\t<\/a>\n\t\t\t<\/h3>\n\n\t\t\t<div class=\"edgtf-item-info-section\">\n\t\t\t\t<div class=\"edgtf-post-info-author\">by\t<a itemprop=\"author\" class=\"edgtf-post-info-author-link\" href=\"https:\/\/fibgar.es\/en\/author\/fibgaradmin\/\">\n\t\tFibgar\t<\/a>\n<\/div><div class=\"edgtf-post-info-category\">\n\t<a href=\"https:\/\/fibgar.es\/en\/category\/articles\/\" rel=\"category tag\">Articles<\/a><\/div><div itemprop=\"dateCreated\" class=\"edgtf-post-info-date entry-date updated\">\n\t\t\t08\/09\/2025\t    <meta itemprop=\"interactionCount\" content=\"UserComments: 0\"\/>\n<\/div>\t\t\t<\/div>\n\n\t\t\t\t\t\t\t<p itemprop=\"description\" class=\"edgtf-excerpt\">The 80th session of the United Nations General Assembly comes at a decisive moment for the international system. Under the motto \u201cTogether we are be...<\/p>\n\t\t\t\t\t\t<a itemprop=\"url\" href=\"https:\/\/fibgar.es\/en\/80-years-of-the-un-renewing-global-cooperation-for-a-sustainable-future-un-high-level-week-2025\/\" class=\"edgtf-blog-list-read-more\">Read more<i class=\"arrow_right\"><\/i><\/a>\n\t\t<\/div>\n\t<\/div>\n<\/li>\n<li class=\"edgtf-blog-list-item clearfix\">\n\t<div class=\"edgtf-blog-list-item-inner\">\n\t\t<div class=\"edgtf-item-image\">\n\t\t\t<a itemprop=\"url\" href=\"https:\/\/fibgar.es\/en\/denmark-incorporates-international-crimes-into-national-legislation-and-strengthens-its-commitment-to-universal-jurisdiction\/\">\n\t\t\t\t<img loading=\"lazy\" decoding=\"async\" width=\"1600\" height=\"900\" src=\"https:\/\/fibgar.es\/wp-content\/uploads\/2025\/09\/POST-GENERICO-18.png\" class=\"attachment-full size-full wp-post-image\" alt=\"\" srcset=\"https:\/\/fibgar.es\/wp-content\/uploads\/2025\/09\/POST-GENERICO-18.png 1600w, https:\/\/fibgar.es\/wp-content\/uploads\/2025\/09\/POST-GENERICO-18-300x169.png 300w, https:\/\/fibgar.es\/wp-content\/uploads\/2025\/09\/POST-GENERICO-18-1024x576.png 1024w, https:\/\/fibgar.es\/wp-content\/uploads\/2025\/09\/POST-GENERICO-18-768x432.png 768w, https:\/\/fibgar.es\/wp-content\/uploads\/2025\/09\/POST-GENERICO-18-1536x864.png 1536w\" sizes=\"auto, (max-width: 1600px) 100vw, 1600px\" \/>\t\t\t<\/a>\n\t\t<\/div>\n\t\t<div class=\"edgtf-item-text-holder\" style=\"background-color:#ffffff;box-shadow:none;\">\n\t\t\t<h3 itemprop=\"name\" class=\"edgtf-item-title entry-title\">\n\t\t\t\t<a itemprop=\"url\" href=\"https:\/\/fibgar.es\/en\/denmark-incorporates-international-crimes-into-national-legislation-and-strengthens-its-commitment-to-universal-jurisdiction\/\" >\n\t\t\t\t\tDenmark Incorporates International Crimes into National Legislation and Strengthens Its Commitment to Universal Jurisdiction\t\t\t\t<\/a>\n\t\t\t<\/h3>\n\n\t\t\t<div class=\"edgtf-item-info-section\">\n\t\t\t\t<div class=\"edgtf-post-info-author\">by\t<a itemprop=\"author\" class=\"edgtf-post-info-author-link\" href=\"https:\/\/fibgar.es\/en\/author\/fibgaradmin\/\">\n\t\tFibgar\t<\/a>\n<\/div><div class=\"edgtf-post-info-category\">\n\t<a href=\"https:\/\/fibgar.es\/en\/category\/articles\/\" rel=\"category tag\">Articles<\/a><\/div><div itemprop=\"dateCreated\" class=\"edgtf-post-info-date entry-date updated\">\n\t\t\t04\/09\/2025\t    <meta itemprop=\"interactionCount\" content=\"UserComments: 0\"\/>\n<\/div>\t\t\t<\/div>\n\n\t\t\t\t\t\t\t<p itemprop=\"description\" class=\"edgtf-excerpt\">The Danish Parliament approved a legislative reform on December 17, 2024; this historic action introduced a new chapter on international crimes into t...<\/p>\n\t\t\t\t\t\t<a itemprop=\"url\" href=\"https:\/\/fibgar.es\/en\/denmark-incorporates-international-crimes-into-national-legislation-and-strengthens-its-commitment-to-universal-jurisdiction\/\" class=\"edgtf-blog-list-read-more\">Read more<i class=\"arrow_right\"><\/i><\/a>\n\t\t<\/div>\n\t<\/div>\n<\/li>\n<li class=\"edgtf-blog-list-item clearfix\">\n\t<div class=\"edgtf-blog-list-item-inner\">\n\t\t<div class=\"edgtf-item-image\">\n\t\t\t<a itemprop=\"url\" href=\"https:\/\/fibgar.es\/en\/spain-launches-the-informant-authority-a-shield-against-reprisals-and-a-key-step-in-the-fight-against-corruption\/\">\n\t\t\t\t<img loading=\"lazy\" decoding=\"async\" width=\"1600\" height=\"900\" src=\"https:\/\/fibgar.es\/wp-content\/uploads\/2025\/09\/POST-GENERICO-16.png\" class=\"attachment-full size-full wp-post-image\" alt=\"\" srcset=\"https:\/\/fibgar.es\/wp-content\/uploads\/2025\/09\/POST-GENERICO-16.png 1600w, https:\/\/fibgar.es\/wp-content\/uploads\/2025\/09\/POST-GENERICO-16-300x169.png 300w, https:\/\/fibgar.es\/wp-content\/uploads\/2025\/09\/POST-GENERICO-16-1024x576.png 1024w, https:\/\/fibgar.es\/wp-content\/uploads\/2025\/09\/POST-GENERICO-16-768x432.png 768w, https:\/\/fibgar.es\/wp-content\/uploads\/2025\/09\/POST-GENERICO-16-1536x864.png 1536w\" sizes=\"auto, (max-width: 1600px) 100vw, 1600px\" \/>\t\t\t<\/a>\n\t\t<\/div>\n\t\t<div class=\"edgtf-item-text-holder\" style=\"background-color:#ffffff;box-shadow:none;\">\n\t\t\t<h3 itemprop=\"name\" class=\"edgtf-item-title entry-title\">\n\t\t\t\t<a itemprop=\"url\" href=\"https:\/\/fibgar.es\/en\/spain-launches-the-informant-authority-a-shield-against-reprisals-and-a-key-step-in-the-fight-against-corruption\/\" >\n\t\t\t\t\tSpain launches the Informant Authority: a shield against reprisals and a key step in the fight against corruption\t\t\t\t<\/a>\n\t\t\t<\/h3>\n\n\t\t\t<div class=\"edgtf-item-info-section\">\n\t\t\t\t<div class=\"edgtf-post-info-author\">by\t<a itemprop=\"author\" class=\"edgtf-post-info-author-link\" href=\"https:\/\/fibgar.es\/en\/author\/fibgaradmin\/\">\n\t\tFibgar\t<\/a>\n<\/div><div class=\"edgtf-post-info-category\">\n\t<a href=\"https:\/\/fibgar.es\/en\/category\/articles\/\" rel=\"category tag\">Articles<\/a><\/div><div itemprop=\"dateCreated\" class=\"edgtf-post-info-date entry-date updated\">\n\t\t\t03\/09\/2025\t    <meta itemprop=\"interactionCount\" content=\"UserComments: 0\"\/>\n<\/div>\t\t\t<\/div>\n\n\t\t\t\t\t\t\t<p itemprop=\"description\" class=\"edgtf-excerpt\">Since September 1, the Independent Authority for the Protection of Informants (AAI) has officially begun operating, a new body created by the Governme...<\/p>\n\t\t\t\t\t\t<a itemprop=\"url\" href=\"https:\/\/fibgar.es\/en\/spain-launches-the-informant-authority-a-shield-against-reprisals-and-a-key-step-in-the-fight-against-corruption\/\" class=\"edgtf-blog-list-read-more\">Read more<i class=\"arrow_right\"><\/i><\/a>\n\t\t<\/div>\n\t<\/div>\n<\/li>\n<li class=\"edgtf-blog-list-item clearfix\">\n\t<div class=\"edgtf-blog-list-item-inner\">\n\t\t<div class=\"edgtf-item-image\">\n\t\t\t<a itemprop=\"url\" href=\"https:\/\/fibgar.es\/en\/universal-jurisdiction-in-cases-of-enforced-disappearance-new-study-by-the-un-working-group\/\">\n\t\t\t\t<img loading=\"lazy\" decoding=\"async\" width=\"1600\" height=\"900\" src=\"https:\/\/fibgar.es\/wp-content\/uploads\/2025\/09\/POST-GENERICO-14.png\" class=\"attachment-full size-full wp-post-image\" alt=\"\" srcset=\"https:\/\/fibgar.es\/wp-content\/uploads\/2025\/09\/POST-GENERICO-14.png 1600w, https:\/\/fibgar.es\/wp-content\/uploads\/2025\/09\/POST-GENERICO-14-300x169.png 300w, https:\/\/fibgar.es\/wp-content\/uploads\/2025\/09\/POST-GENERICO-14-1024x576.png 1024w, https:\/\/fibgar.es\/wp-content\/uploads\/2025\/09\/POST-GENERICO-14-768x432.png 768w, https:\/\/fibgar.es\/wp-content\/uploads\/2025\/09\/POST-GENERICO-14-1536x864.png 1536w\" sizes=\"auto, (max-width: 1600px) 100vw, 1600px\" \/>\t\t\t<\/a>\n\t\t<\/div>\n\t\t<div class=\"edgtf-item-text-holder\" style=\"background-color:#ffffff;box-shadow:none;\">\n\t\t\t<h3 itemprop=\"name\" class=\"edgtf-item-title entry-title\">\n\t\t\t\t<a itemprop=\"url\" href=\"https:\/\/fibgar.es\/en\/universal-jurisdiction-in-cases-of-enforced-disappearance-new-study-by-the-un-working-group\/\" >\n\t\t\t\t\tUniversal jurisdiction in cases of enforced disappearance: new study by the UN Working Group\t\t\t\t<\/a>\n\t\t\t<\/h3>\n\n\t\t\t<div class=\"edgtf-item-info-section\">\n\t\t\t\t<div class=\"edgtf-post-info-author\">by\t<a itemprop=\"author\" class=\"edgtf-post-info-author-link\" href=\"https:\/\/fibgar.es\/en\/author\/fibgaradmin\/\">\n\t\tFibgar\t<\/a>\n<\/div><div class=\"edgtf-post-info-category\">\n\t<a href=\"https:\/\/fibgar.es\/en\/category\/articles\/\" rel=\"category tag\">Articles<\/a><\/div><div itemprop=\"dateCreated\" class=\"edgtf-post-info-date entry-date updated\">\n\t\t\t02\/09\/2025\t    <meta itemprop=\"interactionCount\" content=\"UserComments: 0\"\/>\n<\/div>\t\t\t<\/div>\n\n\t\t\t\t\t\t\t<p itemprop=\"description\" class=\"edgtf-excerpt\">Recently, the United Nations Working Group on Enforced or Involuntary Disappearances published a highly significant study on universal criminal jurisd...<\/p>\n\t\t\t\t\t\t<a itemprop=\"url\" href=\"https:\/\/fibgar.es\/en\/universal-jurisdiction-in-cases-of-enforced-disappearance-new-study-by-the-un-working-group\/\" class=\"edgtf-blog-list-read-more\">Read more<i class=\"arrow_right\"><\/i><\/a>\n\t\t<\/div>\n\t<\/div>\n<\/li>\n<li class=\"edgtf-blog-list-item clearfix\">\n\t<div class=\"edgtf-blog-list-item-inner\">\n\t\t<div class=\"edgtf-item-image\">\n\t\t\t<a itemprop=\"url\" href=\"https:\/\/fibgar.es\/en\/half-justice-the-al-assad-case-and-the-limits-of-immunities-in-the-face-of-international-crimes\/\">\n\t\t\t\t<img loading=\"lazy\" decoding=\"async\" width=\"1600\" height=\"900\" src=\"https:\/\/fibgar.es\/wp-content\/uploads\/2025\/08\/POST-GENERICO-25.png\" class=\"attachment-full size-full wp-post-image\" alt=\"\" srcset=\"https:\/\/fibgar.es\/wp-content\/uploads\/2025\/08\/POST-GENERICO-25.png 1600w, https:\/\/fibgar.es\/wp-content\/uploads\/2025\/08\/POST-GENERICO-25-300x169.png 300w, https:\/\/fibgar.es\/wp-content\/uploads\/2025\/08\/POST-GENERICO-25-1024x576.png 1024w, https:\/\/fibgar.es\/wp-content\/uploads\/2025\/08\/POST-GENERICO-25-768x432.png 768w, https:\/\/fibgar.es\/wp-content\/uploads\/2025\/08\/POST-GENERICO-25-1536x864.png 1536w\" sizes=\"auto, (max-width: 1600px) 100vw, 1600px\" \/>\t\t\t<\/a>\n\t\t<\/div>\n\t\t<div class=\"edgtf-item-text-holder\" style=\"background-color:#ffffff;box-shadow:none;\">\n\t\t\t<h3 itemprop=\"name\" class=\"edgtf-item-title entry-title\">\n\t\t\t\t<a itemprop=\"url\" href=\"https:\/\/fibgar.es\/en\/half-justice-the-al-assad-case-and-the-limits-of-immunities-in-the-face-of-international-crimes\/\" >\n\t\t\t\t\tHalf Justice: The Al-Assad Case and the limits of immunities in the face of international crimes\t\t\t\t<\/a>\n\t\t\t<\/h3>\n\n\t\t\t<div class=\"edgtf-item-info-section\">\n\t\t\t\t<div class=\"edgtf-post-info-author\">by\t<a itemprop=\"author\" class=\"edgtf-post-info-author-link\" href=\"https:\/\/fibgar.es\/en\/author\/fibgaradmin\/\">\n\t\tFibgar\t<\/a>\n<\/div><div class=\"edgtf-post-info-category\">\n\t<a href=\"https:\/\/fibgar.es\/en\/category\/articles\/\" rel=\"category tag\">Articles<\/a><\/div><div itemprop=\"dateCreated\" class=\"edgtf-post-info-date entry-date updated\">\n\t\t\t26\/08\/2025\t    <meta itemprop=\"interactionCount\" content=\"UserComments: 0\"\/>\n<\/div>\t\t\t<\/div>\n\n\t\t\t\t\t\t\t<p itemprop=\"description\" class=\"edgtf-excerpt\">In 2011, the brutal repression of peaceful demonstrations by the Syrian regime marked the beginning of an armed conflict that has left a deep scar on ...<\/p>\n\t\t\t\t\t\t<a itemprop=\"url\" href=\"https:\/\/fibgar.es\/en\/half-justice-the-al-assad-case-and-the-limits-of-immunities-in-the-face-of-international-crimes\/\" class=\"edgtf-blog-list-read-more\">Read more<i class=\"arrow_right\"><\/i><\/a>\n\t\t<\/div>\n\t<\/div>\n<\/li>\n<li class=\"edgtf-blog-list-item clearfix\">\n\t<div class=\"edgtf-blog-list-item-inner\">\n\t\t<div class=\"edgtf-item-image\">\n\t\t\t<a itemprop=\"url\" href=\"https:\/\/fibgar.es\/en\/the-human-rights-committee-urges-spain-to-advance-in-memory-truth-and-reparations\/\">\n\t\t\t\t<img loading=\"lazy\" decoding=\"async\" width=\"1600\" height=\"900\" src=\"https:\/\/fibgar.es\/wp-content\/uploads\/2025\/08\/POST-GENERICO-22.png\" class=\"attachment-full size-full wp-post-image\" alt=\"\" srcset=\"https:\/\/fibgar.es\/wp-content\/uploads\/2025\/08\/POST-GENERICO-22.png 1600w, https:\/\/fibgar.es\/wp-content\/uploads\/2025\/08\/POST-GENERICO-22-300x169.png 300w, https:\/\/fibgar.es\/wp-content\/uploads\/2025\/08\/POST-GENERICO-22-1024x576.png 1024w, https:\/\/fibgar.es\/wp-content\/uploads\/2025\/08\/POST-GENERICO-22-768x432.png 768w, https:\/\/fibgar.es\/wp-content\/uploads\/2025\/08\/POST-GENERICO-22-1536x864.png 1536w\" sizes=\"auto, (max-width: 1600px) 100vw, 1600px\" \/>\t\t\t<\/a>\n\t\t<\/div>\n\t\t<div class=\"edgtf-item-text-holder\" style=\"background-color:#ffffff;box-shadow:none;\">\n\t\t\t<h3 itemprop=\"name\" class=\"edgtf-item-title entry-title\">\n\t\t\t\t<a itemprop=\"url\" href=\"https:\/\/fibgar.es\/en\/the-human-rights-committee-urges-spain-to-advance-in-memory-truth-and-reparations\/\" >\n\t\t\t\t\tThe Human Rights Committee Urges Spain to Advance in Memory, Truth, and Reparations\t\t\t\t<\/a>\n\t\t\t<\/h3>\n\n\t\t\t<div class=\"edgtf-item-info-section\">\n\t\t\t\t<div class=\"edgtf-post-info-author\">by\t<a itemprop=\"author\" class=\"edgtf-post-info-author-link\" href=\"https:\/\/fibgar.es\/en\/author\/fibgaradmin\/\">\n\t\tFibgar\t<\/a>\n<\/div><div class=\"edgtf-post-info-category\">\n\t<a href=\"https:\/\/fibgar.es\/en\/category\/articles\/\" rel=\"category tag\">Articles<\/a><\/div><div itemprop=\"dateCreated\" class=\"edgtf-post-info-date entry-date updated\">\n\t\t\t25\/08\/2025\t    <meta itemprop=\"interactionCount\" content=\"UserComments: 0\"\/>\n<\/div>\t\t\t<\/div>\n\n\t\t\t\t\t\t\t<p itemprop=\"description\" class=\"edgtf-excerpt\">In July, the United Nations Human Rights Committee adopted its seventh periodic report on Spain, which provides an in-depth analysis of the country\u2019...<\/p>\n\t\t\t\t\t\t<a itemprop=\"url\" href=\"https:\/\/fibgar.es\/en\/the-human-rights-committee-urges-spain-to-advance-in-memory-truth-and-reparations\/\" class=\"edgtf-blog-list-read-more\">Read more<i class=\"arrow_right\"><\/i><\/a>\n\t\t<\/div>\n\t<\/div>\n<\/li>\n<li class=\"edgtf-blog-list-item clearfix\">\n\t<div class=\"edgtf-blog-list-item-inner\">\n\t\t<div class=\"edgtf-item-image\">\n\t\t\t<a itemprop=\"url\" href=\"https:\/\/fibgar.es\/en\/european-day-of-remembrance-for-victims-of-all-totalitarian-and-authoritarian-regimes-the-threat-that-never-rests\/\">\n\t\t\t\t<img loading=\"lazy\" decoding=\"async\" width=\"1600\" height=\"900\" src=\"https:\/\/fibgar.es\/wp-content\/uploads\/2025\/07\/DIA-INTERNACIONAL-6.png\" class=\"attachment-full size-full wp-post-image\" alt=\"\" srcset=\"https:\/\/fibgar.es\/wp-content\/uploads\/2025\/07\/DIA-INTERNACIONAL-6.png 1600w, https:\/\/fibgar.es\/wp-content\/uploads\/2025\/07\/DIA-INTERNACIONAL-6-300x169.png 300w, https:\/\/fibgar.es\/wp-content\/uploads\/2025\/07\/DIA-INTERNACIONAL-6-1024x576.png 1024w, https:\/\/fibgar.es\/wp-content\/uploads\/2025\/07\/DIA-INTERNACIONAL-6-768x432.png 768w, https:\/\/fibgar.es\/wp-content\/uploads\/2025\/07\/DIA-INTERNACIONAL-6-1536x864.png 1536w\" sizes=\"auto, (max-width: 1600px) 100vw, 1600px\" \/>\t\t\t<\/a>\n\t\t<\/div>\n\t\t<div class=\"edgtf-item-text-holder\" style=\"background-color:#ffffff;box-shadow:none;\">\n\t\t\t<h3 itemprop=\"name\" class=\"edgtf-item-title entry-title\">\n\t\t\t\t<a itemprop=\"url\" href=\"https:\/\/fibgar.es\/en\/european-day-of-remembrance-for-victims-of-all-totalitarian-and-authoritarian-regimes-the-threat-that-never-rests\/\" >\n\t\t\t\t\tEuropean Day of Remembrance for Victims of All Totalitarian and Authoritarian Regimes: the threat that never rests\t\t\t\t<\/a>\n\t\t\t<\/h3>\n\n\t\t\t<div class=\"edgtf-item-info-section\">\n\t\t\t\t<div class=\"edgtf-post-info-author\">by\t<a itemprop=\"author\" class=\"edgtf-post-info-author-link\" href=\"https:\/\/fibgar.es\/en\/author\/fibgaradmin\/\">\n\t\tFibgar\t<\/a>\n<\/div><div class=\"edgtf-post-info-category\">\n\t<a href=\"https:\/\/fibgar.es\/en\/category\/articles\/\" rel=\"category tag\">Articles<\/a><\/div><div itemprop=\"dateCreated\" class=\"edgtf-post-info-date entry-date updated\">\n\t\t\t23\/08\/2025\t    <meta itemprop=\"interactionCount\" content=\"UserComments: 0\"\/>\n<\/div>\t\t\t<\/div>\n\n\t\t\t\t\t\t\t<p itemprop=\"description\" class=\"edgtf-excerpt\">Commemorating the victims of Nazism and Stalinism today is essential. Not only because the victims and survivors of such systems of hatred and repress...<\/p>\n\t\t\t\t\t\t<a itemprop=\"url\" href=\"https:\/\/fibgar.es\/en\/european-day-of-remembrance-for-victims-of-all-totalitarian-and-authoritarian-regimes-the-threat-that-never-rests\/\" class=\"edgtf-blog-list-read-more\">Read more<i class=\"arrow_right\"><\/i><\/a>\n\t\t<\/div>\n\t<\/div>\n<\/li>\n<li class=\"edgtf-blog-list-item clearfix\">\n\t<div class=\"edgtf-blog-list-item-inner\">\n\t\t<div class=\"edgtf-item-image\">\n\t\t\t<a itemprop=\"url\" href=\"https:\/\/fibgar.es\/en\/is-the-arab-league-pushing-for-a-unified-arab-charter-on-universal-jurisdiction\/\">\n\t\t\t\t<img loading=\"lazy\" decoding=\"async\" width=\"1600\" height=\"900\" src=\"https:\/\/fibgar.es\/wp-content\/uploads\/2025\/08\/POST-GENERICO-18.png\" class=\"attachment-full size-full wp-post-image\" alt=\"\" srcset=\"https:\/\/fibgar.es\/wp-content\/uploads\/2025\/08\/POST-GENERICO-18.png 1600w, https:\/\/fibgar.es\/wp-content\/uploads\/2025\/08\/POST-GENERICO-18-300x169.png 300w, https:\/\/fibgar.es\/wp-content\/uploads\/2025\/08\/POST-GENERICO-18-1024x576.png 1024w, https:\/\/fibgar.es\/wp-content\/uploads\/2025\/08\/POST-GENERICO-18-768x432.png 768w, https:\/\/fibgar.es\/wp-content\/uploads\/2025\/08\/POST-GENERICO-18-1536x864.png 1536w\" sizes=\"auto, (max-width: 1600px) 100vw, 1600px\" \/>\t\t\t<\/a>\n\t\t<\/div>\n\t\t<div class=\"edgtf-item-text-holder\" style=\"background-color:#ffffff;box-shadow:none;\">\n\t\t\t<h3 itemprop=\"name\" class=\"edgtf-item-title entry-title\">\n\t\t\t\t<a itemprop=\"url\" href=\"https:\/\/fibgar.es\/en\/is-the-arab-league-pushing-for-a-unified-arab-charter-on-universal-jurisdiction\/\" >\n\t\t\t\t\tIs the Arab League Pushing for a Unified Arab Charter on Universal Jurisdiction?\t\t\t\t<\/a>\n\t\t\t<\/h3>\n\n\t\t\t<div class=\"edgtf-item-info-section\">\n\t\t\t\t<div class=\"edgtf-post-info-author\">by\t<a itemprop=\"author\" class=\"edgtf-post-info-author-link\" href=\"https:\/\/fibgar.es\/en\/author\/fibgaradmin\/\">\n\t\tFibgar\t<\/a>\n<\/div><div class=\"edgtf-post-info-category\">\n\t<a href=\"https:\/\/fibgar.es\/en\/category\/articles\/\" rel=\"category tag\">Articles<\/a><\/div><div itemprop=\"dateCreated\" class=\"edgtf-post-info-date entry-date updated\">\n\t\t\t19\/08\/2025\t    <meta itemprop=\"interactionCount\" content=\"UserComments: 0\"\/>\n<\/div>\t\t\t<\/div>\n\n\t\t\t\t\t\t\t<p itemprop=\"description\" class=\"edgtf-excerpt\">At the end of July, the League of Arab States hosted a symposium in Cairo titled \u201cActivating the Role of National Courts in Prosecuting Perpetrators...<\/p>\n\t\t\t\t\t\t<a itemprop=\"url\" href=\"https:\/\/fibgar.es\/en\/is-the-arab-league-pushing-for-a-unified-arab-charter-on-universal-jurisdiction\/\" class=\"edgtf-blog-list-read-more\">Read more<i class=\"arrow_right\"><\/i><\/a>\n\t\t<\/div>\n\t<\/div>\n<\/li>\n<li class=\"edgtf-blog-list-item clearfix\">\n\t<div class=\"edgtf-blog-list-item-inner\">\n\t\t<div class=\"edgtf-item-image\">\n\t\t\t<a itemprop=\"url\" href=\"https:\/\/fibgar.es\/en\/the-human-rights-committee-urges-spain-to-strengthen-the-fight-against-corruption-to-protect-democracy-and-fundamental-rights\/\">\n\t\t\t\t<img loading=\"lazy\" decoding=\"async\" width=\"1600\" height=\"900\" src=\"https:\/\/fibgar.es\/wp-content\/uploads\/2025\/08\/POST-GENERICO-20.png\" class=\"attachment-full size-full wp-post-image\" alt=\"\" srcset=\"https:\/\/fibgar.es\/wp-content\/uploads\/2025\/08\/POST-GENERICO-20.png 1600w, https:\/\/fibgar.es\/wp-content\/uploads\/2025\/08\/POST-GENERICO-20-300x169.png 300w, https:\/\/fibgar.es\/wp-content\/uploads\/2025\/08\/POST-GENERICO-20-1024x576.png 1024w, https:\/\/fibgar.es\/wp-content\/uploads\/2025\/08\/POST-GENERICO-20-768x432.png 768w, https:\/\/fibgar.es\/wp-content\/uploads\/2025\/08\/POST-GENERICO-20-1536x864.png 1536w\" sizes=\"auto, (max-width: 1600px) 100vw, 1600px\" \/>\t\t\t<\/a>\n\t\t<\/div>\n\t\t<div class=\"edgtf-item-text-holder\" style=\"background-color:#ffffff;box-shadow:none;\">\n\t\t\t<h3 itemprop=\"name\" class=\"edgtf-item-title entry-title\">\n\t\t\t\t<a itemprop=\"url\" href=\"https:\/\/fibgar.es\/en\/the-human-rights-committee-urges-spain-to-strengthen-the-fight-against-corruption-to-protect-democracy-and-fundamental-rights\/\" >\n\t\t\t\t\tThe Human Rights Committee urges Spain to strengthen the fight against corruption to protect democracy and fundamental rights\t\t\t\t<\/a>\n\t\t\t<\/h3>\n\n\t\t\t<div class=\"edgtf-item-info-section\">\n\t\t\t\t<div class=\"edgtf-post-info-author\">by\t<a itemprop=\"author\" class=\"edgtf-post-info-author-link\" href=\"https:\/\/fibgar.es\/en\/author\/fibgaradmin\/\">\n\t\tFibgar\t<\/a>\n<\/div><div class=\"edgtf-post-info-category\">\n\t<a href=\"https:\/\/fibgar.es\/en\/category\/articles\/\" rel=\"category tag\">Articles<\/a><\/div><div itemprop=\"dateCreated\" class=\"edgtf-post-info-date entry-date updated\">\n\t\t\t15\/08\/2025\t    <meta itemprop=\"interactionCount\" content=\"UserComments: 0\"\/>\n<\/div>\t\t\t<\/div>\n\n\t\t\t\t\t\t\t<p itemprop=\"description\" class=\"edgtf-excerpt\">In july, the United Nations Human Rights Committee adopted its seventh periodic report on Spain, evaluating the country\u2019s compliance with the Intern...<\/p>\n\t\t\t\t\t\t<a itemprop=\"url\" href=\"https:\/\/fibgar.es\/en\/the-human-rights-committee-urges-spain-to-strengthen-the-fight-against-corruption-to-protect-democracy-and-fundamental-rights\/\" class=\"edgtf-blog-list-read-more\">Read more<i class=\"arrow_right\"><\/i><\/a>\n\t\t<\/div>\n\t<\/div>\n<\/li>\n<li class=\"edgtf-blog-list-item clearfix\">\n\t<div class=\"edgtf-blog-list-item-inner\">\n\t\t<div class=\"edgtf-item-image\">\n\t\t\t<a itemprop=\"url\" href=\"https:\/\/fibgar.es\/en\/germany-strengthens-its-legal-framework-for-universal-jurisdiction-and-consolidates-its-role-as-a-leader-in-international-criminal-justice\/\">\n\t\t\t\t<img loading=\"lazy\" decoding=\"async\" width=\"1600\" height=\"900\" src=\"https:\/\/fibgar.es\/wp-content\/uploads\/2025\/08\/POST-GENERICO-15.png\" class=\"attachment-full size-full wp-post-image\" alt=\"\" srcset=\"https:\/\/fibgar.es\/wp-content\/uploads\/2025\/08\/POST-GENERICO-15.png 1600w, https:\/\/fibgar.es\/wp-content\/uploads\/2025\/08\/POST-GENERICO-15-300x169.png 300w, https:\/\/fibgar.es\/wp-content\/uploads\/2025\/08\/POST-GENERICO-15-1024x576.png 1024w, https:\/\/fibgar.es\/wp-content\/uploads\/2025\/08\/POST-GENERICO-15-768x432.png 768w, https:\/\/fibgar.es\/wp-content\/uploads\/2025\/08\/POST-GENERICO-15-1536x864.png 1536w\" sizes=\"auto, (max-width: 1600px) 100vw, 1600px\" \/>\t\t\t<\/a>\n\t\t<\/div>\n\t\t<div class=\"edgtf-item-text-holder\" style=\"background-color:#ffffff;box-shadow:none;\">\n\t\t\t<h3 itemprop=\"name\" class=\"edgtf-item-title entry-title\">\n\t\t\t\t<a itemprop=\"url\" href=\"https:\/\/fibgar.es\/en\/germany-strengthens-its-legal-framework-for-universal-jurisdiction-and-consolidates-its-role-as-a-leader-in-international-criminal-justice\/\" >\n\t\t\t\t\tGermany strengthens its legal framework for universal jurisdiction and consolidates its role as a leader in international criminal justice\t\t\t\t<\/a>\n\t\t\t<\/h3>\n\n\t\t\t<div class=\"edgtf-item-info-section\">\n\t\t\t\t<div class=\"edgtf-post-info-author\">by\t<a itemprop=\"author\" class=\"edgtf-post-info-author-link\" href=\"https:\/\/fibgar.es\/en\/author\/fibgaradmin\/\">\n\t\tFibgar\t<\/a>\n<\/div><div class=\"edgtf-post-info-category\">\n\t<a href=\"https:\/\/fibgar.es\/en\/category\/articles\/\" rel=\"category tag\">Articles<\/a><\/div><div itemprop=\"dateCreated\" class=\"edgtf-post-info-date entry-date updated\">\n\t\t\t13\/08\/2025\t    <meta itemprop=\"interactionCount\" content=\"UserComments: 0\"\/>\n<\/div>\t\t\t<\/div>\n\n\t\t\t\t\t\t\t<p itemprop=\"description\" class=\"edgtf-excerpt\">On June 6, 2024, the German Parliament approved a landmark legislative reform: the Law for the Development of International Criminal Law, which came i...<\/p>\n\t\t\t\t\t\t<a itemprop=\"url\" href=\"https:\/\/fibgar.es\/en\/germany-strengthens-its-legal-framework-for-universal-jurisdiction-and-consolidates-its-role-as-a-leader-in-international-criminal-justice\/\" class=\"edgtf-blog-list-read-more\">Read more<i class=\"arrow_right\"><\/i><\/a>\n\t\t<\/div>\n\t<\/div>\n<\/li>\n<li class=\"edgtf-blog-list-item clearfix\">\n\t<div class=\"edgtf-blog-list-item-inner\">\n\t\t<div class=\"edgtf-item-image\">\n\t\t\t<a itemprop=\"url\" href=\"https:\/\/fibgar.es\/en\/non-negotiable-indigenous-rights-amid-surveillance-and-global-neglect\/\">\n\t\t\t\t<img loading=\"lazy\" decoding=\"async\" width=\"1600\" height=\"900\" src=\"https:\/\/fibgar.es\/wp-content\/uploads\/2025\/08\/DIA-INTERNACIONAL-8.png\" class=\"attachment-full size-full wp-post-image\" alt=\"\" srcset=\"https:\/\/fibgar.es\/wp-content\/uploads\/2025\/08\/DIA-INTERNACIONAL-8.png 1600w, https:\/\/fibgar.es\/wp-content\/uploads\/2025\/08\/DIA-INTERNACIONAL-8-300x169.png 300w, https:\/\/fibgar.es\/wp-content\/uploads\/2025\/08\/DIA-INTERNACIONAL-8-1024x576.png 1024w, https:\/\/fibgar.es\/wp-content\/uploads\/2025\/08\/DIA-INTERNACIONAL-8-768x432.png 768w, https:\/\/fibgar.es\/wp-content\/uploads\/2025\/08\/DIA-INTERNACIONAL-8-1536x864.png 1536w\" sizes=\"auto, (max-width: 1600px) 100vw, 1600px\" \/>\t\t\t<\/a>\n\t\t<\/div>\n\t\t<div class=\"edgtf-item-text-holder\" style=\"background-color:#ffffff;box-shadow:none;\">\n\t\t\t<h3 itemprop=\"name\" class=\"edgtf-item-title entry-title\">\n\t\t\t\t<a itemprop=\"url\" href=\"https:\/\/fibgar.es\/en\/non-negotiable-indigenous-rights-amid-surveillance-and-global-neglect\/\" >\n\t\t\t\t\tNon-Negotiable: Indigenous Rights Amid Surveillance and Global Neglect\t\t\t\t<\/a>\n\t\t\t<\/h3>\n\n\t\t\t<div class=\"edgtf-item-info-section\">\n\t\t\t\t<div class=\"edgtf-post-info-author\">by\t<a itemprop=\"author\" class=\"edgtf-post-info-author-link\" href=\"https:\/\/fibgar.es\/en\/author\/fibgaradmin\/\">\n\t\tFibgar\t<\/a>\n<\/div><div class=\"edgtf-post-info-category\">\n\t<a href=\"https:\/\/fibgar.es\/en\/category\/articles\/\" rel=\"category tag\">Articles<\/a><\/div><div itemprop=\"dateCreated\" class=\"edgtf-post-info-date entry-date updated\">\n\t\t\t09\/08\/2025\t    <meta itemprop=\"interactionCount\" content=\"UserComments: 0\"\/>\n<\/div>\t\t\t<\/div>\n\n\t\t\t\t\t\t\t<p itemprop=\"description\" class=\"edgtf-excerpt\">Every August 9th marks the International Day of the World\u2019s Indigenous Peoples, a date proclaimed by the United Nations to recognize the history, cu...<\/p>\n\t\t\t\t\t\t<a itemprop=\"url\" href=\"https:\/\/fibgar.es\/en\/non-negotiable-indigenous-rights-amid-surveillance-and-global-neglect\/\" class=\"edgtf-blog-list-read-more\">Read more<i class=\"arrow_right\"><\/i><\/a>\n\t\t<\/div>\n\t<\/div>\n<\/li>\n<li class=\"edgtf-blog-list-item clearfix\">\n\t<div class=\"edgtf-blog-list-item-inner\">\n\t\t<div class=\"edgtf-item-image\">\n\t\t\t<a itemprop=\"url\" href=\"https:\/\/fibgar.es\/en\/universal-jurisdiction-in-spain-the-madleen-case-reopens-the-debate-on-impunity\/\">\n\t\t\t\t<img loading=\"lazy\" decoding=\"async\" width=\"1600\" height=\"900\" src=\"https:\/\/fibgar.es\/wp-content\/uploads\/2025\/08\/POST-GENERICO-13.png\" class=\"attachment-full size-full wp-post-image\" alt=\"\" srcset=\"https:\/\/fibgar.es\/wp-content\/uploads\/2025\/08\/POST-GENERICO-13.png 1600w, https:\/\/fibgar.es\/wp-content\/uploads\/2025\/08\/POST-GENERICO-13-300x169.png 300w, https:\/\/fibgar.es\/wp-content\/uploads\/2025\/08\/POST-GENERICO-13-1024x576.png 1024w, https:\/\/fibgar.es\/wp-content\/uploads\/2025\/08\/POST-GENERICO-13-768x432.png 768w, https:\/\/fibgar.es\/wp-content\/uploads\/2025\/08\/POST-GENERICO-13-1536x864.png 1536w\" sizes=\"auto, (max-width: 1600px) 100vw, 1600px\" \/>\t\t\t<\/a>\n\t\t<\/div>\n\t\t<div class=\"edgtf-item-text-holder\" style=\"background-color:#ffffff;box-shadow:none;\">\n\t\t\t<h3 itemprop=\"name\" class=\"edgtf-item-title entry-title\">\n\t\t\t\t<a itemprop=\"url\" href=\"https:\/\/fibgar.es\/en\/universal-jurisdiction-in-spain-the-madleen-case-reopens-the-debate-on-impunity\/\" >\n\t\t\t\t\tUniversal Jurisdiction in Spain: The Madleen Case Reopens the Debate on Impunity\t\t\t\t<\/a>\n\t\t\t<\/h3>\n\n\t\t\t<div class=\"edgtf-item-info-section\">\n\t\t\t\t<div class=\"edgtf-post-info-author\">by\t<a itemprop=\"author\" class=\"edgtf-post-info-author-link\" href=\"https:\/\/fibgar.es\/en\/author\/fibgaradmin\/\">\n\t\tFibgar\t<\/a>\n<\/div><div class=\"edgtf-post-info-category\">\n\t<a href=\"https:\/\/fibgar.es\/en\/category\/articles\/\" rel=\"category tag\">Articles<\/a><\/div><div itemprop=\"dateCreated\" class=\"edgtf-post-info-date entry-date updated\">\n\t\t\t08\/08\/2025\t    <meta itemprop=\"interactionCount\" content=\"UserComments: 0\"\/>\n<\/div>\t\t\t<\/div>\n\n\t\t\t\t\t\t\t<p itemprop=\"description\" class=\"edgtf-excerpt\">The Freedom Flotilla Coalition (FFC) is an international grassroots solidarity movement that brings together campaigns and initiatives from various co...<\/p>\n\t\t\t\t\t\t<a itemprop=\"url\" href=\"https:\/\/fibgar.es\/en\/universal-jurisdiction-in-spain-the-madleen-case-reopens-the-debate-on-impunity\/\" class=\"edgtf-blog-list-read-more\">Read more<i class=\"arrow_right\"><\/i><\/a>\n\t\t<\/div>\n\t<\/div>\n<\/li>\n<li class=\"edgtf-blog-list-item clearfix\">\n\t<div class=\"edgtf-blog-list-item-inner\">\n\t\t<div class=\"edgtf-item-image\">\n\t\t\t<a itemprop=\"url\" href=\"https:\/\/fibgar.es\/en\/the-human-rights-committee-urges-spain-to-protect-freedom-of-expression-and-human-rights-defenders\/\">\n\t\t\t\t<img loading=\"lazy\" decoding=\"async\" width=\"1600\" height=\"900\" src=\"https:\/\/fibgar.es\/wp-content\/uploads\/2025\/08\/POST-GENERICO-11.png\" class=\"attachment-full size-full wp-post-image\" alt=\"\" srcset=\"https:\/\/fibgar.es\/wp-content\/uploads\/2025\/08\/POST-GENERICO-11.png 1600w, https:\/\/fibgar.es\/wp-content\/uploads\/2025\/08\/POST-GENERICO-11-300x169.png 300w, https:\/\/fibgar.es\/wp-content\/uploads\/2025\/08\/POST-GENERICO-11-1024x576.png 1024w, https:\/\/fibgar.es\/wp-content\/uploads\/2025\/08\/POST-GENERICO-11-768x432.png 768w, https:\/\/fibgar.es\/wp-content\/uploads\/2025\/08\/POST-GENERICO-11-1536x864.png 1536w\" sizes=\"auto, (max-width: 1600px) 100vw, 1600px\" \/>\t\t\t<\/a>\n\t\t<\/div>\n\t\t<div class=\"edgtf-item-text-holder\" style=\"background-color:#ffffff;box-shadow:none;\">\n\t\t\t<h3 itemprop=\"name\" class=\"edgtf-item-title entry-title\">\n\t\t\t\t<a itemprop=\"url\" href=\"https:\/\/fibgar.es\/en\/the-human-rights-committee-urges-spain-to-protect-freedom-of-expression-and-human-rights-defenders\/\" >\n\t\t\t\t\tThe Human Rights Committee urges Spain to protect freedom of expression and human rights defenders\t\t\t\t<\/a>\n\t\t\t<\/h3>\n\n\t\t\t<div class=\"edgtf-item-info-section\">\n\t\t\t\t<div class=\"edgtf-post-info-author\">by\t<a itemprop=\"author\" class=\"edgtf-post-info-author-link\" href=\"https:\/\/fibgar.es\/en\/author\/fibgaradmin\/\">\n\t\tFibgar\t<\/a>\n<\/div><div class=\"edgtf-post-info-category\">\n\t<a href=\"https:\/\/fibgar.es\/en\/category\/articles\/\" rel=\"category tag\">Articles<\/a><\/div><div itemprop=\"dateCreated\" class=\"edgtf-post-info-date entry-date updated\">\n\t\t\t06\/08\/2025\t    <meta itemprop=\"interactionCount\" content=\"UserComments: 0\"\/>\n<\/div>\t\t\t<\/div>\n\n\t\t\t\t\t\t\t<p itemprop=\"description\" class=\"edgtf-excerpt\">In July, the Human Rights Committee of the United Nations adopted the seventh periodic report on Spain, in which it highlighted key recommendations to...<\/p>\n\t\t\t\t\t\t<a itemprop=\"url\" href=\"https:\/\/fibgar.es\/en\/the-human-rights-committee-urges-spain-to-protect-freedom-of-expression-and-human-rights-defenders\/\" class=\"edgtf-blog-list-read-more\">Read more<i class=\"arrow_right\"><\/i><\/a>\n\t\t<\/div>\n\t<\/div>\n<\/li>\n<li class=\"edgtf-blog-list-item clearfix\">\n\t<div class=\"edgtf-blog-list-item-inner\">\n\t\t<div class=\"edgtf-item-image\">\n\t\t\t<a itemprop=\"url\" href=\"https:\/\/fibgar.es\/en\/human-trafficking-modern-slavery\/\">\n\t\t\t\t<img loading=\"lazy\" decoding=\"async\" width=\"1600\" height=\"900\" src=\"https:\/\/fibgar.es\/wp-content\/uploads\/2025\/07\/DIA-INTERNACIONAL-6-1.png\" class=\"attachment-full size-full wp-post-image\" alt=\"\" srcset=\"https:\/\/fibgar.es\/wp-content\/uploads\/2025\/07\/DIA-INTERNACIONAL-6-1.png 1600w, https:\/\/fibgar.es\/wp-content\/uploads\/2025\/07\/DIA-INTERNACIONAL-6-1-300x169.png 300w, https:\/\/fibgar.es\/wp-content\/uploads\/2025\/07\/DIA-INTERNACIONAL-6-1-1024x576.png 1024w, https:\/\/fibgar.es\/wp-content\/uploads\/2025\/07\/DIA-INTERNACIONAL-6-1-768x432.png 768w, https:\/\/fibgar.es\/wp-content\/uploads\/2025\/07\/DIA-INTERNACIONAL-6-1-1536x864.png 1536w\" sizes=\"auto, (max-width: 1600px) 100vw, 1600px\" \/>\t\t\t<\/a>\n\t\t<\/div>\n\t\t<div class=\"edgtf-item-text-holder\" style=\"background-color:#ffffff;box-shadow:none;\">\n\t\t\t<h3 itemprop=\"name\" class=\"edgtf-item-title entry-title\">\n\t\t\t\t<a itemprop=\"url\" href=\"https:\/\/fibgar.es\/en\/human-trafficking-modern-slavery\/\" >\n\t\t\t\t\tHuman trafficking: modern slavery\t\t\t\t<\/a>\n\t\t\t<\/h3>\n\n\t\t\t<div class=\"edgtf-item-info-section\">\n\t\t\t\t<div class=\"edgtf-post-info-author\">by\t<a itemprop=\"author\" class=\"edgtf-post-info-author-link\" href=\"https:\/\/fibgar.es\/en\/author\/fibgaradmin\/\">\n\t\tFibgar\t<\/a>\n<\/div><div class=\"edgtf-post-info-category\">\n\t<a href=\"https:\/\/fibgar.es\/en\/category\/articles\/\" rel=\"category tag\">Articles<\/a><\/div><div itemprop=\"dateCreated\" class=\"edgtf-post-info-date entry-date updated\">\n\t\t\t30\/07\/2025\t    <meta itemprop=\"interactionCount\" content=\"UserComments: 0\"\/>\n<\/div>\t\t\t<\/div>\n\n\t\t\t\t\t\t\t<p itemprop=\"description\" class=\"edgtf-excerpt\">Human trafficking is a serious violation of human rights that directly threatens basic guarantees such as life, liberty, and security. Traffickers str...<\/p>\n\t\t\t\t\t\t<a itemprop=\"url\" href=\"https:\/\/fibgar.es\/en\/human-trafficking-modern-slavery\/\" class=\"edgtf-blog-list-read-more\">Read more<i class=\"arrow_right\"><\/i><\/a>\n\t\t<\/div>\n\t<\/div>\n<\/li>\n<li class=\"edgtf-blog-list-item clearfix\">\n\t<div class=\"edgtf-blog-list-item-inner\">\n\t\t<div class=\"edgtf-item-image\">\n\t\t\t<a itemprop=\"url\" href=\"https:\/\/fibgar.es\/en\/renewing-the-aight-against-organised-crime-from-the-bottom-up-citizenship-youth-and-democracy-in-the-face-of-a-growing-threat\/\">\n\t\t\t\t<img loading=\"lazy\" decoding=\"async\" width=\"1600\" height=\"900\" src=\"https:\/\/fibgar.es\/wp-content\/uploads\/2025\/07\/POST-GENERICO-2.png\" class=\"attachment-full size-full wp-post-image\" alt=\"\" srcset=\"https:\/\/fibgar.es\/wp-content\/uploads\/2025\/07\/POST-GENERICO-2.png 1600w, https:\/\/fibgar.es\/wp-content\/uploads\/2025\/07\/POST-GENERICO-2-300x169.png 300w, https:\/\/fibgar.es\/wp-content\/uploads\/2025\/07\/POST-GENERICO-2-1024x576.png 1024w, https:\/\/fibgar.es\/wp-content\/uploads\/2025\/07\/POST-GENERICO-2-768x432.png 768w, https:\/\/fibgar.es\/wp-content\/uploads\/2025\/07\/POST-GENERICO-2-1536x864.png 1536w\" sizes=\"auto, (max-width: 1600px) 100vw, 1600px\" \/>\t\t\t<\/a>\n\t\t<\/div>\n\t\t<div class=\"edgtf-item-text-holder\" style=\"background-color:#ffffff;box-shadow:none;\">\n\t\t\t<h3 itemprop=\"name\" class=\"edgtf-item-title entry-title\">\n\t\t\t\t<a itemprop=\"url\" href=\"https:\/\/fibgar.es\/en\/renewing-the-aight-against-organised-crime-from-the-bottom-up-citizenship-youth-and-democracy-in-the-face-of-a-growing-threat\/\" >\n\t\t\t\t\tRenewing the aight Against organised crime from the bottom up: citizenship, youth, and democracy in the face of a growing threat\t\t\t\t<\/a>\n\t\t\t<\/h3>\n\n\t\t\t<div class=\"edgtf-item-info-section\">\n\t\t\t\t<div class=\"edgtf-post-info-author\">by\t<a itemprop=\"author\" class=\"edgtf-post-info-author-link\" href=\"https:\/\/fibgar.es\/en\/author\/fibgaradmin\/\">\n\t\tFibgar\t<\/a>\n<\/div><div class=\"edgtf-post-info-category\">\n\t<a href=\"https:\/\/fibgar.es\/en\/category\/articles\/\" rel=\"category tag\">Articles<\/a><\/div><div itemprop=\"dateCreated\" class=\"edgtf-post-info-date entry-date updated\">\n\t\t\t28\/07\/2025\t    <meta itemprop=\"interactionCount\" content=\"UserComments: 0\"\/>\n<\/div>\t\t\t<\/div>\n\n\t\t\t\t\t\t\t<p itemprop=\"description\" class=\"edgtf-excerpt\">Organised crime is no longer a hidden phenomenon operating on the margins of the system. In Europe, criminal networks operate with alarming sophistica...<\/p>\n\t\t\t\t\t\t<a itemprop=\"url\" href=\"https:\/\/fibgar.es\/en\/renewing-the-aight-against-organised-crime-from-the-bottom-up-citizenship-youth-and-democracy-in-the-face-of-a-growing-threat\/\" class=\"edgtf-blog-list-read-more\">Read more<i class=\"arrow_right\"><\/i><\/a>\n\t\t<\/div>\n\t<\/div>\n<\/li>\n<li class=\"edgtf-blog-list-item clearfix\">\n\t<div class=\"edgtf-blog-list-item-inner\">\n\t\t<div class=\"edgtf-item-image\">\n\t\t\t<a itemprop=\"url\" href=\"https:\/\/fibgar.es\/en\/final-observations-of-the-human-rights-committee-on-spain\/\">\n\t\t\t\t<img loading=\"lazy\" decoding=\"async\" width=\"1600\" height=\"900\" src=\"https:\/\/fibgar.es\/wp-content\/uploads\/2025\/07\/POST-GENERICO-9.png\" class=\"attachment-full size-full wp-post-image\" alt=\"\" srcset=\"https:\/\/fibgar.es\/wp-content\/uploads\/2025\/07\/POST-GENERICO-9.png 1600w, https:\/\/fibgar.es\/wp-content\/uploads\/2025\/07\/POST-GENERICO-9-300x169.png 300w, https:\/\/fibgar.es\/wp-content\/uploads\/2025\/07\/POST-GENERICO-9-1024x576.png 1024w, https:\/\/fibgar.es\/wp-content\/uploads\/2025\/07\/POST-GENERICO-9-768x432.png 768w, https:\/\/fibgar.es\/wp-content\/uploads\/2025\/07\/POST-GENERICO-9-1536x864.png 1536w\" sizes=\"auto, (max-width: 1600px) 100vw, 1600px\" \/>\t\t\t<\/a>\n\t\t<\/div>\n\t\t<div class=\"edgtf-item-text-holder\" style=\"background-color:#ffffff;box-shadow:none;\">\n\t\t\t<h3 itemprop=\"name\" class=\"edgtf-item-title entry-title\">\n\t\t\t\t<a itemprop=\"url\" href=\"https:\/\/fibgar.es\/en\/final-observations-of-the-human-rights-committee-on-spain\/\" >\n\t\t\t\t\tFinal Observations of the Human Rights Committee on Spain\t\t\t\t<\/a>\n\t\t\t<\/h3>\n\n\t\t\t<div class=\"edgtf-item-info-section\">\n\t\t\t\t<div class=\"edgtf-post-info-author\">by\t<a itemprop=\"author\" class=\"edgtf-post-info-author-link\" href=\"https:\/\/fibgar.es\/en\/author\/fibgaradmin\/\">\n\t\tFibgar\t<\/a>\n<\/div><div class=\"edgtf-post-info-category\">\n\t<a href=\"https:\/\/fibgar.es\/en\/category\/articles\/\" rel=\"category tag\">Articles<\/a><\/div><div itemprop=\"dateCreated\" class=\"edgtf-post-info-date entry-date updated\">\n\t\t\t24\/07\/2025\t    <meta itemprop=\"interactionCount\" content=\"UserComments: 0\"\/>\n<\/div>\t\t\t<\/div>\n\n\t\t\t\t\t\t\t<p itemprop=\"description\" class=\"edgtf-excerpt\">On July 18, 2025, the United Nations Human Rights Committee adopted the final observations related to Spain\u2019s seventh periodic report, contained in ...<\/p>\n\t\t\t\t\t\t<a itemprop=\"url\" href=\"https:\/\/fibgar.es\/en\/final-observations-of-the-human-rights-committee-on-spain\/\" class=\"edgtf-blog-list-read-more\">Read more<i class=\"arrow_right\"><\/i><\/a>\n\t\t<\/div>\n\t<\/div>\n<\/li>\n<li class=\"edgtf-blog-list-item clearfix\">\n\t<div class=\"edgtf-blog-list-item-inner\">\n\t\t<div class=\"edgtf-item-image\">\n\t\t\t<a itemprop=\"url\" href=\"https:\/\/fibgar.es\/en\/international-criminal-justice-day-reflection-and-resistance-in-difficult-times\/\">\n\t\t\t\t<img loading=\"lazy\" decoding=\"async\" width=\"1600\" height=\"900\" src=\"https:\/\/fibgar.es\/wp-content\/uploads\/2025\/07\/DIA-INTERNACIONAL-4.png\" class=\"attachment-full size-full wp-post-image\" alt=\"\" srcset=\"https:\/\/fibgar.es\/wp-content\/uploads\/2025\/07\/DIA-INTERNACIONAL-4.png 1600w, https:\/\/fibgar.es\/wp-content\/uploads\/2025\/07\/DIA-INTERNACIONAL-4-300x169.png 300w, https:\/\/fibgar.es\/wp-content\/uploads\/2025\/07\/DIA-INTERNACIONAL-4-1024x576.png 1024w, https:\/\/fibgar.es\/wp-content\/uploads\/2025\/07\/DIA-INTERNACIONAL-4-768x432.png 768w, https:\/\/fibgar.es\/wp-content\/uploads\/2025\/07\/DIA-INTERNACIONAL-4-1536x864.png 1536w\" sizes=\"auto, (max-width: 1600px) 100vw, 1600px\" \/>\t\t\t<\/a>\n\t\t<\/div>\n\t\t<div class=\"edgtf-item-text-holder\" style=\"background-color:#ffffff;box-shadow:none;\">\n\t\t\t<h3 itemprop=\"name\" class=\"edgtf-item-title entry-title\">\n\t\t\t\t<a itemprop=\"url\" href=\"https:\/\/fibgar.es\/en\/international-criminal-justice-day-reflection-and-resistance-in-difficult-times\/\" >\n\t\t\t\t\tInternational Criminal Justice Day: Reflection and Resistance in Difficult Times\t\t\t\t<\/a>\n\t\t\t<\/h3>\n\n\t\t\t<div class=\"edgtf-item-info-section\">\n\t\t\t\t<div class=\"edgtf-post-info-author\">by\t<a itemprop=\"author\" class=\"edgtf-post-info-author-link\" href=\"https:\/\/fibgar.es\/en\/author\/fibgaradmin\/\">\n\t\tFibgar\t<\/a>\n<\/div><div class=\"edgtf-post-info-category\">\n\t<a href=\"https:\/\/fibgar.es\/en\/category\/articles\/\" rel=\"category tag\">Articles<\/a><\/div><div itemprop=\"dateCreated\" class=\"edgtf-post-info-date entry-date updated\">\n\t\t\t17\/07\/2025\t    <meta itemprop=\"interactionCount\" content=\"UserComments: 0\"\/>\n<\/div>\t\t\t<\/div>\n\n\t\t\t\t\t\t\t<p itemprop=\"description\" class=\"edgtf-excerpt\">On this day, July 17, 1998, the Statute of the International Criminal Court (the \u201cICC\u201d) was adopted in Rome by the international community and ent...<\/p>\n\t\t\t\t\t\t<a itemprop=\"url\" href=\"https:\/\/fibgar.es\/en\/international-criminal-justice-day-reflection-and-resistance-in-difficult-times\/\" class=\"edgtf-blog-list-read-more\">Read more<i class=\"arrow_right\"><\/i><\/a>\n\t\t<\/div>\n\t<\/div>\n<\/li>\n<li class=\"edgtf-blog-list-item clearfix\">\n\t<div class=\"edgtf-blog-list-item-inner\">\n\t\t<div class=\"edgtf-item-image\">\n\t\t\t<a itemprop=\"url\" href=\"https:\/\/fibgar.es\/en\/universal-jurisdiction-as-a-tool-against-impunity-a-commitment-reaffirmed-in-bogota\/\">\n\t\t\t\t<img loading=\"lazy\" decoding=\"async\" width=\"1600\" height=\"900\" src=\"https:\/\/fibgar.es\/wp-content\/uploads\/2025\/07\/POST-GENERICO-3.png\" class=\"attachment-full size-full wp-post-image\" alt=\"\" srcset=\"https:\/\/fibgar.es\/wp-content\/uploads\/2025\/07\/POST-GENERICO-3.png 1600w, https:\/\/fibgar.es\/wp-content\/uploads\/2025\/07\/POST-GENERICO-3-300x169.png 300w, https:\/\/fibgar.es\/wp-content\/uploads\/2025\/07\/POST-GENERICO-3-1024x576.png 1024w, https:\/\/fibgar.es\/wp-content\/uploads\/2025\/07\/POST-GENERICO-3-768x432.png 768w, https:\/\/fibgar.es\/wp-content\/uploads\/2025\/07\/POST-GENERICO-3-1536x864.png 1536w\" sizes=\"auto, (max-width: 1600px) 100vw, 1600px\" \/>\t\t\t<\/a>\n\t\t<\/div>\n\t\t<div class=\"edgtf-item-text-holder\" style=\"background-color:#ffffff;box-shadow:none;\">\n\t\t\t<h3 itemprop=\"name\" class=\"edgtf-item-title entry-title\">\n\t\t\t\t<a itemprop=\"url\" href=\"https:\/\/fibgar.es\/en\/universal-jurisdiction-as-a-tool-against-impunity-a-commitment-reaffirmed-in-bogota\/\" >\n\t\t\t\t\tUniversal Jurisdiction as a tool against impunity: a commitment reaffirmed in Bogot\u00e1\t\t\t\t<\/a>\n\t\t\t<\/h3>\n\n\t\t\t<div class=\"edgtf-item-info-section\">\n\t\t\t\t<div class=\"edgtf-post-info-author\">by\t<a itemprop=\"author\" class=\"edgtf-post-info-author-link\" href=\"https:\/\/fibgar.es\/en\/author\/fibgaradmin\/\">\n\t\tFibgar\t<\/a>\n<\/div><div class=\"edgtf-post-info-category\">\n\t<a href=\"https:\/\/fibgar.es\/en\/category\/articles\/\" rel=\"category tag\">Articles<\/a><\/div><div itemprop=\"dateCreated\" class=\"edgtf-post-info-date entry-date updated\">\n\t\t\t17\/07\/2025\t    <meta itemprop=\"interactionCount\" content=\"UserComments: 0\"\/>\n<\/div>\t\t\t<\/div>\n\n\t\t\t\t\t\t\t<p itemprop=\"description\" class=\"edgtf-excerpt\">Yesterday, the Joint Declaration on the Conclusion of the Emergency Conference on Palestine, convened by the Hague Group, was adopted in Bogot\u00e1. This...<\/p>\n\t\t\t\t\t\t<a itemprop=\"url\" href=\"https:\/\/fibgar.es\/en\/universal-jurisdiction-as-a-tool-against-impunity-a-commitment-reaffirmed-in-bogota\/\" class=\"edgtf-blog-list-read-more\">Read more<i class=\"arrow_right\"><\/i><\/a>\n\t\t<\/div>\n\t<\/div>\n<\/li>\n<li class=\"edgtf-blog-list-item clearfix\">\n\t<div class=\"edgtf-blog-list-item-inner\">\n\t\t<div class=\"edgtf-item-image\">\n\t\t\t<a itemprop=\"url\" href=\"https:\/\/fibgar.es\/en\/marias-civil-identity-a-historic-breaktrhough-in-the-enforced-diseappearance-of-minors-in-spain\/\">\n\t\t\t\t<img loading=\"lazy\" decoding=\"async\" width=\"1600\" height=\"900\" src=\"https:\/\/fibgar.es\/wp-content\/uploads\/2025\/07\/POST-GENERICO-2-1.png\" class=\"attachment-full size-full wp-post-image\" alt=\"\" srcset=\"https:\/\/fibgar.es\/wp-content\/uploads\/2025\/07\/POST-GENERICO-2-1.png 1600w, https:\/\/fibgar.es\/wp-content\/uploads\/2025\/07\/POST-GENERICO-2-1-300x169.png 300w, https:\/\/fibgar.es\/wp-content\/uploads\/2025\/07\/POST-GENERICO-2-1-1024x576.png 1024w, https:\/\/fibgar.es\/wp-content\/uploads\/2025\/07\/POST-GENERICO-2-1-768x432.png 768w, https:\/\/fibgar.es\/wp-content\/uploads\/2025\/07\/POST-GENERICO-2-1-1536x864.png 1536w\" sizes=\"auto, (max-width: 1600px) 100vw, 1600px\" \/>\t\t\t<\/a>\n\t\t<\/div>\n\t\t<div class=\"edgtf-item-text-holder\" style=\"background-color:#ffffff;box-shadow:none;\">\n\t\t\t<h3 itemprop=\"name\" class=\"edgtf-item-title entry-title\">\n\t\t\t\t<a itemprop=\"url\" href=\"https:\/\/fibgar.es\/en\/marias-civil-identity-a-historic-breaktrhough-in-the-enforced-diseappearance-of-minors-in-spain\/\" >\n\t\t\t\t\tMar\u00eda\u2019s civil identity: a historic breaktrhough in the enforced diseappearance of minors in Spain\t\t\t\t<\/a>\n\t\t\t<\/h3>\n\n\t\t\t<div class=\"edgtf-item-info-section\">\n\t\t\t\t<div class=\"edgtf-post-info-author\">by\t<a itemprop=\"author\" class=\"edgtf-post-info-author-link\" href=\"https:\/\/fibgar.es\/en\/author\/fibgaradmin\/\">\n\t\tFibgar\t<\/a>\n<\/div><div class=\"edgtf-post-info-category\">\n\t<a href=\"https:\/\/fibgar.es\/en\/category\/articles\/\" rel=\"category tag\">Articles<\/a><\/div><div itemprop=\"dateCreated\" class=\"edgtf-post-info-date entry-date updated\">\n\t\t\t15\/07\/2025\t    <meta itemprop=\"interactionCount\" content=\"UserComments: 0\"\/>\n<\/div>\t\t\t<\/div>\n\n\t\t\t\t\t\t\t<p itemprop=\"description\" class=\"edgtf-excerpt\">On 8 July, Mar\u00eda Bueno, president of the Alumbra Association and the International Platform Te Estamos Buscando (We Are Looking for You), received an...<\/p>\n\t\t\t\t\t\t<a itemprop=\"url\" href=\"https:\/\/fibgar.es\/en\/marias-civil-identity-a-historic-breaktrhough-in-the-enforced-diseappearance-of-minors-in-spain\/\" class=\"edgtf-blog-list-read-more\">Read more<i class=\"arrow_right\"><\/i><\/a>\n\t\t<\/div>\n\t<\/div>\n<\/li>\n<li class=\"edgtf-blog-list-item clearfix\">\n\t<div class=\"edgtf-blog-list-item-inner\">\n\t\t<div class=\"edgtf-item-image\">\n\t\t\t<a itemprop=\"url\" href=\"https:\/\/fibgar.es\/en\/srebrenica-30-years-later-memory-against-oblivion\/\">\n\t\t\t\t<img loading=\"lazy\" decoding=\"async\" width=\"1600\" height=\"900\" src=\"https:\/\/fibgar.es\/wp-content\/uploads\/2025\/07\/DIA-INTERNACIONAL-2-1.png\" class=\"attachment-full size-full wp-post-image\" alt=\"\" srcset=\"https:\/\/fibgar.es\/wp-content\/uploads\/2025\/07\/DIA-INTERNACIONAL-2-1.png 1600w, https:\/\/fibgar.es\/wp-content\/uploads\/2025\/07\/DIA-INTERNACIONAL-2-1-300x169.png 300w, https:\/\/fibgar.es\/wp-content\/uploads\/2025\/07\/DIA-INTERNACIONAL-2-1-1024x576.png 1024w, https:\/\/fibgar.es\/wp-content\/uploads\/2025\/07\/DIA-INTERNACIONAL-2-1-768x432.png 768w, https:\/\/fibgar.es\/wp-content\/uploads\/2025\/07\/DIA-INTERNACIONAL-2-1-1536x864.png 1536w\" sizes=\"auto, (max-width: 1600px) 100vw, 1600px\" \/>\t\t\t<\/a>\n\t\t<\/div>\n\t\t<div class=\"edgtf-item-text-holder\" style=\"background-color:#ffffff;box-shadow:none;\">\n\t\t\t<h3 itemprop=\"name\" class=\"edgtf-item-title entry-title\">\n\t\t\t\t<a itemprop=\"url\" href=\"https:\/\/fibgar.es\/en\/srebrenica-30-years-later-memory-against-oblivion\/\" >\n\t\t\t\t\tSrebrenica, 30 years later: Memory against oblivion\t\t\t\t<\/a>\n\t\t\t<\/h3>\n\n\t\t\t<div class=\"edgtf-item-info-section\">\n\t\t\t\t<div class=\"edgtf-post-info-author\">by\t<a itemprop=\"author\" class=\"edgtf-post-info-author-link\" href=\"https:\/\/fibgar.es\/en\/author\/fibgaradmin\/\">\n\t\tFibgar\t<\/a>\n<\/div><div class=\"edgtf-post-info-category\">\n\t<a href=\"https:\/\/fibgar.es\/en\/category\/articles\/\" rel=\"category tag\">Articles<\/a>, <a href=\"https:\/\/fibgar.es\/category\/articulos\/\" rel=\"category tag\">Art\u00edculos<\/a><\/div><div itemprop=\"dateCreated\" class=\"edgtf-post-info-date entry-date updated\">\n\t\t\t11\/07\/2025\t    <meta itemprop=\"interactionCount\" content=\"UserComments: 0\"\/>\n<\/div>\t\t\t<\/div>\n\n\t\t\t\t\t\t\t<p itemprop=\"description\" class=\"edgtf-excerpt\">2025 marks 30 years since the Srebrenica genocide, one of the greatest tragedies in Europe since World War II. To mark this commemoration, the United ...<\/p>\n\t\t\t\t\t\t<a itemprop=\"url\" href=\"https:\/\/fibgar.es\/en\/srebrenica-30-years-later-memory-against-oblivion\/\" class=\"edgtf-blog-list-read-more\">Read more<i class=\"arrow_right\"><\/i><\/a>\n\t\t<\/div>\n\t<\/div>\n<\/li>\n<li class=\"edgtf-blog-list-item clearfix\">\n\t<div class=\"edgtf-blog-list-item-inner\">\n\t\t<div class=\"edgtf-item-image\">\n\t\t\t<a itemprop=\"url\" href=\"https:\/\/fibgar.es\/en\/disinformation-and-democracy-a-necessary-reflection-from-torres\/\">\n\t\t\t\t<img loading=\"lazy\" decoding=\"async\" width=\"1600\" height=\"900\" src=\"https:\/\/fibgar.es\/wp-content\/uploads\/2025\/07\/DIA-INTERNACIONAL.jpg\" class=\"attachment-full size-full wp-post-image\" alt=\"\" srcset=\"https:\/\/fibgar.es\/wp-content\/uploads\/2025\/07\/DIA-INTERNACIONAL.jpg 1600w, https:\/\/fibgar.es\/wp-content\/uploads\/2025\/07\/DIA-INTERNACIONAL-300x169.jpg 300w, https:\/\/fibgar.es\/wp-content\/uploads\/2025\/07\/DIA-INTERNACIONAL-1024x576.jpg 1024w, https:\/\/fibgar.es\/wp-content\/uploads\/2025\/07\/DIA-INTERNACIONAL-768x432.jpg 768w, https:\/\/fibgar.es\/wp-content\/uploads\/2025\/07\/DIA-INTERNACIONAL-1536x864.jpg 1536w\" sizes=\"auto, (max-width: 1600px) 100vw, 1600px\" \/>\t\t\t<\/a>\n\t\t<\/div>\n\t\t<div class=\"edgtf-item-text-holder\" style=\"background-color:#ffffff;box-shadow:none;\">\n\t\t\t<h3 itemprop=\"name\" class=\"edgtf-item-title entry-title\">\n\t\t\t\t<a itemprop=\"url\" href=\"https:\/\/fibgar.es\/en\/disinformation-and-democracy-a-necessary-reflection-from-torres\/\" >\n\t\t\t\t\tDisinformation and Democracy: A Necessary Reflection from Torres\t\t\t\t<\/a>\n\t\t\t<\/h3>\n\n\t\t\t<div class=\"edgtf-item-info-section\">\n\t\t\t\t<div class=\"edgtf-post-info-author\">by\t<a itemprop=\"author\" class=\"edgtf-post-info-author-link\" href=\"https:\/\/fibgar.es\/en\/author\/fibgaradmin\/\">\n\t\tFibgar\t<\/a>\n<\/div><div class=\"edgtf-post-info-category\">\n\t<a href=\"https:\/\/fibgar.es\/en\/category\/articles\/\" rel=\"category tag\">Articles<\/a><\/div><div itemprop=\"dateCreated\" class=\"edgtf-post-info-date entry-date updated\">\n\t\t\t08\/07\/2025\t    <meta itemprop=\"interactionCount\" content=\"UserComments: 0\"\/>\n<\/div>\t\t\t<\/div>\n\n\t\t\t\t\t\t\t<p itemprop=\"description\" class=\"edgtf-excerpt\">On July 7 and 8, 2025, the 19th edition of the Summer Courses of the University of Ja\u00e9n was held in the town of Torres, located in the province of Ja...<\/p>\n\t\t\t\t\t\t<a itemprop=\"url\" href=\"https:\/\/fibgar.es\/en\/disinformation-and-democracy-a-necessary-reflection-from-torres\/\" class=\"edgtf-blog-list-read-more\">Read more<i class=\"arrow_right\"><\/i><\/a>\n\t\t<\/div>\n\t<\/div>\n<\/li>\n<li class=\"edgtf-blog-list-item clearfix\">\n\t<div class=\"edgtf-blog-list-item-inner\">\n\t\t<div class=\"edgtf-item-image\">\n\t\t\t<a itemprop=\"url\" href=\"https:\/\/fibgar.es\/en\/argentina-reaffirms-its-commitment-to-universal-jurisdiction-by-pursuing-the-cause-of-the-uyghur-people-in-china\/\">\n\t\t\t\t<img loading=\"lazy\" decoding=\"async\" width=\"1600\" height=\"900\" src=\"https:\/\/fibgar.es\/wp-content\/uploads\/2025\/07\/POST-GENERICO-15.png\" class=\"attachment-full size-full wp-post-image\" alt=\"\" srcset=\"https:\/\/fibgar.es\/wp-content\/uploads\/2025\/07\/POST-GENERICO-15.png 1600w, https:\/\/fibgar.es\/wp-content\/uploads\/2025\/07\/POST-GENERICO-15-300x169.png 300w, https:\/\/fibgar.es\/wp-content\/uploads\/2025\/07\/POST-GENERICO-15-1024x576.png 1024w, https:\/\/fibgar.es\/wp-content\/uploads\/2025\/07\/POST-GENERICO-15-768x432.png 768w, https:\/\/fibgar.es\/wp-content\/uploads\/2025\/07\/POST-GENERICO-15-1536x864.png 1536w\" sizes=\"auto, (max-width: 1600px) 100vw, 1600px\" \/>\t\t\t<\/a>\n\t\t<\/div>\n\t\t<div class=\"edgtf-item-text-holder\" style=\"background-color:#ffffff;box-shadow:none;\">\n\t\t\t<h3 itemprop=\"name\" class=\"edgtf-item-title entry-title\">\n\t\t\t\t<a itemprop=\"url\" href=\"https:\/\/fibgar.es\/en\/argentina-reaffirms-its-commitment-to-universal-jurisdiction-by-pursuing-the-cause-of-the-uyghur-people-in-china\/\" >\n\t\t\t\t\tArgentina reaffirms its commitment to Universal Jurisdiction by pursuing the cause of the Uyghur people in China\t\t\t\t<\/a>\n\t\t\t<\/h3>\n\n\t\t\t<div class=\"edgtf-item-info-section\">\n\t\t\t\t<div class=\"edgtf-post-info-author\">by\t<a itemprop=\"author\" class=\"edgtf-post-info-author-link\" href=\"https:\/\/fibgar.es\/en\/author\/fibgaradmin\/\">\n\t\tFibgar\t<\/a>\n<\/div><div class=\"edgtf-post-info-category\">\n\t<a href=\"https:\/\/fibgar.es\/en\/category\/articles\/\" rel=\"category tag\">Articles<\/a><\/div><div itemprop=\"dateCreated\" class=\"edgtf-post-info-date entry-date updated\">\n\t\t\t04\/07\/2025\t    <meta itemprop=\"interactionCount\" content=\"UserComments: 0\"\/>\n<\/div>\t\t\t<\/div>\n\n\t\t\t\t\t\t\t<p itemprop=\"description\" class=\"edgtf-excerpt\">Last Wednesday, June 18, 2025, the National Chamber of Criminal Cassation, Argentina&#8217;s highest criminal court, issued a landmark ruling that rei...<\/p>\n\t\t\t\t\t\t<a itemprop=\"url\" href=\"https:\/\/fibgar.es\/en\/argentina-reaffirms-its-commitment-to-universal-jurisdiction-by-pursuing-the-cause-of-the-uyghur-people-in-china\/\" class=\"edgtf-blog-list-read-more\">Read more<i class=\"arrow_right\"><\/i><\/a>\n\t\t<\/div>\n\t<\/div>\n<\/li>\n<li class=\"edgtf-blog-list-item clearfix\">\n\t<div class=\"edgtf-blog-list-item-inner\">\n\t\t<div class=\"edgtf-item-image\">\n\t\t\t<a itemprop=\"url\" href=\"https:\/\/fibgar.es\/en\/rights-that-are-not-taken-for-granted-reflections-following-the-fundamental-rights-report-2025\/\">\n\t\t\t\t<img loading=\"lazy\" decoding=\"async\" width=\"1600\" height=\"900\" src=\"https:\/\/fibgar.es\/wp-content\/uploads\/2025\/07\/POST-GENERICO-12.png\" class=\"attachment-full size-full wp-post-image\" alt=\"\" srcset=\"https:\/\/fibgar.es\/wp-content\/uploads\/2025\/07\/POST-GENERICO-12.png 1600w, https:\/\/fibgar.es\/wp-content\/uploads\/2025\/07\/POST-GENERICO-12-300x169.png 300w, https:\/\/fibgar.es\/wp-content\/uploads\/2025\/07\/POST-GENERICO-12-1024x576.png 1024w, https:\/\/fibgar.es\/wp-content\/uploads\/2025\/07\/POST-GENERICO-12-768x432.png 768w, https:\/\/fibgar.es\/wp-content\/uploads\/2025\/07\/POST-GENERICO-12-1536x864.png 1536w\" sizes=\"auto, (max-width: 1600px) 100vw, 1600px\" \/>\t\t\t<\/a>\n\t\t<\/div>\n\t\t<div class=\"edgtf-item-text-holder\" style=\"background-color:#ffffff;box-shadow:none;\">\n\t\t\t<h3 itemprop=\"name\" class=\"edgtf-item-title entry-title\">\n\t\t\t\t<a itemprop=\"url\" href=\"https:\/\/fibgar.es\/en\/rights-that-are-not-taken-for-granted-reflections-following-the-fundamental-rights-report-2025\/\" >\n\t\t\t\t\tRights that are not taken for granted: reflections following the Fundamental Rights Report 2025\t\t\t\t<\/a>\n\t\t\t<\/h3>\n\n\t\t\t<div class=\"edgtf-item-info-section\">\n\t\t\t\t<div class=\"edgtf-post-info-author\">by\t<a itemprop=\"author\" class=\"edgtf-post-info-author-link\" href=\"https:\/\/fibgar.es\/en\/author\/fibgaradmin\/\">\n\t\tFibgar\t<\/a>\n<\/div><div class=\"edgtf-post-info-category\">\n\t<a href=\"https:\/\/fibgar.es\/en\/category\/articles\/\" rel=\"category tag\">Articles<\/a><\/div><div itemprop=\"dateCreated\" class=\"edgtf-post-info-date entry-date updated\">\n\t\t\t03\/07\/2025\t    <meta itemprop=\"interactionCount\" content=\"UserComments: 0\"\/>\n<\/div>\t\t\t<\/div>\n\n\t\t\t\t\t\t\t<p itemprop=\"description\" class=\"edgtf-excerpt\">On July 1, we attended the presentation of the Fundamental Rights Report 2025, organized by the Fundamental Rights Agency of the European Union (FRA)....<\/p>\n\t\t\t\t\t\t<a itemprop=\"url\" href=\"https:\/\/fibgar.es\/en\/rights-that-are-not-taken-for-granted-reflections-following-the-fundamental-rights-report-2025\/\" class=\"edgtf-blog-list-read-more\">Read more<i class=\"arrow_right\"><\/i><\/a>\n\t\t<\/div>\n\t<\/div>\n<\/li>\n<li class=\"edgtf-blog-list-item clearfix\">\n\t<div class=\"edgtf-blog-list-item-inner\">\n\t\t<div class=\"edgtf-item-image\">\n\t\t\t<a itemprop=\"url\" href=\"https:\/\/fibgar.es\/en\/beyond-the-hemicycle-challenges-of-global-parliamentarism\/\">\n\t\t\t\t<img loading=\"lazy\" decoding=\"async\" width=\"1600\" height=\"900\" src=\"https:\/\/fibgar.es\/wp-content\/uploads\/2025\/06\/DIA-INTERNACIONAL-15.png\" class=\"attachment-full size-full wp-post-image\" alt=\"\" srcset=\"https:\/\/fibgar.es\/wp-content\/uploads\/2025\/06\/DIA-INTERNACIONAL-15.png 1600w, https:\/\/fibgar.es\/wp-content\/uploads\/2025\/06\/DIA-INTERNACIONAL-15-300x169.png 300w, https:\/\/fibgar.es\/wp-content\/uploads\/2025\/06\/DIA-INTERNACIONAL-15-1024x576.png 1024w, https:\/\/fibgar.es\/wp-content\/uploads\/2025\/06\/DIA-INTERNACIONAL-15-768x432.png 768w, https:\/\/fibgar.es\/wp-content\/uploads\/2025\/06\/DIA-INTERNACIONAL-15-1536x864.png 1536w\" sizes=\"auto, (max-width: 1600px) 100vw, 1600px\" \/>\t\t\t<\/a>\n\t\t<\/div>\n\t\t<div class=\"edgtf-item-text-holder\" style=\"background-color:#ffffff;box-shadow:none;\">\n\t\t\t<h3 itemprop=\"name\" class=\"edgtf-item-title entry-title\">\n\t\t\t\t<a itemprop=\"url\" href=\"https:\/\/fibgar.es\/en\/beyond-the-hemicycle-challenges-of-global-parliamentarism\/\" >\n\t\t\t\t\tBeyond the Hemicycle: Challenges of Global Parliamentarism\t\t\t\t<\/a>\n\t\t\t<\/h3>\n\n\t\t\t<div class=\"edgtf-item-info-section\">\n\t\t\t\t<div class=\"edgtf-post-info-author\">by\t<a itemprop=\"author\" class=\"edgtf-post-info-author-link\" href=\"https:\/\/fibgar.es\/en\/author\/fibgaradmin\/\">\n\t\tFibgar\t<\/a>\n<\/div><div class=\"edgtf-post-info-category\">\n\t<a href=\"https:\/\/fibgar.es\/en\/category\/articles\/\" rel=\"category tag\">Articles<\/a><\/div><div itemprop=\"dateCreated\" class=\"edgtf-post-info-date entry-date updated\">\n\t\t\t30\/06\/2025\t    <meta itemprop=\"interactionCount\" content=\"UserComments: 0\"\/>\n<\/div>\t\t\t<\/div>\n\n\t\t\t\t\t\t\t<p itemprop=\"description\" class=\"edgtf-excerpt\">The International Day of Parliamentarism \u2013established by the UN General Assembly in 2018 through resolution A\/RES\/72\/278\u2013 is celebrated annually o...<\/p>\n\t\t\t\t\t\t<a itemprop=\"url\" href=\"https:\/\/fibgar.es\/en\/beyond-the-hemicycle-challenges-of-global-parliamentarism\/\" class=\"edgtf-blog-list-read-more\">Read more<i class=\"arrow_right\"><\/i><\/a>\n\t\t<\/div>\n\t<\/div>\n<\/li>\n<li class=\"edgtf-blog-list-item clearfix\">\n\t<div class=\"edgtf-blog-list-item-inner\">\n\t\t<div class=\"edgtf-item-image\">\n\t\t\t<a itemprop=\"url\" href=\"https:\/\/fibgar.es\/en\/fibgar-ecuador-reinforces-its-commitment-to-social-justice-at-the-first-seminar-on-the-organic-law-of-national-solidarity\/\">\n\t\t\t\t<img loading=\"lazy\" decoding=\"async\" width=\"725\" height=\"885\" src=\"https:\/\/fibgar.es\/wp-content\/uploads\/2025\/06\/WhatsApp-Image-2025-06-21-at-00.41.49-1.jpeg\" class=\"attachment-full size-full wp-post-image\" alt=\"\" srcset=\"https:\/\/fibgar.es\/wp-content\/uploads\/2025\/06\/WhatsApp-Image-2025-06-21-at-00.41.49-1.jpeg 725w, https:\/\/fibgar.es\/wp-content\/uploads\/2025\/06\/WhatsApp-Image-2025-06-21-at-00.41.49-1-246x300.jpeg 246w\" sizes=\"auto, (max-width: 725px) 100vw, 725px\" \/>\t\t\t<\/a>\n\t\t<\/div>\n\t\t<div class=\"edgtf-item-text-holder\" style=\"background-color:#ffffff;box-shadow:none;\">\n\t\t\t<h3 itemprop=\"name\" class=\"edgtf-item-title entry-title\">\n\t\t\t\t<a itemprop=\"url\" href=\"https:\/\/fibgar.es\/en\/fibgar-ecuador-reinforces-its-commitment-to-social-justice-at-the-first-seminar-on-the-organic-law-of-national-solidarity\/\" >\n\t\t\t\t\tFIBGAR Ecuador reinforces its commitment to social justice at the first seminar on the Organic Law of National Solidarity\t\t\t\t<\/a>\n\t\t\t<\/h3>\n\n\t\t\t<div class=\"edgtf-item-info-section\">\n\t\t\t\t<div class=\"edgtf-post-info-author\">by\t<a itemprop=\"author\" class=\"edgtf-post-info-author-link\" href=\"https:\/\/fibgar.es\/en\/author\/fibgaradmin\/\">\n\t\tFibgar\t<\/a>\n<\/div><div class=\"edgtf-post-info-category\">\n\t<a href=\"https:\/\/fibgar.es\/en\/category\/articles\/\" rel=\"category tag\">Articles<\/a><\/div><div itemprop=\"dateCreated\" class=\"edgtf-post-info-date entry-date updated\">\n\t\t\t27\/06\/2025\t    <meta itemprop=\"interactionCount\" content=\"UserComments: 0\"\/>\n<\/div>\t\t\t<\/div>\n\n\t\t\t\t\t\t\t<p itemprop=\"description\" class=\"edgtf-excerpt\">On June 20, 2025, the city of Latacunga hosted the first international seminar on the&nbsp;Organic Law of National Solidarity, an event organized by t...<\/p>\n\t\t\t\t\t\t<a itemprop=\"url\" href=\"https:\/\/fibgar.es\/en\/fibgar-ecuador-reinforces-its-commitment-to-social-justice-at-the-first-seminar-on-the-organic-law-of-national-solidarity\/\" class=\"edgtf-blog-list-read-more\">Read more<i class=\"arrow_right\"><\/i><\/a>\n\t\t<\/div>\n\t<\/div>\n<\/li>\n<li class=\"edgtf-blog-list-item clearfix\">\n\t<div class=\"edgtf-blog-list-item-inner\">\n\t\t<div class=\"edgtf-item-image\">\n\t\t\t<a itemprop=\"url\" href=\"https:\/\/fibgar.es\/en\/world-whistleblowers-day-status-of-the-european-directive-and-the-work-of-fibgar\/\">\n\t\t\t\t<img loading=\"lazy\" decoding=\"async\" width=\"1600\" height=\"900\" src=\"https:\/\/fibgar.es\/wp-content\/uploads\/2025\/06\/DIA-INTERNACIONAL-13.png\" class=\"attachment-full size-full wp-post-image\" alt=\"\" srcset=\"https:\/\/fibgar.es\/wp-content\/uploads\/2025\/06\/DIA-INTERNACIONAL-13.png 1600w, https:\/\/fibgar.es\/wp-content\/uploads\/2025\/06\/DIA-INTERNACIONAL-13-300x169.png 300w, https:\/\/fibgar.es\/wp-content\/uploads\/2025\/06\/DIA-INTERNACIONAL-13-1024x576.png 1024w, https:\/\/fibgar.es\/wp-content\/uploads\/2025\/06\/DIA-INTERNACIONAL-13-768x432.png 768w, https:\/\/fibgar.es\/wp-content\/uploads\/2025\/06\/DIA-INTERNACIONAL-13-1536x864.png 1536w\" sizes=\"auto, (max-width: 1600px) 100vw, 1600px\" \/>\t\t\t<\/a>\n\t\t<\/div>\n\t\t<div class=\"edgtf-item-text-holder\" style=\"background-color:#ffffff;box-shadow:none;\">\n\t\t\t<h3 itemprop=\"name\" class=\"edgtf-item-title entry-title\">\n\t\t\t\t<a itemprop=\"url\" href=\"https:\/\/fibgar.es\/en\/world-whistleblowers-day-status-of-the-european-directive-and-the-work-of-fibgar\/\" >\n\t\t\t\t\tWorld Whistleblowers Day: status of the European Directive and the work of FIBGAR\t\t\t\t<\/a>\n\t\t\t<\/h3>\n\n\t\t\t<div class=\"edgtf-item-info-section\">\n\t\t\t\t<div class=\"edgtf-post-info-author\">by\t<a itemprop=\"author\" class=\"edgtf-post-info-author-link\" href=\"https:\/\/fibgar.es\/en\/author\/fibgaradmin\/\">\n\t\tFibgar\t<\/a>\n<\/div><div class=\"edgtf-post-info-category\">\n\t<a href=\"https:\/\/fibgar.es\/en\/category\/articles\/\" rel=\"category tag\">Articles<\/a><\/div><div itemprop=\"dateCreated\" class=\"edgtf-post-info-date entry-date updated\">\n\t\t\t23\/06\/2025\t    <meta itemprop=\"interactionCount\" content=\"UserComments: 0\"\/>\n<\/div>\t\t\t<\/div>\n\n\t\t\t\t\t\t\t<p itemprop=\"description\" class=\"edgtf-excerpt\">October 23, 2019 marked a turning point within the European Union: Directive 2019\/1937 on the protection of persons reporting breaches of EU law was a...<\/p>\n\t\t\t\t\t\t<a itemprop=\"url\" href=\"https:\/\/fibgar.es\/en\/world-whistleblowers-day-status-of-the-european-directive-and-the-work-of-fibgar\/\" class=\"edgtf-blog-list-read-more\">Read more<i class=\"arrow_right\"><\/i><\/a>\n\t\t<\/div>\n\t<\/div>\n<\/li>\n<li class=\"edgtf-blog-list-item clearfix\">\n\t<div class=\"edgtf-blog-list-item-inner\">\n\t\t<div class=\"edgtf-item-image\">\n\t\t\t<a itemprop=\"url\" href=\"https:\/\/fibgar.es\/en\/refuge-in-humanity-a-global-appeal-on-world-refugee-day\/\">\n\t\t\t\t<img loading=\"lazy\" decoding=\"async\" width=\"1600\" height=\"900\" src=\"https:\/\/fibgar.es\/wp-content\/uploads\/2025\/06\/DIA-INTERNACIONAL-11.png\" class=\"attachment-full size-full wp-post-image\" alt=\"\" srcset=\"https:\/\/fibgar.es\/wp-content\/uploads\/2025\/06\/DIA-INTERNACIONAL-11.png 1600w, https:\/\/fibgar.es\/wp-content\/uploads\/2025\/06\/DIA-INTERNACIONAL-11-300x169.png 300w, https:\/\/fibgar.es\/wp-content\/uploads\/2025\/06\/DIA-INTERNACIONAL-11-1024x576.png 1024w, https:\/\/fibgar.es\/wp-content\/uploads\/2025\/06\/DIA-INTERNACIONAL-11-768x432.png 768w, https:\/\/fibgar.es\/wp-content\/uploads\/2025\/06\/DIA-INTERNACIONAL-11-1536x864.png 1536w\" sizes=\"auto, (max-width: 1600px) 100vw, 1600px\" \/>\t\t\t<\/a>\n\t\t<\/div>\n\t\t<div class=\"edgtf-item-text-holder\" style=\"background-color:#ffffff;box-shadow:none;\">\n\t\t\t<h3 itemprop=\"name\" class=\"edgtf-item-title entry-title\">\n\t\t\t\t<a itemprop=\"url\" href=\"https:\/\/fibgar.es\/en\/refuge-in-humanity-a-global-appeal-on-world-refugee-day\/\" >\n\t\t\t\t\tRefuge in Humanity: A Global Appeal on World Refugee Day\t\t\t\t<\/a>\n\t\t\t<\/h3>\n\n\t\t\t<div class=\"edgtf-item-info-section\">\n\t\t\t\t<div class=\"edgtf-post-info-author\">by\t<a itemprop=\"author\" class=\"edgtf-post-info-author-link\" href=\"https:\/\/fibgar.es\/en\/author\/fibgaradmin\/\">\n\t\tFibgar\t<\/a>\n<\/div><div class=\"edgtf-post-info-category\">\n\t<a href=\"https:\/\/fibgar.es\/en\/category\/articles\/\" rel=\"category tag\">Articles<\/a><\/div><div itemprop=\"dateCreated\" class=\"edgtf-post-info-date entry-date updated\">\n\t\t\t20\/06\/2025\t    <meta itemprop=\"interactionCount\" content=\"UserComments: 0\"\/>\n<\/div>\t\t\t<\/div>\n\n\t\t\t\t\t\t\t<p itemprop=\"description\" class=\"edgtf-excerpt\">Every June 20, the world celebrates World Refugee Day, an event that reminds the world of the vulnerability of people who are forced to flee their cou...<\/p>\n\t\t\t\t\t\t<a itemprop=\"url\" href=\"https:\/\/fibgar.es\/en\/refuge-in-humanity-a-global-appeal-on-world-refugee-day\/\" class=\"edgtf-blog-list-read-more\">Read more<i class=\"arrow_right\"><\/i><\/a>\n\t\t<\/div>\n\t<\/div>\n<\/li>\n<li class=\"edgtf-blog-list-item clearfix\">\n\t<div class=\"edgtf-blog-list-item-inner\">\n\t\t<div class=\"edgtf-item-image\">\n\t\t\t<a itemprop=\"url\" href=\"https:\/\/fibgar.es\/en\/beyond-silence-breaking-impunity-for-sexual-violence-in-conflicts\/\">\n\t\t\t\t<img loading=\"lazy\" decoding=\"async\" width=\"1600\" height=\"900\" src=\"https:\/\/fibgar.es\/wp-content\/uploads\/2025\/06\/DIA-INTERNACIONAL-8.png\" class=\"attachment-full size-full wp-post-image\" alt=\"\" srcset=\"https:\/\/fibgar.es\/wp-content\/uploads\/2025\/06\/DIA-INTERNACIONAL-8.png 1600w, https:\/\/fibgar.es\/wp-content\/uploads\/2025\/06\/DIA-INTERNACIONAL-8-300x169.png 300w, https:\/\/fibgar.es\/wp-content\/uploads\/2025\/06\/DIA-INTERNACIONAL-8-1024x576.png 1024w, https:\/\/fibgar.es\/wp-content\/uploads\/2025\/06\/DIA-INTERNACIONAL-8-768x432.png 768w, https:\/\/fibgar.es\/wp-content\/uploads\/2025\/06\/DIA-INTERNACIONAL-8-1536x864.png 1536w\" sizes=\"auto, (max-width: 1600px) 100vw, 1600px\" \/>\t\t\t<\/a>\n\t\t<\/div>\n\t\t<div class=\"edgtf-item-text-holder\" style=\"background-color:#ffffff;box-shadow:none;\">\n\t\t\t<h3 itemprop=\"name\" class=\"edgtf-item-title entry-title\">\n\t\t\t\t<a itemprop=\"url\" href=\"https:\/\/fibgar.es\/en\/beyond-silence-breaking-impunity-for-sexual-violence-in-conflicts\/\" >\n\t\t\t\t\tBeyond silence: breaking impunity for sexual violence in conflicts\t\t\t\t<\/a>\n\t\t\t<\/h3>\n\n\t\t\t<div class=\"edgtf-item-info-section\">\n\t\t\t\t<div class=\"edgtf-post-info-author\">by\t<a itemprop=\"author\" class=\"edgtf-post-info-author-link\" href=\"https:\/\/fibgar.es\/en\/author\/fibgaradmin\/\">\n\t\tFibgar\t<\/a>\n<\/div><div class=\"edgtf-post-info-category\">\n\t<a href=\"https:\/\/fibgar.es\/en\/category\/articles\/\" rel=\"category tag\">Articles<\/a><\/div><div itemprop=\"dateCreated\" class=\"edgtf-post-info-date entry-date updated\">\n\t\t\t19\/06\/2025\t    <meta itemprop=\"interactionCount\" content=\"UserComments: 0\"\/>\n<\/div>\t\t\t<\/div>\n\n\t\t\t\t\t\t\t<p itemprop=\"description\" class=\"edgtf-excerpt\">In 2015, the United Nations General Assembly established that every June 19, the world would commemorate the International Day for the Elimination of ...<\/p>\n\t\t\t\t\t\t<a itemprop=\"url\" href=\"https:\/\/fibgar.es\/en\/beyond-silence-breaking-impunity-for-sexual-violence-in-conflicts\/\" class=\"edgtf-blog-list-read-more\">Read more<i class=\"arrow_right\"><\/i><\/a>\n\t\t<\/div>\n\t<\/div>\n<\/li>\n<li class=\"edgtf-blog-list-item clearfix\">\n\t<div class=\"edgtf-blog-list-item-inner\">\n\t\t<div class=\"edgtf-item-image\">\n\t\t\t<a itemprop=\"url\" href=\"https:\/\/fibgar.es\/en\/summer-course-on-disinformation-and-democracy-in-torres-jaen-the-worrying-advance-of-hate-speech-in-2025\/\">\n\t\t\t\t<img loading=\"lazy\" decoding=\"async\" width=\"1600\" height=\"900\" src=\"https:\/\/fibgar.es\/wp-content\/uploads\/2025\/06\/DIA-INTERNACIONAL-5.png\" class=\"attachment-full size-full wp-post-image\" alt=\"\" srcset=\"https:\/\/fibgar.es\/wp-content\/uploads\/2025\/06\/DIA-INTERNACIONAL-5.png 1600w, https:\/\/fibgar.es\/wp-content\/uploads\/2025\/06\/DIA-INTERNACIONAL-5-300x169.png 300w, https:\/\/fibgar.es\/wp-content\/uploads\/2025\/06\/DIA-INTERNACIONAL-5-1024x576.png 1024w, https:\/\/fibgar.es\/wp-content\/uploads\/2025\/06\/DIA-INTERNACIONAL-5-768x432.png 768w, https:\/\/fibgar.es\/wp-content\/uploads\/2025\/06\/DIA-INTERNACIONAL-5-1536x864.png 1536w\" sizes=\"auto, (max-width: 1600px) 100vw, 1600px\" \/>\t\t\t<\/a>\n\t\t<\/div>\n\t\t<div class=\"edgtf-item-text-holder\" style=\"background-color:#ffffff;box-shadow:none;\">\n\t\t\t<h3 itemprop=\"name\" class=\"edgtf-item-title entry-title\">\n\t\t\t\t<a itemprop=\"url\" href=\"https:\/\/fibgar.es\/en\/summer-course-on-disinformation-and-democracy-in-torres-jaen-the-worrying-advance-of-hate-speech-in-2025\/\" >\n\t\t\t\t\tSummer course on disinformation and democracy in Torres, Ja\u00e9n: The worrying advance of hate speech in 2025\t\t\t\t<\/a>\n\t\t\t<\/h3>\n\n\t\t\t<div class=\"edgtf-item-info-section\">\n\t\t\t\t<div class=\"edgtf-post-info-author\">by\t<a itemprop=\"author\" class=\"edgtf-post-info-author-link\" href=\"https:\/\/fibgar.es\/en\/author\/fibgaradmin\/\">\n\t\tFibgar\t<\/a>\n<\/div><div class=\"edgtf-post-info-category\">\n\t<a href=\"https:\/\/fibgar.es\/en\/category\/articles\/\" rel=\"category tag\">Articles<\/a><\/div><div itemprop=\"dateCreated\" class=\"edgtf-post-info-date entry-date updated\">\n\t\t\t18\/06\/2025\t    <meta itemprop=\"interactionCount\" content=\"UserComments: 0\"\/>\n<\/div>\t\t\t<\/div>\n\n\t\t\t\t\t\t\t<p itemprop=\"description\" class=\"edgtf-excerpt\">&#8220;Hate speech is a warning signal: the louder it sounds, the greater the threat of genocide. It precedes and promotes violence.\u201d These words, e...<\/p>\n\t\t\t\t\t\t<a itemprop=\"url\" href=\"https:\/\/fibgar.es\/en\/summer-course-on-disinformation-and-democracy-in-torres-jaen-the-worrying-advance-of-hate-speech-in-2025\/\" class=\"edgtf-blog-list-read-more\">Read more<i class=\"arrow_right\"><\/i><\/a>\n\t\t<\/div>\n\t<\/div>\n<\/li>\n<li class=\"edgtf-blog-list-item clearfix\">\n\t<div class=\"edgtf-blog-list-item-inner\">\n\t\t<div class=\"edgtf-item-image\">\n\t\t\t<a itemprop=\"url\" href=\"https:\/\/fibgar.es\/en\/a-milestone-in-spanish-democratic-memory-rodolfo-martin-villa-is-summoned-to-testify-because-of-teofilo-del-valles-murder\/\">\n\t\t\t\t<img loading=\"lazy\" decoding=\"async\" width=\"1600\" height=\"900\" src=\"https:\/\/fibgar.es\/wp-content\/uploads\/2025\/06\/POST-GENERICO-2.png\" class=\"attachment-full size-full wp-post-image\" alt=\"\" srcset=\"https:\/\/fibgar.es\/wp-content\/uploads\/2025\/06\/POST-GENERICO-2.png 1600w, https:\/\/fibgar.es\/wp-content\/uploads\/2025\/06\/POST-GENERICO-2-300x169.png 300w, https:\/\/fibgar.es\/wp-content\/uploads\/2025\/06\/POST-GENERICO-2-1024x576.png 1024w, https:\/\/fibgar.es\/wp-content\/uploads\/2025\/06\/POST-GENERICO-2-768x432.png 768w, https:\/\/fibgar.es\/wp-content\/uploads\/2025\/06\/POST-GENERICO-2-1536x864.png 1536w\" sizes=\"auto, (max-width: 1600px) 100vw, 1600px\" \/>\t\t\t<\/a>\n\t\t<\/div>\n\t\t<div class=\"edgtf-item-text-holder\" style=\"background-color:#ffffff;box-shadow:none;\">\n\t\t\t<h3 itemprop=\"name\" class=\"edgtf-item-title entry-title\">\n\t\t\t\t<a itemprop=\"url\" href=\"https:\/\/fibgar.es\/en\/a-milestone-in-spanish-democratic-memory-rodolfo-martin-villa-is-summoned-to-testify-because-of-teofilo-del-valles-murder\/\" >\n\t\t\t\t\tA milestone in Spanish democratic memory: Rodolfo Mart\u00edn Villa is summoned to testify because of Te\u00f3filo del Valle\u2019s murder\t\t\t\t<\/a>\n\t\t\t<\/h3>\n\n\t\t\t<div class=\"edgtf-item-info-section\">\n\t\t\t\t<div class=\"edgtf-post-info-author\">by\t<a itemprop=\"author\" class=\"edgtf-post-info-author-link\" href=\"https:\/\/fibgar.es\/en\/author\/fibgaradmin\/\">\n\t\tFibgar\t<\/a>\n<\/div><div class=\"edgtf-post-info-category\">\n\t<a href=\"https:\/\/fibgar.es\/en\/category\/articles\/\" rel=\"category tag\">Articles<\/a><\/div><div itemprop=\"dateCreated\" class=\"edgtf-post-info-date entry-date updated\">\n\t\t\t17\/06\/2025\t    <meta itemprop=\"interactionCount\" content=\"UserComments: 0\"\/>\n<\/div>\t\t\t<\/div>\n\n\t\t\t\t\t\t\t<p itemprop=\"description\" class=\"edgtf-excerpt\">It is difficult to explain to someone who is unfamiliar with everything that happened during the Civil War, Franco&#8217;s regime and the transition t...<\/p>\n\t\t\t\t\t\t<a itemprop=\"url\" href=\"https:\/\/fibgar.es\/en\/a-milestone-in-spanish-democratic-memory-rodolfo-martin-villa-is-summoned-to-testify-because-of-teofilo-del-valles-murder\/\" class=\"edgtf-blog-list-read-more\">Read more<i class=\"arrow_right\"><\/i><\/a>\n\t\t<\/div>\n\t<\/div>\n<\/li>\n<li class=\"edgtf-blog-list-item clearfix\">\n\t<div class=\"edgtf-blog-list-item-inner\">\n\t\t<div class=\"edgtf-item-image\">\n\t\t\t<a itemprop=\"url\" href=\"https:\/\/fibgar.es\/en\/the-growing-threat-to-indigenous-human-rights-defenders-a-call-to-protect-those-who-protect\/\">\n\t\t\t\t<img loading=\"lazy\" decoding=\"async\" width=\"1600\" height=\"900\" src=\"https:\/\/fibgar.es\/wp-content\/uploads\/2025\/06\/POST-GENERICO-8.png\" class=\"attachment-full size-full wp-post-image\" alt=\"\" srcset=\"https:\/\/fibgar.es\/wp-content\/uploads\/2025\/06\/POST-GENERICO-8.png 1600w, https:\/\/fibgar.es\/wp-content\/uploads\/2025\/06\/POST-GENERICO-8-300x169.png 300w, https:\/\/fibgar.es\/wp-content\/uploads\/2025\/06\/POST-GENERICO-8-1024x576.png 1024w, https:\/\/fibgar.es\/wp-content\/uploads\/2025\/06\/POST-GENERICO-8-768x432.png 768w, https:\/\/fibgar.es\/wp-content\/uploads\/2025\/06\/POST-GENERICO-8-1536x864.png 1536w\" sizes=\"auto, (max-width: 1600px) 100vw, 1600px\" \/>\t\t\t<\/a>\n\t\t<\/div>\n\t\t<div class=\"edgtf-item-text-holder\" style=\"background-color:#ffffff;box-shadow:none;\">\n\t\t\t<h3 itemprop=\"name\" class=\"edgtf-item-title entry-title\">\n\t\t\t\t<a itemprop=\"url\" href=\"https:\/\/fibgar.es\/en\/the-growing-threat-to-indigenous-human-rights-defenders-a-call-to-protect-those-who-protect\/\" >\n\t\t\t\t\tThe growing threat to indigenous human rights defenders: a call to protect those who protect\t\t\t\t<\/a>\n\t\t\t<\/h3>\n\n\t\t\t<div class=\"edgtf-item-info-section\">\n\t\t\t\t<div class=\"edgtf-post-info-author\">by\t<a itemprop=\"author\" class=\"edgtf-post-info-author-link\" href=\"https:\/\/fibgar.es\/en\/author\/fibgaradmin\/\">\n\t\tFibgar\t<\/a>\n<\/div><div class=\"edgtf-post-info-category\">\n\t<a href=\"https:\/\/fibgar.es\/en\/category\/articles\/\" rel=\"category tag\">Articles<\/a><\/div><div itemprop=\"dateCreated\" class=\"edgtf-post-info-date entry-date updated\">\n\t\t\t16\/06\/2025\t    <meta itemprop=\"interactionCount\" content=\"UserComments: 0\"\/>\n<\/div>\t\t\t<\/div>\n\n\t\t\t\t\t\t\t<p itemprop=\"description\" class=\"edgtf-excerpt\">Indigenous human rights defenders face a constant and growing threat around the world. Front Line Defenders&#8217; recent report 2024-2025 highlights ...<\/p>\n\t\t\t\t\t\t<a itemprop=\"url\" href=\"https:\/\/fibgar.es\/en\/the-growing-threat-to-indigenous-human-rights-defenders-a-call-to-protect-those-who-protect\/\" class=\"edgtf-blog-list-read-more\">Read more<i class=\"arrow_right\"><\/i><\/a>\n\t\t<\/div>\n\t<\/div>\n<\/li>\n<li class=\"edgtf-blog-list-item clearfix\">\n\t<div class=\"edgtf-blog-list-item-inner\">\n\t\t<div class=\"edgtf-item-image\">\n\t\t\t<a itemprop=\"url\" href=\"https:\/\/fibgar.es\/en\/spain-transparency-and-the-fight-against-corruption-after-the-audiencia-nacional-ruling-and-greco-evaluations\/\">\n\t\t\t\t<img loading=\"lazy\" decoding=\"async\" width=\"1600\" height=\"900\" src=\"https:\/\/fibgar.es\/wp-content\/uploads\/2025\/06\/POST-GENERICO-4.png\" class=\"attachment-full size-full wp-post-image\" alt=\"\" srcset=\"https:\/\/fibgar.es\/wp-content\/uploads\/2025\/06\/POST-GENERICO-4.png 1600w, https:\/\/fibgar.es\/wp-content\/uploads\/2025\/06\/POST-GENERICO-4-300x169.png 300w, https:\/\/fibgar.es\/wp-content\/uploads\/2025\/06\/POST-GENERICO-4-1024x576.png 1024w, https:\/\/fibgar.es\/wp-content\/uploads\/2025\/06\/POST-GENERICO-4-768x432.png 768w, https:\/\/fibgar.es\/wp-content\/uploads\/2025\/06\/POST-GENERICO-4-1536x864.png 1536w\" sizes=\"auto, (max-width: 1600px) 100vw, 1600px\" \/>\t\t\t<\/a>\n\t\t<\/div>\n\t\t<div class=\"edgtf-item-text-holder\" style=\"background-color:#ffffff;box-shadow:none;\">\n\t\t\t<h3 itemprop=\"name\" class=\"edgtf-item-title entry-title\">\n\t\t\t\t<a itemprop=\"url\" href=\"https:\/\/fibgar.es\/en\/spain-transparency-and-the-fight-against-corruption-after-the-audiencia-nacional-ruling-and-greco-evaluations\/\" >\n\t\t\t\t\tSpain: Transparency and the fight against corruption after the Audiencia Nacional ruling and GRECO evaluations\t\t\t\t<\/a>\n\t\t\t<\/h3>\n\n\t\t\t<div class=\"edgtf-item-info-section\">\n\t\t\t\t<div class=\"edgtf-post-info-author\">by\t<a itemprop=\"author\" class=\"edgtf-post-info-author-link\" href=\"https:\/\/fibgar.es\/en\/author\/fibgaradmin\/\">\n\t\tFibgar\t<\/a>\n<\/div><div class=\"edgtf-post-info-category\">\n\t<a href=\"https:\/\/fibgar.es\/en\/category\/articles\/\" rel=\"category tag\">Articles<\/a><\/div><div itemprop=\"dateCreated\" class=\"edgtf-post-info-date entry-date updated\">\n\t\t\t06\/06\/2025\t    <meta itemprop=\"interactionCount\" content=\"UserComments: 0\"\/>\n<\/div>\t\t\t<\/div>\n\n\t\t\t\t\t\t\t<p itemprop=\"description\" class=\"edgtf-excerpt\">On 2 June 2025, the Audiencia Nacional handed down a landmark ruling for transparency and access to information in Spain. It ruled that the Ministry o...<\/p>\n\t\t\t\t\t\t<a itemprop=\"url\" href=\"https:\/\/fibgar.es\/en\/spain-transparency-and-the-fight-against-corruption-after-the-audiencia-nacional-ruling-and-greco-evaluations\/\" class=\"edgtf-blog-list-read-more\">Read more<i class=\"arrow_right\"><\/i><\/a>\n\t\t<\/div>\n\t<\/div>\n<\/li>\n<li class=\"edgtf-blog-list-item clearfix\">\n\t<div class=\"edgtf-blog-list-item-inner\">\n\t\t<div class=\"edgtf-item-image\">\n\t\t\t<a itemprop=\"url\" href=\"https:\/\/fibgar.es\/en\/council-of-europe-challenged-to-legally-recognise-the-right-to-a-healthy-environment\/\">\n\t\t\t\t<img loading=\"lazy\" decoding=\"async\" width=\"1600\" height=\"900\" src=\"https:\/\/fibgar.es\/wp-content\/uploads\/2025\/05\/DIA-INTERNACIONAL-1-2.png\" class=\"attachment-full size-full wp-post-image\" alt=\"\" srcset=\"https:\/\/fibgar.es\/wp-content\/uploads\/2025\/05\/DIA-INTERNACIONAL-1-2.png 1600w, https:\/\/fibgar.es\/wp-content\/uploads\/2025\/05\/DIA-INTERNACIONAL-1-2-300x169.png 300w, https:\/\/fibgar.es\/wp-content\/uploads\/2025\/05\/DIA-INTERNACIONAL-1-2-1024x576.png 1024w, https:\/\/fibgar.es\/wp-content\/uploads\/2025\/05\/DIA-INTERNACIONAL-1-2-768x432.png 768w, https:\/\/fibgar.es\/wp-content\/uploads\/2025\/05\/DIA-INTERNACIONAL-1-2-1536x864.png 1536w\" sizes=\"auto, (max-width: 1600px) 100vw, 1600px\" \/>\t\t\t<\/a>\n\t\t<\/div>\n\t\t<div class=\"edgtf-item-text-holder\" style=\"background-color:#ffffff;box-shadow:none;\">\n\t\t\t<h3 itemprop=\"name\" class=\"edgtf-item-title entry-title\">\n\t\t\t\t<a itemprop=\"url\" href=\"https:\/\/fibgar.es\/en\/council-of-europe-challenged-to-legally-recognise-the-right-to-a-healthy-environment\/\" >\n\t\t\t\t\tCouncil of Europe challenged to legally recognise the right to a healthy environment\t\t\t\t<\/a>\n\t\t\t<\/h3>\n\n\t\t\t<div class=\"edgtf-item-info-section\">\n\t\t\t\t<div class=\"edgtf-post-info-author\">by\t<a itemprop=\"author\" class=\"edgtf-post-info-author-link\" href=\"https:\/\/fibgar.es\/en\/author\/fibgaradmin\/\">\n\t\tFibgar\t<\/a>\n<\/div><div class=\"edgtf-post-info-category\">\n\t<a href=\"https:\/\/fibgar.es\/en\/category\/articles\/\" rel=\"category tag\">Articles<\/a><\/div><div itemprop=\"dateCreated\" class=\"edgtf-post-info-date entry-date updated\">\n\t\t\t05\/06\/2025\t    <meta itemprop=\"interactionCount\" content=\"UserComments: 0\"\/>\n<\/div>\t\t\t<\/div>\n\n\t\t\t\t\t\t\t<p itemprop=\"description\" class=\"edgtf-excerpt\">At a critical time for the planet, marked by the climate crisis, biodiversity loss and pollution, UN experts have urged Council of Europe ministers to...<\/p>\n\t\t\t\t\t\t<a itemprop=\"url\" href=\"https:\/\/fibgar.es\/en\/council-of-europe-challenged-to-legally-recognise-the-right-to-a-healthy-environment\/\" class=\"edgtf-blog-list-read-more\">Read more<i class=\"arrow_right\"><\/i><\/a>\n\t\t<\/div>\n\t<\/div>\n<\/li>\n<li class=\"edgtf-blog-list-item clearfix\">\n\t<div class=\"edgtf-blog-list-item-inner\">\n\t\t<div class=\"edgtf-item-image\">\n\t\t\t<a itemprop=\"url\" href=\"https:\/\/fibgar.es\/en\/the-omnibus-package-under-the-un-spotlight-risks-to-human-rights-and-access-to-justice\/\">\n\t\t\t\t<img loading=\"lazy\" decoding=\"async\" width=\"1600\" height=\"900\" src=\"https:\/\/fibgar.es\/wp-content\/uploads\/2025\/05\/POST-GENERICO-6.png\" class=\"attachment-full size-full wp-post-image\" alt=\"\" srcset=\"https:\/\/fibgar.es\/wp-content\/uploads\/2025\/05\/POST-GENERICO-6.png 1600w, https:\/\/fibgar.es\/wp-content\/uploads\/2025\/05\/POST-GENERICO-6-300x169.png 300w, https:\/\/fibgar.es\/wp-content\/uploads\/2025\/05\/POST-GENERICO-6-1024x576.png 1024w, https:\/\/fibgar.es\/wp-content\/uploads\/2025\/05\/POST-GENERICO-6-768x432.png 768w, https:\/\/fibgar.es\/wp-content\/uploads\/2025\/05\/POST-GENERICO-6-1536x864.png 1536w\" sizes=\"auto, (max-width: 1600px) 100vw, 1600px\" \/>\t\t\t<\/a>\n\t\t<\/div>\n\t\t<div class=\"edgtf-item-text-holder\" style=\"background-color:#ffffff;box-shadow:none;\">\n\t\t\t<h3 itemprop=\"name\" class=\"edgtf-item-title entry-title\">\n\t\t\t\t<a itemprop=\"url\" href=\"https:\/\/fibgar.es\/en\/the-omnibus-package-under-the-un-spotlight-risks-to-human-rights-and-access-to-justice\/\" >\n\t\t\t\t\tThe Omnibus Package under the UN spotlight: risks to human rights and access to justice\t\t\t\t<\/a>\n\t\t\t<\/h3>\n\n\t\t\t<div class=\"edgtf-item-info-section\">\n\t\t\t\t<div class=\"edgtf-post-info-author\">by\t<a itemprop=\"author\" class=\"edgtf-post-info-author-link\" href=\"https:\/\/fibgar.es\/en\/author\/fibgaradmin\/\">\n\t\tFibgar\t<\/a>\n<\/div><div class=\"edgtf-post-info-category\">\n\t<a href=\"https:\/\/fibgar.es\/en\/category\/articles\/\" rel=\"category tag\">Articles<\/a><\/div><div itemprop=\"dateCreated\" class=\"edgtf-post-info-date entry-date updated\">\n\t\t\t31\/05\/2025\t    <meta itemprop=\"interactionCount\" content=\"UserComments: 0\"\/>\n<\/div>\t\t\t<\/div>\n\n\t\t\t\t\t\t\t<p itemprop=\"description\" class=\"edgtf-excerpt\">The Omnibus Package is a European Commission initiative that seeks to simplify corporate sustainability regulations, with the aim of reducing the admi...<\/p>\n\t\t\t\t\t\t<a itemprop=\"url\" href=\"https:\/\/fibgar.es\/en\/the-omnibus-package-under-the-un-spotlight-risks-to-human-rights-and-access-to-justice\/\" class=\"edgtf-blog-list-read-more\">Read more<i class=\"arrow_right\"><\/i><\/a>\n\t\t<\/div>\n\t<\/div>\n<\/li>\n<li class=\"edgtf-blog-list-item clearfix\">\n\t<div class=\"edgtf-blog-list-item-inner\">\n\t\t<div class=\"edgtf-item-image\">\n\t\t\t<a itemprop=\"url\" href=\"https:\/\/fibgar.es\/en\/the-adoption-of-the-new-council-of-europe-convention-on-the-protection-of-the-environment-through-criminal-law-a-historic-step-towards-environmental-justice\/\">\n\t\t\t\t<img loading=\"lazy\" decoding=\"async\" width=\"1600\" height=\"900\" src=\"https:\/\/fibgar.es\/wp-content\/uploads\/2025\/05\/POST-GENERICO-11.png\" class=\"attachment-full size-full wp-post-image\" alt=\"\" srcset=\"https:\/\/fibgar.es\/wp-content\/uploads\/2025\/05\/POST-GENERICO-11.png 1600w, https:\/\/fibgar.es\/wp-content\/uploads\/2025\/05\/POST-GENERICO-11-300x169.png 300w, https:\/\/fibgar.es\/wp-content\/uploads\/2025\/05\/POST-GENERICO-11-1024x576.png 1024w, https:\/\/fibgar.es\/wp-content\/uploads\/2025\/05\/POST-GENERICO-11-768x432.png 768w, https:\/\/fibgar.es\/wp-content\/uploads\/2025\/05\/POST-GENERICO-11-1536x864.png 1536w\" sizes=\"auto, (max-width: 1600px) 100vw, 1600px\" \/>\t\t\t<\/a>\n\t\t<\/div>\n\t\t<div class=\"edgtf-item-text-holder\" style=\"background-color:#ffffff;box-shadow:none;\">\n\t\t\t<h3 itemprop=\"name\" class=\"edgtf-item-title entry-title\">\n\t\t\t\t<a itemprop=\"url\" href=\"https:\/\/fibgar.es\/en\/the-adoption-of-the-new-council-of-europe-convention-on-the-protection-of-the-environment-through-criminal-law-a-historic-step-towards-environmental-justice\/\" >\n\t\t\t\t\tThe adoption of the new Council of Europe Convention on the Protection of the Environment through Criminal Law: A historic step towards environmental justice\t\t\t\t<\/a>\n\t\t\t<\/h3>\n\n\t\t\t<div class=\"edgtf-item-info-section\">\n\t\t\t\t<div class=\"edgtf-post-info-author\">by\t<a itemprop=\"author\" class=\"edgtf-post-info-author-link\" href=\"https:\/\/fibgar.es\/en\/author\/fibgaradmin\/\">\n\t\tFibgar\t<\/a>\n<\/div><div class=\"edgtf-post-info-category\">\n\t<a href=\"https:\/\/fibgar.es\/en\/category\/articles\/\" rel=\"category tag\">Articles<\/a><\/div><div itemprop=\"dateCreated\" class=\"edgtf-post-info-date entry-date updated\">\n\t\t\t28\/05\/2025\t    <meta itemprop=\"interactionCount\" content=\"UserComments: 0\"\/>\n<\/div>\t\t\t<\/div>\n\n\t\t\t\t\t\t\t<p itemprop=\"description\" class=\"edgtf-excerpt\">April 3, 2023 marked the beginning of a paradigm shift in Europe. The first meeting of the Council of Europe Committee of Experts on the Protection of...<\/p>\n\t\t\t\t\t\t<a itemprop=\"url\" href=\"https:\/\/fibgar.es\/en\/the-adoption-of-the-new-council-of-europe-convention-on-the-protection-of-the-environment-through-criminal-law-a-historic-step-towards-environmental-justice\/\" class=\"edgtf-blog-list-read-more\">Read more<i class=\"arrow_right\"><\/i><\/a>\n\t\t<\/div>\n\t<\/div>\n<\/li>\n<li class=\"edgtf-blog-list-item clearfix\">\n\t<div class=\"edgtf-blog-list-item-inner\">\n\t\t<div class=\"edgtf-item-image\">\n\t\t\t<a itemprop=\"url\" href=\"https:\/\/fibgar.es\/en\/fibgar-joins-alda-an-alliance-for-a-more-inclusive-and-sustainable-future\/\">\n\t\t\t\t<img loading=\"lazy\" decoding=\"async\" width=\"1600\" height=\"900\" src=\"https:\/\/fibgar.es\/wp-content\/uploads\/2025\/05\/POST-GENERICO-3.png\" class=\"attachment-full size-full wp-post-image\" alt=\"\" srcset=\"https:\/\/fibgar.es\/wp-content\/uploads\/2025\/05\/POST-GENERICO-3.png 1600w, https:\/\/fibgar.es\/wp-content\/uploads\/2025\/05\/POST-GENERICO-3-300x169.png 300w, https:\/\/fibgar.es\/wp-content\/uploads\/2025\/05\/POST-GENERICO-3-1024x576.png 1024w, https:\/\/fibgar.es\/wp-content\/uploads\/2025\/05\/POST-GENERICO-3-768x432.png 768w, https:\/\/fibgar.es\/wp-content\/uploads\/2025\/05\/POST-GENERICO-3-1536x864.png 1536w\" sizes=\"auto, (max-width: 1600px) 100vw, 1600px\" \/>\t\t\t<\/a>\n\t\t<\/div>\n\t\t<div class=\"edgtf-item-text-holder\" style=\"background-color:#ffffff;box-shadow:none;\">\n\t\t\t<h3 itemprop=\"name\" class=\"edgtf-item-title entry-title\">\n\t\t\t\t<a itemprop=\"url\" href=\"https:\/\/fibgar.es\/en\/fibgar-joins-alda-an-alliance-for-a-more-inclusive-and-sustainable-future\/\" >\n\t\t\t\t\tFIBGAR joins ALDA: An alliance for a more inclusive and sustainable future\t\t\t\t<\/a>\n\t\t\t<\/h3>\n\n\t\t\t<div class=\"edgtf-item-info-section\">\n\t\t\t\t<div class=\"edgtf-post-info-author\">by\t<a itemprop=\"author\" class=\"edgtf-post-info-author-link\" href=\"https:\/\/fibgar.es\/en\/author\/fibgaradmin\/\">\n\t\tFibgar\t<\/a>\n<\/div><div class=\"edgtf-post-info-category\">\n\t<a href=\"https:\/\/fibgar.es\/en\/category\/articles\/\" rel=\"category tag\">Articles<\/a><\/div><div itemprop=\"dateCreated\" class=\"edgtf-post-info-date entry-date updated\">\n\t\t\t23\/05\/2025\t    <meta itemprop=\"interactionCount\" content=\"UserComments: 0\"\/>\n<\/div>\t\t\t<\/div>\n\n\t\t\t\t\t\t\t<p itemprop=\"description\" class=\"edgtf-excerpt\">At FIBGAR, we are excited to announce an important step forward in our commitment to promoting democracy, human rights, and citizen participation. Fro...<\/p>\n\t\t\t\t\t\t<a itemprop=\"url\" href=\"https:\/\/fibgar.es\/en\/fibgar-joins-alda-an-alliance-for-a-more-inclusive-and-sustainable-future\/\" class=\"edgtf-blog-list-read-more\">Read more<i class=\"arrow_right\"><\/i><\/a>\n\t\t<\/div>\n\t<\/div>\n<\/li>\n<li class=\"edgtf-blog-list-item clearfix\">\n\t<div class=\"edgtf-blog-list-item-inner\">\n\t\t<div class=\"edgtf-item-image\">\n\t\t\t<a itemprop=\"url\" href=\"https:\/\/fibgar.es\/en\/the-international-day-of-living-together-in-peace-an-urgent-call-in-times-of-conflict\/\">\n\t\t\t\t<img loading=\"lazy\" decoding=\"async\" width=\"1600\" height=\"900\" src=\"https:\/\/fibgar.es\/wp-content\/uploads\/2025\/05\/DIA-INTERNACIONAL-2-1.png\" class=\"attachment-full size-full wp-post-image\" alt=\"\" srcset=\"https:\/\/fibgar.es\/wp-content\/uploads\/2025\/05\/DIA-INTERNACIONAL-2-1.png 1600w, https:\/\/fibgar.es\/wp-content\/uploads\/2025\/05\/DIA-INTERNACIONAL-2-1-300x169.png 300w, https:\/\/fibgar.es\/wp-content\/uploads\/2025\/05\/DIA-INTERNACIONAL-2-1-1024x576.png 1024w, https:\/\/fibgar.es\/wp-content\/uploads\/2025\/05\/DIA-INTERNACIONAL-2-1-768x432.png 768w, https:\/\/fibgar.es\/wp-content\/uploads\/2025\/05\/DIA-INTERNACIONAL-2-1-1536x864.png 1536w\" sizes=\"auto, (max-width: 1600px) 100vw, 1600px\" \/>\t\t\t<\/a>\n\t\t<\/div>\n\t\t<div class=\"edgtf-item-text-holder\" style=\"background-color:#ffffff;box-shadow:none;\">\n\t\t\t<h3 itemprop=\"name\" class=\"edgtf-item-title entry-title\">\n\t\t\t\t<a itemprop=\"url\" href=\"https:\/\/fibgar.es\/en\/the-international-day-of-living-together-in-peace-an-urgent-call-in-times-of-conflict\/\" >\n\t\t\t\t\tThe International Day of Living Together in Peace: an urgent call in times of conflict\t\t\t\t<\/a>\n\t\t\t<\/h3>\n\n\t\t\t<div class=\"edgtf-item-info-section\">\n\t\t\t\t<div class=\"edgtf-post-info-author\">by\t<a itemprop=\"author\" class=\"edgtf-post-info-author-link\" href=\"https:\/\/fibgar.es\/en\/author\/fibgaradmin\/\">\n\t\tFibgar\t<\/a>\n<\/div><div class=\"edgtf-post-info-category\">\n\t<a href=\"https:\/\/fibgar.es\/en\/category\/articles\/\" rel=\"category tag\">Articles<\/a><\/div><div itemprop=\"dateCreated\" class=\"edgtf-post-info-date entry-date updated\">\n\t\t\t16\/05\/2025\t    <meta itemprop=\"interactionCount\" content=\"UserComments: 0\"\/>\n<\/div>\t\t\t<\/div>\n\n\t\t\t\t\t\t\t<p itemprop=\"description\" class=\"edgtf-excerpt\">&#8220;The task of politics is to prevent conflict; the task of education is to establish peace. We must convince the world of the need for a universa...<\/p>\n\t\t\t\t\t\t<a itemprop=\"url\" href=\"https:\/\/fibgar.es\/en\/the-international-day-of-living-together-in-peace-an-urgent-call-in-times-of-conflict\/\" class=\"edgtf-blog-list-read-more\">Read more<i class=\"arrow_right\"><\/i><\/a>\n\t\t<\/div>\n\t<\/div>\n<\/li>\n<li class=\"edgtf-blog-list-item clearfix\">\n\t<div class=\"edgtf-blog-list-item-inner\">\n\t\t<div class=\"edgtf-item-image\">\n\t\t\t<a itemprop=\"url\" href=\"https:\/\/fibgar.es\/en\/towards-a-new-democratic-pact-for-europe-defending-democracy-in-troubled-times\/\">\n\t\t\t\t<img loading=\"lazy\" decoding=\"async\" width=\"1600\" height=\"900\" src=\"https:\/\/fibgar.es\/wp-content\/uploads\/2025\/05\/POST-GENERICO-1.png\" class=\"attachment-full size-full wp-post-image\" alt=\"\" srcset=\"https:\/\/fibgar.es\/wp-content\/uploads\/2025\/05\/POST-GENERICO-1.png 1600w, https:\/\/fibgar.es\/wp-content\/uploads\/2025\/05\/POST-GENERICO-1-300x169.png 300w, https:\/\/fibgar.es\/wp-content\/uploads\/2025\/05\/POST-GENERICO-1-1024x576.png 1024w, https:\/\/fibgar.es\/wp-content\/uploads\/2025\/05\/POST-GENERICO-1-768x432.png 768w, https:\/\/fibgar.es\/wp-content\/uploads\/2025\/05\/POST-GENERICO-1-1536x864.png 1536w\" sizes=\"auto, (max-width: 1600px) 100vw, 1600px\" \/>\t\t\t<\/a>\n\t\t<\/div>\n\t\t<div class=\"edgtf-item-text-holder\" style=\"background-color:#ffffff;box-shadow:none;\">\n\t\t\t<h3 itemprop=\"name\" class=\"edgtf-item-title entry-title\">\n\t\t\t\t<a itemprop=\"url\" href=\"https:\/\/fibgar.es\/en\/towards-a-new-democratic-pact-for-europe-defending-democracy-in-troubled-times\/\" >\n\t\t\t\t\tTowards a New Democratic Pact for Europe: Defending Democracy in Troubled Times\t\t\t\t<\/a>\n\t\t\t<\/h3>\n\n\t\t\t<div class=\"edgtf-item-info-section\">\n\t\t\t\t<div class=\"edgtf-post-info-author\">by\t<a itemprop=\"author\" class=\"edgtf-post-info-author-link\" href=\"https:\/\/fibgar.es\/en\/author\/fibgaradmin\/\">\n\t\tFibgar\t<\/a>\n<\/div><div class=\"edgtf-post-info-category\">\n\t<a href=\"https:\/\/fibgar.es\/en\/category\/articles\/\" rel=\"category tag\">Articles<\/a><\/div><div itemprop=\"dateCreated\" class=\"edgtf-post-info-date entry-date updated\">\n\t\t\t15\/05\/2025\t    <meta itemprop=\"interactionCount\" content=\"UserComments: 0\"\/>\n<\/div>\t\t\t<\/div>\n\n\t\t\t\t\t\t\t<p itemprop=\"description\" class=\"edgtf-excerpt\">The Council of Europe\u2019s 2024 annual report by the Secretary General,\u00a0\u201cTowards a New Democratic Pact for Europe\u201d, offers a timely and urgent ref...<\/p>\n\t\t\t\t\t\t<a itemprop=\"url\" href=\"https:\/\/fibgar.es\/en\/towards-a-new-democratic-pact-for-europe-defending-democracy-in-troubled-times\/\" class=\"edgtf-blog-list-read-more\">Read more<i class=\"arrow_right\"><\/i><\/a>\n\t\t<\/div>\n\t<\/div>\n<\/li>\n<li class=\"edgtf-blog-list-item clearfix\">\n\t<div class=\"edgtf-blog-list-item-inner\">\n\t\t<div class=\"edgtf-item-image\">\n\t\t\t<a itemprop=\"url\" href=\"https:\/\/fibgar.es\/en\/presentation-of-two-educational-activities-on-democratic-memory-at-the-provincial-council-of-badajoz\/\">\n\t\t\t\t<img loading=\"lazy\" decoding=\"async\" width=\"1600\" height=\"900\" src=\"https:\/\/fibgar.es\/wp-content\/uploads\/2025\/05\/Diseno-sin-titulo-1-1.png\" class=\"attachment-full size-full wp-post-image\" alt=\"\" srcset=\"https:\/\/fibgar.es\/wp-content\/uploads\/2025\/05\/Diseno-sin-titulo-1-1.png 1600w, https:\/\/fibgar.es\/wp-content\/uploads\/2025\/05\/Diseno-sin-titulo-1-1-300x169.png 300w, https:\/\/fibgar.es\/wp-content\/uploads\/2025\/05\/Diseno-sin-titulo-1-1-1024x576.png 1024w, https:\/\/fibgar.es\/wp-content\/uploads\/2025\/05\/Diseno-sin-titulo-1-1-768x432.png 768w, https:\/\/fibgar.es\/wp-content\/uploads\/2025\/05\/Diseno-sin-titulo-1-1-1536x864.png 1536w\" sizes=\"auto, (max-width: 1600px) 100vw, 1600px\" \/>\t\t\t<\/a>\n\t\t<\/div>\n\t\t<div class=\"edgtf-item-text-holder\" style=\"background-color:#ffffff;box-shadow:none;\">\n\t\t\t<h3 itemprop=\"name\" class=\"edgtf-item-title entry-title\">\n\t\t\t\t<a itemprop=\"url\" href=\"https:\/\/fibgar.es\/en\/presentation-of-two-educational-activities-on-democratic-memory-at-the-provincial-council-of-badajoz\/\" >\n\t\t\t\t\tPresentation of two educational activities on democratic memory at the Provincial Council of Badajoz\t\t\t\t<\/a>\n\t\t\t<\/h3>\n\n\t\t\t<div class=\"edgtf-item-info-section\">\n\t\t\t\t<div class=\"edgtf-post-info-author\">by\t<a itemprop=\"author\" class=\"edgtf-post-info-author-link\" href=\"https:\/\/fibgar.es\/en\/author\/fibgaradmin\/\">\n\t\tFibgar\t<\/a>\n<\/div><div class=\"edgtf-post-info-category\">\n\t<a href=\"https:\/\/fibgar.es\/en\/category\/articles\/\" rel=\"category tag\">Articles<\/a><\/div><div itemprop=\"dateCreated\" class=\"edgtf-post-info-date entry-date updated\">\n\t\t\t14\/05\/2025\t    <meta itemprop=\"interactionCount\" content=\"UserComments: 0\"\/>\n<\/div>\t\t\t<\/div>\n\n\t\t\t\t\t\t\t<p itemprop=\"description\" class=\"edgtf-excerpt\">On Wednesday 7 May 2025, our head of democratic memory and transitional justice, Nadia Gayoso, was at the Provincial Council of Badajoz together with ...<\/p>\n\t\t\t\t\t\t<a itemprop=\"url\" href=\"https:\/\/fibgar.es\/en\/presentation-of-two-educational-activities-on-democratic-memory-at-the-provincial-council-of-badajoz\/\" class=\"edgtf-blog-list-read-more\">Read more<i class=\"arrow_right\"><\/i><\/a>\n\t\t<\/div>\n\t<\/div>\n<\/li>\n<li class=\"edgtf-blog-list-item clearfix\">\n\t<div class=\"edgtf-blog-list-item-inner\">\n\t\t<div class=\"edgtf-item-image\">\n\t\t\t<a itemprop=\"url\" href=\"https:\/\/fibgar.es\/en\/presentation-of-the-womens-network-for-memory-and-democracy-redmem\/\">\n\t\t\t\t<img loading=\"lazy\" decoding=\"async\" width=\"1920\" height=\"1080\" src=\"https:\/\/fibgar.es\/wp-content\/uploads\/2025\/05\/evento-linked.png\" class=\"attachment-full size-full wp-post-image\" alt=\"\" srcset=\"https:\/\/fibgar.es\/wp-content\/uploads\/2025\/05\/evento-linked.png 1920w, https:\/\/fibgar.es\/wp-content\/uploads\/2025\/05\/evento-linked-300x169.png 300w, https:\/\/fibgar.es\/wp-content\/uploads\/2025\/05\/evento-linked-1024x576.png 1024w, https:\/\/fibgar.es\/wp-content\/uploads\/2025\/05\/evento-linked-768x432.png 768w, https:\/\/fibgar.es\/wp-content\/uploads\/2025\/05\/evento-linked-1536x864.png 1536w\" sizes=\"auto, (max-width: 1920px) 100vw, 1920px\" \/>\t\t\t<\/a>\n\t\t<\/div>\n\t\t<div class=\"edgtf-item-text-holder\" style=\"background-color:#ffffff;box-shadow:none;\">\n\t\t\t<h3 itemprop=\"name\" class=\"edgtf-item-title entry-title\">\n\t\t\t\t<a itemprop=\"url\" href=\"https:\/\/fibgar.es\/en\/presentation-of-the-womens-network-for-memory-and-democracy-redmem\/\" >\n\t\t\t\t\tPresentation of the Women&#8217;s Network for Memory and Democracy (REDMEM)\t\t\t\t<\/a>\n\t\t\t<\/h3>\n\n\t\t\t<div class=\"edgtf-item-info-section\">\n\t\t\t\t<div class=\"edgtf-post-info-author\">by\t<a itemprop=\"author\" class=\"edgtf-post-info-author-link\" href=\"https:\/\/fibgar.es\/en\/author\/fibgaradmin\/\">\n\t\tFibgar\t<\/a>\n<\/div><div class=\"edgtf-post-info-category\">\n\t<a href=\"https:\/\/fibgar.es\/en\/category\/articles\/\" rel=\"category tag\">Articles<\/a><\/div><div itemprop=\"dateCreated\" class=\"edgtf-post-info-date entry-date updated\">\n\t\t\t14\/05\/2025\t    <meta itemprop=\"interactionCount\" content=\"UserComments: 0\"\/>\n<\/div>\t\t\t<\/div>\n\n\t\t\t\t\t\t\t<p itemprop=\"description\" class=\"edgtf-excerpt\">Date: 26 March 2025 from 10h to 14h Place: Paraninfo de la Facultad de Filosof\u00eda, Universidad Complutense de Madrid (Plaza Men\u00e9ndez Pelayo, Ciudad U...<\/p>\n\t\t\t\t\t\t<a itemprop=\"url\" href=\"https:\/\/fibgar.es\/en\/presentation-of-the-womens-network-for-memory-and-democracy-redmem\/\" class=\"edgtf-blog-list-read-more\">Read more<i class=\"arrow_right\"><\/i><\/a>\n\t\t<\/div>\n\t<\/div>\n<\/li>\n<li class=\"edgtf-blog-list-item clearfix\">\n\t<div class=\"edgtf-blog-list-item-inner\">\n\t\t<div class=\"edgtf-item-image\">\n\t\t\t<a itemprop=\"url\" href=\"https:\/\/fibgar.es\/en\/rwanda-31-years-on-memory-and-reflection-in-the-face-of-the-tutsi-genocide\/\">\n\t\t\t\t<img loading=\"lazy\" decoding=\"async\" width=\"1600\" height=\"900\" src=\"https:\/\/fibgar.es\/wp-content\/uploads\/2025\/05\/DIA-INTERNACIONAL-2.png\" class=\"attachment-full size-full wp-post-image\" alt=\"\" srcset=\"https:\/\/fibgar.es\/wp-content\/uploads\/2025\/05\/DIA-INTERNACIONAL-2.png 1600w, https:\/\/fibgar.es\/wp-content\/uploads\/2025\/05\/DIA-INTERNACIONAL-2-300x169.png 300w, https:\/\/fibgar.es\/wp-content\/uploads\/2025\/05\/DIA-INTERNACIONAL-2-1024x576.png 1024w, https:\/\/fibgar.es\/wp-content\/uploads\/2025\/05\/DIA-INTERNACIONAL-2-768x432.png 768w, https:\/\/fibgar.es\/wp-content\/uploads\/2025\/05\/DIA-INTERNACIONAL-2-1536x864.png 1536w\" sizes=\"auto, (max-width: 1600px) 100vw, 1600px\" \/>\t\t\t<\/a>\n\t\t<\/div>\n\t\t<div class=\"edgtf-item-text-holder\" style=\"background-color:#ffffff;box-shadow:none;\">\n\t\t\t<h3 itemprop=\"name\" class=\"edgtf-item-title entry-title\">\n\t\t\t\t<a itemprop=\"url\" href=\"https:\/\/fibgar.es\/en\/rwanda-31-years-on-memory-and-reflection-in-the-face-of-the-tutsi-genocide\/\" >\n\t\t\t\t\tRwanda: 31 years on, memory and reflection in the face of the Tutsi genocide\t\t\t\t<\/a>\n\t\t\t<\/h3>\n\n\t\t\t<div class=\"edgtf-item-info-section\">\n\t\t\t\t<div class=\"edgtf-post-info-author\">by\t<a itemprop=\"author\" class=\"edgtf-post-info-author-link\" href=\"https:\/\/fibgar.es\/en\/author\/fibgaradmin\/\">\n\t\tFibgar\t<\/a>\n<\/div><div class=\"edgtf-post-info-category\">\n\t<a href=\"https:\/\/fibgar.es\/en\/category\/articles\/\" rel=\"category tag\">Articles<\/a><\/div><div itemprop=\"dateCreated\" class=\"edgtf-post-info-date entry-date updated\">\n\t\t\t14\/05\/2025\t    <meta itemprop=\"interactionCount\" content=\"UserComments: 0\"\/>\n<\/div>\t\t\t<\/div>\n\n\t\t\t\t\t\t\t<p itemprop=\"description\" class=\"edgtf-excerpt\">This year marks 31 years since one of the greatest tragedies in our recent history: the genocide against the Tutsi in Rwanda. Every 7 April, the world...<\/p>\n\t\t\t\t\t\t<a itemprop=\"url\" href=\"https:\/\/fibgar.es\/en\/rwanda-31-years-on-memory-and-reflection-in-the-face-of-the-tutsi-genocide\/\" class=\"edgtf-blog-list-read-more\">Read more<i class=\"arrow_right\"><\/i><\/a>\n\t\t<\/div>\n\t<\/div>\n<\/li>\n<li class=\"edgtf-blog-list-item clearfix\">\n\t<div class=\"edgtf-blog-list-item-inner\">\n\t\t<div class=\"edgtf-item-image\">\n\t\t\t<a itemprop=\"url\" href=\"https:\/\/fibgar.es\/en\/educational-workshops-on-exile-and-european-democratic-memory-in-badajoz-high-schools\/\">\n\t\t\t\t<img loading=\"lazy\" decoding=\"async\" width=\"1600\" height=\"1200\" src=\"https:\/\/fibgar.es\/wp-content\/uploads\/2025\/05\/WhatsApp-Image-2025-05-13-at-16.16.25.jpeg\" class=\"attachment-full size-full wp-post-image\" alt=\"\" srcset=\"https:\/\/fibgar.es\/wp-content\/uploads\/2025\/05\/WhatsApp-Image-2025-05-13-at-16.16.25.jpeg 1600w, https:\/\/fibgar.es\/wp-content\/uploads\/2025\/05\/WhatsApp-Image-2025-05-13-at-16.16.25-300x225.jpeg 300w, https:\/\/fibgar.es\/wp-content\/uploads\/2025\/05\/WhatsApp-Image-2025-05-13-at-16.16.25-1024x768.jpeg 1024w, https:\/\/fibgar.es\/wp-content\/uploads\/2025\/05\/WhatsApp-Image-2025-05-13-at-16.16.25-768x576.jpeg 768w, https:\/\/fibgar.es\/wp-content\/uploads\/2025\/05\/WhatsApp-Image-2025-05-13-at-16.16.25-1536x1152.jpeg 1536w, https:\/\/fibgar.es\/wp-content\/uploads\/2025\/05\/WhatsApp-Image-2025-05-13-at-16.16.25-800x600.jpeg 800w\" sizes=\"auto, (max-width: 1600px) 100vw, 1600px\" \/>\t\t\t<\/a>\n\t\t<\/div>\n\t\t<div class=\"edgtf-item-text-holder\" style=\"background-color:#ffffff;box-shadow:none;\">\n\t\t\t<h3 itemprop=\"name\" class=\"edgtf-item-title entry-title\">\n\t\t\t\t<a itemprop=\"url\" href=\"https:\/\/fibgar.es\/en\/educational-workshops-on-exile-and-european-democratic-memory-in-badajoz-high-schools\/\" >\n\t\t\t\t\tEducational workshops on exile and European democratic memory in Badajoz high schools\t\t\t\t<\/a>\n\t\t\t<\/h3>\n\n\t\t\t<div class=\"edgtf-item-info-section\">\n\t\t\t\t<div class=\"edgtf-post-info-author\">by\t<a itemprop=\"author\" class=\"edgtf-post-info-author-link\" href=\"https:\/\/fibgar.es\/en\/author\/fibgaradmin\/\">\n\t\tFibgar\t<\/a>\n<\/div><div class=\"edgtf-post-info-category\">\n\t<a href=\"https:\/\/fibgar.es\/en\/category\/articles\/\" rel=\"category tag\">Articles<\/a><\/div><div itemprop=\"dateCreated\" class=\"edgtf-post-info-date entry-date updated\">\n\t\t\t14\/05\/2025\t    <meta itemprop=\"interactionCount\" content=\"UserComments: 0\"\/>\n<\/div>\t\t\t<\/div>\n\n\t\t\t\t\t\t\t<p itemprop=\"description\" class=\"edgtf-excerpt\">On 8 and 9 May, a series of educational workshops focusing on exile and European democratic memory were held in two different secondary schools in the...<\/p>\n\t\t\t\t\t\t<a itemprop=\"url\" href=\"https:\/\/fibgar.es\/en\/educational-workshops-on-exile-and-european-democratic-memory-in-badajoz-high-schools\/\" class=\"edgtf-blog-list-read-more\">Read more<i class=\"arrow_right\"><\/i><\/a>\n\t\t<\/div>\n\t<\/div>\n<\/li>\n<li class=\"edgtf-blog-list-item clearfix\">\n\t<div class=\"edgtf-blog-list-item-inner\">\n\t\t<div class=\"edgtf-item-image\">\n\t\t\t<a itemprop=\"url\" href=\"https:\/\/fibgar.es\/en\/europe-day-a-renewed-commitment-to-peace-democracy-and-human-rights-75-years-after-the-schuman-declaration\/\">\n\t\t\t\t<img loading=\"lazy\" decoding=\"async\" width=\"1600\" height=\"900\" src=\"https:\/\/fibgar.es\/wp-content\/uploads\/2025\/05\/DIA-INTERNACIONAL-1.png\" class=\"attachment-full size-full wp-post-image\" alt=\"\" srcset=\"https:\/\/fibgar.es\/wp-content\/uploads\/2025\/05\/DIA-INTERNACIONAL-1.png 1600w, https:\/\/fibgar.es\/wp-content\/uploads\/2025\/05\/DIA-INTERNACIONAL-1-300x169.png 300w, https:\/\/fibgar.es\/wp-content\/uploads\/2025\/05\/DIA-INTERNACIONAL-1-1024x576.png 1024w, https:\/\/fibgar.es\/wp-content\/uploads\/2025\/05\/DIA-INTERNACIONAL-1-768x432.png 768w, https:\/\/fibgar.es\/wp-content\/uploads\/2025\/05\/DIA-INTERNACIONAL-1-1536x864.png 1536w\" sizes=\"auto, (max-width: 1600px) 100vw, 1600px\" \/>\t\t\t<\/a>\n\t\t<\/div>\n\t\t<div class=\"edgtf-item-text-holder\" style=\"background-color:#ffffff;box-shadow:none;\">\n\t\t\t<h3 itemprop=\"name\" class=\"edgtf-item-title entry-title\">\n\t\t\t\t<a itemprop=\"url\" href=\"https:\/\/fibgar.es\/en\/europe-day-a-renewed-commitment-to-peace-democracy-and-human-rights-75-years-after-the-schuman-declaration\/\" >\n\t\t\t\t\tEurope Day: A renewed commitment to peace, democracy and human rights 75 years after the Schuman Declaration\t\t\t\t<\/a>\n\t\t\t<\/h3>\n\n\t\t\t<div class=\"edgtf-item-info-section\">\n\t\t\t\t<div class=\"edgtf-post-info-author\">by\t<a itemprop=\"author\" class=\"edgtf-post-info-author-link\" href=\"https:\/\/fibgar.es\/en\/author\/fibgaradmin\/\">\n\t\tFibgar\t<\/a>\n<\/div><div class=\"edgtf-post-info-category\">\n\t<a href=\"https:\/\/fibgar.es\/en\/category\/articles\/\" rel=\"category tag\">Articles<\/a><\/div><div itemprop=\"dateCreated\" class=\"edgtf-post-info-date entry-date updated\">\n\t\t\t09\/05\/2025\t    <meta itemprop=\"interactionCount\" content=\"UserComments: 0\"\/>\n<\/div>\t\t\t<\/div>\n\n\t\t\t\t\t\t\t<p itemprop=\"description\" class=\"edgtf-excerpt\">Europe Day is celebrated every May 9, a commemorative date that invites us to reflect on the origins, the journey and the future of the European proje...<\/p>\n\t\t\t\t\t\t<a itemprop=\"url\" href=\"https:\/\/fibgar.es\/en\/europe-day-a-renewed-commitment-to-peace-democracy-and-human-rights-75-years-after-the-schuman-declaration\/\" class=\"edgtf-blog-list-read-more\">Read more<i class=\"arrow_right\"><\/i><\/a>\n\t\t<\/div>\n\t<\/div>\n<\/li>\n<li class=\"edgtf-blog-list-item clearfix\">\n\t<div class=\"edgtf-blog-list-item-inner\">\n\t\t<div class=\"edgtf-item-image\">\n\t\t\t<a itemprop=\"url\" href=\"https:\/\/fibgar.es\/en\/earth-day-caring-for-the-planet-as-a-human-duty\/\">\n\t\t\t\t<img loading=\"lazy\" decoding=\"async\" width=\"1600\" height=\"900\" src=\"https:\/\/fibgar.es\/wp-content\/uploads\/2025\/04\/DIA-INTERNACIONAL-2.png\" class=\"attachment-full size-full wp-post-image\" alt=\"\" srcset=\"https:\/\/fibgar.es\/wp-content\/uploads\/2025\/04\/DIA-INTERNACIONAL-2.png 1600w, https:\/\/fibgar.es\/wp-content\/uploads\/2025\/04\/DIA-INTERNACIONAL-2-300x169.png 300w, https:\/\/fibgar.es\/wp-content\/uploads\/2025\/04\/DIA-INTERNACIONAL-2-1024x576.png 1024w, https:\/\/fibgar.es\/wp-content\/uploads\/2025\/04\/DIA-INTERNACIONAL-2-768x432.png 768w, https:\/\/fibgar.es\/wp-content\/uploads\/2025\/04\/DIA-INTERNACIONAL-2-1536x864.png 1536w\" sizes=\"auto, (max-width: 1600px) 100vw, 1600px\" \/>\t\t\t<\/a>\n\t\t<\/div>\n\t\t<div class=\"edgtf-item-text-holder\" style=\"background-color:#ffffff;box-shadow:none;\">\n\t\t\t<h3 itemprop=\"name\" class=\"edgtf-item-title entry-title\">\n\t\t\t\t<a itemprop=\"url\" href=\"https:\/\/fibgar.es\/en\/earth-day-caring-for-the-planet-as-a-human-duty\/\" >\n\t\t\t\t\tEarth Day: Caring for the planet as a human duty\t\t\t\t<\/a>\n\t\t\t<\/h3>\n\n\t\t\t<div class=\"edgtf-item-info-section\">\n\t\t\t\t<div class=\"edgtf-post-info-author\">by\t<a itemprop=\"author\" class=\"edgtf-post-info-author-link\" href=\"https:\/\/fibgar.es\/en\/author\/fibgaradmin\/\">\n\t\tFibgar\t<\/a>\n<\/div><div class=\"edgtf-post-info-category\">\n\t<a href=\"https:\/\/fibgar.es\/en\/category\/articles\/\" rel=\"category tag\">Articles<\/a><\/div><div itemprop=\"dateCreated\" class=\"edgtf-post-info-date entry-date updated\">\n\t\t\t22\/04\/2025\t    <meta itemprop=\"interactionCount\" content=\"UserComments: 0\"\/>\n<\/div>\t\t\t<\/div>\n\n\t\t\t\t\t\t\t<p itemprop=\"description\" class=\"edgtf-excerpt\">\u2018For hundreds of thousands of years, man has struggled to make a place for himself in nature. For the first time in the history of our species, the ...<\/p>\n\t\t\t\t\t\t<a itemprop=\"url\" href=\"https:\/\/fibgar.es\/en\/earth-day-caring-for-the-planet-as-a-human-duty\/\" class=\"edgtf-blog-list-read-more\">Read more<i class=\"arrow_right\"><\/i><\/a>\n\t\t<\/div>\n\t<\/div>\n<\/li>\n<li class=\"edgtf-blog-list-item clearfix\">\n\t<div class=\"edgtf-blog-list-item-inner\">\n\t\t<div class=\"edgtf-item-image\">\n\t\t\t<a itemprop=\"url\" href=\"https:\/\/fibgar.es\/en\/interactive-dialogue-by-the-human-rights-council-on-transitional-justice\/\">\n\t\t\t\t<img loading=\"lazy\" decoding=\"async\" width=\"1600\" height=\"900\" src=\"https:\/\/fibgar.es\/wp-content\/uploads\/2025\/04\/POST-GENERICO-19.png\" class=\"attachment-full size-full wp-post-image\" alt=\"\" srcset=\"https:\/\/fibgar.es\/wp-content\/uploads\/2025\/04\/POST-GENERICO-19.png 1600w, https:\/\/fibgar.es\/wp-content\/uploads\/2025\/04\/POST-GENERICO-19-300x169.png 300w, https:\/\/fibgar.es\/wp-content\/uploads\/2025\/04\/POST-GENERICO-19-1024x576.png 1024w, https:\/\/fibgar.es\/wp-content\/uploads\/2025\/04\/POST-GENERICO-19-768x432.png 768w, https:\/\/fibgar.es\/wp-content\/uploads\/2025\/04\/POST-GENERICO-19-1536x864.png 1536w\" sizes=\"auto, (max-width: 1600px) 100vw, 1600px\" \/>\t\t\t<\/a>\n\t\t<\/div>\n\t\t<div class=\"edgtf-item-text-holder\" style=\"background-color:#ffffff;box-shadow:none;\">\n\t\t\t<h3 itemprop=\"name\" class=\"edgtf-item-title entry-title\">\n\t\t\t\t<a itemprop=\"url\" href=\"https:\/\/fibgar.es\/en\/interactive-dialogue-by-the-human-rights-council-on-transitional-justice\/\" >\n\t\t\t\t\tInteractive Dialogue by the Human Rights Council on Transitional Justice\t\t\t\t<\/a>\n\t\t\t<\/h3>\n\n\t\t\t<div class=\"edgtf-item-info-section\">\n\t\t\t\t<div class=\"edgtf-post-info-author\">by\t<a itemprop=\"author\" class=\"edgtf-post-info-author-link\" href=\"https:\/\/fibgar.es\/en\/author\/fibgaradmin\/\">\n\t\tFibgar\t<\/a>\n<\/div><div class=\"edgtf-post-info-category\">\n\t<a href=\"https:\/\/fibgar.es\/en\/category\/articles\/\" rel=\"category tag\">Articles<\/a><\/div><div itemprop=\"dateCreated\" class=\"edgtf-post-info-date entry-date updated\">\n\t\t\t17\/04\/2025\t    <meta itemprop=\"interactionCount\" content=\"UserComments: 0\"\/>\n<\/div>\t\t\t<\/div>\n\n\t\t\t\t\t\t\t<p itemprop=\"description\" class=\"edgtf-excerpt\">On 5 March, in the framework of the 58th session of the UN Human Rights Council, the session dedicated to the interactive dialogue on the Report of th...<\/p>\n\t\t\t\t\t\t<a itemprop=\"url\" href=\"https:\/\/fibgar.es\/en\/interactive-dialogue-by-the-human-rights-council-on-transitional-justice\/\" class=\"edgtf-blog-list-read-more\">Read more<i class=\"arrow_right\"><\/i><\/a>\n\t\t<\/div>\n\t<\/div>\n<\/li>\n<li class=\"edgtf-blog-list-item clearfix\">\n\t<div class=\"edgtf-blog-list-item-inner\">\n\t\t<div class=\"edgtf-item-image\">\n\t\t\t<a itemprop=\"url\" href=\"https:\/\/fibgar.es\/en\/fibgar-celebrated-the-presentation-event-of-the-new-womens-network-for-memory-and-democracy-redmem\/\">\n\t\t\t\t<img loading=\"lazy\" decoding=\"async\" width=\"2560\" height=\"1920\" src=\"https:\/\/fibgar.es\/wp-content\/uploads\/2025\/03\/IMG_9556-scaled.jpeg\" class=\"attachment-full size-full wp-post-image\" alt=\"\" srcset=\"https:\/\/fibgar.es\/wp-content\/uploads\/2025\/03\/IMG_9556-scaled.jpeg 2560w, https:\/\/fibgar.es\/wp-content\/uploads\/2025\/03\/IMG_9556-300x225.jpeg 300w, https:\/\/fibgar.es\/wp-content\/uploads\/2025\/03\/IMG_9556-1024x768.jpeg 1024w, https:\/\/fibgar.es\/wp-content\/uploads\/2025\/03\/IMG_9556-768x576.jpeg 768w, https:\/\/fibgar.es\/wp-content\/uploads\/2025\/03\/IMG_9556-1536x1152.jpeg 1536w, https:\/\/fibgar.es\/wp-content\/uploads\/2025\/03\/IMG_9556-800x600.jpeg 800w\" sizes=\"auto, (max-width: 2560px) 100vw, 2560px\" \/>\t\t\t<\/a>\n\t\t<\/div>\n\t\t<div class=\"edgtf-item-text-holder\" style=\"background-color:#ffffff;box-shadow:none;\">\n\t\t\t<h3 itemprop=\"name\" class=\"edgtf-item-title entry-title\">\n\t\t\t\t<a itemprop=\"url\" href=\"https:\/\/fibgar.es\/en\/fibgar-celebrated-the-presentation-event-of-the-new-womens-network-for-memory-and-democracy-redmem\/\" >\n\t\t\t\t\tFIBGAR celebrated the presentation event of the new Women&#8217;s Network for Memory and Democracy (REDMEM)\t\t\t\t<\/a>\n\t\t\t<\/h3>\n\n\t\t\t<div class=\"edgtf-item-info-section\">\n\t\t\t\t<div class=\"edgtf-post-info-author\">by\t<a itemprop=\"author\" class=\"edgtf-post-info-author-link\" href=\"https:\/\/fibgar.es\/en\/author\/fibgaradmin\/\">\n\t\tFibgar\t<\/a>\n<\/div><div class=\"edgtf-post-info-category\">\n\t<a href=\"https:\/\/fibgar.es\/en\/category\/articles\/\" rel=\"category tag\">Articles<\/a><\/div><div itemprop=\"dateCreated\" class=\"edgtf-post-info-date entry-date updated\">\n\t\t\t11\/04\/2025\t    <meta itemprop=\"interactionCount\" content=\"UserComments: 0\"\/>\n<\/div>\t\t\t<\/div>\n\n\t\t\t\t\t\t\t<p itemprop=\"description\" class=\"edgtf-excerpt\">On 26 March we held the presentation event of our new Network of Women for Memory and Democracy (REDMEM). This occasion was held in collaboration with...<\/p>\n\t\t\t\t\t\t<a itemprop=\"url\" href=\"https:\/\/fibgar.es\/en\/fibgar-celebrated-the-presentation-event-of-the-new-womens-network-for-memory-and-democracy-redmem\/\" class=\"edgtf-blog-list-read-more\">Read more<i class=\"arrow_right\"><\/i><\/a>\n\t\t<\/div>\n\t<\/div>\n<\/li>\n<li class=\"edgtf-blog-list-item clearfix\">\n\t<div class=\"edgtf-blog-list-item-inner\">\n\t\t<div class=\"edgtf-item-image\">\n\t\t\t<a itemprop=\"url\" href=\"https:\/\/fibgar.es\/en\/international-day-for-the-right-to-truth-a-commitment-to-memory-and-justice\/\">\n\t\t\t\t<img loading=\"lazy\" decoding=\"async\" width=\"1600\" height=\"900\" src=\"https:\/\/fibgar.es\/wp-content\/uploads\/2025\/03\/DIA-INTERNACIONAL-3.png\" class=\"attachment-full size-full wp-post-image\" alt=\"\" srcset=\"https:\/\/fibgar.es\/wp-content\/uploads\/2025\/03\/DIA-INTERNACIONAL-3.png 1600w, https:\/\/fibgar.es\/wp-content\/uploads\/2025\/03\/DIA-INTERNACIONAL-3-300x169.png 300w, https:\/\/fibgar.es\/wp-content\/uploads\/2025\/03\/DIA-INTERNACIONAL-3-1024x576.png 1024w, https:\/\/fibgar.es\/wp-content\/uploads\/2025\/03\/DIA-INTERNACIONAL-3-768x432.png 768w, https:\/\/fibgar.es\/wp-content\/uploads\/2025\/03\/DIA-INTERNACIONAL-3-1536x864.png 1536w\" sizes=\"auto, (max-width: 1600px) 100vw, 1600px\" \/>\t\t\t<\/a>\n\t\t<\/div>\n\t\t<div class=\"edgtf-item-text-holder\" style=\"background-color:#ffffff;box-shadow:none;\">\n\t\t\t<h3 itemprop=\"name\" class=\"edgtf-item-title entry-title\">\n\t\t\t\t<a itemprop=\"url\" href=\"https:\/\/fibgar.es\/en\/international-day-for-the-right-to-truth-a-commitment-to-memory-and-justice\/\" >\n\t\t\t\t\tInternational Day for the Right to Truth: a commitment to Memory and Justice\t\t\t\t<\/a>\n\t\t\t<\/h3>\n\n\t\t\t<div class=\"edgtf-item-info-section\">\n\t\t\t\t<div class=\"edgtf-post-info-author\">by\t<a itemprop=\"author\" class=\"edgtf-post-info-author-link\" href=\"https:\/\/fibgar.es\/en\/author\/fibgaradmin\/\">\n\t\tFibgar\t<\/a>\n<\/div><div class=\"edgtf-post-info-category\">\n\t<a href=\"https:\/\/fibgar.es\/en\/category\/articles\/\" rel=\"category tag\">Articles<\/a><\/div><div itemprop=\"dateCreated\" class=\"edgtf-post-info-date entry-date updated\">\n\t\t\t24\/03\/2025\t    <meta itemprop=\"interactionCount\" content=\"UserComments: 0\"\/>\n<\/div>\t\t\t<\/div>\n\n\t\t\t\t\t\t\t<p itemprop=\"description\" class=\"edgtf-excerpt\">Since 2011, as a result of Resolution 65\/196, the &#8220;International Day for the Right to the Truth concerning Gross Violations of Human Rights and ...<\/p>\n\t\t\t\t\t\t<a itemprop=\"url\" href=\"https:\/\/fibgar.es\/en\/international-day-for-the-right-to-truth-a-commitment-to-memory-and-justice\/\" class=\"edgtf-blog-list-read-more\">Read more<i class=\"arrow_right\"><\/i><\/a>\n\t\t<\/div>\n\t<\/div>\n<\/li>\n<li class=\"edgtf-blog-list-item clearfix\">\n\t<div class=\"edgtf-blog-list-item-inner\">\n\t\t<div class=\"edgtf-item-image\">\n\t\t\t<a itemprop=\"url\" href=\"https:\/\/fibgar.es\/en\/international-ngo-day-celebrating-the-impact-of-civil-society\/\">\n\t\t\t\t<img loading=\"lazy\" decoding=\"async\" width=\"1600\" height=\"900\" src=\"https:\/\/fibgar.es\/wp-content\/uploads\/2025\/02\/DIA-INTERNACIONAL-8.png\" class=\"attachment-full size-full wp-post-image\" alt=\"\" srcset=\"https:\/\/fibgar.es\/wp-content\/uploads\/2025\/02\/DIA-INTERNACIONAL-8.png 1600w, https:\/\/fibgar.es\/wp-content\/uploads\/2025\/02\/DIA-INTERNACIONAL-8-300x169.png 300w, https:\/\/fibgar.es\/wp-content\/uploads\/2025\/02\/DIA-INTERNACIONAL-8-1024x576.png 1024w, https:\/\/fibgar.es\/wp-content\/uploads\/2025\/02\/DIA-INTERNACIONAL-8-768x432.png 768w, https:\/\/fibgar.es\/wp-content\/uploads\/2025\/02\/DIA-INTERNACIONAL-8-1536x864.png 1536w\" sizes=\"auto, (max-width: 1600px) 100vw, 1600px\" \/>\t\t\t<\/a>\n\t\t<\/div>\n\t\t<div class=\"edgtf-item-text-holder\" style=\"background-color:#ffffff;box-shadow:none;\">\n\t\t\t<h3 itemprop=\"name\" class=\"edgtf-item-title entry-title\">\n\t\t\t\t<a itemprop=\"url\" href=\"https:\/\/fibgar.es\/en\/international-ngo-day-celebrating-the-impact-of-civil-society\/\" >\n\t\t\t\t\tInternational NGO Day: Celebrating the Impact of Civil Society\t\t\t\t<\/a>\n\t\t\t<\/h3>\n\n\t\t\t<div class=\"edgtf-item-info-section\">\n\t\t\t\t<div class=\"edgtf-post-info-author\">by\t<a itemprop=\"author\" class=\"edgtf-post-info-author-link\" href=\"https:\/\/fibgar.es\/en\/author\/fibgaradmin\/\">\n\t\tFibgar\t<\/a>\n<\/div><div class=\"edgtf-post-info-category\">\n\t<a href=\"https:\/\/fibgar.es\/en\/category\/articles\/\" rel=\"category tag\">Articles<\/a><\/div><div itemprop=\"dateCreated\" class=\"edgtf-post-info-date entry-date updated\">\n\t\t\t27\/02\/2025\t    <meta itemprop=\"interactionCount\" content=\"UserComments: 0\"\/>\n<\/div>\t\t\t<\/div>\n\n\t\t\t\t\t\t\t<p itemprop=\"description\" class=\"edgtf-excerpt\">Every 27 February is International NGO Day, a day to recognise the invaluable work of NGOs in building a more just and sustainable world. Driven by th...<\/p>\n\t\t\t\t\t\t<a itemprop=\"url\" href=\"https:\/\/fibgar.es\/en\/international-ngo-day-celebrating-the-impact-of-civil-society\/\" class=\"edgtf-blog-list-read-more\">Read more<i class=\"arrow_right\"><\/i><\/a>\n\t\t<\/div>\n\t<\/div>\n<\/li>\n<li class=\"edgtf-blog-list-item clearfix\">\n\t<div class=\"edgtf-blog-list-item-inner\">\n\t\t<div class=\"edgtf-item-image\">\n\t\t\t<a itemprop=\"url\" href=\"https:\/\/fibgar.es\/en\/deciphering-the-dna-of-truth-how-the-grandparenthood-index-brought-together-dozens-of-families\/\">\n\t\t\t\t<img loading=\"lazy\" decoding=\"async\" width=\"1600\" height=\"900\" src=\"https:\/\/fibgar.es\/wp-content\/uploads\/2025\/02\/POST-GENERICO-17.png\" class=\"attachment-full size-full wp-post-image\" alt=\"\" srcset=\"https:\/\/fibgar.es\/wp-content\/uploads\/2025\/02\/POST-GENERICO-17.png 1600w, https:\/\/fibgar.es\/wp-content\/uploads\/2025\/02\/POST-GENERICO-17-300x169.png 300w, https:\/\/fibgar.es\/wp-content\/uploads\/2025\/02\/POST-GENERICO-17-1024x576.png 1024w, https:\/\/fibgar.es\/wp-content\/uploads\/2025\/02\/POST-GENERICO-17-768x432.png 768w, https:\/\/fibgar.es\/wp-content\/uploads\/2025\/02\/POST-GENERICO-17-1536x864.png 1536w\" sizes=\"auto, (max-width: 1600px) 100vw, 1600px\" \/>\t\t\t<\/a>\n\t\t<\/div>\n\t\t<div class=\"edgtf-item-text-holder\" style=\"background-color:#ffffff;box-shadow:none;\">\n\t\t\t<h3 itemprop=\"name\" class=\"edgtf-item-title entry-title\">\n\t\t\t\t<a itemprop=\"url\" href=\"https:\/\/fibgar.es\/en\/deciphering-the-dna-of-truth-how-the-grandparenthood-index-brought-together-dozens-of-families\/\" >\n\t\t\t\t\tDeciphering the DNA of Truth: How the Grandparenthood Index brought together dozens of families\t\t\t\t<\/a>\n\t\t\t<\/h3>\n\n\t\t\t<div class=\"edgtf-item-info-section\">\n\t\t\t\t<div class=\"edgtf-post-info-author\">by\t<a itemprop=\"author\" class=\"edgtf-post-info-author-link\" href=\"https:\/\/fibgar.es\/en\/author\/fibgaradmin\/\">\n\t\tFibgar\t<\/a>\n<\/div><div class=\"edgtf-post-info-category\">\n\t<a href=\"https:\/\/fibgar.es\/en\/category\/articles\/\" rel=\"category tag\">Articles<\/a><\/div><div itemprop=\"dateCreated\" class=\"edgtf-post-info-date entry-date updated\">\n\t\t\t24\/02\/2025\t    <meta itemprop=\"interactionCount\" content=\"UserComments: 0\"\/>\n<\/div>\t\t\t<\/div>\n\n\t\t\t\t\t\t\t<p itemprop=\"description\" class=\"edgtf-excerpt\">During the period 1976-1983, Argentina experienced a civilian-church-military dictatorship under which crimes against humanity and human rights violat...<\/p>\n\t\t\t\t\t\t<a itemprop=\"url\" href=\"https:\/\/fibgar.es\/en\/deciphering-the-dna-of-truth-how-the-grandparenthood-index-brought-together-dozens-of-families\/\" class=\"edgtf-blog-list-read-more\">Read more<i class=\"arrow_right\"><\/i><\/a>\n\t\t<\/div>\n\t<\/div>\n<\/li>\n<li class=\"edgtf-blog-list-item clearfix\">\n\t<div class=\"edgtf-blog-list-item-inner\">\n\t\t<div class=\"edgtf-item-image\">\n\t\t\t<a itemprop=\"url\" href=\"https:\/\/fibgar.es\/en\/timeless-voices-european-day-for-victims-of-crime\/\">\n\t\t\t\t<img loading=\"lazy\" decoding=\"async\" width=\"1600\" height=\"900\" src=\"https:\/\/fibgar.es\/wp-content\/uploads\/2025\/02\/DIA-INTERNACIONAL-5-1.png\" class=\"attachment-full size-full wp-post-image\" alt=\"\" srcset=\"https:\/\/fibgar.es\/wp-content\/uploads\/2025\/02\/DIA-INTERNACIONAL-5-1.png 1600w, https:\/\/fibgar.es\/wp-content\/uploads\/2025\/02\/DIA-INTERNACIONAL-5-1-300x169.png 300w, https:\/\/fibgar.es\/wp-content\/uploads\/2025\/02\/DIA-INTERNACIONAL-5-1-1024x576.png 1024w, https:\/\/fibgar.es\/wp-content\/uploads\/2025\/02\/DIA-INTERNACIONAL-5-1-768x432.png 768w, https:\/\/fibgar.es\/wp-content\/uploads\/2025\/02\/DIA-INTERNACIONAL-5-1-1536x864.png 1536w\" sizes=\"auto, (max-width: 1600px) 100vw, 1600px\" \/>\t\t\t<\/a>\n\t\t<\/div>\n\t\t<div class=\"edgtf-item-text-holder\" style=\"background-color:#ffffff;box-shadow:none;\">\n\t\t\t<h3 itemprop=\"name\" class=\"edgtf-item-title entry-title\">\n\t\t\t\t<a itemprop=\"url\" href=\"https:\/\/fibgar.es\/en\/timeless-voices-european-day-for-victims-of-crime\/\" >\n\t\t\t\t\tTimeless voices: European day for victims of crime\t\t\t\t<\/a>\n\t\t\t<\/h3>\n\n\t\t\t<div class=\"edgtf-item-info-section\">\n\t\t\t\t<div class=\"edgtf-post-info-author\">by\t<a itemprop=\"author\" class=\"edgtf-post-info-author-link\" href=\"https:\/\/fibgar.es\/en\/author\/fibgaradmin\/\">\n\t\tFibgar\t<\/a>\n<\/div><div class=\"edgtf-post-info-category\">\n\t<a href=\"https:\/\/fibgar.es\/en\/category\/articles\/\" rel=\"category tag\">Articles<\/a><\/div><div itemprop=\"dateCreated\" class=\"edgtf-post-info-date entry-date updated\">\n\t\t\t22\/02\/2025\t    <meta itemprop=\"interactionCount\" content=\"UserComments: 0\"\/>\n<\/div>\t\t\t<\/div>\n\n\t\t\t\t\t\t\t<p itemprop=\"description\" class=\"edgtf-excerpt\">\u201cPeople all over the world (including millions fleeing war, persecution and deprivation) continue to suffer from discrimination and attacks. We have...<\/p>\n\t\t\t\t\t\t<a itemprop=\"url\" href=\"https:\/\/fibgar.es\/en\/timeless-voices-european-day-for-victims-of-crime\/\" class=\"edgtf-blog-list-read-more\">Read more<i class=\"arrow_right\"><\/i><\/a>\n\t\t<\/div>\n\t<\/div>\n<\/li>\n<li class=\"edgtf-blog-list-item clearfix\">\n\t<div class=\"edgtf-blog-list-item-inner\">\n\t\t<div class=\"edgtf-item-image\">\n\t\t\t<a itemprop=\"url\" href=\"https:\/\/fibgar.es\/en\/children-at-war-the-world-we-do-not-want-to-live-in\/\">\n\t\t\t\t<img loading=\"lazy\" decoding=\"async\" width=\"1600\" height=\"900\" src=\"https:\/\/fibgar.es\/wp-content\/uploads\/2025\/02\/DIA-INTERNACIONAL-1.png\" class=\"attachment-full size-full wp-post-image\" alt=\"\" srcset=\"https:\/\/fibgar.es\/wp-content\/uploads\/2025\/02\/DIA-INTERNACIONAL-1.png 1600w, https:\/\/fibgar.es\/wp-content\/uploads\/2025\/02\/DIA-INTERNACIONAL-1-300x169.png 300w, https:\/\/fibgar.es\/wp-content\/uploads\/2025\/02\/DIA-INTERNACIONAL-1-1024x576.png 1024w, https:\/\/fibgar.es\/wp-content\/uploads\/2025\/02\/DIA-INTERNACIONAL-1-768x432.png 768w, https:\/\/fibgar.es\/wp-content\/uploads\/2025\/02\/DIA-INTERNACIONAL-1-1536x864.png 1536w\" sizes=\"auto, (max-width: 1600px) 100vw, 1600px\" \/>\t\t\t<\/a>\n\t\t<\/div>\n\t\t<div class=\"edgtf-item-text-holder\" style=\"background-color:#ffffff;box-shadow:none;\">\n\t\t\t<h3 itemprop=\"name\" class=\"edgtf-item-title entry-title\">\n\t\t\t\t<a itemprop=\"url\" href=\"https:\/\/fibgar.es\/en\/children-at-war-the-world-we-do-not-want-to-live-in\/\" >\n\t\t\t\t\tChildren at War: The World We Do Not Want to Live In\t\t\t\t<\/a>\n\t\t\t<\/h3>\n\n\t\t\t<div class=\"edgtf-item-info-section\">\n\t\t\t\t<div class=\"edgtf-post-info-author\">by\t<a itemprop=\"author\" class=\"edgtf-post-info-author-link\" href=\"https:\/\/fibgar.es\/en\/author\/fibgaradmin\/\">\n\t\tFibgar\t<\/a>\n<\/div><div class=\"edgtf-post-info-category\">\n\t<a href=\"https:\/\/fibgar.es\/en\/category\/articles\/\" rel=\"category tag\">Articles<\/a><\/div><div itemprop=\"dateCreated\" class=\"edgtf-post-info-date entry-date updated\">\n\t\t\t12\/02\/2025\t    <meta itemprop=\"interactionCount\" content=\"UserComments: 0\"\/>\n<\/div>\t\t\t<\/div>\n\n\t\t\t\t\t\t\t<p itemprop=\"description\" class=\"edgtf-excerpt\">Thousands of children have their childhood stolen as they are forced to participate in armed conflicts. Whether as combatants, spies, sexual slaves or...<\/p>\n\t\t\t\t\t\t<a itemprop=\"url\" href=\"https:\/\/fibgar.es\/en\/children-at-war-the-world-we-do-not-want-to-live-in\/\" class=\"edgtf-blog-list-read-more\">Read more<i class=\"arrow_right\"><\/i><\/a>\n\t\t<\/div>\n\t<\/div>\n<\/li>\n<li class=\"edgtf-blog-list-item clearfix\">\n\t<div class=\"edgtf-blog-list-item-inner\">\n\t\t<div class=\"edgtf-item-image\">\n\t\t\t<a itemprop=\"url\" href=\"https:\/\/fibgar.es\/en\/council-of-europe-assesses-spains-policies-and-measures-to-prevent-and-combat-violence-against-women-and-domestic-violence\/\">\n\t\t\t\t<img loading=\"lazy\" decoding=\"async\" width=\"1600\" height=\"900\" src=\"https:\/\/fibgar.es\/wp-content\/uploads\/2025\/02\/POST-GENERICO-2.png\" class=\"attachment-full size-full wp-post-image\" alt=\"\" srcset=\"https:\/\/fibgar.es\/wp-content\/uploads\/2025\/02\/POST-GENERICO-2.png 1600w, https:\/\/fibgar.es\/wp-content\/uploads\/2025\/02\/POST-GENERICO-2-300x169.png 300w, https:\/\/fibgar.es\/wp-content\/uploads\/2025\/02\/POST-GENERICO-2-1024x576.png 1024w, https:\/\/fibgar.es\/wp-content\/uploads\/2025\/02\/POST-GENERICO-2-768x432.png 768w, https:\/\/fibgar.es\/wp-content\/uploads\/2025\/02\/POST-GENERICO-2-1536x864.png 1536w\" sizes=\"auto, (max-width: 1600px) 100vw, 1600px\" \/>\t\t\t<\/a>\n\t\t<\/div>\n\t\t<div class=\"edgtf-item-text-holder\" style=\"background-color:#ffffff;box-shadow:none;\">\n\t\t\t<h3 itemprop=\"name\" class=\"edgtf-item-title entry-title\">\n\t\t\t\t<a itemprop=\"url\" href=\"https:\/\/fibgar.es\/en\/council-of-europe-assesses-spains-policies-and-measures-to-prevent-and-combat-violence-against-women-and-domestic-violence\/\" >\n\t\t\t\t\tCouncil of Europe assesses Spain&#8217;s policies and measures to prevent and combat violence against women and domestic violence\t\t\t\t<\/a>\n\t\t\t<\/h3>\n\n\t\t\t<div class=\"edgtf-item-info-section\">\n\t\t\t\t<div class=\"edgtf-post-info-author\">by\t<a itemprop=\"author\" class=\"edgtf-post-info-author-link\" href=\"https:\/\/fibgar.es\/en\/author\/fibgaradmin\/\">\n\t\tFibgar\t<\/a>\n<\/div><div class=\"edgtf-post-info-category\">\n\t<a href=\"https:\/\/fibgar.es\/en\/category\/articles\/\" rel=\"category tag\">Articles<\/a><\/div><div itemprop=\"dateCreated\" class=\"edgtf-post-info-date entry-date updated\">\n\t\t\t11\/02\/2025\t    <meta itemprop=\"interactionCount\" content=\"UserComments: 0\"\/>\n<\/div>\t\t\t<\/div>\n\n\t\t\t\t\t\t\t<p itemprop=\"description\" class=\"edgtf-excerpt\">Violence against women constitutes one of the most serious forms of discrimination and a fundamental violation of human rights: \u201cits physical, sexua...<\/p>\n\t\t\t\t\t\t<a itemprop=\"url\" href=\"https:\/\/fibgar.es\/en\/council-of-europe-assesses-spains-policies-and-measures-to-prevent-and-combat-violence-against-women-and-domestic-violence\/\" class=\"edgtf-blog-list-read-more\">Read more<i class=\"arrow_right\"><\/i><\/a>\n\t\t<\/div>\n\t<\/div>\n<\/li>\n<li class=\"edgtf-blog-list-item clearfix\">\n\t<div class=\"edgtf-blog-list-item-inner\">\n\t\t<div class=\"edgtf-item-image\">\n\t\t\t<a itemprop=\"url\" href=\"https:\/\/fibgar.es\/en\/the-dismantlement-of-the-process-of-memory-truth-and-justice-advances-in-argentina\/\">\n\t\t\t\t<img loading=\"lazy\" decoding=\"async\" width=\"1600\" height=\"900\" src=\"https:\/\/fibgar.es\/wp-content\/uploads\/2025\/02\/POST-GENERICO.png\" class=\"attachment-full size-full wp-post-image\" alt=\"\" srcset=\"https:\/\/fibgar.es\/wp-content\/uploads\/2025\/02\/POST-GENERICO.png 1600w, https:\/\/fibgar.es\/wp-content\/uploads\/2025\/02\/POST-GENERICO-300x169.png 300w, https:\/\/fibgar.es\/wp-content\/uploads\/2025\/02\/POST-GENERICO-1024x576.png 1024w, https:\/\/fibgar.es\/wp-content\/uploads\/2025\/02\/POST-GENERICO-768x432.png 768w, https:\/\/fibgar.es\/wp-content\/uploads\/2025\/02\/POST-GENERICO-1536x864.png 1536w\" sizes=\"auto, (max-width: 1600px) 100vw, 1600px\" \/>\t\t\t<\/a>\n\t\t<\/div>\n\t\t<div class=\"edgtf-item-text-holder\" style=\"background-color:#ffffff;box-shadow:none;\">\n\t\t\t<h3 itemprop=\"name\" class=\"edgtf-item-title entry-title\">\n\t\t\t\t<a itemprop=\"url\" href=\"https:\/\/fibgar.es\/en\/the-dismantlement-of-the-process-of-memory-truth-and-justice-advances-in-argentina\/\" >\n\t\t\t\t\tThe dismantlement of the process of Memory, Truth and Justice advances in Argentina\t\t\t\t<\/a>\n\t\t\t<\/h3>\n\n\t\t\t<div class=\"edgtf-item-info-section\">\n\t\t\t\t<div class=\"edgtf-post-info-author\">by\t<a itemprop=\"author\" class=\"edgtf-post-info-author-link\" href=\"https:\/\/fibgar.es\/en\/author\/fibgaradmin\/\">\n\t\tFibgar\t<\/a>\n<\/div><div class=\"edgtf-post-info-category\">\n\t<a href=\"https:\/\/fibgar.es\/en\/category\/articles\/\" rel=\"category tag\">Articles<\/a><\/div><div itemprop=\"dateCreated\" class=\"edgtf-post-info-date entry-date updated\">\n\t\t\t11\/02\/2025\t    <meta itemprop=\"interactionCount\" content=\"UserComments: 0\"\/>\n<\/div>\t\t\t<\/div>\n\n\t\t\t\t\t\t\t<p itemprop=\"description\" class=\"edgtf-excerpt\">In Argentina, the ruling party of President Javier Milei has continued with its public policy of attack against the fundamental areas of the transitio...<\/p>\n\t\t\t\t\t\t<a itemprop=\"url\" href=\"https:\/\/fibgar.es\/en\/the-dismantlement-of-the-process-of-memory-truth-and-justice-advances-in-argentina\/\" class=\"edgtf-blog-list-read-more\">Read more<i class=\"arrow_right\"><\/i><\/a>\n\t\t<\/div>\n\t<\/div>\n<\/li>\n<li class=\"edgtf-blog-list-item clearfix\">\n\t<div class=\"edgtf-blog-list-item-inner\">\n\t\t<div class=\"edgtf-item-image\">\n\t\t\t<a itemprop=\"url\" href=\"https:\/\/fibgar.es\/en\/international-lawyers-day-commitment-to-justice-and-human-rights\/\">\n\t\t\t\t<img loading=\"lazy\" decoding=\"async\" width=\"1600\" height=\"900\" src=\"https:\/\/fibgar.es\/wp-content\/uploads\/2025\/02\/DIA-INTERNACIONAL-5.png\" class=\"attachment-full size-full wp-post-image\" alt=\"\" srcset=\"https:\/\/fibgar.es\/wp-content\/uploads\/2025\/02\/DIA-INTERNACIONAL-5.png 1600w, https:\/\/fibgar.es\/wp-content\/uploads\/2025\/02\/DIA-INTERNACIONAL-5-300x169.png 300w, https:\/\/fibgar.es\/wp-content\/uploads\/2025\/02\/DIA-INTERNACIONAL-5-1024x576.png 1024w, https:\/\/fibgar.es\/wp-content\/uploads\/2025\/02\/DIA-INTERNACIONAL-5-768x432.png 768w, https:\/\/fibgar.es\/wp-content\/uploads\/2025\/02\/DIA-INTERNACIONAL-5-1536x864.png 1536w\" sizes=\"auto, (max-width: 1600px) 100vw, 1600px\" \/>\t\t\t<\/a>\n\t\t<\/div>\n\t\t<div class=\"edgtf-item-text-holder\" style=\"background-color:#ffffff;box-shadow:none;\">\n\t\t\t<h3 itemprop=\"name\" class=\"edgtf-item-title entry-title\">\n\t\t\t\t<a itemprop=\"url\" href=\"https:\/\/fibgar.es\/en\/international-lawyers-day-commitment-to-justice-and-human-rights\/\" >\n\t\t\t\t\tInternational Lawyers\u2019 Day: Commitment to Justice and Human Rights\t\t\t\t<\/a>\n\t\t\t<\/h3>\n\n\t\t\t<div class=\"edgtf-item-info-section\">\n\t\t\t\t<div class=\"edgtf-post-info-author\">by\t<a itemprop=\"author\" class=\"edgtf-post-info-author-link\" href=\"https:\/\/fibgar.es\/en\/author\/fibgaradmin\/\">\n\t\tFibgar\t<\/a>\n<\/div><div class=\"edgtf-post-info-category\">\n\t<a href=\"https:\/\/fibgar.es\/en\/category\/articles\/\" rel=\"category tag\">Articles<\/a><\/div><div itemprop=\"dateCreated\" class=\"edgtf-post-info-date entry-date updated\">\n\t\t\t05\/02\/2025\t    <meta itemprop=\"interactionCount\" content=\"UserComments: 0\"\/>\n<\/div>\t\t\t<\/div>\n\n\t\t\t\t\t\t\t<p itemprop=\"description\" class=\"edgtf-excerpt\">International Lawyers\u2019 Day, commemorated on 3rd February, is an occasion to reflect on the role of legal professionals in promoting justice and defe...<\/p>\n\t\t\t\t\t\t<a itemprop=\"url\" href=\"https:\/\/fibgar.es\/en\/international-lawyers-day-commitment-to-justice-and-human-rights\/\" class=\"edgtf-blog-list-read-more\">Read more<i class=\"arrow_right\"><\/i><\/a>\n\t\t<\/div>\n\t<\/div>\n<\/li>\n<li class=\"edgtf-blog-list-item clearfix\">\n\t<div class=\"edgtf-blog-list-item-inner\">\n\t\t<div class=\"edgtf-item-image\">\n\t\t\t<a itemprop=\"url\" href=\"https:\/\/fibgar.es\/en\/surveillance-of-critical-voices-an-urgent-challenge-for-human-rights\/\">\n\t\t\t\t<img loading=\"lazy\" decoding=\"async\" width=\"1600\" height=\"900\" src=\"https:\/\/fibgar.es\/wp-content\/uploads\/2025\/01\/DIA-INTERNACIONAL-2.png\" class=\"attachment-full size-full wp-post-image\" alt=\"\" srcset=\"https:\/\/fibgar.es\/wp-content\/uploads\/2025\/01\/DIA-INTERNACIONAL-2.png 1600w, https:\/\/fibgar.es\/wp-content\/uploads\/2025\/01\/DIA-INTERNACIONAL-2-300x169.png 300w, https:\/\/fibgar.es\/wp-content\/uploads\/2025\/01\/DIA-INTERNACIONAL-2-1024x576.png 1024w, https:\/\/fibgar.es\/wp-content\/uploads\/2025\/01\/DIA-INTERNACIONAL-2-768x432.png 768w, https:\/\/fibgar.es\/wp-content\/uploads\/2025\/01\/DIA-INTERNACIONAL-2-1536x864.png 1536w\" sizes=\"auto, (max-width: 1600px) 100vw, 1600px\" \/>\t\t\t<\/a>\n\t\t<\/div>\n\t\t<div class=\"edgtf-item-text-holder\" style=\"background-color:#ffffff;box-shadow:none;\">\n\t\t\t<h3 itemprop=\"name\" class=\"edgtf-item-title entry-title\">\n\t\t\t\t<a itemprop=\"url\" href=\"https:\/\/fibgar.es\/en\/surveillance-of-critical-voices-an-urgent-challenge-for-human-rights\/\" >\n\t\t\t\t\tSurveillance of Critical Voices: An Urgent Challenge for Human Rights\t\t\t\t<\/a>\n\t\t\t<\/h3>\n\n\t\t\t<div class=\"edgtf-item-info-section\">\n\t\t\t\t<div class=\"edgtf-post-info-author\">by\t<a itemprop=\"author\" class=\"edgtf-post-info-author-link\" href=\"https:\/\/fibgar.es\/en\/author\/fibgaradmin\/\">\n\t\tFibgar\t<\/a>\n<\/div><div class=\"edgtf-post-info-category\">\n\t<a href=\"https:\/\/fibgar.es\/en\/category\/articles\/\" rel=\"category tag\">Articles<\/a><\/div><div itemprop=\"dateCreated\" class=\"edgtf-post-info-date entry-date updated\">\n\t\t\t28\/01\/2025\t    <meta itemprop=\"interactionCount\" content=\"UserComments: 0\"\/>\n<\/div>\t\t\t<\/div>\n\n\t\t\t\t\t\t\t<p itemprop=\"description\" class=\"edgtf-excerpt\">Data Protection Day, celebrated every January 28th, aims to raise awareness about the importance of protecting personal data from a human rights persp...<\/p>\n\t\t\t\t\t\t<a itemprop=\"url\" href=\"https:\/\/fibgar.es\/en\/surveillance-of-critical-voices-an-urgent-challenge-for-human-rights\/\" class=\"edgtf-blog-list-read-more\">Read more<i class=\"arrow_right\"><\/i><\/a>\n\t\t<\/div>\n\t<\/div>\n<\/li>\n<li class=\"edgtf-blog-list-item clearfix\">\n\t<div class=\"edgtf-blog-list-item-inner\">\n\t\t<div class=\"edgtf-item-image\">\n\t\t\t<a itemprop=\"url\" href=\"https:\/\/fibgar.es\/en\/un-hito-sin-precedentes-el-primer-congreso-internacional-sobre-desapariciones-forzadas\/\">\n\t\t\t\t<img loading=\"lazy\" decoding=\"async\" width=\"4032\" height=\"3024\" src=\"https:\/\/fibgar.es\/wp-content\/uploads\/2025\/01\/IMG_190937.png\" class=\"attachment-full size-full wp-post-image\" alt=\"\" srcset=\"https:\/\/fibgar.es\/wp-content\/uploads\/2025\/01\/IMG_190937.png 4032w, https:\/\/fibgar.es\/wp-content\/uploads\/2025\/01\/IMG_190937-300x225.png 300w, https:\/\/fibgar.es\/wp-content\/uploads\/2025\/01\/IMG_190937-1024x768.png 1024w, https:\/\/fibgar.es\/wp-content\/uploads\/2025\/01\/IMG_190937-768x576.png 768w, https:\/\/fibgar.es\/wp-content\/uploads\/2025\/01\/IMG_190937-1536x1152.png 1536w, https:\/\/fibgar.es\/wp-content\/uploads\/2025\/01\/IMG_190937-800x600.png 800w\" sizes=\"auto, (max-width: 4032px) 100vw, 4032px\" \/>\t\t\t<\/a>\n\t\t<\/div>\n\t\t<div class=\"edgtf-item-text-holder\" style=\"background-color:#ffffff;box-shadow:none;\">\n\t\t\t<h3 itemprop=\"name\" class=\"edgtf-item-title entry-title\">\n\t\t\t\t<a itemprop=\"url\" href=\"https:\/\/fibgar.es\/en\/un-hito-sin-precedentes-el-primer-congreso-internacional-sobre-desapariciones-forzadas\/\" >\n\t\t\t\t\tAn Unprecedented Milestone: The First International Congress on Enforced Disappearances\t\t\t\t<\/a>\n\t\t\t<\/h3>\n\n\t\t\t<div class=\"edgtf-item-info-section\">\n\t\t\t\t<div class=\"edgtf-post-info-author\">by\t<a itemprop=\"author\" class=\"edgtf-post-info-author-link\" href=\"https:\/\/fibgar.es\/en\/author\/fibgaradmin\/\">\n\t\tFibgar\t<\/a>\n<\/div><div class=\"edgtf-post-info-category\">\n\t<a href=\"https:\/\/fibgar.es\/en\/category\/articles\/\" rel=\"category tag\">Articles<\/a><\/div><div itemprop=\"dateCreated\" class=\"edgtf-post-info-date entry-date updated\">\n\t\t\t16\/01\/2025\t    <meta itemprop=\"interactionCount\" content=\"UserComments: 0\"\/>\n<\/div>\t\t\t<\/div>\n\n\t\t\t\t\t\t\t<p itemprop=\"description\" class=\"edgtf-excerpt\">We had the honor of attending the First International Congress on Enforced Disappearances, held from January 15 to 16 in Geneva. This landmark event w...<\/p>\n\t\t\t\t\t\t<a itemprop=\"url\" href=\"https:\/\/fibgar.es\/en\/un-hito-sin-precedentes-el-primer-congreso-internacional-sobre-desapariciones-forzadas\/\" class=\"edgtf-blog-list-read-more\">Read more<i class=\"arrow_right\"><\/i><\/a>\n\t\t<\/div>\n\t<\/div>\n<\/li>\n<li class=\"edgtf-blog-list-item clearfix\">\n\t<div class=\"edgtf-blog-list-item-inner\">\n\t\t<div class=\"edgtf-item-image\">\n\t\t\t<a itemprop=\"url\" href=\"https:\/\/fibgar.es\/en\/memory-and-solidarity-the-books-with-memory-event-in-support-of-families-affected-by-the-dana-in-valencia\/\">\n\t\t\t\t<img loading=\"lazy\" decoding=\"async\" width=\"2560\" height=\"1920\" src=\"https:\/\/fibgar.es\/wp-content\/uploads\/2025\/01\/IMG_8826-scaled.jpeg\" class=\"attachment-full size-full wp-post-image\" alt=\"\" srcset=\"https:\/\/fibgar.es\/wp-content\/uploads\/2025\/01\/IMG_8826-scaled.jpeg 2560w, https:\/\/fibgar.es\/wp-content\/uploads\/2025\/01\/IMG_8826-300x225.jpeg 300w, https:\/\/fibgar.es\/wp-content\/uploads\/2025\/01\/IMG_8826-1024x768.jpeg 1024w, https:\/\/fibgar.es\/wp-content\/uploads\/2025\/01\/IMG_8826-768x576.jpeg 768w, https:\/\/fibgar.es\/wp-content\/uploads\/2025\/01\/IMG_8826-1536x1152.jpeg 1536w, https:\/\/fibgar.es\/wp-content\/uploads\/2025\/01\/IMG_8826-800x600.jpeg 800w\" sizes=\"auto, (max-width: 2560px) 100vw, 2560px\" \/>\t\t\t<\/a>\n\t\t<\/div>\n\t\t<div class=\"edgtf-item-text-holder\" style=\"background-color:#ffffff;box-shadow:none;\">\n\t\t\t<h3 itemprop=\"name\" class=\"edgtf-item-title entry-title\">\n\t\t\t\t<a itemprop=\"url\" href=\"https:\/\/fibgar.es\/en\/memory-and-solidarity-the-books-with-memory-event-in-support-of-families-affected-by-the-dana-in-valencia\/\" >\n\t\t\t\t\tMemory and Solidarity: The \u201cBooks with Memory\u201d Event in Support of Families Affected by the DANA in Valencia\t\t\t\t<\/a>\n\t\t\t<\/h3>\n\n\t\t\t<div class=\"edgtf-item-info-section\">\n\t\t\t\t<div class=\"edgtf-post-info-author\">by\t<a itemprop=\"author\" class=\"edgtf-post-info-author-link\" href=\"https:\/\/fibgar.es\/en\/author\/fibgaradmin\/\">\n\t\tFibgar\t<\/a>\n<\/div><div class=\"edgtf-post-info-category\">\n\t<a href=\"https:\/\/fibgar.es\/en\/category\/articles\/\" rel=\"category tag\">Articles<\/a><\/div><div itemprop=\"dateCreated\" class=\"edgtf-post-info-date entry-date updated\">\n\t\t\t15\/01\/2025\t    <meta itemprop=\"interactionCount\" content=\"UserComments: 0\"\/>\n<\/div>\t\t\t<\/div>\n\n\t\t\t\t\t\t\t<p itemprop=\"description\" class=\"edgtf-excerpt\">On January 8th, the&nbsp;\u201cBooks with Memory\u201d&nbsp;event was organized by FIBGAR and the Valencian publisher Vinatea, in collaboration with the Dip...<\/p>\n\t\t\t\t\t\t<a itemprop=\"url\" href=\"https:\/\/fibgar.es\/en\/memory-and-solidarity-the-books-with-memory-event-in-support-of-families-affected-by-the-dana-in-valencia\/\" class=\"edgtf-blog-list-read-more\">Read more<i class=\"arrow_right\"><\/i><\/a>\n\t\t<\/div>\n\t<\/div>\n<\/li>\n<li class=\"edgtf-blog-list-item clearfix\">\n\t<div class=\"edgtf-blog-list-item-inner\">\n\t\t<div class=\"edgtf-item-image\">\n\t\t\t<a itemprop=\"url\" href=\"https:\/\/fibgar.es\/en\/40-years-of-commitment-to-human-dignity-and-the-eradication-of-torture\/\">\n\t\t\t\t<img loading=\"lazy\" decoding=\"async\" width=\"1600\" height=\"900\" src=\"https:\/\/fibgar.es\/wp-content\/uploads\/2024\/12\/POST-GENERICO-1-1.png\" class=\"attachment-full size-full wp-post-image\" alt=\"\" srcset=\"https:\/\/fibgar.es\/wp-content\/uploads\/2024\/12\/POST-GENERICO-1-1.png 1600w, https:\/\/fibgar.es\/wp-content\/uploads\/2024\/12\/POST-GENERICO-1-1-300x169.png 300w, https:\/\/fibgar.es\/wp-content\/uploads\/2024\/12\/POST-GENERICO-1-1-1024x576.png 1024w, https:\/\/fibgar.es\/wp-content\/uploads\/2024\/12\/POST-GENERICO-1-1-768x432.png 768w, https:\/\/fibgar.es\/wp-content\/uploads\/2024\/12\/POST-GENERICO-1-1-1536x864.png 1536w\" sizes=\"auto, (max-width: 1600px) 100vw, 1600px\" \/>\t\t\t<\/a>\n\t\t<\/div>\n\t\t<div class=\"edgtf-item-text-holder\" style=\"background-color:#ffffff;box-shadow:none;\">\n\t\t\t<h3 itemprop=\"name\" class=\"edgtf-item-title entry-title\">\n\t\t\t\t<a itemprop=\"url\" href=\"https:\/\/fibgar.es\/en\/40-years-of-commitment-to-human-dignity-and-the-eradication-of-torture\/\" >\n\t\t\t\t\t40 Years of Commitment to Human Dignity and the Eradication of Torture\t\t\t\t<\/a>\n\t\t\t<\/h3>\n\n\t\t\t<div class=\"edgtf-item-info-section\">\n\t\t\t\t<div class=\"edgtf-post-info-author\">by\t<a itemprop=\"author\" class=\"edgtf-post-info-author-link\" href=\"https:\/\/fibgar.es\/en\/author\/fibgaradmin\/\">\n\t\tFibgar\t<\/a>\n<\/div><div class=\"edgtf-post-info-category\">\n\t<a href=\"https:\/\/fibgar.es\/en\/category\/articles\/\" rel=\"category tag\">Articles<\/a><\/div><div itemprop=\"dateCreated\" class=\"edgtf-post-info-date entry-date updated\">\n\t\t\t17\/12\/2024\t    <meta itemprop=\"interactionCount\" content=\"UserComments: 0\"\/>\n<\/div>\t\t\t<\/div>\n\n\t\t\t\t\t\t\t<p itemprop=\"description\" class=\"edgtf-excerpt\">December 10, 1984 marked a milestone in the struggle for human rights: the United Nations General Assembly adopted the Convention against Torture and ...<\/p>\n\t\t\t\t\t\t<a itemprop=\"url\" href=\"https:\/\/fibgar.es\/en\/40-years-of-commitment-to-human-dignity-and-the-eradication-of-torture\/\" class=\"edgtf-blog-list-read-more\">Read more<i class=\"arrow_right\"><\/i><\/a>\n\t\t<\/div>\n\t<\/div>\n<\/li>\n<li class=\"edgtf-blog-list-item clearfix\">\n\t<div class=\"edgtf-blog-list-item-inner\">\n\t\t<div class=\"edgtf-item-image\">\n\t\t\t<a itemprop=\"url\" href=\"https:\/\/fibgar.es\/en\/history-of-human-rights-an-ancient-legacy-and-a-contemporary-struggle\/\">\n\t\t\t\t<img loading=\"lazy\" decoding=\"async\" width=\"1200\" height=\"630\" src=\"https:\/\/fibgar.es\/wp-content\/uploads\/2024\/12\/Copia-de-TW-difusion-VOCES-1.png\" class=\"attachment-full size-full wp-post-image\" alt=\"\" srcset=\"https:\/\/fibgar.es\/wp-content\/uploads\/2024\/12\/Copia-de-TW-difusion-VOCES-1.png 1200w, https:\/\/fibgar.es\/wp-content\/uploads\/2024\/12\/Copia-de-TW-difusion-VOCES-1-300x158.png 300w, https:\/\/fibgar.es\/wp-content\/uploads\/2024\/12\/Copia-de-TW-difusion-VOCES-1-1024x538.png 1024w, https:\/\/fibgar.es\/wp-content\/uploads\/2024\/12\/Copia-de-TW-difusion-VOCES-1-768x403.png 768w\" sizes=\"auto, (max-width: 1200px) 100vw, 1200px\" \/>\t\t\t<\/a>\n\t\t<\/div>\n\t\t<div class=\"edgtf-item-text-holder\" style=\"background-color:#ffffff;box-shadow:none;\">\n\t\t\t<h3 itemprop=\"name\" class=\"edgtf-item-title entry-title\">\n\t\t\t\t<a itemprop=\"url\" href=\"https:\/\/fibgar.es\/en\/history-of-human-rights-an-ancient-legacy-and-a-contemporary-struggle\/\" >\n\t\t\t\t\tHistory of Human Rights: An Ancient Legacy and a Contemporary Struggle\u201d.\t\t\t\t<\/a>\n\t\t\t<\/h3>\n\n\t\t\t<div class=\"edgtf-item-info-section\">\n\t\t\t\t<div class=\"edgtf-post-info-author\">by\t<a itemprop=\"author\" class=\"edgtf-post-info-author-link\" href=\"https:\/\/fibgar.es\/en\/author\/fibgaradmin\/\">\n\t\tFibgar\t<\/a>\n<\/div><div class=\"edgtf-post-info-category\">\n\t<a href=\"https:\/\/fibgar.es\/en\/category\/articles\/\" rel=\"category tag\">Articles<\/a><\/div><div itemprop=\"dateCreated\" class=\"edgtf-post-info-date entry-date updated\">\n\t\t\t12\/12\/2024\t    <meta itemprop=\"interactionCount\" content=\"UserComments: 0\"\/>\n<\/div>\t\t\t<\/div>\n\n\t\t\t\t\t\t\t<p itemprop=\"description\" class=\"edgtf-excerpt\">What was the first seed of what we know today as Human Rights? Who led the process of drafting the Universal Declaration of Human Rights? These were s...<\/p>\n\t\t\t\t\t\t<a itemprop=\"url\" href=\"https:\/\/fibgar.es\/en\/history-of-human-rights-an-ancient-legacy-and-a-contemporary-struggle\/\" class=\"edgtf-blog-list-read-more\">Read more<i class=\"arrow_right\"><\/i><\/a>\n\t\t<\/div>\n\t<\/div>\n<\/li>\n<li class=\"edgtf-blog-list-item clearfix\">\n\t<div class=\"edgtf-blog-list-item-inner\">\n\t\t<div class=\"edgtf-item-image\">\n\t\t\t<a itemprop=\"url\" href=\"https:\/\/fibgar.es\/en\/crime-of-silence-art-and-words-as-drivers-of-change\/\">\n\t\t\t\t<img loading=\"lazy\" decoding=\"async\" width=\"2048\" height=\"1448\" src=\"https:\/\/fibgar.es\/wp-content\/uploads\/2024\/12\/delito.jpeg\" class=\"attachment-full size-full wp-post-image\" alt=\"\" srcset=\"https:\/\/fibgar.es\/wp-content\/uploads\/2024\/12\/delito.jpeg 2048w, https:\/\/fibgar.es\/wp-content\/uploads\/2024\/12\/delito-300x212.jpeg 300w, https:\/\/fibgar.es\/wp-content\/uploads\/2024\/12\/delito-1024x724.jpeg 1024w, https:\/\/fibgar.es\/wp-content\/uploads\/2024\/12\/delito-768x543.jpeg 768w, https:\/\/fibgar.es\/wp-content\/uploads\/2024\/12\/delito-1536x1086.jpeg 1536w\" sizes=\"auto, (max-width: 2048px) 100vw, 2048px\" \/>\t\t\t<\/a>\n\t\t<\/div>\n\t\t<div class=\"edgtf-item-text-holder\" style=\"background-color:#ffffff;box-shadow:none;\">\n\t\t\t<h3 itemprop=\"name\" class=\"edgtf-item-title entry-title\">\n\t\t\t\t<a itemprop=\"url\" href=\"https:\/\/fibgar.es\/en\/crime-of-silence-art-and-words-as-drivers-of-change\/\" >\n\t\t\t\t\t\u201cCrime of Silence&#8221;: art and words as drivers of change\t\t\t\t<\/a>\n\t\t\t<\/h3>\n\n\t\t\t<div class=\"edgtf-item-info-section\">\n\t\t\t\t<div class=\"edgtf-post-info-author\">by\t<a itemprop=\"author\" class=\"edgtf-post-info-author-link\" href=\"https:\/\/fibgar.es\/en\/author\/fibgaradmin\/\">\n\t\tFibgar\t<\/a>\n<\/div><div class=\"edgtf-post-info-category\">\n\t<a href=\"https:\/\/fibgar.es\/en\/category\/articles\/\" rel=\"category tag\">Articles<\/a><\/div><div itemprop=\"dateCreated\" class=\"edgtf-post-info-date entry-date updated\">\n\t\t\t12\/12\/2024\t    <meta itemprop=\"interactionCount\" content=\"UserComments: 0\"\/>\n<\/div>\t\t\t<\/div>\n\n\t\t\t\t\t\t\t<p itemprop=\"description\" class=\"edgtf-excerpt\">On November 21, the inauguration of the \u201cDelito de Silencio\u201d project was held, an initiative focused on raising awareness of the global human righ...<\/p>\n\t\t\t\t\t\t<a itemprop=\"url\" href=\"https:\/\/fibgar.es\/en\/crime-of-silence-art-and-words-as-drivers-of-change\/\" class=\"edgtf-blog-list-read-more\">Read more<i class=\"arrow_right\"><\/i><\/a>\n\t\t<\/div>\n\t<\/div>\n<\/li>\n<li class=\"edgtf-blog-list-item clearfix\">\n\t<div class=\"edgtf-blog-list-item-inner\">\n\t\t<div class=\"edgtf-item-image\">\n\t\t\t<a itemprop=\"url\" href=\"https:\/\/fibgar.es\/en\/putting-our-hearts-into-things-international-volunteer-day\/\">\n\t\t\t\t<img loading=\"lazy\" decoding=\"async\" width=\"1600\" height=\"900\" src=\"https:\/\/fibgar.es\/wp-content\/uploads\/2024\/12\/DIA-INTERNACIONAL-1.png\" class=\"attachment-full size-full wp-post-image\" alt=\"\" srcset=\"https:\/\/fibgar.es\/wp-content\/uploads\/2024\/12\/DIA-INTERNACIONAL-1.png 1600w, https:\/\/fibgar.es\/wp-content\/uploads\/2024\/12\/DIA-INTERNACIONAL-1-300x169.png 300w, https:\/\/fibgar.es\/wp-content\/uploads\/2024\/12\/DIA-INTERNACIONAL-1-1024x576.png 1024w, https:\/\/fibgar.es\/wp-content\/uploads\/2024\/12\/DIA-INTERNACIONAL-1-768x432.png 768w, https:\/\/fibgar.es\/wp-content\/uploads\/2024\/12\/DIA-INTERNACIONAL-1-1536x864.png 1536w\" sizes=\"auto, (max-width: 1600px) 100vw, 1600px\" \/>\t\t\t<\/a>\n\t\t<\/div>\n\t\t<div class=\"edgtf-item-text-holder\" style=\"background-color:#ffffff;box-shadow:none;\">\n\t\t\t<h3 itemprop=\"name\" class=\"edgtf-item-title entry-title\">\n\t\t\t\t<a itemprop=\"url\" href=\"https:\/\/fibgar.es\/en\/putting-our-hearts-into-things-international-volunteer-day\/\" >\n\t\t\t\t\tPutting our hearts into things: International Volunteer Day\t\t\t\t<\/a>\n\t\t\t<\/h3>\n\n\t\t\t<div class=\"edgtf-item-info-section\">\n\t\t\t\t<div class=\"edgtf-post-info-author\">by\t<a itemprop=\"author\" class=\"edgtf-post-info-author-link\" href=\"https:\/\/fibgar.es\/en\/author\/fibgaradmin\/\">\n\t\tFibgar\t<\/a>\n<\/div><div class=\"edgtf-post-info-category\">\n\t<a href=\"https:\/\/fibgar.es\/en\/category\/articles\/\" rel=\"category tag\">Articles<\/a><\/div><div itemprop=\"dateCreated\" class=\"edgtf-post-info-date entry-date updated\">\n\t\t\t12\/12\/2024\t    <meta itemprop=\"interactionCount\" content=\"UserComments: 0\"\/>\n<\/div>\t\t\t<\/div>\n\n\t\t\t\t\t\t\t<p itemprop=\"description\" class=\"edgtf-excerpt\">International Volunteer Day is celebrated every 5th of December, after it was&nbsp; declared by the United Nations General Assembly in 1985.. At that ...<\/p>\n\t\t\t\t\t\t<a itemprop=\"url\" href=\"https:\/\/fibgar.es\/en\/putting-our-hearts-into-things-international-volunteer-day\/\" class=\"edgtf-blog-list-read-more\">Read more<i class=\"arrow_right\"><\/i><\/a>\n\t\t<\/div>\n\t<\/div>\n<\/li>\n<li class=\"edgtf-blog-list-item clearfix\">\n\t<div class=\"edgtf-blog-list-item-inner\">\n\t\t<div class=\"edgtf-item-image\">\n\t\t\t<a itemprop=\"url\" href=\"https:\/\/fibgar.es\/en\/day-of-remembrance-and-tribute-to-the-victims-of-the-military-coup-the-civil-war-and-the-dictatorship\/\">\n\t\t\t\t<img loading=\"lazy\" decoding=\"async\" width=\"1000\" height=\"1333\" src=\"https:\/\/fibgar.es\/wp-content\/uploads\/2024\/12\/IMG_8384.jpg\" class=\"attachment-full size-full wp-post-image\" alt=\"\" srcset=\"https:\/\/fibgar.es\/wp-content\/uploads\/2024\/12\/IMG_8384.jpg 1000w, https:\/\/fibgar.es\/wp-content\/uploads\/2024\/12\/IMG_8384-225x300.jpg 225w, https:\/\/fibgar.es\/wp-content\/uploads\/2024\/12\/IMG_8384-768x1024.jpg 768w, https:\/\/fibgar.es\/wp-content\/uploads\/2024\/12\/IMG_8384-600x800.jpg 600w\" sizes=\"auto, (max-width: 1000px) 100vw, 1000px\" \/>\t\t\t<\/a>\n\t\t<\/div>\n\t\t<div class=\"edgtf-item-text-holder\" style=\"background-color:#ffffff;box-shadow:none;\">\n\t\t\t<h3 itemprop=\"name\" class=\"edgtf-item-title entry-title\">\n\t\t\t\t<a itemprop=\"url\" href=\"https:\/\/fibgar.es\/en\/day-of-remembrance-and-tribute-to-the-victims-of-the-military-coup-the-civil-war-and-the-dictatorship\/\" >\n\t\t\t\t\tDay of remembrance and tribute to the victims of the military coup, the Civil War and the Dictatorship.\t\t\t\t<\/a>\n\t\t\t<\/h3>\n\n\t\t\t<div class=\"edgtf-item-info-section\">\n\t\t\t\t<div class=\"edgtf-post-info-author\">by\t<a itemprop=\"author\" class=\"edgtf-post-info-author-link\" href=\"https:\/\/fibgar.es\/en\/author\/fibgaradmin\/\">\n\t\tFibgar\t<\/a>\n<\/div><div class=\"edgtf-post-info-category\">\n\t<a href=\"https:\/\/fibgar.es\/en\/category\/articles\/\" rel=\"category tag\">Articles<\/a><\/div><div itemprop=\"dateCreated\" class=\"edgtf-post-info-date entry-date updated\">\n\t\t\t10\/12\/2024\t    <meta itemprop=\"interactionCount\" content=\"UserComments: 0\"\/>\n<\/div>\t\t\t<\/div>\n\n\t\t\t\t\t\t\t<p itemprop=\"description\" class=\"edgtf-excerpt\">On December 10, 2024, the event was held on the occasion of the Day of Remembrance and Tribute to the victims of the military coup, the Civil War and ...<\/p>\n\t\t\t\t\t\t<a itemprop=\"url\" href=\"https:\/\/fibgar.es\/en\/day-of-remembrance-and-tribute-to-the-victims-of-the-military-coup-the-civil-war-and-the-dictatorship\/\" class=\"edgtf-blog-list-read-more\">Read more<i class=\"arrow_right\"><\/i><\/a>\n\t\t<\/div>\n\t<\/div>\n<\/li>\n<li class=\"edgtf-blog-list-item clearfix\">\n\t<div class=\"edgtf-blog-list-item-inner\">\n\t\t<div class=\"edgtf-item-image\">\n\t\t\t<a itemprop=\"url\" href=\"https:\/\/fibgar.es\/en\/on-struggle-and-conquest-reflecting-on-the-mirabal-sisters-64-years-later\/\">\n\t\t\t\t<img loading=\"lazy\" decoding=\"async\" width=\"1600\" height=\"900\" src=\"https:\/\/fibgar.es\/wp-content\/uploads\/2024\/12\/DIA-INTERNACIONAL-2.png\" class=\"attachment-full size-full wp-post-image\" alt=\"\" srcset=\"https:\/\/fibgar.es\/wp-content\/uploads\/2024\/12\/DIA-INTERNACIONAL-2.png 1600w, https:\/\/fibgar.es\/wp-content\/uploads\/2024\/12\/DIA-INTERNACIONAL-2-300x169.png 300w, https:\/\/fibgar.es\/wp-content\/uploads\/2024\/12\/DIA-INTERNACIONAL-2-1024x576.png 1024w, https:\/\/fibgar.es\/wp-content\/uploads\/2024\/12\/DIA-INTERNACIONAL-2-768x432.png 768w, https:\/\/fibgar.es\/wp-content\/uploads\/2024\/12\/DIA-INTERNACIONAL-2-1536x864.png 1536w\" sizes=\"auto, (max-width: 1600px) 100vw, 1600px\" \/>\t\t\t<\/a>\n\t\t<\/div>\n\t\t<div class=\"edgtf-item-text-holder\" style=\"background-color:#ffffff;box-shadow:none;\">\n\t\t\t<h3 itemprop=\"name\" class=\"edgtf-item-title entry-title\">\n\t\t\t\t<a itemprop=\"url\" href=\"https:\/\/fibgar.es\/en\/on-struggle-and-conquest-reflecting-on-the-mirabal-sisters-64-years-later\/\" >\n\t\t\t\t\tOn struggle and conquest: Reflecting on the Mirabal Sisters 64 Years Later\t\t\t\t<\/a>\n\t\t\t<\/h3>\n\n\t\t\t<div class=\"edgtf-item-info-section\">\n\t\t\t\t<div class=\"edgtf-post-info-author\">by\t<a itemprop=\"author\" class=\"edgtf-post-info-author-link\" href=\"https:\/\/fibgar.es\/en\/author\/fibgaradmin\/\">\n\t\tFibgar\t<\/a>\n<\/div><div class=\"edgtf-post-info-category\">\n\t<a href=\"https:\/\/fibgar.es\/en\/category\/articles\/\" rel=\"category tag\">Articles<\/a><\/div><div itemprop=\"dateCreated\" class=\"edgtf-post-info-date entry-date updated\">\n\t\t\t02\/12\/2024\t    <meta itemprop=\"interactionCount\" content=\"UserComments: 0\"\/>\n<\/div>\t\t\t<\/div>\n\n\t\t\t\t\t\t\t<p itemprop=\"description\" class=\"edgtf-excerpt\">In 1999, the United Nations General Assembly (UNGA) declared 25 November as the Day for the Elimination of Violence against Women, commemorating years...<\/p>\n\t\t\t\t\t\t<a itemprop=\"url\" href=\"https:\/\/fibgar.es\/en\/on-struggle-and-conquest-reflecting-on-the-mirabal-sisters-64-years-later\/\" class=\"edgtf-blog-list-read-more\">Read more<i class=\"arrow_right\"><\/i><\/a>\n\t\t<\/div>\n\t<\/div>\n<\/li>\n<li class=\"edgtf-blog-list-item clearfix\">\n\t<div class=\"edgtf-blog-list-item-inner\">\n\t\t<div class=\"edgtf-item-image\">\n\t\t\t<a itemprop=\"url\" href=\"https:\/\/fibgar.es\/en\/strengthening-the-rights-of-human-rights-defenders-the-declaration25-of-the-inter-american-commission-on-human-rights\/\">\n\t\t\t\t<img loading=\"lazy\" decoding=\"async\" width=\"1600\" height=\"900\" src=\"https:\/\/fibgar.es\/wp-content\/uploads\/2024\/12\/POST-GENERICO-5.png\" class=\"attachment-full size-full wp-post-image\" alt=\"\" srcset=\"https:\/\/fibgar.es\/wp-content\/uploads\/2024\/12\/POST-GENERICO-5.png 1600w, https:\/\/fibgar.es\/wp-content\/uploads\/2024\/12\/POST-GENERICO-5-300x169.png 300w, https:\/\/fibgar.es\/wp-content\/uploads\/2024\/12\/POST-GENERICO-5-1024x576.png 1024w, https:\/\/fibgar.es\/wp-content\/uploads\/2024\/12\/POST-GENERICO-5-768x432.png 768w, https:\/\/fibgar.es\/wp-content\/uploads\/2024\/12\/POST-GENERICO-5-1536x864.png 1536w\" sizes=\"auto, (max-width: 1600px) 100vw, 1600px\" \/>\t\t\t<\/a>\n\t\t<\/div>\n\t\t<div class=\"edgtf-item-text-holder\" style=\"background-color:#ffffff;box-shadow:none;\">\n\t\t\t<h3 itemprop=\"name\" class=\"edgtf-item-title entry-title\">\n\t\t\t\t<a itemprop=\"url\" href=\"https:\/\/fibgar.es\/en\/strengthening-the-rights-of-human-rights-defenders-the-declaration25-of-the-inter-american-commission-on-human-rights\/\" >\n\t\t\t\t\tStrengthening the Rights of Human Rights Defenders: the Declaration+25 of the Inter-American Commission on Human Rights\t\t\t\t<\/a>\n\t\t\t<\/h3>\n\n\t\t\t<div class=\"edgtf-item-info-section\">\n\t\t\t\t<div class=\"edgtf-post-info-author\">by\t<a itemprop=\"author\" class=\"edgtf-post-info-author-link\" href=\"https:\/\/fibgar.es\/en\/author\/fibgaradmin\/\">\n\t\tFibgar\t<\/a>\n<\/div><div class=\"edgtf-post-info-category\">\n\t<a href=\"https:\/\/fibgar.es\/en\/category\/articles\/\" rel=\"category tag\">Articles<\/a><\/div><div itemprop=\"dateCreated\" class=\"edgtf-post-info-date entry-date updated\">\n\t\t\t02\/12\/2024\t    <meta itemprop=\"interactionCount\" content=\"UserComments: 0\"\/>\n<\/div>\t\t\t<\/div>\n\n\t\t\t\t\t\t\t<p itemprop=\"description\" class=\"edgtf-excerpt\">On November 12, the Inter-American Commission on Human Rights (IACHR) presented the Declaration+25, published in the middle of this year, in commemora...<\/p>\n\t\t\t\t\t\t<a itemprop=\"url\" href=\"https:\/\/fibgar.es\/en\/strengthening-the-rights-of-human-rights-defenders-the-declaration25-of-the-inter-american-commission-on-human-rights\/\" class=\"edgtf-blog-list-read-more\">Read more<i class=\"arrow_right\"><\/i><\/a>\n\t\t<\/div>\n\t<\/div>\n<\/li>\n<li class=\"edgtf-blog-list-item clearfix\">\n\t<div class=\"edgtf-blog-list-item-inner\">\n\t\t<div class=\"edgtf-item-image\">\n\t\t\t<a itemprop=\"url\" href=\"https:\/\/fibgar.es\/en\/the-afghanistan-referral-gender-based-persecution-or-apartheid\/\">\n\t\t\t\t<img loading=\"lazy\" decoding=\"async\" width=\"1600\" height=\"900\" src=\"https:\/\/fibgar.es\/wp-content\/uploads\/2024\/12\/POST-GENERICO-4.png\" class=\"attachment-full size-full wp-post-image\" alt=\"\" srcset=\"https:\/\/fibgar.es\/wp-content\/uploads\/2024\/12\/POST-GENERICO-4.png 1600w, https:\/\/fibgar.es\/wp-content\/uploads\/2024\/12\/POST-GENERICO-4-300x169.png 300w, https:\/\/fibgar.es\/wp-content\/uploads\/2024\/12\/POST-GENERICO-4-1024x576.png 1024w, https:\/\/fibgar.es\/wp-content\/uploads\/2024\/12\/POST-GENERICO-4-768x432.png 768w, https:\/\/fibgar.es\/wp-content\/uploads\/2024\/12\/POST-GENERICO-4-1536x864.png 1536w\" sizes=\"auto, (max-width: 1600px) 100vw, 1600px\" \/>\t\t\t<\/a>\n\t\t<\/div>\n\t\t<div class=\"edgtf-item-text-holder\" style=\"background-color:#ffffff;box-shadow:none;\">\n\t\t\t<h3 itemprop=\"name\" class=\"edgtf-item-title entry-title\">\n\t\t\t\t<a itemprop=\"url\" href=\"https:\/\/fibgar.es\/en\/the-afghanistan-referral-gender-based-persecution-or-apartheid\/\" >\n\t\t\t\t\tThe Afghanistan referral: gender-based persecution or apartheid?\t\t\t\t<\/a>\n\t\t\t<\/h3>\n\n\t\t\t<div class=\"edgtf-item-info-section\">\n\t\t\t\t<div class=\"edgtf-post-info-author\">by\t<a itemprop=\"author\" class=\"edgtf-post-info-author-link\" href=\"https:\/\/fibgar.es\/en\/author\/fibgaradmin\/\">\n\t\tFibgar\t<\/a>\n<\/div><div class=\"edgtf-post-info-category\">\n\t<a href=\"https:\/\/fibgar.es\/en\/category\/articles\/\" rel=\"category tag\">Articles<\/a><\/div><div itemprop=\"dateCreated\" class=\"edgtf-post-info-date entry-date updated\">\n\t\t\t02\/12\/2024\t    <meta itemprop=\"interactionCount\" content=\"UserComments: 0\"\/>\n<\/div>\t\t\t<\/div>\n\n\t\t\t\t\t\t\t<p itemprop=\"description\" class=\"edgtf-excerpt\">On 28 November, in accordance with Article 14 of the Rome Statute, the government of Spain, together with the governments of Chile, Costa Rica, France...<\/p>\n\t\t\t\t\t\t<a itemprop=\"url\" href=\"https:\/\/fibgar.es\/en\/the-afghanistan-referral-gender-based-persecution-or-apartheid\/\" class=\"edgtf-blog-list-read-more\">Read more<i class=\"arrow_right\"><\/i><\/a>\n\t\t<\/div>\n\t<\/div>\n<\/li>\n<li class=\"edgtf-blog-list-item clearfix\">\n\t<div class=\"edgtf-blog-list-item-inner\">\n\t\t<div class=\"edgtf-item-image\">\n\t\t\t<a itemprop=\"url\" href=\"https:\/\/fibgar.es\/en\/we-celebrate-the-event-towards-a-european-identity-the-role-of-civil-society-organisations-in-the-promotion-of-demotratic-memory-policies\/\">\n\t\t\t\t<img loading=\"lazy\" decoding=\"async\" width=\"1600\" height=\"900\" src=\"https:\/\/fibgar.es\/wp-content\/uploads\/2024\/11\/POST-GENERICO-7.png\" class=\"attachment-full size-full wp-post-image\" alt=\"\" srcset=\"https:\/\/fibgar.es\/wp-content\/uploads\/2024\/11\/POST-GENERICO-7.png 1600w, https:\/\/fibgar.es\/wp-content\/uploads\/2024\/11\/POST-GENERICO-7-300x169.png 300w, https:\/\/fibgar.es\/wp-content\/uploads\/2024\/11\/POST-GENERICO-7-1024x576.png 1024w, https:\/\/fibgar.es\/wp-content\/uploads\/2024\/11\/POST-GENERICO-7-768x432.png 768w, https:\/\/fibgar.es\/wp-content\/uploads\/2024\/11\/POST-GENERICO-7-1536x864.png 1536w\" sizes=\"auto, (max-width: 1600px) 100vw, 1600px\" \/>\t\t\t<\/a>\n\t\t<\/div>\n\t\t<div class=\"edgtf-item-text-holder\" style=\"background-color:#ffffff;box-shadow:none;\">\n\t\t\t<h3 itemprop=\"name\" class=\"edgtf-item-title entry-title\">\n\t\t\t\t<a itemprop=\"url\" href=\"https:\/\/fibgar.es\/en\/we-celebrate-the-event-towards-a-european-identity-the-role-of-civil-society-organisations-in-the-promotion-of-demotratic-memory-policies\/\" >\n\t\t\t\t\tWe celebrate the event \u2018Towards a European identity: the role of civil society organisations in the promotion of demotratic memory policies\u2019\t\t\t\t<\/a>\n\t\t\t<\/h3>\n\n\t\t\t<div class=\"edgtf-item-info-section\">\n\t\t\t\t<div class=\"edgtf-post-info-author\">by\t<a itemprop=\"author\" class=\"edgtf-post-info-author-link\" href=\"https:\/\/fibgar.es\/en\/author\/fibgaradmin\/\">\n\t\tFibgar\t<\/a>\n<\/div><div class=\"edgtf-post-info-category\">\n\t<a href=\"https:\/\/fibgar.es\/en\/category\/articles\/\" rel=\"category tag\">Articles<\/a>, <a href=\"https:\/\/fibgar.es\/category\/articulos\/\" rel=\"category tag\">Art\u00edculos<\/a><\/div><div itemprop=\"dateCreated\" class=\"edgtf-post-info-date entry-date updated\">\n\t\t\t28\/11\/2024\t    <meta itemprop=\"interactionCount\" content=\"UserComments: 0\"\/>\n<\/div>\t\t\t<\/div>\n\n\t\t\t\t\t\t\t<p itemprop=\"description\" class=\"edgtf-excerpt\">On Monday, November 25th, we held the event \u2018Towards a European identity: the role of civil society organisations in the promotion of democratic mem...<\/p>\n\t\t\t\t\t\t<a itemprop=\"url\" href=\"https:\/\/fibgar.es\/en\/we-celebrate-the-event-towards-a-european-identity-the-role-of-civil-society-organisations-in-the-promotion-of-demotratic-memory-policies\/\" class=\"edgtf-blog-list-read-more\">Read more<i class=\"arrow_right\"><\/i><\/a>\n\t\t<\/div>\n\t<\/div>\n<\/li>\n<li class=\"edgtf-blog-list-item clearfix\">\n\t<div class=\"edgtf-blog-list-item-inner\">\n\t\t<div class=\"edgtf-item-image\">\n\t\t\t<a itemprop=\"url\" href=\"https:\/\/fibgar.es\/en\/spain-leads-global-transparency-assumes-co-chair-of-open-government-partnership\/\">\n\t\t\t\t<img loading=\"lazy\" decoding=\"async\" width=\"1600\" height=\"900\" src=\"https:\/\/fibgar.es\/wp-content\/uploads\/2024\/11\/POST-GENERICO-3-1.png\" class=\"attachment-full size-full wp-post-image\" alt=\"\" srcset=\"https:\/\/fibgar.es\/wp-content\/uploads\/2024\/11\/POST-GENERICO-3-1.png 1600w, https:\/\/fibgar.es\/wp-content\/uploads\/2024\/11\/POST-GENERICO-3-1-300x169.png 300w, https:\/\/fibgar.es\/wp-content\/uploads\/2024\/11\/POST-GENERICO-3-1-1024x576.png 1024w, https:\/\/fibgar.es\/wp-content\/uploads\/2024\/11\/POST-GENERICO-3-1-768x432.png 768w, https:\/\/fibgar.es\/wp-content\/uploads\/2024\/11\/POST-GENERICO-3-1-1536x864.png 1536w\" sizes=\"auto, (max-width: 1600px) 100vw, 1600px\" \/>\t\t\t<\/a>\n\t\t<\/div>\n\t\t<div class=\"edgtf-item-text-holder\" style=\"background-color:#ffffff;box-shadow:none;\">\n\t\t\t<h3 itemprop=\"name\" class=\"edgtf-item-title entry-title\">\n\t\t\t\t<a itemprop=\"url\" href=\"https:\/\/fibgar.es\/en\/spain-leads-global-transparency-assumes-co-chair-of-open-government-partnership\/\" >\n\t\t\t\t\tSpain Leads Global Transparency: Assumes Co-Chair of Open Government Partnership\t\t\t\t<\/a>\n\t\t\t<\/h3>\n\n\t\t\t<div class=\"edgtf-item-info-section\">\n\t\t\t\t<div class=\"edgtf-post-info-author\">by\t<a itemprop=\"author\" class=\"edgtf-post-info-author-link\" href=\"https:\/\/fibgar.es\/en\/author\/fibgaradmin\/\">\n\t\tFibgar\t<\/a>\n<\/div><div class=\"edgtf-post-info-category\">\n\t<a href=\"https:\/\/fibgar.es\/en\/category\/articles\/\" rel=\"category tag\">Articles<\/a><\/div><div itemprop=\"dateCreated\" class=\"edgtf-post-info-date entry-date updated\">\n\t\t\t11\/11\/2024\t    <meta itemprop=\"interactionCount\" content=\"UserComments: 0\"\/>\n<\/div>\t\t\t<\/div>\n\n\t\t\t\t\t\t\t<p itemprop=\"description\" class=\"edgtf-excerpt\">From 1 October 2023 until 30 September 2025, Spain assumes the co-presidency of the Open Government Partnership (OGP), a global alliance that brings t...<\/p>\n\t\t\t\t\t\t<a itemprop=\"url\" href=\"https:\/\/fibgar.es\/en\/spain-leads-global-transparency-assumes-co-chair-of-open-government-partnership\/\" class=\"edgtf-blog-list-read-more\">Read more<i class=\"arrow_right\"><\/i><\/a>\n\t\t<\/div>\n\t<\/div>\n<\/li>\n<li class=\"edgtf-blog-list-item clearfix\">\n\t<div class=\"edgtf-blog-list-item-inner\">\n\t\t<div class=\"edgtf-item-image\">\n\t\t\t<a itemprop=\"url\" href=\"https:\/\/fibgar.es\/en\/fibgar-joins-the-coalition-for-the-international-criminal-court\/\">\n\t\t\t\t<img loading=\"lazy\" decoding=\"async\" width=\"1600\" height=\"900\" src=\"https:\/\/fibgar.es\/wp-content\/uploads\/2024\/11\/POST-GENERICO-2.png\" class=\"attachment-full size-full wp-post-image\" alt=\"\" srcset=\"https:\/\/fibgar.es\/wp-content\/uploads\/2024\/11\/POST-GENERICO-2.png 1600w, https:\/\/fibgar.es\/wp-content\/uploads\/2024\/11\/POST-GENERICO-2-300x169.png 300w, https:\/\/fibgar.es\/wp-content\/uploads\/2024\/11\/POST-GENERICO-2-1024x576.png 1024w, https:\/\/fibgar.es\/wp-content\/uploads\/2024\/11\/POST-GENERICO-2-768x432.png 768w, https:\/\/fibgar.es\/wp-content\/uploads\/2024\/11\/POST-GENERICO-2-1536x864.png 1536w\" sizes=\"auto, (max-width: 1600px) 100vw, 1600px\" \/>\t\t\t<\/a>\n\t\t<\/div>\n\t\t<div class=\"edgtf-item-text-holder\" style=\"background-color:#ffffff;box-shadow:none;\">\n\t\t\t<h3 itemprop=\"name\" class=\"edgtf-item-title entry-title\">\n\t\t\t\t<a itemprop=\"url\" href=\"https:\/\/fibgar.es\/en\/fibgar-joins-the-coalition-for-the-international-criminal-court\/\" >\n\t\t\t\t\tFIBGAR joins the Coalition for the International Criminal Court\t\t\t\t<\/a>\n\t\t\t<\/h3>\n\n\t\t\t<div class=\"edgtf-item-info-section\">\n\t\t\t\t<div class=\"edgtf-post-info-author\">by\t<a itemprop=\"author\" class=\"edgtf-post-info-author-link\" href=\"https:\/\/fibgar.es\/en\/author\/fibgaradmin\/\">\n\t\tFibgar\t<\/a>\n<\/div><div class=\"edgtf-post-info-category\">\n\t<a href=\"https:\/\/fibgar.es\/en\/category\/articles\/\" rel=\"category tag\">Articles<\/a><\/div><div itemprop=\"dateCreated\" class=\"edgtf-post-info-date entry-date updated\">\n\t\t\t07\/11\/2024\t    <meta itemprop=\"interactionCount\" content=\"UserComments: 0\"\/>\n<\/div>\t\t\t<\/div>\n\n\t\t\t\t\t\t\t<p itemprop=\"description\" class=\"edgtf-excerpt\">As part of its commitment to international justice and the fight against impunity, FIBGAR joins the Coalition for the International Criminal Court (CI...<\/p>\n\t\t\t\t\t\t<a itemprop=\"url\" href=\"https:\/\/fibgar.es\/en\/fibgar-joins-the-coalition-for-the-international-criminal-court\/\" class=\"edgtf-blog-list-read-more\">Read more<i class=\"arrow_right\"><\/i><\/a>\n\t\t<\/div>\n\t<\/div>\n<\/li>\n<li class=\"edgtf-blog-list-item clearfix\">\n\t<div class=\"edgtf-blog-list-item-inner\">\n\t\t<div class=\"edgtf-item-image\">\n\t\t\t<a itemprop=\"url\" href=\"https:\/\/fibgar.es\/en\/45-years-since-the-signing-of-the-european-convention-on-human-rights-spains-commitment\/\">\n\t\t\t\t<img loading=\"lazy\" decoding=\"async\" width=\"1600\" height=\"900\" src=\"https:\/\/fibgar.es\/wp-content\/uploads\/2024\/10\/DIA-INTERNACIONAL-1-1.png\" class=\"attachment-full size-full wp-post-image\" alt=\"\" srcset=\"https:\/\/fibgar.es\/wp-content\/uploads\/2024\/10\/DIA-INTERNACIONAL-1-1.png 1600w, https:\/\/fibgar.es\/wp-content\/uploads\/2024\/10\/DIA-INTERNACIONAL-1-1-300x169.png 300w, https:\/\/fibgar.es\/wp-content\/uploads\/2024\/10\/DIA-INTERNACIONAL-1-1-1024x576.png 1024w, https:\/\/fibgar.es\/wp-content\/uploads\/2024\/10\/DIA-INTERNACIONAL-1-1-768x432.png 768w, https:\/\/fibgar.es\/wp-content\/uploads\/2024\/10\/DIA-INTERNACIONAL-1-1-1536x864.png 1536w\" sizes=\"auto, (max-width: 1600px) 100vw, 1600px\" \/>\t\t\t<\/a>\n\t\t<\/div>\n\t\t<div class=\"edgtf-item-text-holder\" style=\"background-color:#ffffff;box-shadow:none;\">\n\t\t\t<h3 itemprop=\"name\" class=\"edgtf-item-title entry-title\">\n\t\t\t\t<a itemprop=\"url\" href=\"https:\/\/fibgar.es\/en\/45-years-since-the-signing-of-the-european-convention-on-human-rights-spains-commitment\/\" >\n\t\t\t\t\t45 years since the signing of the European Convention on Human Rights: Spain&#8217;s commitment\t\t\t\t<\/a>\n\t\t\t<\/h3>\n\n\t\t\t<div class=\"edgtf-item-info-section\">\n\t\t\t\t<div class=\"edgtf-post-info-author\">by\t<a itemprop=\"author\" class=\"edgtf-post-info-author-link\" href=\"https:\/\/fibgar.es\/en\/author\/fibgaradmin\/\">\n\t\tFibgar\t<\/a>\n<\/div><div class=\"edgtf-post-info-category\">\n\t<a href=\"https:\/\/fibgar.es\/en\/category\/articles\/\" rel=\"category tag\">Articles<\/a><\/div><div itemprop=\"dateCreated\" class=\"edgtf-post-info-date entry-date updated\">\n\t\t\t28\/10\/2024\t    <meta itemprop=\"interactionCount\" content=\"UserComments: 0\"\/>\n<\/div>\t\t\t<\/div>\n\n\t\t\t\t\t\t\t<p itemprop=\"description\" class=\"edgtf-excerpt\">In 1949, after the tragedy and horrors of the Second World War, the Council of Europe (CoE) was created with the aim of promoting the common principle...<\/p>\n\t\t\t\t\t\t<a itemprop=\"url\" href=\"https:\/\/fibgar.es\/en\/45-years-since-the-signing-of-the-european-convention-on-human-rights-spains-commitment\/\" class=\"edgtf-blog-list-read-more\">Read more<i class=\"arrow_right\"><\/i><\/a>\n\t\t<\/div>\n\t<\/div>\n<\/li>\n<li class=\"edgtf-blog-list-item clearfix\">\n\t<div class=\"edgtf-blog-list-item-inner\">\n\t\t<div class=\"edgtf-item-image\">\n\t\t\t<a itemprop=\"url\" href=\"https:\/\/fibgar.es\/en\/pinochets-arrest-a-milestone-for-universal-jurisdiction\/\">\n\t\t\t\t<img loading=\"lazy\" decoding=\"async\" width=\"1600\" height=\"900\" src=\"https:\/\/fibgar.es\/wp-content\/uploads\/2024\/10\/DIA-INTERNACIONAL-1.png\" class=\"attachment-full size-full wp-post-image\" alt=\"\" srcset=\"https:\/\/fibgar.es\/wp-content\/uploads\/2024\/10\/DIA-INTERNACIONAL-1.png 1600w, https:\/\/fibgar.es\/wp-content\/uploads\/2024\/10\/DIA-INTERNACIONAL-1-300x169.png 300w, https:\/\/fibgar.es\/wp-content\/uploads\/2024\/10\/DIA-INTERNACIONAL-1-1024x576.png 1024w, https:\/\/fibgar.es\/wp-content\/uploads\/2024\/10\/DIA-INTERNACIONAL-1-768x432.png 768w, https:\/\/fibgar.es\/wp-content\/uploads\/2024\/10\/DIA-INTERNACIONAL-1-1536x864.png 1536w\" sizes=\"auto, (max-width: 1600px) 100vw, 1600px\" \/>\t\t\t<\/a>\n\t\t<\/div>\n\t\t<div class=\"edgtf-item-text-holder\" style=\"background-color:#ffffff;box-shadow:none;\">\n\t\t\t<h3 itemprop=\"name\" class=\"edgtf-item-title entry-title\">\n\t\t\t\t<a itemprop=\"url\" href=\"https:\/\/fibgar.es\/en\/pinochets-arrest-a-milestone-for-universal-jurisdiction\/\" >\n\t\t\t\t\tPinochet&#8217;s arrest: a milestone for Universal Jurisdiction\t\t\t\t<\/a>\n\t\t\t<\/h3>\n\n\t\t\t<div class=\"edgtf-item-info-section\">\n\t\t\t\t<div class=\"edgtf-post-info-author\">by\t<a itemprop=\"author\" class=\"edgtf-post-info-author-link\" href=\"https:\/\/fibgar.es\/en\/author\/fibgaradmin\/\">\n\t\tFibgar\t<\/a>\n<\/div><div class=\"edgtf-post-info-category\">\n\t<a href=\"https:\/\/fibgar.es\/en\/category\/articles\/\" rel=\"category tag\">Articles<\/a><\/div><div itemprop=\"dateCreated\" class=\"edgtf-post-info-date entry-date updated\">\n\t\t\t16\/10\/2024\t    <meta itemprop=\"interactionCount\" content=\"UserComments: 0\"\/>\n<\/div>\t\t\t<\/div>\n\n\t\t\t\t\t\t\t<p itemprop=\"description\" class=\"edgtf-excerpt\">On 16 October 1998, the arrest of Augusto Pinochet in a London clinic caused a worldwide media impact. The former Chilean dictator, who led a dictator...<\/p>\n\t\t\t\t\t\t<a itemprop=\"url\" href=\"https:\/\/fibgar.es\/en\/pinochets-arrest-a-milestone-for-universal-jurisdiction\/\" class=\"edgtf-blog-list-read-more\">Read more<i class=\"arrow_right\"><\/i><\/a>\n\t\t<\/div>\n\t<\/div>\n<\/li>\n<li class=\"edgtf-blog-list-item clearfix\">\n\t<div class=\"edgtf-blog-list-item-inner\">\n\t\t<div class=\"edgtf-item-image\">\n\t\t\t<a itemprop=\"url\" href=\"https:\/\/fibgar.es\/en\/join-our-next-anti-slapps-event-in-madrid\/\">\n\t\t\t\t<img loading=\"lazy\" decoding=\"async\" width=\"1600\" height=\"900\" src=\"https:\/\/fibgar.es\/wp-content\/uploads\/2024\/10\/evento-2210-Post-de-Twitter.png\" class=\"attachment-full size-full wp-post-image\" alt=\"\" srcset=\"https:\/\/fibgar.es\/wp-content\/uploads\/2024\/10\/evento-2210-Post-de-Twitter.png 1600w, https:\/\/fibgar.es\/wp-content\/uploads\/2024\/10\/evento-2210-Post-de-Twitter-300x169.png 300w, https:\/\/fibgar.es\/wp-content\/uploads\/2024\/10\/evento-2210-Post-de-Twitter-1024x576.png 1024w, https:\/\/fibgar.es\/wp-content\/uploads\/2024\/10\/evento-2210-Post-de-Twitter-768x432.png 768w, https:\/\/fibgar.es\/wp-content\/uploads\/2024\/10\/evento-2210-Post-de-Twitter-1536x864.png 1536w\" sizes=\"auto, (max-width: 1600px) 100vw, 1600px\" \/>\t\t\t<\/a>\n\t\t<\/div>\n\t\t<div class=\"edgtf-item-text-holder\" style=\"background-color:#ffffff;box-shadow:none;\">\n\t\t\t<h3 itemprop=\"name\" class=\"edgtf-item-title entry-title\">\n\t\t\t\t<a itemprop=\"url\" href=\"https:\/\/fibgar.es\/en\/join-our-next-anti-slapps-event-in-madrid\/\" >\n\t\t\t\t\tJoin our next anti-SLAPPs event in Madrid\t\t\t\t<\/a>\n\t\t\t<\/h3>\n\n\t\t\t<div class=\"edgtf-item-info-section\">\n\t\t\t\t<div class=\"edgtf-post-info-author\">by\t<a itemprop=\"author\" class=\"edgtf-post-info-author-link\" href=\"https:\/\/fibgar.es\/en\/author\/fibgaradmin\/\">\n\t\tFibgar\t<\/a>\n<\/div><div class=\"edgtf-post-info-category\">\n\t<a href=\"https:\/\/fibgar.es\/en\/category\/articles\/\" rel=\"category tag\">Articles<\/a><\/div><div itemprop=\"dateCreated\" class=\"edgtf-post-info-date entry-date updated\">\n\t\t\t10\/10\/2024\t    <meta itemprop=\"interactionCount\" content=\"UserComments: 0\"\/>\n<\/div>\t\t\t<\/div>\n\n\t\t\t\t\t\t\t<p itemprop=\"description\" class=\"edgtf-excerpt\">The event \u201cSLAPPs: a growing threat to democracy\u201d, organized by the Spanish group of the Coalition Against SLAPPs in Europe (CASE), will take plac...<\/p>\n\t\t\t\t\t\t<a itemprop=\"url\" href=\"https:\/\/fibgar.es\/en\/join-our-next-anti-slapps-event-in-madrid\/\" class=\"edgtf-blog-list-read-more\">Read more<i class=\"arrow_right\"><\/i><\/a>\n\t\t<\/div>\n\t<\/div>\n<\/li>\n<li class=\"edgtf-blog-list-item clearfix\">\n\t<div class=\"edgtf-blog-list-item-inner\">\n\t\t<div class=\"edgtf-item-image\">\n\t\t\t<a itemprop=\"url\" href=\"https:\/\/fibgar.es\/en\/access-to-information-a-pillar-of-sustainable-development-and-transparency\/\">\n\t\t\t\t<img loading=\"lazy\" decoding=\"async\" width=\"1600\" height=\"900\" src=\"https:\/\/fibgar.es\/wp-content\/uploads\/2024\/09\/DIA-INTERNACIONAL-4.png\" class=\"attachment-full size-full wp-post-image\" alt=\"\" srcset=\"https:\/\/fibgar.es\/wp-content\/uploads\/2024\/09\/DIA-INTERNACIONAL-4.png 1600w, https:\/\/fibgar.es\/wp-content\/uploads\/2024\/09\/DIA-INTERNACIONAL-4-300x169.png 300w, https:\/\/fibgar.es\/wp-content\/uploads\/2024\/09\/DIA-INTERNACIONAL-4-1024x576.png 1024w, https:\/\/fibgar.es\/wp-content\/uploads\/2024\/09\/DIA-INTERNACIONAL-4-768x432.png 768w, https:\/\/fibgar.es\/wp-content\/uploads\/2024\/09\/DIA-INTERNACIONAL-4-1536x864.png 1536w\" sizes=\"auto, (max-width: 1600px) 100vw, 1600px\" \/>\t\t\t<\/a>\n\t\t<\/div>\n\t\t<div class=\"edgtf-item-text-holder\" style=\"background-color:#ffffff;box-shadow:none;\">\n\t\t\t<h3 itemprop=\"name\" class=\"edgtf-item-title entry-title\">\n\t\t\t\t<a itemprop=\"url\" href=\"https:\/\/fibgar.es\/en\/access-to-information-a-pillar-of-sustainable-development-and-transparency\/\" >\n\t\t\t\t\tAccess to Information: A Pillar of Sustainable Development and Transparency\t\t\t\t<\/a>\n\t\t\t<\/h3>\n\n\t\t\t<div class=\"edgtf-item-info-section\">\n\t\t\t\t<div class=\"edgtf-post-info-author\">by\t<a itemprop=\"author\" class=\"edgtf-post-info-author-link\" href=\"https:\/\/fibgar.es\/en\/author\/fibgaradmin\/\">\n\t\tFibgar\t<\/a>\n<\/div><div class=\"edgtf-post-info-category\">\n\t<a href=\"https:\/\/fibgar.es\/en\/category\/articles\/\" rel=\"category tag\">Articles<\/a><\/div><div itemprop=\"dateCreated\" class=\"edgtf-post-info-date entry-date updated\">\n\t\t\t28\/09\/2024\t    <meta itemprop=\"interactionCount\" content=\"UserComments: 0\"\/>\n<\/div>\t\t\t<\/div>\n\n\t\t\t\t\t\t\t<p itemprop=\"description\" class=\"edgtf-excerpt\">Universal access to information is an essential human right with profound implications for the development of more just, equitable and transparent soc...<\/p>\n\t\t\t\t\t\t<a itemprop=\"url\" href=\"https:\/\/fibgar.es\/en\/access-to-information-a-pillar-of-sustainable-development-and-transparency\/\" class=\"edgtf-blog-list-read-more\">Read more<i class=\"arrow_right\"><\/i><\/a>\n\t\t<\/div>\n\t<\/div>\n<\/li>\n<li class=\"edgtf-blog-list-item clearfix\">\n\t<div class=\"edgtf-blog-list-item-inner\">\n\t\t<div class=\"edgtf-item-image\">\n\t\t\t<a itemprop=\"url\" href=\"https:\/\/fibgar.es\/en\/peace-path-and-destination-in-a-world-in-conflict\/\">\n\t\t\t\t<img loading=\"lazy\" decoding=\"async\" width=\"1600\" height=\"900\" src=\"https:\/\/fibgar.es\/wp-content\/uploads\/2024\/09\/DIA-INTERNACIONAL-1-1.png\" class=\"attachment-full size-full wp-post-image\" alt=\"\" srcset=\"https:\/\/fibgar.es\/wp-content\/uploads\/2024\/09\/DIA-INTERNACIONAL-1-1.png 1600w, https:\/\/fibgar.es\/wp-content\/uploads\/2024\/09\/DIA-INTERNACIONAL-1-1-300x169.png 300w, https:\/\/fibgar.es\/wp-content\/uploads\/2024\/09\/DIA-INTERNACIONAL-1-1-1024x576.png 1024w, https:\/\/fibgar.es\/wp-content\/uploads\/2024\/09\/DIA-INTERNACIONAL-1-1-768x432.png 768w, https:\/\/fibgar.es\/wp-content\/uploads\/2024\/09\/DIA-INTERNACIONAL-1-1-1536x864.png 1536w\" sizes=\"auto, (max-width: 1600px) 100vw, 1600px\" \/>\t\t\t<\/a>\n\t\t<\/div>\n\t\t<div class=\"edgtf-item-text-holder\" style=\"background-color:#ffffff;box-shadow:none;\">\n\t\t\t<h3 itemprop=\"name\" class=\"edgtf-item-title entry-title\">\n\t\t\t\t<a itemprop=\"url\" href=\"https:\/\/fibgar.es\/en\/peace-path-and-destination-in-a-world-in-conflict\/\" >\n\t\t\t\t\tPeace: Path and Destination in a World in Conflict\t\t\t\t<\/a>\n\t\t\t<\/h3>\n\n\t\t\t<div class=\"edgtf-item-info-section\">\n\t\t\t\t<div class=\"edgtf-post-info-author\">by\t<a itemprop=\"author\" class=\"edgtf-post-info-author-link\" href=\"https:\/\/fibgar.es\/en\/author\/fibgaradmin\/\">\n\t\tFibgar\t<\/a>\n<\/div><div class=\"edgtf-post-info-category\">\n\t<a href=\"https:\/\/fibgar.es\/en\/category\/articles\/\" rel=\"category tag\">Articles<\/a><\/div><div itemprop=\"dateCreated\" class=\"edgtf-post-info-date entry-date updated\">\n\t\t\t21\/09\/2024\t    <meta itemprop=\"interactionCount\" content=\"UserComments: 0\"\/>\n<\/div>\t\t\t<\/div>\n\n\t\t\t\t\t\t\t<p itemprop=\"description\" class=\"edgtf-excerpt\">According to the 18th edition of the Global Peace Index (GPI) the world stands at a crossroads. The number of countries involved in conflict has reach...<\/p>\n\t\t\t\t\t\t<a itemprop=\"url\" href=\"https:\/\/fibgar.es\/en\/peace-path-and-destination-in-a-world-in-conflict\/\" class=\"edgtf-blog-list-read-more\">Read more<i class=\"arrow_right\"><\/i><\/a>\n\t\t<\/div>\n\t<\/div>\n<\/li>\n<li class=\"edgtf-blog-list-item clearfix\">\n\t<div class=\"edgtf-blog-list-item-inner\">\n\t\t<div class=\"edgtf-item-image\">\n\t\t\t<a itemprop=\"url\" href=\"https:\/\/fibgar.es\/en\/recommendations-for-the-proper-functioning-of-state-authorities-and-regional-policy-makers\/\">\n\t\t\t\t<img loading=\"lazy\" decoding=\"async\" width=\"1600\" height=\"900\" src=\"https:\/\/fibgar.es\/wp-content\/uploads\/2024\/09\/POST-GENERICO-2.png\" class=\"attachment-full size-full wp-post-image\" alt=\"\" srcset=\"https:\/\/fibgar.es\/wp-content\/uploads\/2024\/09\/POST-GENERICO-2.png 1600w, https:\/\/fibgar.es\/wp-content\/uploads\/2024\/09\/POST-GENERICO-2-300x169.png 300w, https:\/\/fibgar.es\/wp-content\/uploads\/2024\/09\/POST-GENERICO-2-1024x576.png 1024w, https:\/\/fibgar.es\/wp-content\/uploads\/2024\/09\/POST-GENERICO-2-768x432.png 768w, https:\/\/fibgar.es\/wp-content\/uploads\/2024\/09\/POST-GENERICO-2-1536x864.png 1536w\" sizes=\"auto, (max-width: 1600px) 100vw, 1600px\" \/>\t\t\t<\/a>\n\t\t<\/div>\n\t\t<div class=\"edgtf-item-text-holder\" style=\"background-color:#ffffff;box-shadow:none;\">\n\t\t\t<h3 itemprop=\"name\" class=\"edgtf-item-title entry-title\">\n\t\t\t\t<a itemprop=\"url\" href=\"https:\/\/fibgar.es\/en\/recommendations-for-the-proper-functioning-of-state-authorities-and-regional-policy-makers\/\" >\n\t\t\t\t\tRecommendations for the proper functioning of state authorities and regional policy makers\t\t\t\t<\/a>\n\t\t\t<\/h3>\n\n\t\t\t<div class=\"edgtf-item-info-section\">\n\t\t\t\t<div class=\"edgtf-post-info-author\">by\t<a itemprop=\"author\" class=\"edgtf-post-info-author-link\" href=\"https:\/\/fibgar.es\/en\/author\/fibgaradmin\/\">\n\t\tFibgar\t<\/a>\n<\/div><div class=\"edgtf-post-info-category\">\n\t<a href=\"https:\/\/fibgar.es\/en\/category\/articles\/\" rel=\"category tag\">Articles<\/a><\/div><div itemprop=\"dateCreated\" class=\"edgtf-post-info-date entry-date updated\">\n\t\t\t20\/09\/2024\t    <meta itemprop=\"interactionCount\" content=\"UserComments: 0\"\/>\n<\/div>\t\t\t<\/div>\n\n\t\t\t\t\t\t\t<p itemprop=\"description\" class=\"edgtf-excerpt\">The European Network of Human Rights Institutions (ENNHRI), the network that brings together National Human Rights Institutions (NHRIs) from across Eu...<\/p>\n\t\t\t\t\t\t<a itemprop=\"url\" href=\"https:\/\/fibgar.es\/en\/recommendations-for-the-proper-functioning-of-state-authorities-and-regional-policy-makers\/\" class=\"edgtf-blog-list-read-more\">Read more<i class=\"arrow_right\"><\/i><\/a>\n\t\t<\/div>\n\t<\/div>\n<\/li>\n<li class=\"edgtf-blog-list-item clearfix\">\n\t<div class=\"edgtf-blog-list-item-inner\">\n\t\t<div class=\"edgtf-item-image\">\n\t\t\t<a itemprop=\"url\" href=\"https:\/\/fibgar.es\/en\/crisis-of-the-democratic-model-a-worldwide-problem\/\">\n\t\t\t\t<img loading=\"lazy\" decoding=\"async\" width=\"1600\" height=\"900\" src=\"https:\/\/fibgar.es\/wp-content\/uploads\/2024\/09\/DIA-INTERNACIONAL-1.png\" class=\"attachment-full size-full wp-post-image\" alt=\"\" srcset=\"https:\/\/fibgar.es\/wp-content\/uploads\/2024\/09\/DIA-INTERNACIONAL-1.png 1600w, https:\/\/fibgar.es\/wp-content\/uploads\/2024\/09\/DIA-INTERNACIONAL-1-300x169.png 300w, https:\/\/fibgar.es\/wp-content\/uploads\/2024\/09\/DIA-INTERNACIONAL-1-1024x576.png 1024w, https:\/\/fibgar.es\/wp-content\/uploads\/2024\/09\/DIA-INTERNACIONAL-1-768x432.png 768w, https:\/\/fibgar.es\/wp-content\/uploads\/2024\/09\/DIA-INTERNACIONAL-1-1536x864.png 1536w\" sizes=\"auto, (max-width: 1600px) 100vw, 1600px\" \/>\t\t\t<\/a>\n\t\t<\/div>\n\t\t<div class=\"edgtf-item-text-holder\" style=\"background-color:#ffffff;box-shadow:none;\">\n\t\t\t<h3 itemprop=\"name\" class=\"edgtf-item-title entry-title\">\n\t\t\t\t<a itemprop=\"url\" href=\"https:\/\/fibgar.es\/en\/crisis-of-the-democratic-model-a-worldwide-problem\/\" >\n\t\t\t\t\tCrisis of the democratic model. A worldwide problem?\t\t\t\t<\/a>\n\t\t\t<\/h3>\n\n\t\t\t<div class=\"edgtf-item-info-section\">\n\t\t\t\t<div class=\"edgtf-post-info-author\">by\t<a itemprop=\"author\" class=\"edgtf-post-info-author-link\" href=\"https:\/\/fibgar.es\/en\/author\/fibgaradmin\/\">\n\t\tFibgar\t<\/a>\n<\/div><div class=\"edgtf-post-info-category\">\n\t<a href=\"https:\/\/fibgar.es\/en\/category\/articles\/\" rel=\"category tag\">Articles<\/a><\/div><div itemprop=\"dateCreated\" class=\"edgtf-post-info-date entry-date updated\">\n\t\t\t13\/09\/2024\t    <meta itemprop=\"interactionCount\" content=\"UserComments: 0\"\/>\n<\/div>\t\t\t<\/div>\n\n\t\t\t\t\t\t\t<p itemprop=\"description\" class=\"edgtf-excerpt\">Since 2007, by declaration of the United Nations General Assembly, the International Day of Democracy has been celebrated every 15th September. Unders...<\/p>\n\t\t\t\t\t\t<a itemprop=\"url\" href=\"https:\/\/fibgar.es\/en\/crisis-of-the-democratic-model-a-worldwide-problem\/\" class=\"edgtf-blog-list-read-more\">Read more<i class=\"arrow_right\"><\/i><\/a>\n\t\t<\/div>\n\t<\/div>\n<\/li>\n<li class=\"edgtf-blog-list-item clearfix\">\n\t<div class=\"edgtf-blog-list-item-inner\">\n\t\t<div class=\"edgtf-item-image\">\n\t\t\t<a itemprop=\"url\" href=\"https:\/\/fibgar.es\/en\/colombia-ratifies-the-escazu-agreement-a-milestone-in-environmental-protection\/\">\n\t\t\t\t<img loading=\"lazy\" decoding=\"async\" width=\"1600\" height=\"900\" src=\"https:\/\/fibgar.es\/wp-content\/uploads\/2024\/09\/POST-GENERICO-1.png\" class=\"attachment-full size-full wp-post-image\" alt=\"\" srcset=\"https:\/\/fibgar.es\/wp-content\/uploads\/2024\/09\/POST-GENERICO-1.png 1600w, https:\/\/fibgar.es\/wp-content\/uploads\/2024\/09\/POST-GENERICO-1-300x169.png 300w, https:\/\/fibgar.es\/wp-content\/uploads\/2024\/09\/POST-GENERICO-1-1024x576.png 1024w, https:\/\/fibgar.es\/wp-content\/uploads\/2024\/09\/POST-GENERICO-1-768x432.png 768w, https:\/\/fibgar.es\/wp-content\/uploads\/2024\/09\/POST-GENERICO-1-1536x864.png 1536w\" sizes=\"auto, (max-width: 1600px) 100vw, 1600px\" \/>\t\t\t<\/a>\n\t\t<\/div>\n\t\t<div class=\"edgtf-item-text-holder\" style=\"background-color:#ffffff;box-shadow:none;\">\n\t\t\t<h3 itemprop=\"name\" class=\"edgtf-item-title entry-title\">\n\t\t\t\t<a itemprop=\"url\" href=\"https:\/\/fibgar.es\/en\/colombia-ratifies-the-escazu-agreement-a-milestone-in-environmental-protection\/\" >\n\t\t\t\t\tColombia ratifies the Escaz\u00fa Agreement: a milestone in environmental protection\t\t\t\t<\/a>\n\t\t\t<\/h3>\n\n\t\t\t<div class=\"edgtf-item-info-section\">\n\t\t\t\t<div class=\"edgtf-post-info-author\">by\t<a itemprop=\"author\" class=\"edgtf-post-info-author-link\" href=\"https:\/\/fibgar.es\/en\/author\/fibgaradmin\/\">\n\t\tFibgar\t<\/a>\n<\/div><div class=\"edgtf-post-info-category\">\n\t<a href=\"https:\/\/fibgar.es\/en\/category\/articles\/\" rel=\"category tag\">Articles<\/a><\/div><div itemprop=\"dateCreated\" class=\"edgtf-post-info-date entry-date updated\">\n\t\t\t06\/09\/2024\t    <meta itemprop=\"interactionCount\" content=\"UserComments: 0\"\/>\n<\/div>\t\t\t<\/div>\n\n\t\t\t\t\t\t\t<p itemprop=\"description\" class=\"edgtf-excerpt\">In the annual report \u201cThe Land and Environmental Defenders at the frontlines of the climate crisis\u201d for 2023, Global Witness highlighted that Colo...<\/p>\n\t\t\t\t\t\t<a itemprop=\"url\" href=\"https:\/\/fibgar.es\/en\/colombia-ratifies-the-escazu-agreement-a-milestone-in-environmental-protection\/\" class=\"edgtf-blog-list-read-more\">Read more<i class=\"arrow_right\"><\/i><\/a>\n\t\t<\/div>\n\t<\/div>\n<\/li>\n<li class=\"edgtf-blog-list-item clearfix\">\n\t<div class=\"edgtf-blog-list-item-inner\">\n\t\t<div class=\"edgtf-item-image\">\n\t\t\t<a itemprop=\"url\" href=\"https:\/\/fibgar.es\/en\/victims-of-enforced-disappearances-a-wound-that-continues-to-bleed\/\">\n\t\t\t\t<img loading=\"lazy\" decoding=\"async\" width=\"1600\" height=\"900\" src=\"https:\/\/fibgar.es\/wp-content\/uploads\/2024\/07\/DIA-INTERNACIONAL-3-1.png\" class=\"attachment-full size-full wp-post-image\" alt=\"\" srcset=\"https:\/\/fibgar.es\/wp-content\/uploads\/2024\/07\/DIA-INTERNACIONAL-3-1.png 1600w, https:\/\/fibgar.es\/wp-content\/uploads\/2024\/07\/DIA-INTERNACIONAL-3-1-300x169.png 300w, https:\/\/fibgar.es\/wp-content\/uploads\/2024\/07\/DIA-INTERNACIONAL-3-1-1024x576.png 1024w, https:\/\/fibgar.es\/wp-content\/uploads\/2024\/07\/DIA-INTERNACIONAL-3-1-768x432.png 768w, https:\/\/fibgar.es\/wp-content\/uploads\/2024\/07\/DIA-INTERNACIONAL-3-1-1536x864.png 1536w\" sizes=\"auto, (max-width: 1600px) 100vw, 1600px\" \/>\t\t\t<\/a>\n\t\t<\/div>\n\t\t<div class=\"edgtf-item-text-holder\" style=\"background-color:#ffffff;box-shadow:none;\">\n\t\t\t<h3 itemprop=\"name\" class=\"edgtf-item-title entry-title\">\n\t\t\t\t<a itemprop=\"url\" href=\"https:\/\/fibgar.es\/en\/victims-of-enforced-disappearances-a-wound-that-continues-to-bleed\/\" >\n\t\t\t\t\tVictims of Enforced Disappearances: a wound that continues to bleed\t\t\t\t<\/a>\n\t\t\t<\/h3>\n\n\t\t\t<div class=\"edgtf-item-info-section\">\n\t\t\t\t<div class=\"edgtf-post-info-author\">by\t<a itemprop=\"author\" class=\"edgtf-post-info-author-link\" href=\"https:\/\/fibgar.es\/en\/author\/fibgaradmin\/\">\n\t\tFibgar\t<\/a>\n<\/div><div class=\"edgtf-post-info-category\">\n\t<a href=\"https:\/\/fibgar.es\/en\/category\/articles\/\" rel=\"category tag\">Articles<\/a><\/div><div itemprop=\"dateCreated\" class=\"edgtf-post-info-date entry-date updated\">\n\t\t\t30\/08\/2024\t    <meta itemprop=\"interactionCount\" content=\"UserComments: 0\"\/>\n<\/div>\t\t\t<\/div>\n\n\t\t\t\t\t\t\t<p itemprop=\"description\" class=\"edgtf-excerpt\">Since 2011, the International Day of the Victims of Enforced Disappearances has been commemorated every 30 August. This was established in 2010 by res...<\/p>\n\t\t\t\t\t\t<a itemprop=\"url\" href=\"https:\/\/fibgar.es\/en\/victims-of-enforced-disappearances-a-wound-that-continues-to-bleed\/\" class=\"edgtf-blog-list-read-more\">Read more<i class=\"arrow_right\"><\/i><\/a>\n\t\t<\/div>\n\t<\/div>\n<\/li>\n<li class=\"edgtf-blog-list-item clearfix\">\n\t<div class=\"edgtf-blog-list-item-inner\">\n\t\t<div class=\"edgtf-item-image\">\n\t\t\t<a itemprop=\"url\" href=\"https:\/\/fibgar.es\/en\/slapps-the-use-of-the-past-as-an-antidemocratic-weapon\/\">\n\t\t\t\t<img loading=\"lazy\" decoding=\"async\" width=\"1600\" height=\"900\" src=\"https:\/\/fibgar.es\/wp-content\/uploads\/2024\/07\/POST-GENERICO-1-3.png\" class=\"attachment-full size-full wp-post-image\" alt=\"\" srcset=\"https:\/\/fibgar.es\/wp-content\/uploads\/2024\/07\/POST-GENERICO-1-3.png 1600w, https:\/\/fibgar.es\/wp-content\/uploads\/2024\/07\/POST-GENERICO-1-3-300x169.png 300w, https:\/\/fibgar.es\/wp-content\/uploads\/2024\/07\/POST-GENERICO-1-3-1024x576.png 1024w, https:\/\/fibgar.es\/wp-content\/uploads\/2024\/07\/POST-GENERICO-1-3-768x432.png 768w, https:\/\/fibgar.es\/wp-content\/uploads\/2024\/07\/POST-GENERICO-1-3-1536x864.png 1536w\" sizes=\"auto, (max-width: 1600px) 100vw, 1600px\" \/>\t\t\t<\/a>\n\t\t<\/div>\n\t\t<div class=\"edgtf-item-text-holder\" style=\"background-color:#ffffff;box-shadow:none;\">\n\t\t\t<h3 itemprop=\"name\" class=\"edgtf-item-title entry-title\">\n\t\t\t\t<a itemprop=\"url\" href=\"https:\/\/fibgar.es\/en\/slapps-the-use-of-the-past-as-an-antidemocratic-weapon\/\" >\n\t\t\t\t\tSLAPPs: the use of the past as an antidemocratic weapon\t\t\t\t<\/a>\n\t\t\t<\/h3>\n\n\t\t\t<div class=\"edgtf-item-info-section\">\n\t\t\t\t<div class=\"edgtf-post-info-author\">by\t<a itemprop=\"author\" class=\"edgtf-post-info-author-link\" href=\"https:\/\/fibgar.es\/en\/author\/fibgaradmin\/\">\n\t\tFibgar\t<\/a>\n<\/div><div class=\"edgtf-post-info-category\">\n\t<a href=\"https:\/\/fibgar.es\/en\/category\/articles\/\" rel=\"category tag\">Articles<\/a><\/div><div itemprop=\"dateCreated\" class=\"edgtf-post-info-date entry-date updated\">\n\t\t\t27\/08\/2024\t    <meta itemprop=\"interactionCount\" content=\"UserComments: 0\"\/>\n<\/div>\t\t\t<\/div>\n\n\t\t\t\t\t\t\t<p itemprop=\"description\" class=\"edgtf-excerpt\">SLAPPs represent a particular type of judicial harassment, allowing powerful actors to misuse the legal and judicial systems in order to silence criti...<\/p>\n\t\t\t\t\t\t<a itemprop=\"url\" href=\"https:\/\/fibgar.es\/en\/slapps-the-use-of-the-past-as-an-antidemocratic-weapon\/\" class=\"edgtf-blog-list-read-more\">Read more<i class=\"arrow_right\"><\/i><\/a>\n\t\t<\/div>\n\t<\/div>\n<\/li>\n<li class=\"edgtf-blog-list-item clearfix\">\n\t<div class=\"edgtf-blog-list-item-inner\">\n\t\t<div class=\"edgtf-item-image\">\n\t\t\t<a itemprop=\"url\" href=\"https:\/\/fibgar.es\/en\/a-belated-but-necessary-recognition-the-victims-of-nazism-and-stalinism\/\">\n\t\t\t\t<img loading=\"lazy\" decoding=\"async\" width=\"1600\" height=\"900\" src=\"https:\/\/fibgar.es\/wp-content\/uploads\/2024\/07\/DIA-INTERNACIONAL-5-1.png\" class=\"attachment-full size-full wp-post-image\" alt=\"\" srcset=\"https:\/\/fibgar.es\/wp-content\/uploads\/2024\/07\/DIA-INTERNACIONAL-5-1.png 1600w, https:\/\/fibgar.es\/wp-content\/uploads\/2024\/07\/DIA-INTERNACIONAL-5-1-300x169.png 300w, https:\/\/fibgar.es\/wp-content\/uploads\/2024\/07\/DIA-INTERNACIONAL-5-1-1024x576.png 1024w, https:\/\/fibgar.es\/wp-content\/uploads\/2024\/07\/DIA-INTERNACIONAL-5-1-768x432.png 768w, https:\/\/fibgar.es\/wp-content\/uploads\/2024\/07\/DIA-INTERNACIONAL-5-1-1536x864.png 1536w\" sizes=\"auto, (max-width: 1600px) 100vw, 1600px\" \/>\t\t\t<\/a>\n\t\t<\/div>\n\t\t<div class=\"edgtf-item-text-holder\" style=\"background-color:#ffffff;box-shadow:none;\">\n\t\t\t<h3 itemprop=\"name\" class=\"edgtf-item-title entry-title\">\n\t\t\t\t<a itemprop=\"url\" href=\"https:\/\/fibgar.es\/en\/a-belated-but-necessary-recognition-the-victims-of-nazism-and-stalinism\/\" >\n\t\t\t\t\tA Belated but Necessary Recognition: The Victims of Nazism and Stalinism\t\t\t\t<\/a>\n\t\t\t<\/h3>\n\n\t\t\t<div class=\"edgtf-item-info-section\">\n\t\t\t\t<div class=\"edgtf-post-info-author\">by\t<a itemprop=\"author\" class=\"edgtf-post-info-author-link\" href=\"https:\/\/fibgar.es\/en\/author\/fibgaradmin\/\">\n\t\tFibgar\t<\/a>\n<\/div><div class=\"edgtf-post-info-category\">\n\t<a href=\"https:\/\/fibgar.es\/en\/category\/articles\/\" rel=\"category tag\">Articles<\/a><\/div><div itemprop=\"dateCreated\" class=\"edgtf-post-info-date entry-date updated\">\n\t\t\t23\/08\/2024\t    <meta itemprop=\"interactionCount\" content=\"UserComments: 0\"\/>\n<\/div>\t\t\t<\/div>\n\n\t\t\t\t\t\t\t<p itemprop=\"description\" class=\"edgtf-excerpt\">A Belated but Necessary Recognition: The Victims of Nazism and Stalinism Since 2009, the European Union has recognised 23 August as the European Day o...<\/p>\n\t\t\t\t\t\t<a itemprop=\"url\" href=\"https:\/\/fibgar.es\/en\/a-belated-but-necessary-recognition-the-victims-of-nazism-and-stalinism\/\" class=\"edgtf-blog-list-read-more\">Read more<i class=\"arrow_right\"><\/i><\/a>\n\t\t<\/div>\n\t<\/div>\n<\/li>\n<li class=\"edgtf-blog-list-item clearfix\">\n\t<div class=\"edgtf-blog-list-item-inner\">\n\t\t<div class=\"edgtf-item-image\">\n\t\t\t<a itemprop=\"url\" href=\"https:\/\/fibgar.es\/en\/a-bill-to-restore-universal-jurisdiction-in-spain\/\">\n\t\t\t\t<img loading=\"lazy\" decoding=\"async\" width=\"1600\" height=\"900\" src=\"https:\/\/fibgar.es\/wp-content\/uploads\/2024\/07\/POST-GENERICO-5.png\" class=\"attachment-full size-full wp-post-image\" alt=\"\" srcset=\"https:\/\/fibgar.es\/wp-content\/uploads\/2024\/07\/POST-GENERICO-5.png 1600w, https:\/\/fibgar.es\/wp-content\/uploads\/2024\/07\/POST-GENERICO-5-300x169.png 300w, https:\/\/fibgar.es\/wp-content\/uploads\/2024\/07\/POST-GENERICO-5-1024x576.png 1024w, https:\/\/fibgar.es\/wp-content\/uploads\/2024\/07\/POST-GENERICO-5-768x432.png 768w, https:\/\/fibgar.es\/wp-content\/uploads\/2024\/07\/POST-GENERICO-5-1536x864.png 1536w\" sizes=\"auto, (max-width: 1600px) 100vw, 1600px\" \/>\t\t\t<\/a>\n\t\t<\/div>\n\t\t<div class=\"edgtf-item-text-holder\" style=\"background-color:#ffffff;box-shadow:none;\">\n\t\t\t<h3 itemprop=\"name\" class=\"edgtf-item-title entry-title\">\n\t\t\t\t<a itemprop=\"url\" href=\"https:\/\/fibgar.es\/en\/a-bill-to-restore-universal-jurisdiction-in-spain\/\" >\n\t\t\t\t\tA bill to restore Universal Jurisdiction in Spain\t\t\t\t<\/a>\n\t\t\t<\/h3>\n\n\t\t\t<div class=\"edgtf-item-info-section\">\n\t\t\t\t<div class=\"edgtf-post-info-author\">by\t<a itemprop=\"author\" class=\"edgtf-post-info-author-link\" href=\"https:\/\/fibgar.es\/en\/author\/fibgaradmin\/\">\n\t\tFibgar\t<\/a>\n<\/div><div class=\"edgtf-post-info-category\">\n\t<a href=\"https:\/\/fibgar.es\/en\/category\/articles\/\" rel=\"category tag\">Articles<\/a><\/div><div itemprop=\"dateCreated\" class=\"edgtf-post-info-date entry-date updated\">\n\t\t\t16\/08\/2024\t    <meta itemprop=\"interactionCount\" content=\"UserComments: 0\"\/>\n<\/div>\t\t\t<\/div>\n\n\t\t\t\t\t\t\t<p itemprop=\"description\" class=\"edgtf-excerpt\">Universal Jurisdiction is of the utmost importance for all those who fight for human rights, as it is an indispensable mechanism of justice whose obje...<\/p>\n\t\t\t\t\t\t<a itemprop=\"url\" href=\"https:\/\/fibgar.es\/en\/a-bill-to-restore-universal-jurisdiction-in-spain\/\" class=\"edgtf-blog-list-read-more\">Read more<i class=\"arrow_right\"><\/i><\/a>\n\t\t<\/div>\n\t<\/div>\n<\/li>\n<li class=\"edgtf-blog-list-item clearfix\">\n\t<div class=\"edgtf-blog-list-item-inner\">\n\t\t<div class=\"edgtf-item-image\">\n\t\t\t<a itemprop=\"url\" href=\"https:\/\/fibgar.es\/en\/dont-miss-our-new-refresher-course-on-human-rights-in-the-framework-of-the-european-union\/\">\n\t\t\t\t<img loading=\"lazy\" decoding=\"async\" width=\"1600\" height=\"900\" src=\"https:\/\/fibgar.es\/wp-content\/uploads\/2024\/08\/TW-cartel-ADHEU-INGLES.png\" class=\"attachment-full size-full wp-post-image\" alt=\"\" srcset=\"https:\/\/fibgar.es\/wp-content\/uploads\/2024\/08\/TW-cartel-ADHEU-INGLES.png 1600w, https:\/\/fibgar.es\/wp-content\/uploads\/2024\/08\/TW-cartel-ADHEU-INGLES-300x169.png 300w, https:\/\/fibgar.es\/wp-content\/uploads\/2024\/08\/TW-cartel-ADHEU-INGLES-1024x576.png 1024w, https:\/\/fibgar.es\/wp-content\/uploads\/2024\/08\/TW-cartel-ADHEU-INGLES-768x432.png 768w, https:\/\/fibgar.es\/wp-content\/uploads\/2024\/08\/TW-cartel-ADHEU-INGLES-1536x864.png 1536w\" sizes=\"auto, (max-width: 1600px) 100vw, 1600px\" \/>\t\t\t<\/a>\n\t\t<\/div>\n\t\t<div class=\"edgtf-item-text-holder\" style=\"background-color:#ffffff;box-shadow:none;\">\n\t\t\t<h3 itemprop=\"name\" class=\"edgtf-item-title entry-title\">\n\t\t\t\t<a itemprop=\"url\" href=\"https:\/\/fibgar.es\/en\/dont-miss-our-new-refresher-course-on-human-rights-in-the-framework-of-the-european-union\/\" >\n\t\t\t\t\tDon&#8217;t miss our new refresher course on human rights in the framework of the European Union!\t\t\t\t<\/a>\n\t\t\t<\/h3>\n\n\t\t\t<div class=\"edgtf-item-info-section\">\n\t\t\t\t<div class=\"edgtf-post-info-author\">by\t<a itemprop=\"author\" class=\"edgtf-post-info-author-link\" href=\"https:\/\/fibgar.es\/en\/author\/fibgaradmin\/\">\n\t\tFibgar\t<\/a>\n<\/div><div class=\"edgtf-post-info-category\">\n\t<a href=\"https:\/\/fibgar.es\/en\/category\/articles\/\" rel=\"category tag\">Articles<\/a><\/div><div itemprop=\"dateCreated\" class=\"edgtf-post-info-date entry-date updated\">\n\t\t\t15\/08\/2024\t    <meta itemprop=\"interactionCount\" content=\"UserComments: 0\"\/>\n<\/div>\t\t\t<\/div>\n\n\t\t\t\t\t\t\t<p itemprop=\"description\" class=\"edgtf-excerpt\">If the answer is yes, then the ADHEU face-to-face course on the new developments adopted by the last European legislature on these issues is your best...<\/p>\n\t\t\t\t\t\t<a itemprop=\"url\" href=\"https:\/\/fibgar.es\/en\/dont-miss-our-new-refresher-course-on-human-rights-in-the-framework-of-the-european-union\/\" class=\"edgtf-blog-list-read-more\">Read more<i class=\"arrow_right\"><\/i><\/a>\n\t\t<\/div>\n\t<\/div>\n<\/li>\n<li class=\"edgtf-blog-list-item clearfix\">\n\t<div class=\"edgtf-blog-list-item-inner\">\n\t\t<div class=\"edgtf-item-image\">\n\t\t\t<a itemprop=\"url\" href=\"https:\/\/fibgar.es\/en\/a-pending-debt-the-effective-protection-of-indigenous-peoples\/\">\n\t\t\t\t<img loading=\"lazy\" decoding=\"async\" width=\"1600\" height=\"900\" src=\"https:\/\/fibgar.es\/wp-content\/uploads\/2024\/08\/DIA-INTERNACIONAL-3.png\" class=\"attachment-full size-full wp-post-image\" alt=\"\" srcset=\"https:\/\/fibgar.es\/wp-content\/uploads\/2024\/08\/DIA-INTERNACIONAL-3.png 1600w, https:\/\/fibgar.es\/wp-content\/uploads\/2024\/08\/DIA-INTERNACIONAL-3-300x169.png 300w, https:\/\/fibgar.es\/wp-content\/uploads\/2024\/08\/DIA-INTERNACIONAL-3-1024x576.png 1024w, https:\/\/fibgar.es\/wp-content\/uploads\/2024\/08\/DIA-INTERNACIONAL-3-768x432.png 768w, https:\/\/fibgar.es\/wp-content\/uploads\/2024\/08\/DIA-INTERNACIONAL-3-1536x864.png 1536w\" sizes=\"auto, (max-width: 1600px) 100vw, 1600px\" \/>\t\t\t<\/a>\n\t\t<\/div>\n\t\t<div class=\"edgtf-item-text-holder\" style=\"background-color:#ffffff;box-shadow:none;\">\n\t\t\t<h3 itemprop=\"name\" class=\"edgtf-item-title entry-title\">\n\t\t\t\t<a itemprop=\"url\" href=\"https:\/\/fibgar.es\/en\/a-pending-debt-the-effective-protection-of-indigenous-peoples\/\" >\n\t\t\t\t\tA pending debt: the effective protection of indigenous peoples\t\t\t\t<\/a>\n\t\t\t<\/h3>\n\n\t\t\t<div class=\"edgtf-item-info-section\">\n\t\t\t\t<div class=\"edgtf-post-info-author\">by\t<a itemprop=\"author\" class=\"edgtf-post-info-author-link\" href=\"https:\/\/fibgar.es\/en\/author\/fibgaradmin\/\">\n\t\tFibgar\t<\/a>\n<\/div><div class=\"edgtf-post-info-category\">\n\t<a href=\"https:\/\/fibgar.es\/en\/category\/articles\/\" rel=\"category tag\">Articles<\/a><\/div><div itemprop=\"dateCreated\" class=\"edgtf-post-info-date entry-date updated\">\n\t\t\t09\/08\/2024\t    <meta itemprop=\"interactionCount\" content=\"UserComments: 0\"\/>\n<\/div>\t\t\t<\/div>\n\n\t\t\t\t\t\t\t<p itemprop=\"description\" class=\"edgtf-excerpt\">The rights of indigenous peoples have been systematically violated for centuries. This situation condemns them to marginalisation and discrimination. ...<\/p>\n\t\t\t\t\t\t<a itemprop=\"url\" href=\"https:\/\/fibgar.es\/en\/a-pending-debt-the-effective-protection-of-indigenous-peoples\/\" class=\"edgtf-blog-list-read-more\">Read more<i class=\"arrow_right\"><\/i><\/a>\n\t\t<\/div>\n\t<\/div>\n<\/li>\n<li class=\"edgtf-blog-list-item clearfix\">\n\t<div class=\"edgtf-blog-list-item-inner\">\n\t\t<div class=\"edgtf-item-image\">\n\t\t\t<a itemprop=\"url\" href=\"https:\/\/fibgar.es\/en\/the-book-spaniards-in-the-nazi-camps-by-amalia-rosado-orquin\/\">\n\t\t\t\t<img loading=\"lazy\" decoding=\"async\" width=\"1600\" height=\"900\" src=\"https:\/\/fibgar.es\/wp-content\/uploads\/2024\/07\/POST-GENERICO-2-1.png\" class=\"attachment-full size-full wp-post-image\" alt=\"\" srcset=\"https:\/\/fibgar.es\/wp-content\/uploads\/2024\/07\/POST-GENERICO-2-1.png 1600w, https:\/\/fibgar.es\/wp-content\/uploads\/2024\/07\/POST-GENERICO-2-1-300x169.png 300w, https:\/\/fibgar.es\/wp-content\/uploads\/2024\/07\/POST-GENERICO-2-1-1024x576.png 1024w, https:\/\/fibgar.es\/wp-content\/uploads\/2024\/07\/POST-GENERICO-2-1-768x432.png 768w, https:\/\/fibgar.es\/wp-content\/uploads\/2024\/07\/POST-GENERICO-2-1-1536x864.png 1536w\" sizes=\"auto, (max-width: 1600px) 100vw, 1600px\" \/>\t\t\t<\/a>\n\t\t<\/div>\n\t\t<div class=\"edgtf-item-text-holder\" style=\"background-color:#ffffff;box-shadow:none;\">\n\t\t\t<h3 itemprop=\"name\" class=\"edgtf-item-title entry-title\">\n\t\t\t\t<a itemprop=\"url\" href=\"https:\/\/fibgar.es\/en\/the-book-spaniards-in-the-nazi-camps-by-amalia-rosado-orquin\/\" >\n\t\t\t\t\tThe book &#8220;Spaniards in the Nazi camps&#8221; by Amalia Rosado Orqu\u00edn\t\t\t\t<\/a>\n\t\t\t<\/h3>\n\n\t\t\t<div class=\"edgtf-item-info-section\">\n\t\t\t\t<div class=\"edgtf-post-info-author\">by\t<a itemprop=\"author\" class=\"edgtf-post-info-author-link\" href=\"https:\/\/fibgar.es\/en\/author\/fibgaradmin\/\">\n\t\tFibgar\t<\/a>\n<\/div><div class=\"edgtf-post-info-category\">\n\t<a href=\"https:\/\/fibgar.es\/en\/category\/articles\/\" rel=\"category tag\">Articles<\/a><\/div><div itemprop=\"dateCreated\" class=\"edgtf-post-info-date entry-date updated\">\n\t\t\t01\/08\/2024\t    <meta itemprop=\"interactionCount\" content=\"UserComments: 0\"\/>\n<\/div>\t\t\t<\/div>\n\n\t\t\t\t\t\t\t<p itemprop=\"description\" class=\"edgtf-excerpt\">The Spanish female deportation to the Nazi concentration camps, despite being one of the darkest episodes of our recent history, is still little known...<\/p>\n\t\t\t\t\t\t<a itemprop=\"url\" href=\"https:\/\/fibgar.es\/en\/the-book-spaniards-in-the-nazi-camps-by-amalia-rosado-orquin\/\" class=\"edgtf-blog-list-read-more\">Read more<i class=\"arrow_right\"><\/i><\/a>\n\t\t<\/div>\n\t<\/div>\n<\/li>\n<li class=\"edgtf-blog-list-item clearfix\">\n\t<div class=\"edgtf-blog-list-item-inner\">\n\t\t<div class=\"edgtf-item-image\">\n\t\t\t<a itemprop=\"url\" href=\"https:\/\/fibgar.es\/en\/break-the-silence-awareness-and-action-on-world-day-against-trafficking-in-persons\/\">\n\t\t\t\t<img loading=\"lazy\" decoding=\"async\" width=\"1600\" height=\"900\" src=\"https:\/\/fibgar.es\/wp-content\/uploads\/2024\/07\/DIA-INTERNACIONAL-1-4.png\" class=\"attachment-full size-full wp-post-image\" alt=\"\" srcset=\"https:\/\/fibgar.es\/wp-content\/uploads\/2024\/07\/DIA-INTERNACIONAL-1-4.png 1600w, https:\/\/fibgar.es\/wp-content\/uploads\/2024\/07\/DIA-INTERNACIONAL-1-4-300x169.png 300w, https:\/\/fibgar.es\/wp-content\/uploads\/2024\/07\/DIA-INTERNACIONAL-1-4-1024x576.png 1024w, https:\/\/fibgar.es\/wp-content\/uploads\/2024\/07\/DIA-INTERNACIONAL-1-4-768x432.png 768w, https:\/\/fibgar.es\/wp-content\/uploads\/2024\/07\/DIA-INTERNACIONAL-1-4-1536x864.png 1536w\" sizes=\"auto, (max-width: 1600px) 100vw, 1600px\" \/>\t\t\t<\/a>\n\t\t<\/div>\n\t\t<div class=\"edgtf-item-text-holder\" style=\"background-color:#ffffff;box-shadow:none;\">\n\t\t\t<h3 itemprop=\"name\" class=\"edgtf-item-title entry-title\">\n\t\t\t\t<a itemprop=\"url\" href=\"https:\/\/fibgar.es\/en\/break-the-silence-awareness-and-action-on-world-day-against-trafficking-in-persons\/\" >\n\t\t\t\t\tBreak the silence: Awareness and Action on World Day Against Trafficking in Persons\t\t\t\t<\/a>\n\t\t\t<\/h3>\n\n\t\t\t<div class=\"edgtf-item-info-section\">\n\t\t\t\t<div class=\"edgtf-post-info-author\">by\t<a itemprop=\"author\" class=\"edgtf-post-info-author-link\" href=\"https:\/\/fibgar.es\/en\/author\/fibgaradmin\/\">\n\t\tFibgar\t<\/a>\n<\/div><div class=\"edgtf-post-info-category\">\n\t<a href=\"https:\/\/fibgar.es\/en\/category\/articles\/\" rel=\"category tag\">Articles<\/a><\/div><div itemprop=\"dateCreated\" class=\"edgtf-post-info-date entry-date updated\">\n\t\t\t30\/07\/2024\t    <meta itemprop=\"interactionCount\" content=\"UserComments: 0\"\/>\n<\/div>\t\t\t<\/div>\n\n\t\t\t\t\t\t\t<p itemprop=\"description\" class=\"edgtf-excerpt\">Each year on 30 July, we observe World Day Against Trafficking in Persons as preventing and combating trafficking must be a priority for the internati...<\/p>\n\t\t\t\t\t\t<a itemprop=\"url\" href=\"https:\/\/fibgar.es\/en\/break-the-silence-awareness-and-action-on-world-day-against-trafficking-in-persons\/\" class=\"edgtf-blog-list-read-more\">Read more<i class=\"arrow_right\"><\/i><\/a>\n\t\t<\/div>\n\t<\/div>\n<\/li>\n<li class=\"edgtf-blog-list-item clearfix\">\n\t<div class=\"edgtf-blog-list-item-inner\">\n\t\t<div class=\"edgtf-item-image\">\n\t\t\t<a itemprop=\"url\" href=\"https:\/\/fibgar.es\/en\/gender-equality-remains-a-challenge\/\">\n\t\t\t\t<img loading=\"lazy\" decoding=\"async\" width=\"1600\" height=\"900\" src=\"https:\/\/fibgar.es\/wp-content\/uploads\/2024\/07\/POST-GENERICO-3.png\" class=\"attachment-full size-full wp-post-image\" alt=\"\" srcset=\"https:\/\/fibgar.es\/wp-content\/uploads\/2024\/07\/POST-GENERICO-3.png 1600w, https:\/\/fibgar.es\/wp-content\/uploads\/2024\/07\/POST-GENERICO-3-300x169.png 300w, https:\/\/fibgar.es\/wp-content\/uploads\/2024\/07\/POST-GENERICO-3-1024x576.png 1024w, https:\/\/fibgar.es\/wp-content\/uploads\/2024\/07\/POST-GENERICO-3-768x432.png 768w, https:\/\/fibgar.es\/wp-content\/uploads\/2024\/07\/POST-GENERICO-3-1536x864.png 1536w\" sizes=\"auto, (max-width: 1600px) 100vw, 1600px\" \/>\t\t\t<\/a>\n\t\t<\/div>\n\t\t<div class=\"edgtf-item-text-holder\" style=\"background-color:#ffffff;box-shadow:none;\">\n\t\t\t<h3 itemprop=\"name\" class=\"edgtf-item-title entry-title\">\n\t\t\t\t<a itemprop=\"url\" href=\"https:\/\/fibgar.es\/en\/gender-equality-remains-a-challenge\/\" >\n\t\t\t\t\tGender equality remains a challenge\t\t\t\t<\/a>\n\t\t\t<\/h3>\n\n\t\t\t<div class=\"edgtf-item-info-section\">\n\t\t\t\t<div class=\"edgtf-post-info-author\">by\t<a itemprop=\"author\" class=\"edgtf-post-info-author-link\" href=\"https:\/\/fibgar.es\/en\/author\/fibgaradmin\/\">\n\t\tFibgar\t<\/a>\n<\/div><div class=\"edgtf-post-info-category\">\n\t<a href=\"https:\/\/fibgar.es\/en\/category\/articles\/\" rel=\"category tag\">Articles<\/a><\/div><div itemprop=\"dateCreated\" class=\"edgtf-post-info-date entry-date updated\">\n\t\t\t25\/07\/2024\t    <meta itemprop=\"interactionCount\" content=\"UserComments: 0\"\/>\n<\/div>\t\t\t<\/div>\n\n\t\t\t\t\t\t\t<p itemprop=\"description\" class=\"edgtf-excerpt\">As indicated by the UN Working Group on Discrimination against Women and Girls, despite some progress, no country has achieved gender equality and wom...<\/p>\n\t\t\t\t\t\t<a itemprop=\"url\" href=\"https:\/\/fibgar.es\/en\/gender-equality-remains-a-challenge\/\" class=\"edgtf-blog-list-read-more\">Read more<i class=\"arrow_right\"><\/i><\/a>\n\t\t<\/div>\n\t<\/div>\n<\/li>\n<li class=\"edgtf-blog-list-item clearfix\">\n\t<div class=\"edgtf-blog-list-item-inner\">\n\t\t<div class=\"edgtf-item-image\">\n\t\t\t<a itemprop=\"url\" href=\"https:\/\/fibgar.es\/en\/artificial-intelligence-and-human-rights-towards-the-summit-of-the-future\/\">\n\t\t\t\t<img loading=\"lazy\" decoding=\"async\" width=\"1600\" height=\"900\" src=\"https:\/\/fibgar.es\/wp-content\/uploads\/2024\/07\/POST-GENERICO-6.png\" class=\"attachment-full size-full wp-post-image\" alt=\"\" srcset=\"https:\/\/fibgar.es\/wp-content\/uploads\/2024\/07\/POST-GENERICO-6.png 1600w, https:\/\/fibgar.es\/wp-content\/uploads\/2024\/07\/POST-GENERICO-6-300x169.png 300w, https:\/\/fibgar.es\/wp-content\/uploads\/2024\/07\/POST-GENERICO-6-1024x576.png 1024w, https:\/\/fibgar.es\/wp-content\/uploads\/2024\/07\/POST-GENERICO-6-768x432.png 768w, https:\/\/fibgar.es\/wp-content\/uploads\/2024\/07\/POST-GENERICO-6-1536x864.png 1536w\" sizes=\"auto, (max-width: 1600px) 100vw, 1600px\" \/>\t\t\t<\/a>\n\t\t<\/div>\n\t\t<div class=\"edgtf-item-text-holder\" style=\"background-color:#ffffff;box-shadow:none;\">\n\t\t\t<h3 itemprop=\"name\" class=\"edgtf-item-title entry-title\">\n\t\t\t\t<a itemprop=\"url\" href=\"https:\/\/fibgar.es\/en\/artificial-intelligence-and-human-rights-towards-the-summit-of-the-future\/\" >\n\t\t\t\t\tArtificial Intelligence and Human Rights: Towards the Summit of the Future\t\t\t\t<\/a>\n\t\t\t<\/h3>\n\n\t\t\t<div class=\"edgtf-item-info-section\">\n\t\t\t\t<div class=\"edgtf-post-info-author\">by\t<a itemprop=\"author\" class=\"edgtf-post-info-author-link\" href=\"https:\/\/fibgar.es\/en\/author\/fibgaradmin\/\">\n\t\tFibgar\t<\/a>\n<\/div><div class=\"edgtf-post-info-category\">\n\t<a href=\"https:\/\/fibgar.es\/en\/category\/articles\/\" rel=\"category tag\">Articles<\/a><\/div><div itemprop=\"dateCreated\" class=\"edgtf-post-info-date entry-date updated\">\n\t\t\t24\/07\/2024\t    <meta itemprop=\"interactionCount\" content=\"UserComments: 0\"\/>\n<\/div>\t\t\t<\/div>\n\n\t\t\t\t\t\t\t<p itemprop=\"description\" class=\"edgtf-excerpt\">We are currently living in a Fourth Industrial Revolution characterized by full automation of production processes due to the influence of artificial ...<\/p>\n\t\t\t\t\t\t<a itemprop=\"url\" href=\"https:\/\/fibgar.es\/en\/artificial-intelligence-and-human-rights-towards-the-summit-of-the-future\/\" class=\"edgtf-blog-list-read-more\">Read more<i class=\"arrow_right\"><\/i><\/a>\n\t\t<\/div>\n\t<\/div>\n<\/li>\n<li class=\"edgtf-blog-list-item clearfix\">\n\t<div class=\"edgtf-blog-list-item-inner\">\n\t\t<div class=\"edgtf-item-image\">\n\t\t\t<a itemprop=\"url\" href=\"https:\/\/fibgar.es\/en\/the-standard-une-iso-53800-2024-guidelines-for-the-promotion-and-implementation-of-gender-equality-and-the-empowerment-of-women\/\">\n\t\t\t\t<img loading=\"lazy\" decoding=\"async\" width=\"1600\" height=\"900\" src=\"https:\/\/fibgar.es\/wp-content\/uploads\/2024\/07\/POST-GENERICO-6-1.png\" class=\"attachment-full size-full wp-post-image\" alt=\"\" srcset=\"https:\/\/fibgar.es\/wp-content\/uploads\/2024\/07\/POST-GENERICO-6-1.png 1600w, https:\/\/fibgar.es\/wp-content\/uploads\/2024\/07\/POST-GENERICO-6-1-300x169.png 300w, https:\/\/fibgar.es\/wp-content\/uploads\/2024\/07\/POST-GENERICO-6-1-1024x576.png 1024w, https:\/\/fibgar.es\/wp-content\/uploads\/2024\/07\/POST-GENERICO-6-1-768x432.png 768w, https:\/\/fibgar.es\/wp-content\/uploads\/2024\/07\/POST-GENERICO-6-1-1536x864.png 1536w\" sizes=\"auto, (max-width: 1600px) 100vw, 1600px\" \/>\t\t\t<\/a>\n\t\t<\/div>\n\t\t<div class=\"edgtf-item-text-holder\" style=\"background-color:#ffffff;box-shadow:none;\">\n\t\t\t<h3 itemprop=\"name\" class=\"edgtf-item-title entry-title\">\n\t\t\t\t<a itemprop=\"url\" href=\"https:\/\/fibgar.es\/en\/the-standard-une-iso-53800-2024-guidelines-for-the-promotion-and-implementation-of-gender-equality-and-the-empowerment-of-women\/\" >\n\t\t\t\t\tThe standard \u201cUNE-ISO 53800: 2024. Guidelines for the promotion and implementation of gender equality and the empowerment of women\u201d\t\t\t\t<\/a>\n\t\t\t<\/h3>\n\n\t\t\t<div class=\"edgtf-item-info-section\">\n\t\t\t\t<div class=\"edgtf-post-info-author\">by\t<a itemprop=\"author\" class=\"edgtf-post-info-author-link\" href=\"https:\/\/fibgar.es\/en\/author\/fibgaradmin\/\">\n\t\tFibgar\t<\/a>\n<\/div><div class=\"edgtf-post-info-category\">\n\t<a href=\"https:\/\/fibgar.es\/en\/category\/articles\/\" rel=\"category tag\">Articles<\/a><\/div><div itemprop=\"dateCreated\" class=\"edgtf-post-info-date entry-date updated\">\n\t\t\t18\/07\/2024\t    <meta itemprop=\"interactionCount\" content=\"UserComments: 0\"\/>\n<\/div>\t\t\t<\/div>\n\n\t\t\t\t\t\t\t<p itemprop=\"description\" class=\"edgtf-excerpt\">The Spanish Association for Standardization (UNE) has published the first standard \u201cUNE-ISO 53800: 2024. Guidelines for the promotion and implementa...<\/p>\n\t\t\t\t\t\t<a itemprop=\"url\" href=\"https:\/\/fibgar.es\/en\/the-standard-une-iso-53800-2024-guidelines-for-the-promotion-and-implementation-of-gender-equality-and-the-empowerment-of-women\/\" class=\"edgtf-blog-list-read-more\">Read more<i class=\"arrow_right\"><\/i><\/a>\n\t\t<\/div>\n\t<\/div>\n<\/li>\n<li class=\"edgtf-blog-list-item clearfix\">\n\t<div class=\"edgtf-blog-list-item-inner\">\n\t\t<div class=\"edgtf-item-image\">\n\t\t\t<a itemprop=\"url\" href=\"https:\/\/fibgar.es\/en\/reflections-on-the-state-of-international-criminal-justice\/\">\n\t\t\t\t<img loading=\"lazy\" decoding=\"async\" width=\"1600\" height=\"900\" src=\"https:\/\/fibgar.es\/wp-content\/uploads\/2024\/07\/DIA-INTERNACIONAL-2.png\" class=\"attachment-full size-full wp-post-image\" alt=\"\" srcset=\"https:\/\/fibgar.es\/wp-content\/uploads\/2024\/07\/DIA-INTERNACIONAL-2.png 1600w, https:\/\/fibgar.es\/wp-content\/uploads\/2024\/07\/DIA-INTERNACIONAL-2-300x169.png 300w, https:\/\/fibgar.es\/wp-content\/uploads\/2024\/07\/DIA-INTERNACIONAL-2-1024x576.png 1024w, https:\/\/fibgar.es\/wp-content\/uploads\/2024\/07\/DIA-INTERNACIONAL-2-768x432.png 768w, https:\/\/fibgar.es\/wp-content\/uploads\/2024\/07\/DIA-INTERNACIONAL-2-1536x864.png 1536w\" sizes=\"auto, (max-width: 1600px) 100vw, 1600px\" \/>\t\t\t<\/a>\n\t\t<\/div>\n\t\t<div class=\"edgtf-item-text-holder\" style=\"background-color:#ffffff;box-shadow:none;\">\n\t\t\t<h3 itemprop=\"name\" class=\"edgtf-item-title entry-title\">\n\t\t\t\t<a itemprop=\"url\" href=\"https:\/\/fibgar.es\/en\/reflections-on-the-state-of-international-criminal-justice\/\" >\n\t\t\t\t\tReflections on the state of international criminal justice\t\t\t\t<\/a>\n\t\t\t<\/h3>\n\n\t\t\t<div class=\"edgtf-item-info-section\">\n\t\t\t\t<div class=\"edgtf-post-info-author\">by\t<a itemprop=\"author\" class=\"edgtf-post-info-author-link\" href=\"https:\/\/fibgar.es\/en\/author\/fibgaradmin\/\">\n\t\tFibgar\t<\/a>\n<\/div><div class=\"edgtf-post-info-category\">\n\t<a href=\"https:\/\/fibgar.es\/en\/category\/articles\/\" rel=\"category tag\">Articles<\/a><\/div><div itemprop=\"dateCreated\" class=\"edgtf-post-info-date entry-date updated\">\n\t\t\t17\/07\/2024\t    <meta itemprop=\"interactionCount\" content=\"UserComments: 0\"\/>\n<\/div>\t\t\t<\/div>\n\n\t\t\t\t\t\t\t<p itemprop=\"description\" class=\"edgtf-excerpt\">Today, July 17, we celebrate International Criminal Justice Day, a date all the more relevant as the world faces turbulent times. This day commemorate...<\/p>\n\t\t\t\t\t\t<a itemprop=\"url\" href=\"https:\/\/fibgar.es\/en\/reflections-on-the-state-of-international-criminal-justice\/\" class=\"edgtf-blog-list-read-more\">Read more<i class=\"arrow_right\"><\/i><\/a>\n\t\t<\/div>\n\t<\/div>\n<\/li>\n<li class=\"edgtf-blog-list-item clearfix\">\n\t<div class=\"edgtf-blog-list-item-inner\">\n\t\t<div class=\"edgtf-item-image\">\n\t\t\t<a itemprop=\"url\" href=\"https:\/\/fibgar.es\/en\/why-has-the-annual-eu-rule-of-law-report-not-yet-been-published\/\">\n\t\t\t\t<img loading=\"lazy\" decoding=\"async\" width=\"1600\" height=\"900\" src=\"https:\/\/fibgar.es\/wp-content\/uploads\/2024\/07\/DIA-INTERNACIONAL-4.png\" class=\"attachment-full size-full wp-post-image\" alt=\"\" srcset=\"https:\/\/fibgar.es\/wp-content\/uploads\/2024\/07\/DIA-INTERNACIONAL-4.png 1600w, https:\/\/fibgar.es\/wp-content\/uploads\/2024\/07\/DIA-INTERNACIONAL-4-300x169.png 300w, https:\/\/fibgar.es\/wp-content\/uploads\/2024\/07\/DIA-INTERNACIONAL-4-1024x576.png 1024w, https:\/\/fibgar.es\/wp-content\/uploads\/2024\/07\/DIA-INTERNACIONAL-4-768x432.png 768w, https:\/\/fibgar.es\/wp-content\/uploads\/2024\/07\/DIA-INTERNACIONAL-4-1536x864.png 1536w\" sizes=\"auto, (max-width: 1600px) 100vw, 1600px\" \/>\t\t\t<\/a>\n\t\t<\/div>\n\t\t<div class=\"edgtf-item-text-holder\" style=\"background-color:#ffffff;box-shadow:none;\">\n\t\t\t<h3 itemprop=\"name\" class=\"edgtf-item-title entry-title\">\n\t\t\t\t<a itemprop=\"url\" href=\"https:\/\/fibgar.es\/en\/why-has-the-annual-eu-rule-of-law-report-not-yet-been-published\/\" >\n\t\t\t\t\tWhy has the annual EU Rule of Law Report not yet been published?\t\t\t\t<\/a>\n\t\t\t<\/h3>\n\n\t\t\t<div class=\"edgtf-item-info-section\">\n\t\t\t\t<div class=\"edgtf-post-info-author\">by\t<a itemprop=\"author\" class=\"edgtf-post-info-author-link\" href=\"https:\/\/fibgar.es\/en\/author\/fibgaradmin\/\">\n\t\tFibgar\t<\/a>\n<\/div><div class=\"edgtf-post-info-category\">\n\t<a href=\"https:\/\/fibgar.es\/en\/category\/articles\/\" rel=\"category tag\">Articles<\/a><\/div><div itemprop=\"dateCreated\" class=\"edgtf-post-info-date entry-date updated\">\n\t\t\t12\/07\/2024\t    <meta itemprop=\"interactionCount\" content=\"UserComments: 0\"\/>\n<\/div>\t\t\t<\/div>\n\n\t\t\t\t\t\t\t<p itemprop=\"description\" class=\"edgtf-excerpt\">Since 2020, every year in early July, the European Commission usually publishes the annual Rule of Law Report, which examines Member States&#8217; dev...<\/p>\n\t\t\t\t\t\t<a itemprop=\"url\" href=\"https:\/\/fibgar.es\/en\/why-has-the-annual-eu-rule-of-law-report-not-yet-been-published\/\" class=\"edgtf-blog-list-read-more\">Read more<i class=\"arrow_right\"><\/i><\/a>\n\t\t<\/div>\n\t<\/div>\n<\/li>\n<li class=\"edgtf-blog-list-item clearfix\">\n\t<div class=\"edgtf-blog-list-item-inner\">\n\t\t<div class=\"edgtf-item-image\">\n\t\t\t<a itemprop=\"url\" href=\"https:\/\/fibgar.es\/en\/remebering-the-genocidal-massacre-of-srebrenica-in-search-of-justice\/\">\n\t\t\t\t<img loading=\"lazy\" decoding=\"async\" width=\"1600\" height=\"900\" src=\"https:\/\/fibgar.es\/wp-content\/uploads\/2024\/07\/DIA-INTERNACIONAL-1-3.png\" class=\"attachment-full size-full wp-post-image\" alt=\"\" srcset=\"https:\/\/fibgar.es\/wp-content\/uploads\/2024\/07\/DIA-INTERNACIONAL-1-3.png 1600w, https:\/\/fibgar.es\/wp-content\/uploads\/2024\/07\/DIA-INTERNACIONAL-1-3-300x169.png 300w, https:\/\/fibgar.es\/wp-content\/uploads\/2024\/07\/DIA-INTERNACIONAL-1-3-1024x576.png 1024w, https:\/\/fibgar.es\/wp-content\/uploads\/2024\/07\/DIA-INTERNACIONAL-1-3-768x432.png 768w, https:\/\/fibgar.es\/wp-content\/uploads\/2024\/07\/DIA-INTERNACIONAL-1-3-1536x864.png 1536w\" sizes=\"auto, (max-width: 1600px) 100vw, 1600px\" \/>\t\t\t<\/a>\n\t\t<\/div>\n\t\t<div class=\"edgtf-item-text-holder\" style=\"background-color:#ffffff;box-shadow:none;\">\n\t\t\t<h3 itemprop=\"name\" class=\"edgtf-item-title entry-title\">\n\t\t\t\t<a itemprop=\"url\" href=\"https:\/\/fibgar.es\/en\/remebering-the-genocidal-massacre-of-srebrenica-in-search-of-justice\/\" >\n\t\t\t\t\tRemebering the genocidal massacre of Srebrenica: in search of justice\t\t\t\t<\/a>\n\t\t\t<\/h3>\n\n\t\t\t<div class=\"edgtf-item-info-section\">\n\t\t\t\t<div class=\"edgtf-post-info-author\">by\t<a itemprop=\"author\" class=\"edgtf-post-info-author-link\" href=\"https:\/\/fibgar.es\/en\/author\/fibgaradmin\/\">\n\t\tFibgar\t<\/a>\n<\/div><div class=\"edgtf-post-info-category\">\n\t<a href=\"https:\/\/fibgar.es\/en\/category\/articles\/\" rel=\"category tag\">Articles<\/a><\/div><div itemprop=\"dateCreated\" class=\"edgtf-post-info-date entry-date updated\">\n\t\t\t12\/07\/2024\t    <meta itemprop=\"interactionCount\" content=\"UserComments: 0\"\/>\n<\/div>\t\t\t<\/div>\n\n\t\t\t\t\t\t\t<p itemprop=\"description\" class=\"edgtf-excerpt\">Last May, the General Assembly of the United Nations, in a Resolution, initiated by Germany, Bosnia and Rwanda, established 11 July as the Internation...<\/p>\n\t\t\t\t\t\t<a itemprop=\"url\" href=\"https:\/\/fibgar.es\/en\/remebering-the-genocidal-massacre-of-srebrenica-in-search-of-justice\/\" class=\"edgtf-blog-list-read-more\">Read more<i class=\"arrow_right\"><\/i><\/a>\n\t\t<\/div>\n\t<\/div>\n<\/li>\n<li class=\"edgtf-blog-list-item clearfix\">\n\t<div class=\"edgtf-blog-list-item-inner\">\n\t\t<div class=\"edgtf-item-image\">\n\t\t\t<a itemprop=\"url\" href=\"https:\/\/fibgar.es\/en\/collaboration-fibgar-trent-university\/\">\n\t\t\t\t<img loading=\"lazy\" decoding=\"async\" width=\"1600\" height=\"900\" src=\"https:\/\/fibgar.es\/wp-content\/uploads\/2024\/07\/POST-GENERICO-7.jpg\" class=\"attachment-full size-full wp-post-image\" alt=\"\" srcset=\"https:\/\/fibgar.es\/wp-content\/uploads\/2024\/07\/POST-GENERICO-7.jpg 1600w, https:\/\/fibgar.es\/wp-content\/uploads\/2024\/07\/POST-GENERICO-7-300x169.jpg 300w, https:\/\/fibgar.es\/wp-content\/uploads\/2024\/07\/POST-GENERICO-7-1024x576.jpg 1024w, https:\/\/fibgar.es\/wp-content\/uploads\/2024\/07\/POST-GENERICO-7-768x432.jpg 768w, https:\/\/fibgar.es\/wp-content\/uploads\/2024\/07\/POST-GENERICO-7-1536x864.jpg 1536w\" sizes=\"auto, (max-width: 1600px) 100vw, 1600px\" \/>\t\t\t<\/a>\n\t\t<\/div>\n\t\t<div class=\"edgtf-item-text-holder\" style=\"background-color:#ffffff;box-shadow:none;\">\n\t\t\t<h3 itemprop=\"name\" class=\"edgtf-item-title entry-title\">\n\t\t\t\t<a itemprop=\"url\" href=\"https:\/\/fibgar.es\/en\/collaboration-fibgar-trent-university\/\" >\n\t\t\t\t\tCollaboration FIBGAR &#8211; Trent University\t\t\t\t<\/a>\n\t\t\t<\/h3>\n\n\t\t\t<div class=\"edgtf-item-info-section\">\n\t\t\t\t<div class=\"edgtf-post-info-author\">by\t<a itemprop=\"author\" class=\"edgtf-post-info-author-link\" href=\"https:\/\/fibgar.es\/en\/author\/fibgaradmin\/\">\n\t\tFibgar\t<\/a>\n<\/div><div class=\"edgtf-post-info-category\">\n\t<a href=\"https:\/\/fibgar.es\/en\/category\/articles\/\" rel=\"category tag\">Articles<\/a><\/div><div itemprop=\"dateCreated\" class=\"edgtf-post-info-date entry-date updated\">\n\t\t\t10\/07\/2024\t    <meta itemprop=\"interactionCount\" content=\"UserComments: 0\"\/>\n<\/div>\t\t\t<\/div>\n\n\t\t\t\t\t\t\t<p itemprop=\"description\" class=\"edgtf-excerpt\">We are happy to announce that FIBGAR will collaborate with Trent University in Canada on Spanish democratic memory initiatives. More specifically, Mem...<\/p>\n\t\t\t\t\t\t<a itemprop=\"url\" href=\"https:\/\/fibgar.es\/en\/collaboration-fibgar-trent-university\/\" class=\"edgtf-blog-list-read-more\">Read more<i class=\"arrow_right\"><\/i><\/a>\n\t\t<\/div>\n\t<\/div>\n<\/li>\n<li class=\"edgtf-blog-list-item clearfix\">\n\t<div class=\"edgtf-blog-list-item-inner\">\n\t\t<div class=\"edgtf-item-image\">\n\t\t\t<a itemprop=\"url\" href=\"https:\/\/fibgar.es\/en\/eu-whistleblowing-directive-new-report-from-the-european-commission\/\">\n\t\t\t\t<img loading=\"lazy\" decoding=\"async\" width=\"2048\" height=\"1360\" src=\"https:\/\/fibgar.es\/wp-content\/uploads\/2024\/07\/1718878059071.jpeg\" class=\"attachment-full size-full wp-post-image\" alt=\"\" srcset=\"https:\/\/fibgar.es\/wp-content\/uploads\/2024\/07\/1718878059071.jpeg 2048w, https:\/\/fibgar.es\/wp-content\/uploads\/2024\/07\/1718878059071-300x199.jpeg 300w, https:\/\/fibgar.es\/wp-content\/uploads\/2024\/07\/1718878059071-1024x680.jpeg 1024w, https:\/\/fibgar.es\/wp-content\/uploads\/2024\/07\/1718878059071-768x510.jpeg 768w, https:\/\/fibgar.es\/wp-content\/uploads\/2024\/07\/1718878059071-1536x1020.jpeg 1536w\" sizes=\"auto, (max-width: 2048px) 100vw, 2048px\" \/>\t\t\t<\/a>\n\t\t<\/div>\n\t\t<div class=\"edgtf-item-text-holder\" style=\"background-color:#ffffff;box-shadow:none;\">\n\t\t\t<h3 itemprop=\"name\" class=\"edgtf-item-title entry-title\">\n\t\t\t\t<a itemprop=\"url\" href=\"https:\/\/fibgar.es\/en\/eu-whistleblowing-directive-new-report-from-the-european-commission\/\" >\n\t\t\t\t\tEU Whistleblowing Directive: new report from the European Commission\t\t\t\t<\/a>\n\t\t\t<\/h3>\n\n\t\t\t<div class=\"edgtf-item-info-section\">\n\t\t\t\t<div class=\"edgtf-post-info-author\">by\t<a itemprop=\"author\" class=\"edgtf-post-info-author-link\" href=\"https:\/\/fibgar.es\/en\/author\/fibgaradmin\/\">\n\t\tFibgar\t<\/a>\n<\/div><div class=\"edgtf-post-info-category\">\n\t<a href=\"https:\/\/fibgar.es\/en\/category\/articles\/\" rel=\"category tag\">Articles<\/a><\/div><div itemprop=\"dateCreated\" class=\"edgtf-post-info-date entry-date updated\">\n\t\t\t09\/07\/2024\t    <meta itemprop=\"interactionCount\" content=\"UserComments: 0\"\/>\n<\/div>\t\t\t<\/div>\n\n\t\t\t\t\t\t\t<p itemprop=\"description\" class=\"edgtf-excerpt\">On 3 July 2024, the Commission adopted a report\u00a0assessing the implementation and application of Directive (EU) 2019\/1937 of the European Parliament a...<\/p>\n\t\t\t\t\t\t<a itemprop=\"url\" href=\"https:\/\/fibgar.es\/en\/eu-whistleblowing-directive-new-report-from-the-european-commission\/\" class=\"edgtf-blog-list-read-more\">Read more<i class=\"arrow_right\"><\/i><\/a>\n\t\t<\/div>\n\t<\/div>\n<\/li>\n<li class=\"edgtf-blog-list-item clearfix\">\n\t<div class=\"edgtf-blog-list-item-inner\">\n\t\t<div class=\"edgtf-item-image\">\n\t\t\t<a itemprop=\"url\" href=\"https:\/\/fibgar.es\/en\/xviii-summer-courses-in-torres-eu-law-and-sdgs\/\">\n\t\t\t\t<img loading=\"lazy\" decoding=\"async\" width=\"1414\" height=\"2000\" src=\"https:\/\/fibgar.es\/wp-content\/uploads\/2024\/07\/flyer-torres.png\" class=\"attachment-full size-full wp-post-image\" alt=\"\" srcset=\"https:\/\/fibgar.es\/wp-content\/uploads\/2024\/07\/flyer-torres.png 1414w, https:\/\/fibgar.es\/wp-content\/uploads\/2024\/07\/flyer-torres-212x300.png 212w, https:\/\/fibgar.es\/wp-content\/uploads\/2024\/07\/flyer-torres-724x1024.png 724w, https:\/\/fibgar.es\/wp-content\/uploads\/2024\/07\/flyer-torres-768x1086.png 768w, https:\/\/fibgar.es\/wp-content\/uploads\/2024\/07\/flyer-torres-1086x1536.png 1086w\" sizes=\"auto, (max-width: 1414px) 100vw, 1414px\" \/>\t\t\t<\/a>\n\t\t<\/div>\n\t\t<div class=\"edgtf-item-text-holder\" style=\"background-color:#ffffff;box-shadow:none;\">\n\t\t\t<h3 itemprop=\"name\" class=\"edgtf-item-title entry-title\">\n\t\t\t\t<a itemprop=\"url\" href=\"https:\/\/fibgar.es\/en\/xviii-summer-courses-in-torres-eu-law-and-sdgs\/\" >\n\t\t\t\t\tXVIII Summer Courses in Torres: EU Law and SDGs\t\t\t\t<\/a>\n\t\t\t<\/h3>\n\n\t\t\t<div class=\"edgtf-item-info-section\">\n\t\t\t\t<div class=\"edgtf-post-info-author\">by\t<a itemprop=\"author\" class=\"edgtf-post-info-author-link\" href=\"https:\/\/fibgar.es\/en\/author\/fibgaradmin\/\">\n\t\tFibgar\t<\/a>\n<\/div><div class=\"edgtf-post-info-category\">\n\t<a href=\"https:\/\/fibgar.es\/en\/category\/articles\/\" rel=\"category tag\">Articles<\/a><\/div><div itemprop=\"dateCreated\" class=\"edgtf-post-info-date entry-date updated\">\n\t\t\t08\/07\/2024\t    <meta itemprop=\"interactionCount\" content=\"UserComments: 0\"\/>\n<\/div>\t\t\t<\/div>\n\n\t\t\t\t\t\t\t<p itemprop=\"description\" class=\"edgtf-excerpt\">The eighteenth edition of the Summer Courses, to be held on July 15 and 16 in Torres, is one week away. Since its inception, FIBGAR organizes the Summ...<\/p>\n\t\t\t\t\t\t<a itemprop=\"url\" href=\"https:\/\/fibgar.es\/en\/xviii-summer-courses-in-torres-eu-law-and-sdgs\/\" class=\"edgtf-blog-list-read-more\">Read more<i class=\"arrow_right\"><\/i><\/a>\n\t\t<\/div>\n\t<\/div>\n<\/li>\n<li class=\"edgtf-blog-list-item clearfix\">\n\t<div class=\"edgtf-blog-list-item-inner\">\n\t\t<div class=\"edgtf-item-image\">\n\t\t\t<a itemprop=\"url\" href=\"https:\/\/fibgar.es\/en\/xviii-cursos-de-verano-en-torres-derecho-de-la-ue-y-ods\/\">\n\t\t\t\t<img loading=\"lazy\" decoding=\"async\" width=\"1414\" height=\"2000\" src=\"https:\/\/fibgar.es\/wp-content\/uploads\/2024\/07\/flyer-torres.png\" class=\"attachment-full size-full wp-post-image\" alt=\"\" srcset=\"https:\/\/fibgar.es\/wp-content\/uploads\/2024\/07\/flyer-torres.png 1414w, https:\/\/fibgar.es\/wp-content\/uploads\/2024\/07\/flyer-torres-212x300.png 212w, https:\/\/fibgar.es\/wp-content\/uploads\/2024\/07\/flyer-torres-724x1024.png 724w, https:\/\/fibgar.es\/wp-content\/uploads\/2024\/07\/flyer-torres-768x1086.png 768w, https:\/\/fibgar.es\/wp-content\/uploads\/2024\/07\/flyer-torres-1086x1536.png 1086w\" sizes=\"auto, (max-width: 1414px) 100vw, 1414px\" \/>\t\t\t<\/a>\n\t\t<\/div>\n\t\t<div class=\"edgtf-item-text-holder\" style=\"background-color:#ffffff;box-shadow:none;\">\n\t\t\t<h3 itemprop=\"name\" class=\"edgtf-item-title entry-title\">\n\t\t\t\t<a itemprop=\"url\" href=\"https:\/\/fibgar.es\/en\/xviii-cursos-de-verano-en-torres-derecho-de-la-ue-y-ods\/\" >\n\t\t\t\t\tXVIII cursos de verano en Torres: Derecho de la UE y ODS\t\t\t\t<\/a>\n\t\t\t<\/h3>\n\n\t\t\t<div class=\"edgtf-item-info-section\">\n\t\t\t\t<div class=\"edgtf-post-info-author\">by\t<a itemprop=\"author\" class=\"edgtf-post-info-author-link\" href=\"https:\/\/fibgar.es\/en\/author\/fibgaradmin\/\">\n\t\tFibgar\t<\/a>\n<\/div><div class=\"edgtf-post-info-category\">\n\t<a href=\"https:\/\/fibgar.es\/en\/category\/articles\/\" rel=\"category tag\">Articles<\/a><\/div><div itemprop=\"dateCreated\" class=\"edgtf-post-info-date entry-date updated\">\n\t\t\t08\/07\/2024\t    <meta itemprop=\"interactionCount\" content=\"UserComments: 0\"\/>\n<\/div>\t\t\t<\/div>\n\n\t\t\t\t\t\t\t<p itemprop=\"description\" class=\"edgtf-excerpt\">Falta una semana a la decimoctava edici\u00f3n de los Cursos de Verano, que se celebrar\u00e1n los d\u00edas 15 y 16 de julio en Torres. Desde sus inicios, FIBGAR...<\/p>\n\t\t\t\t\t\t<a itemprop=\"url\" href=\"https:\/\/fibgar.es\/en\/xviii-cursos-de-verano-en-torres-derecho-de-la-ue-y-ods\/\" class=\"edgtf-blog-list-read-more\">Read more<i class=\"arrow_right\"><\/i><\/a>\n\t\t<\/div>\n\t<\/div>\n<\/li>\n<li class=\"edgtf-blog-list-item clearfix\">\n\t<div class=\"edgtf-blog-list-item-inner\">\n\t\t<div class=\"edgtf-item-image\">\n\t\t\t<a itemprop=\"url\" href=\"https:\/\/fibgar.es\/en\/promoting-respect-the-importance-of-combating-hate-speech\/\">\n\t\t\t\t<img loading=\"lazy\" decoding=\"async\" width=\"1600\" height=\"900\" src=\"https:\/\/fibgar.es\/wp-content\/uploads\/2024\/07\/DIA-INTERNACIONAL-1-1.png\" class=\"attachment-full size-full wp-post-image\" alt=\"\" srcset=\"https:\/\/fibgar.es\/wp-content\/uploads\/2024\/07\/DIA-INTERNACIONAL-1-1.png 1600w, https:\/\/fibgar.es\/wp-content\/uploads\/2024\/07\/DIA-INTERNACIONAL-1-1-300x169.png 300w, https:\/\/fibgar.es\/wp-content\/uploads\/2024\/07\/DIA-INTERNACIONAL-1-1-1024x576.png 1024w, https:\/\/fibgar.es\/wp-content\/uploads\/2024\/07\/DIA-INTERNACIONAL-1-1-768x432.png 768w, https:\/\/fibgar.es\/wp-content\/uploads\/2024\/07\/DIA-INTERNACIONAL-1-1-1536x864.png 1536w\" sizes=\"auto, (max-width: 1600px) 100vw, 1600px\" \/>\t\t\t<\/a>\n\t\t<\/div>\n\t\t<div class=\"edgtf-item-text-holder\" style=\"background-color:#ffffff;box-shadow:none;\">\n\t\t\t<h3 itemprop=\"name\" class=\"edgtf-item-title entry-title\">\n\t\t\t\t<a itemprop=\"url\" href=\"https:\/\/fibgar.es\/en\/promoting-respect-the-importance-of-combating-hate-speech\/\" >\n\t\t\t\t\tPromoting respect: the importance of combating hate speech\t\t\t\t<\/a>\n\t\t\t<\/h3>\n\n\t\t\t<div class=\"edgtf-item-info-section\">\n\t\t\t\t<div class=\"edgtf-post-info-author\">by\t<a itemprop=\"author\" class=\"edgtf-post-info-author-link\" href=\"https:\/\/fibgar.es\/en\/author\/fibgaradmin\/\">\n\t\tFibgar\t<\/a>\n<\/div><div class=\"edgtf-post-info-category\">\n\t<a href=\"https:\/\/fibgar.es\/en\/category\/articles\/\" rel=\"category tag\">Articles<\/a><\/div><div itemprop=\"dateCreated\" class=\"edgtf-post-info-date entry-date updated\">\n\t\t\t05\/07\/2024\t    <meta itemprop=\"interactionCount\" content=\"UserComments: 0\"\/>\n<\/div>\t\t\t<\/div>\n\n\t\t\t\t\t\t\t<p itemprop=\"description\" class=\"edgtf-excerpt\">Hate speech, one of the most insidious issues of our time, has found a way to nurture, grow and take root: social networks. In the digital age, negati...<\/p>\n\t\t\t\t\t\t<a itemprop=\"url\" href=\"https:\/\/fibgar.es\/en\/promoting-respect-the-importance-of-combating-hate-speech\/\" class=\"edgtf-blog-list-read-more\">Read more<i class=\"arrow_right\"><\/i><\/a>\n\t\t<\/div>\n\t<\/div>\n<\/li>\n<li class=\"edgtf-blog-list-item clearfix\">\n\t<div class=\"edgtf-blog-list-item-inner\">\n\t\t<div class=\"edgtf-item-image\">\n\t\t\t<a itemprop=\"url\" href=\"https:\/\/fibgar.es\/en\/truth-and-justice-for-victims-of-torture-the-great-debt-of-our-democracies\/\">\n\t\t\t\t<img loading=\"lazy\" decoding=\"async\" width=\"1600\" height=\"900\" src=\"https:\/\/fibgar.es\/wp-content\/uploads\/2024\/07\/DIA-INTERNACIONAL.png\" class=\"attachment-full size-full wp-post-image\" alt=\"\" srcset=\"https:\/\/fibgar.es\/wp-content\/uploads\/2024\/07\/DIA-INTERNACIONAL.png 1600w, https:\/\/fibgar.es\/wp-content\/uploads\/2024\/07\/DIA-INTERNACIONAL-300x169.png 300w, https:\/\/fibgar.es\/wp-content\/uploads\/2024\/07\/DIA-INTERNACIONAL-1024x576.png 1024w, https:\/\/fibgar.es\/wp-content\/uploads\/2024\/07\/DIA-INTERNACIONAL-768x432.png 768w, https:\/\/fibgar.es\/wp-content\/uploads\/2024\/07\/DIA-INTERNACIONAL-1536x864.png 1536w\" sizes=\"auto, (max-width: 1600px) 100vw, 1600px\" \/>\t\t\t<\/a>\n\t\t<\/div>\n\t\t<div class=\"edgtf-item-text-holder\" style=\"background-color:#ffffff;box-shadow:none;\">\n\t\t\t<h3 itemprop=\"name\" class=\"edgtf-item-title entry-title\">\n\t\t\t\t<a itemprop=\"url\" href=\"https:\/\/fibgar.es\/en\/truth-and-justice-for-victims-of-torture-the-great-debt-of-our-democracies\/\" >\n\t\t\t\t\tTruth and justice for victims of torture, the great debt of our democracies\t\t\t\t<\/a>\n\t\t\t<\/h3>\n\n\t\t\t<div class=\"edgtf-item-info-section\">\n\t\t\t\t<div class=\"edgtf-post-info-author\">by\t<a itemprop=\"author\" class=\"edgtf-post-info-author-link\" href=\"https:\/\/fibgar.es\/en\/author\/fibgaradmin\/\">\n\t\tFibgar\t<\/a>\n<\/div><div class=\"edgtf-post-info-category\">\n\t<a href=\"https:\/\/fibgar.es\/en\/category\/articles\/\" rel=\"category tag\">Articles<\/a><\/div><div itemprop=\"dateCreated\" class=\"edgtf-post-info-date entry-date updated\">\n\t\t\t05\/07\/2024\t    <meta itemprop=\"interactionCount\" content=\"UserComments: 0\"\/>\n<\/div>\t\t\t<\/div>\n\n\t\t\t\t\t\t\t<p itemprop=\"description\" class=\"edgtf-excerpt\">The United Nations International Day in Support of Victims of Torture is commemorated every June 26, due to the entry into force in 1987 of the Conven...<\/p>\n\t\t\t\t\t\t<a itemprop=\"url\" href=\"https:\/\/fibgar.es\/en\/truth-and-justice-for-victims-of-torture-the-great-debt-of-our-democracies\/\" class=\"edgtf-blog-list-read-more\">Read more<i class=\"arrow_right\"><\/i><\/a>\n\t\t<\/div>\n\t<\/div>\n<\/li>\n<li class=\"edgtf-blog-list-item clearfix\">\n\t<div class=\"edgtf-blog-list-item-inner\">\n\t\t<div class=\"edgtf-item-image\">\n\t\t\t<a itemprop=\"url\" href=\"https:\/\/fibgar.es\/en\/2024-report-achieving-the-sdgs-remains-a-difficult-challenge-fibgars-unwavering-commitment\/\">\n\t\t\t\t<img loading=\"lazy\" decoding=\"async\" width=\"1600\" height=\"900\" src=\"https:\/\/fibgar.es\/wp-content\/uploads\/2024\/07\/POST-GENERICO.png\" class=\"attachment-full size-full wp-post-image\" alt=\"\" srcset=\"https:\/\/fibgar.es\/wp-content\/uploads\/2024\/07\/POST-GENERICO.png 1600w, https:\/\/fibgar.es\/wp-content\/uploads\/2024\/07\/POST-GENERICO-300x169.png 300w, https:\/\/fibgar.es\/wp-content\/uploads\/2024\/07\/POST-GENERICO-1024x576.png 1024w, https:\/\/fibgar.es\/wp-content\/uploads\/2024\/07\/POST-GENERICO-768x432.png 768w, https:\/\/fibgar.es\/wp-content\/uploads\/2024\/07\/POST-GENERICO-1536x864.png 1536w\" sizes=\"auto, (max-width: 1600px) 100vw, 1600px\" \/>\t\t\t<\/a>\n\t\t<\/div>\n\t\t<div class=\"edgtf-item-text-holder\" style=\"background-color:#ffffff;box-shadow:none;\">\n\t\t\t<h3 itemprop=\"name\" class=\"edgtf-item-title entry-title\">\n\t\t\t\t<a itemprop=\"url\" href=\"https:\/\/fibgar.es\/en\/2024-report-achieving-the-sdgs-remains-a-difficult-challenge-fibgars-unwavering-commitment\/\" >\n\t\t\t\t\t2024 Report: Achieving the SDGs remains a difficult challenge. FIBGAR&#8217;s unwavering commitment\t\t\t\t<\/a>\n\t\t\t<\/h3>\n\n\t\t\t<div class=\"edgtf-item-info-section\">\n\t\t\t\t<div class=\"edgtf-post-info-author\">by\t<a itemprop=\"author\" class=\"edgtf-post-info-author-link\" href=\"https:\/\/fibgar.es\/en\/author\/fibgaradmin\/\">\n\t\tFibgar\t<\/a>\n<\/div><div class=\"edgtf-post-info-category\">\n\t<a href=\"https:\/\/fibgar.es\/en\/category\/articles\/\" rel=\"category tag\">Articles<\/a><\/div><div itemprop=\"dateCreated\" class=\"edgtf-post-info-date entry-date updated\">\n\t\t\t05\/07\/2024\t    <meta itemprop=\"interactionCount\" content=\"UserComments: 0\"\/>\n<\/div>\t\t\t<\/div>\n\n\t\t\t\t\t\t\t<p itemprop=\"description\" class=\"edgtf-excerpt\">Without massive investment and increased action, meeting the 2030 Agenda will remain a complicated challenge. In September 2015, the 193 members of th...<\/p>\n\t\t\t\t\t\t<a itemprop=\"url\" href=\"https:\/\/fibgar.es\/en\/2024-report-achieving-the-sdgs-remains-a-difficult-challenge-fibgars-unwavering-commitment\/\" class=\"edgtf-blog-list-read-more\">Read more<i class=\"arrow_right\"><\/i><\/a>\n\t\t<\/div>\n\t<\/div>\n<\/li>\n<li class=\"edgtf-blog-list-item clearfix\">\n\t<div class=\"edgtf-blog-list-item-inner\">\n\t\t<div class=\"edgtf-item-image\">\n\t\t\t<a itemprop=\"url\" href=\"https:\/\/fibgar.es\/en\/universal-jurisdiction-in-argentina-the-rohingya-case\/\">\n\t\t\t\t<img loading=\"lazy\" decoding=\"async\" width=\"1600\" height=\"900\" src=\"https:\/\/fibgar.es\/wp-content\/uploads\/2024\/07\/POST-GENERICO-3-2.png\" class=\"attachment-full size-full wp-post-image\" alt=\"\" srcset=\"https:\/\/fibgar.es\/wp-content\/uploads\/2024\/07\/POST-GENERICO-3-2.png 1600w, https:\/\/fibgar.es\/wp-content\/uploads\/2024\/07\/POST-GENERICO-3-2-300x169.png 300w, https:\/\/fibgar.es\/wp-content\/uploads\/2024\/07\/POST-GENERICO-3-2-1024x576.png 1024w, https:\/\/fibgar.es\/wp-content\/uploads\/2024\/07\/POST-GENERICO-3-2-768x432.png 768w, https:\/\/fibgar.es\/wp-content\/uploads\/2024\/07\/POST-GENERICO-3-2-1536x864.png 1536w\" sizes=\"auto, (max-width: 1600px) 100vw, 1600px\" \/>\t\t\t<\/a>\n\t\t<\/div>\n\t\t<div class=\"edgtf-item-text-holder\" style=\"background-color:#ffffff;box-shadow:none;\">\n\t\t\t<h3 itemprop=\"name\" class=\"edgtf-item-title entry-title\">\n\t\t\t\t<a itemprop=\"url\" href=\"https:\/\/fibgar.es\/en\/universal-jurisdiction-in-argentina-the-rohingya-case\/\" >\n\t\t\t\t\tUniversal Jurisdiction in Argentina: the Rohingya case\t\t\t\t<\/a>\n\t\t\t<\/h3>\n\n\t\t\t<div class=\"edgtf-item-info-section\">\n\t\t\t\t<div class=\"edgtf-post-info-author\">by\t<a itemprop=\"author\" class=\"edgtf-post-info-author-link\" href=\"https:\/\/fibgar.es\/en\/author\/fibgaradmin\/\">\n\t\tFibgar\t<\/a>\n<\/div><div class=\"edgtf-post-info-category\">\n\t<a href=\"https:\/\/fibgar.es\/en\/category\/articles\/\" rel=\"category tag\">Articles<\/a><\/div><div itemprop=\"dateCreated\" class=\"edgtf-post-info-date entry-date updated\">\n\t\t\t05\/07\/2024\t    <meta itemprop=\"interactionCount\" content=\"UserComments: 0\"\/>\n<\/div>\t\t\t<\/div>\n\n\t\t\t\t\t\t\t<p itemprop=\"description\" class=\"edgtf-excerpt\">On 28 June 2024, Argentine Prosecutor Guillermo Mariju\u00e1n asked the federal criminal court in Buenos Aires, Argentina to order international arrest wa...<\/p>\n\t\t\t\t\t\t<a itemprop=\"url\" href=\"https:\/\/fibgar.es\/en\/universal-jurisdiction-in-argentina-the-rohingya-case\/\" class=\"edgtf-blog-list-read-more\">Read more<i class=\"arrow_right\"><\/i><\/a>\n\t\t<\/div>\n\t<\/div>\n<\/li>\n<li class=\"edgtf-blog-list-item clearfix\">\n\t<div class=\"edgtf-blog-list-item-inner\">\n\t\t<div class=\"edgtf-item-image\">\n\t\t\t<a itemprop=\"url\" href=\"https:\/\/fibgar.es\/en\/universal-jurisdiction-in-argentina-the-rohingya-case-2\/\">\n\t\t\t\t<img loading=\"lazy\" decoding=\"async\" width=\"1600\" height=\"900\" src=\"https:\/\/fibgar.es\/wp-content\/uploads\/2024\/07\/POST-GENERICO-3-1.png\" class=\"attachment-full size-full wp-post-image\" alt=\"\" srcset=\"https:\/\/fibgar.es\/wp-content\/uploads\/2024\/07\/POST-GENERICO-3-1.png 1600w, https:\/\/fibgar.es\/wp-content\/uploads\/2024\/07\/POST-GENERICO-3-1-300x169.png 300w, https:\/\/fibgar.es\/wp-content\/uploads\/2024\/07\/POST-GENERICO-3-1-1024x576.png 1024w, https:\/\/fibgar.es\/wp-content\/uploads\/2024\/07\/POST-GENERICO-3-1-768x432.png 768w, https:\/\/fibgar.es\/wp-content\/uploads\/2024\/07\/POST-GENERICO-3-1-1536x864.png 1536w\" sizes=\"auto, (max-width: 1600px) 100vw, 1600px\" \/>\t\t\t<\/a>\n\t\t<\/div>\n\t\t<div class=\"edgtf-item-text-holder\" style=\"background-color:#ffffff;box-shadow:none;\">\n\t\t\t<h3 itemprop=\"name\" class=\"edgtf-item-title entry-title\">\n\t\t\t\t<a itemprop=\"url\" href=\"https:\/\/fibgar.es\/en\/universal-jurisdiction-in-argentina-the-rohingya-case-2\/\" >\n\t\t\t\t\tUniversal Jurisdiction in Argentina: the Rohingya case\t\t\t\t<\/a>\n\t\t\t<\/h3>\n\n\t\t\t<div class=\"edgtf-item-info-section\">\n\t\t\t\t<div class=\"edgtf-post-info-author\">by\t<a itemprop=\"author\" class=\"edgtf-post-info-author-link\" href=\"https:\/\/fibgar.es\/en\/author\/fibgaradmin\/\">\n\t\tFibgar\t<\/a>\n<\/div><div class=\"edgtf-post-info-category\">\n\t<a href=\"https:\/\/fibgar.es\/en\/category\/articles\/\" rel=\"category tag\">Articles<\/a><\/div><div itemprop=\"dateCreated\" class=\"edgtf-post-info-date entry-date updated\">\n\t\t\t05\/07\/2024\t    <meta itemprop=\"interactionCount\" content=\"UserComments: 0\"\/>\n<\/div>\t\t\t<\/div>\n\n\t\t\t\t\t\t\t<p itemprop=\"description\" class=\"edgtf-excerpt\">On June 28, 2024, Argentine prosecutor Guillermo Mariju\u00e1n requested the federal criminal court in Buenos Aires, Argentina, to order international arr...<\/p>\n\t\t\t\t\t\t<a itemprop=\"url\" href=\"https:\/\/fibgar.es\/en\/universal-jurisdiction-in-argentina-the-rohingya-case-2\/\" class=\"edgtf-blog-list-read-more\">Read more<i class=\"arrow_right\"><\/i><\/a>\n\t\t<\/div>\n\t<\/div>\n<\/li>\n<li class=\"edgtf-blog-list-item clearfix\">\n\t<div class=\"edgtf-blog-list-item-inner\">\n\t\t<div class=\"edgtf-item-image\">\n\t\t\t<a itemprop=\"url\" href=\"https:\/\/fibgar.es\/en\/progress-in-the-fight-against-illicit-drugs-from-a-human-rights-perspective\/\">\n\t\t\t\t<img loading=\"lazy\" decoding=\"async\" width=\"1600\" height=\"900\" src=\"https:\/\/fibgar.es\/wp-content\/uploads\/2024\/07\/POST-GENERICO-1-1.png\" class=\"attachment-full size-full wp-post-image\" alt=\"\" srcset=\"https:\/\/fibgar.es\/wp-content\/uploads\/2024\/07\/POST-GENERICO-1-1.png 1600w, https:\/\/fibgar.es\/wp-content\/uploads\/2024\/07\/POST-GENERICO-1-1-300x169.png 300w, https:\/\/fibgar.es\/wp-content\/uploads\/2024\/07\/POST-GENERICO-1-1-1024x576.png 1024w, https:\/\/fibgar.es\/wp-content\/uploads\/2024\/07\/POST-GENERICO-1-1-768x432.png 768w, https:\/\/fibgar.es\/wp-content\/uploads\/2024\/07\/POST-GENERICO-1-1-1536x864.png 1536w\" sizes=\"auto, (max-width: 1600px) 100vw, 1600px\" \/>\t\t\t<\/a>\n\t\t<\/div>\n\t\t<div class=\"edgtf-item-text-holder\" style=\"background-color:#ffffff;box-shadow:none;\">\n\t\t\t<h3 itemprop=\"name\" class=\"edgtf-item-title entry-title\">\n\t\t\t\t<a itemprop=\"url\" href=\"https:\/\/fibgar.es\/en\/progress-in-the-fight-against-illicit-drugs-from-a-human-rights-perspective\/\" >\n\t\t\t\t\tProgress in the fight against illicit drugs, from a human rights perspective\t\t\t\t<\/a>\n\t\t\t<\/h3>\n\n\t\t\t<div class=\"edgtf-item-info-section\">\n\t\t\t\t<div class=\"edgtf-post-info-author\">by\t<a itemprop=\"author\" class=\"edgtf-post-info-author-link\" href=\"https:\/\/fibgar.es\/en\/author\/fibgaradmin\/\">\n\t\tFibgar\t<\/a>\n<\/div><div class=\"edgtf-post-info-category\">\n\t<a href=\"https:\/\/fibgar.es\/en\/category\/articles\/\" rel=\"category tag\">Articles<\/a><\/div><div itemprop=\"dateCreated\" class=\"edgtf-post-info-date entry-date updated\">\n\t\t\t03\/07\/2024\t    <meta itemprop=\"interactionCount\" content=\"UserComments: 0\"\/>\n<\/div>\t\t\t<\/div>\n\n\t\t\t\t\t\t\t<p itemprop=\"description\" class=\"edgtf-excerpt\">Yesterday, July 2, the European Union Drugs Agency officially started its activities in Lisbon, replacing the European Monitoring Centre for Drugs and...<\/p>\n\t\t\t\t\t\t<a itemprop=\"url\" href=\"https:\/\/fibgar.es\/en\/progress-in-the-fight-against-illicit-drugs-from-a-human-rights-perspective\/\" class=\"edgtf-blog-list-read-more\">Read more<i class=\"arrow_right\"><\/i><\/a>\n\t\t<\/div>\n\t<\/div>\n<\/li>\n<li class=\"edgtf-blog-list-item clearfix\">\n\t<div class=\"edgtf-blog-list-item-inner\">\n\t\t<div class=\"edgtf-item-image\">\n\t\t\t<a itemprop=\"url\" href=\"https:\/\/fibgar.es\/en\/progress-in-the-fight-against-illicit-drugs-from-a-human-rights-perspective-2\/\">\n\t\t\t\t<img loading=\"lazy\" decoding=\"async\" width=\"1600\" height=\"900\" src=\"https:\/\/fibgar.es\/wp-content\/uploads\/2024\/07\/POST-GENERICO-1.png\" class=\"attachment-full size-full wp-post-image\" alt=\"\" srcset=\"https:\/\/fibgar.es\/wp-content\/uploads\/2024\/07\/POST-GENERICO-1.png 1600w, https:\/\/fibgar.es\/wp-content\/uploads\/2024\/07\/POST-GENERICO-1-300x169.png 300w, https:\/\/fibgar.es\/wp-content\/uploads\/2024\/07\/POST-GENERICO-1-1024x576.png 1024w, https:\/\/fibgar.es\/wp-content\/uploads\/2024\/07\/POST-GENERICO-1-768x432.png 768w, https:\/\/fibgar.es\/wp-content\/uploads\/2024\/07\/POST-GENERICO-1-1536x864.png 1536w\" sizes=\"auto, (max-width: 1600px) 100vw, 1600px\" \/>\t\t\t<\/a>\n\t\t<\/div>\n\t\t<div class=\"edgtf-item-text-holder\" style=\"background-color:#ffffff;box-shadow:none;\">\n\t\t\t<h3 itemprop=\"name\" class=\"edgtf-item-title entry-title\">\n\t\t\t\t<a itemprop=\"url\" href=\"https:\/\/fibgar.es\/en\/progress-in-the-fight-against-illicit-drugs-from-a-human-rights-perspective-2\/\" >\n\t\t\t\t\tProgress in the fight against illicit drugs, from a human rights perspective\t\t\t\t<\/a>\n\t\t\t<\/h3>\n\n\t\t\t<div class=\"edgtf-item-info-section\">\n\t\t\t\t<div class=\"edgtf-post-info-author\">by\t<a itemprop=\"author\" class=\"edgtf-post-info-author-link\" href=\"https:\/\/fibgar.es\/en\/author\/fibgaradmin\/\">\n\t\tFibgar\t<\/a>\n<\/div><div class=\"edgtf-post-info-category\">\n\t<a href=\"https:\/\/fibgar.es\/en\/category\/articles\/\" rel=\"category tag\">Articles<\/a><\/div><div itemprop=\"dateCreated\" class=\"edgtf-post-info-date entry-date updated\">\n\t\t\t03\/07\/2024\t    <meta itemprop=\"interactionCount\" content=\"UserComments: 0\"\/>\n<\/div>\t\t\t<\/div>\n\n\t\t\t\t\t\t\t<p itemprop=\"description\" class=\"edgtf-excerpt\">Yesterday, July 2, the European Union&#8217;s Anti-Drug Agency officially started its activities in Lisbon, replacing the European Monitoring Centre f...<\/p>\n\t\t\t\t\t\t<a itemprop=\"url\" href=\"https:\/\/fibgar.es\/en\/progress-in-the-fight-against-illicit-drugs-from-a-human-rights-perspective-2\/\" class=\"edgtf-blog-list-read-more\">Read more<i class=\"arrow_right\"><\/i><\/a>\n\t\t<\/div>\n\t<\/div>\n<\/li>\n<li class=\"edgtf-blog-list-item clearfix\">\n\t<div class=\"edgtf-blog-list-item-inner\">\n\t\t<div class=\"edgtf-item-image\">\n\t\t\t<a itemprop=\"url\" href=\"https:\/\/fibgar.es\/en\/2024-report-achieving-the-sdgs-remains-a-difficult-challenge-fibgars-unwavering-commitment-2\/\">\n\t\t\t\t<img loading=\"lazy\" decoding=\"async\" width=\"1600\" height=\"900\" src=\"https:\/\/fibgar.es\/wp-content\/uploads\/2024\/07\/POST-GENERICO.png\" class=\"attachment-full size-full wp-post-image\" alt=\"\" srcset=\"https:\/\/fibgar.es\/wp-content\/uploads\/2024\/07\/POST-GENERICO.png 1600w, https:\/\/fibgar.es\/wp-content\/uploads\/2024\/07\/POST-GENERICO-300x169.png 300w, https:\/\/fibgar.es\/wp-content\/uploads\/2024\/07\/POST-GENERICO-1024x576.png 1024w, https:\/\/fibgar.es\/wp-content\/uploads\/2024\/07\/POST-GENERICO-768x432.png 768w, https:\/\/fibgar.es\/wp-content\/uploads\/2024\/07\/POST-GENERICO-1536x864.png 1536w\" sizes=\"auto, (max-width: 1600px) 100vw, 1600px\" \/>\t\t\t<\/a>\n\t\t<\/div>\n\t\t<div class=\"edgtf-item-text-holder\" style=\"background-color:#ffffff;box-shadow:none;\">\n\t\t\t<h3 itemprop=\"name\" class=\"edgtf-item-title entry-title\">\n\t\t\t\t<a itemprop=\"url\" href=\"https:\/\/fibgar.es\/en\/2024-report-achieving-the-sdgs-remains-a-difficult-challenge-fibgars-unwavering-commitment-2\/\" >\n\t\t\t\t\t2024 Report: Achieving the SDGs remains a difficult challenge. FIBGAR&#8217;s unwavering commitment\t\t\t\t<\/a>\n\t\t\t<\/h3>\n\n\t\t\t<div class=\"edgtf-item-info-section\">\n\t\t\t\t<div class=\"edgtf-post-info-author\">by\t<a itemprop=\"author\" class=\"edgtf-post-info-author-link\" href=\"https:\/\/fibgar.es\/en\/author\/fibgaradmin\/\">\n\t\tFibgar\t<\/a>\n<\/div><div class=\"edgtf-post-info-category\">\n\t<a href=\"https:\/\/fibgar.es\/en\/category\/articles\/\" rel=\"category tag\">Articles<\/a><\/div><div itemprop=\"dateCreated\" class=\"edgtf-post-info-date entry-date updated\">\n\t\t\t01\/07\/2024\t    <meta itemprop=\"interactionCount\" content=\"UserComments: 0\"\/>\n<\/div>\t\t\t<\/div>\n\n\t\t\t\t\t\t\t<p itemprop=\"description\" class=\"edgtf-excerpt\">Without massive investment and increased action, meeting the 2030 Agenda will remain a difficult challenge. In September 2015, the 193 members of the ...<\/p>\n\t\t\t\t\t\t<a itemprop=\"url\" href=\"https:\/\/fibgar.es\/en\/2024-report-achieving-the-sdgs-remains-a-difficult-challenge-fibgars-unwavering-commitment-2\/\" class=\"edgtf-blog-list-read-more\">Read more<i class=\"arrow_right\"><\/i><\/a>\n\t\t<\/div>\n\t<\/div>\n<\/li>\n<li class=\"edgtf-blog-list-item clearfix\">\n\t<div class=\"edgtf-blog-list-item-inner\">\n\t\t<div class=\"edgtf-item-image\">\n\t\t\t<a itemprop=\"url\" href=\"https:\/\/fibgar.es\/en\/truth-and-justice-for-the-victims-of-torture-the-great-debt-of-our-democracies\/\">\n\t\t\t\t<img loading=\"lazy\" decoding=\"async\" width=\"3200\" height=\"1800\" src=\"https:\/\/fibgar.es\/wp-content\/uploads\/2024\/06\/DIA-INTERNACIONAL-4.png\" class=\"attachment-full size-full wp-post-image\" alt=\"\" srcset=\"https:\/\/fibgar.es\/wp-content\/uploads\/2024\/06\/DIA-INTERNACIONAL-4.png 3200w, https:\/\/fibgar.es\/wp-content\/uploads\/2024\/06\/DIA-INTERNACIONAL-4-300x169.png 300w, https:\/\/fibgar.es\/wp-content\/uploads\/2024\/06\/DIA-INTERNACIONAL-4-1024x576.png 1024w, https:\/\/fibgar.es\/wp-content\/uploads\/2024\/06\/DIA-INTERNACIONAL-4-768x432.png 768w, https:\/\/fibgar.es\/wp-content\/uploads\/2024\/06\/DIA-INTERNACIONAL-4-1536x864.png 1536w\" sizes=\"auto, (max-width: 3200px) 100vw, 3200px\" \/>\t\t\t<\/a>\n\t\t<\/div>\n\t\t<div class=\"edgtf-item-text-holder\" style=\"background-color:#ffffff;box-shadow:none;\">\n\t\t\t<h3 itemprop=\"name\" class=\"edgtf-item-title entry-title\">\n\t\t\t\t<a itemprop=\"url\" href=\"https:\/\/fibgar.es\/en\/truth-and-justice-for-the-victims-of-torture-the-great-debt-of-our-democracies\/\" >\n\t\t\t\t\tTruth and justice for the victims of torture, the great debt of our democracies.\t\t\t\t<\/a>\n\t\t\t<\/h3>\n\n\t\t\t<div class=\"edgtf-item-info-section\">\n\t\t\t\t<div class=\"edgtf-post-info-author\">by\t<a itemprop=\"author\" class=\"edgtf-post-info-author-link\" href=\"https:\/\/fibgar.es\/en\/author\/fibgarau\/\">\n\t\tFibgar\t<\/a>\n<\/div><div class=\"edgtf-post-info-category\">\n\t<a href=\"https:\/\/fibgar.es\/en\/category\/articles\/\" rel=\"category tag\">Articles<\/a><\/div><div itemprop=\"dateCreated\" class=\"edgtf-post-info-date entry-date updated\">\n\t\t\t26\/06\/2024\t    <meta itemprop=\"interactionCount\" content=\"UserComments: 0\"\/>\n<\/div>\t\t\t<\/div>\n\n\t\t\t\t\t\t\t<p itemprop=\"description\" class=\"edgtf-excerpt\">The United Nations International Day in Support of Victims of Torture is commemorated every June 26, due to the entry into force in 1987 of the Conven...<\/p>\n\t\t\t\t\t\t<a itemprop=\"url\" href=\"https:\/\/fibgar.es\/en\/truth-and-justice-for-the-victims-of-torture-the-great-debt-of-our-democracies\/\" class=\"edgtf-blog-list-read-more\">Read more<i class=\"arrow_right\"><\/i><\/a>\n\t\t<\/div>\n\t<\/div>\n<\/li>\n<li class=\"edgtf-blog-list-item clearfix\">\n\t<div class=\"edgtf-blog-list-item-inner\">\n\t\t<div class=\"edgtf-item-image\">\n\t\t\t<a itemprop=\"url\" href=\"https:\/\/fibgar.es\/en\/progress-on-whistleblower-protection-in-europe\/\">\n\t\t\t\t<img loading=\"lazy\" decoding=\"async\" width=\"2560\" height=\"1701\" src=\"https:\/\/fibgar.es\/wp-content\/uploads\/2024\/06\/shutterstock_613488395-scaled.jpg\" class=\"attachment-full size-full wp-post-image\" alt=\"\" srcset=\"https:\/\/fibgar.es\/wp-content\/uploads\/2024\/06\/shutterstock_613488395-scaled.jpg 2560w, https:\/\/fibgar.es\/wp-content\/uploads\/2024\/06\/shutterstock_613488395-300x199.jpg 300w, https:\/\/fibgar.es\/wp-content\/uploads\/2024\/06\/shutterstock_613488395-1024x680.jpg 1024w, https:\/\/fibgar.es\/wp-content\/uploads\/2024\/06\/shutterstock_613488395-768x510.jpg 768w, https:\/\/fibgar.es\/wp-content\/uploads\/2024\/06\/shutterstock_613488395-1536x1021.jpg 1536w\" sizes=\"auto, (max-width: 2560px) 100vw, 2560px\" \/>\t\t\t<\/a>\n\t\t<\/div>\n\t\t<div class=\"edgtf-item-text-holder\" style=\"background-color:#ffffff;box-shadow:none;\">\n\t\t\t<h3 itemprop=\"name\" class=\"edgtf-item-title entry-title\">\n\t\t\t\t<a itemprop=\"url\" href=\"https:\/\/fibgar.es\/en\/progress-on-whistleblower-protection-in-europe\/\" >\n\t\t\t\t\tProgress on whistleblower protection in Europe\t\t\t\t<\/a>\n\t\t\t<\/h3>\n\n\t\t\t<div class=\"edgtf-item-info-section\">\n\t\t\t\t<div class=\"edgtf-post-info-author\">by\t<a itemprop=\"author\" class=\"edgtf-post-info-author-link\" href=\"https:\/\/fibgar.es\/en\/author\/fibgaradmin\/\">\n\t\tFibgar\t<\/a>\n<\/div><div class=\"edgtf-post-info-category\">\n\t<a href=\"https:\/\/fibgar.es\/en\/category\/articles\/\" rel=\"category tag\">Articles<\/a>, <a href=\"https:\/\/fibgar.es\/en\/category\/sin-categorizar\/\" rel=\"category tag\">Sin categorizar<\/a><\/div><div itemprop=\"dateCreated\" class=\"edgtf-post-info-date entry-date updated\">\n\t\t\t23\/06\/2024\t    <meta itemprop=\"interactionCount\" content=\"UserComments: 0\"\/>\n<\/div>\t\t\t<\/div>\n\n\t\t\t\t\t\t\t<p itemprop=\"description\" class=\"edgtf-excerpt\">In honour of World Whistleblowers&#8217; Day, we want to emphasise the importance of responsible citizens who, despite the risk, choose to fulfil thei...<\/p>\n\t\t\t\t\t\t<a itemprop=\"url\" href=\"https:\/\/fibgar.es\/en\/progress-on-whistleblower-protection-in-europe\/\" class=\"edgtf-blog-list-read-more\">Read more<i class=\"arrow_right\"><\/i><\/a>\n\t\t<\/div>\n\t<\/div>\n<\/li>\n<li class=\"edgtf-blog-list-item clearfix\">\n\t<div class=\"edgtf-blog-list-item-inner\">\n\t\t<div class=\"edgtf-item-image\">\n\t\t\t<a itemprop=\"url\" href=\"https:\/\/fibgar.es\/en\/the-spanish-constitutional-court-suspends-the-derogation-of-law-14-2018-on-democratic-memory-in-aragon\/\">\n\t\t\t\t<img loading=\"lazy\" decoding=\"async\" width=\"1600\" height=\"900\" src=\"https:\/\/fibgar.es\/wp-content\/uploads\/2024\/06\/POST-GENERICO-4.jpg\" class=\"attachment-full size-full wp-post-image\" alt=\"\" srcset=\"https:\/\/fibgar.es\/wp-content\/uploads\/2024\/06\/POST-GENERICO-4.jpg 1600w, https:\/\/fibgar.es\/wp-content\/uploads\/2024\/06\/POST-GENERICO-4-300x169.jpg 300w, https:\/\/fibgar.es\/wp-content\/uploads\/2024\/06\/POST-GENERICO-4-1024x576.jpg 1024w, https:\/\/fibgar.es\/wp-content\/uploads\/2024\/06\/POST-GENERICO-4-768x432.jpg 768w, https:\/\/fibgar.es\/wp-content\/uploads\/2024\/06\/POST-GENERICO-4-1536x864.jpg 1536w\" sizes=\"auto, (max-width: 1600px) 100vw, 1600px\" \/>\t\t\t<\/a>\n\t\t<\/div>\n\t\t<div class=\"edgtf-item-text-holder\" style=\"background-color:#ffffff;box-shadow:none;\">\n\t\t\t<h3 itemprop=\"name\" class=\"edgtf-item-title entry-title\">\n\t\t\t\t<a itemprop=\"url\" href=\"https:\/\/fibgar.es\/en\/the-spanish-constitutional-court-suspends-the-derogation-of-law-14-2018-on-democratic-memory-in-aragon\/\" >\n\t\t\t\t\tThe Spanish Constitutional Court suspends the derogation of Law 14\/2018 on democratic memory in Arag\u00f3n\t\t\t\t<\/a>\n\t\t\t<\/h3>\n\n\t\t\t<div class=\"edgtf-item-info-section\">\n\t\t\t\t<div class=\"edgtf-post-info-author\">by\t<a itemprop=\"author\" class=\"edgtf-post-info-author-link\" href=\"https:\/\/fibgar.es\/en\/author\/fibgaradmin\/\">\n\t\tFibgar\t<\/a>\n<\/div><div class=\"edgtf-post-info-category\">\n\t<a href=\"https:\/\/fibgar.es\/en\/category\/articles\/\" rel=\"category tag\">Articles<\/a><\/div><div itemprop=\"dateCreated\" class=\"edgtf-post-info-date entry-date updated\">\n\t\t\t18\/06\/2024\t    <meta itemprop=\"interactionCount\" content=\"UserComments: 0\"\/>\n<\/div>\t\t\t<\/div>\n\n\t\t\t\t\t\t\t<p itemprop=\"description\" class=\"edgtf-excerpt\">Yesterday, the Constitutional Court announced its decision to admit the Government&#8217;s appeal for unconstitutionality and to suspend Law 1\/2024 re...<\/p>\n\t\t\t\t\t\t<a itemprop=\"url\" href=\"https:\/\/fibgar.es\/en\/the-spanish-constitutional-court-suspends-the-derogation-of-law-14-2018-on-democratic-memory-in-aragon\/\" class=\"edgtf-blog-list-read-more\">Read more<i class=\"arrow_right\"><\/i><\/a>\n\t\t<\/div>\n\t<\/div>\n<\/li>\n<li class=\"edgtf-blog-list-item clearfix\">\n\t<div class=\"edgtf-blog-list-item-inner\">\n\t\t<div class=\"edgtf-item-image\">\n\t\t\t<a itemprop=\"url\" href=\"https:\/\/fibgar.es\/en\/the-law-20-2022-of-democratic-memory-is-bearing-fruit-three-commissions-are-created-to-deal-with-the-past\/\">\n\t\t\t\t<img loading=\"lazy\" decoding=\"async\" width=\"1600\" height=\"900\" src=\"https:\/\/fibgar.es\/wp-content\/uploads\/2024\/05\/POST-GENERICO-3.jpg\" class=\"attachment-full size-full wp-post-image\" alt=\"\" srcset=\"https:\/\/fibgar.es\/wp-content\/uploads\/2024\/05\/POST-GENERICO-3.jpg 1600w, https:\/\/fibgar.es\/wp-content\/uploads\/2024\/05\/POST-GENERICO-3-300x169.jpg 300w, https:\/\/fibgar.es\/wp-content\/uploads\/2024\/05\/POST-GENERICO-3-1024x576.jpg 1024w, https:\/\/fibgar.es\/wp-content\/uploads\/2024\/05\/POST-GENERICO-3-768x432.jpg 768w, https:\/\/fibgar.es\/wp-content\/uploads\/2024\/05\/POST-GENERICO-3-1536x864.jpg 1536w\" sizes=\"auto, (max-width: 1600px) 100vw, 1600px\" \/>\t\t\t<\/a>\n\t\t<\/div>\n\t\t<div class=\"edgtf-item-text-holder\" style=\"background-color:#ffffff;box-shadow:none;\">\n\t\t\t<h3 itemprop=\"name\" class=\"edgtf-item-title entry-title\">\n\t\t\t\t<a itemprop=\"url\" href=\"https:\/\/fibgar.es\/en\/the-law-20-2022-of-democratic-memory-is-bearing-fruit-three-commissions-are-created-to-deal-with-the-past\/\" >\n\t\t\t\t\tThe Law 20\/2022, of Democratic Memory, is bearing fruit: three commissions are created to deal with the past\t\t\t\t<\/a>\n\t\t\t<\/h3>\n\n\t\t\t<div class=\"edgtf-item-info-section\">\n\t\t\t\t<div class=\"edgtf-post-info-author\">by\t<a itemprop=\"author\" class=\"edgtf-post-info-author-link\" href=\"https:\/\/fibgar.es\/en\/author\/fibgaradmin\/\">\n\t\tFibgar\t<\/a>\n<\/div><div class=\"edgtf-post-info-category\">\n\t<a href=\"https:\/\/fibgar.es\/en\/category\/articles\/\" rel=\"category tag\">Articles<\/a><\/div><div itemprop=\"dateCreated\" class=\"edgtf-post-info-date entry-date updated\">\n\t\t\t10\/05\/2024\t    <meta itemprop=\"interactionCount\" content=\"UserComments: 0\"\/>\n<\/div>\t\t\t<\/div>\n\n\t\t\t\t\t\t\t<p itemprop=\"description\" class=\"edgtf-excerpt\">On April 23, the Council of Ministers approved an agreement creating three study and technical commissions already foreseen in Law 20\/2022, of October...<\/p>\n\t\t\t\t\t\t<a itemprop=\"url\" href=\"https:\/\/fibgar.es\/en\/the-law-20-2022-of-democratic-memory-is-bearing-fruit-three-commissions-are-created-to-deal-with-the-past\/\" class=\"edgtf-blog-list-read-more\">Read more<i class=\"arrow_right\"><\/i><\/a>\n\t\t<\/div>\n\t<\/div>\n<\/li>\n<li class=\"edgtf-blog-list-item clearfix\">\n\t<div class=\"edgtf-blog-list-item-inner\">\n\t\t<div class=\"edgtf-item-image\">\n\t\t\t<a itemprop=\"url\" href=\"https:\/\/fibgar.es\/en\/laws-of-concord-a-historical-setback-in-the-democratic-memory-of-spain-and-europe\/\">\n\t\t\t\t<img loading=\"lazy\" decoding=\"async\" width=\"1600\" height=\"900\" src=\"https:\/\/fibgar.es\/wp-content\/uploads\/2024\/05\/POST-GENERICO-2.jpg\" class=\"attachment-full size-full wp-post-image\" alt=\"\" srcset=\"https:\/\/fibgar.es\/wp-content\/uploads\/2024\/05\/POST-GENERICO-2.jpg 1600w, https:\/\/fibgar.es\/wp-content\/uploads\/2024\/05\/POST-GENERICO-2-300x169.jpg 300w, https:\/\/fibgar.es\/wp-content\/uploads\/2024\/05\/POST-GENERICO-2-1024x576.jpg 1024w, https:\/\/fibgar.es\/wp-content\/uploads\/2024\/05\/POST-GENERICO-2-768x432.jpg 768w, https:\/\/fibgar.es\/wp-content\/uploads\/2024\/05\/POST-GENERICO-2-1536x864.jpg 1536w\" sizes=\"auto, (max-width: 1600px) 100vw, 1600px\" \/>\t\t\t<\/a>\n\t\t<\/div>\n\t\t<div class=\"edgtf-item-text-holder\" style=\"background-color:#ffffff;box-shadow:none;\">\n\t\t\t<h3 itemprop=\"name\" class=\"edgtf-item-title entry-title\">\n\t\t\t\t<a itemprop=\"url\" href=\"https:\/\/fibgar.es\/en\/laws-of-concord-a-historical-setback-in-the-democratic-memory-of-spain-and-europe\/\" >\n\t\t\t\t\t&#8220;Laws of Concord&#8221;: a historical setback in the democratic memory of Spain and Europe\t\t\t\t<\/a>\n\t\t\t<\/h3>\n\n\t\t\t<div class=\"edgtf-item-info-section\">\n\t\t\t\t<div class=\"edgtf-post-info-author\">by\t<a itemprop=\"author\" class=\"edgtf-post-info-author-link\" href=\"https:\/\/fibgar.es\/en\/author\/fibgaradmin\/\">\n\t\tFibgar\t<\/a>\n<\/div><div class=\"edgtf-post-info-category\">\n\t<a href=\"https:\/\/fibgar.es\/en\/category\/articles\/\" rel=\"category tag\">Articles<\/a><\/div><div itemprop=\"dateCreated\" class=\"edgtf-post-info-date entry-date updated\">\n\t\t\t03\/05\/2024\t    <meta itemprop=\"interactionCount\" content=\"UserComments: 0\"\/>\n<\/div>\t\t\t<\/div>\n\n\t\t\t\t\t\t\t<p itemprop=\"description\" class=\"edgtf-excerpt\">In the last months, in the Valencian Community and in Aragon and Castilla y Le\u00f3n, the so-called &#8220;Laws of Concord&#8221; have been proposed. The...<\/p>\n\t\t\t\t\t\t<a itemprop=\"url\" href=\"https:\/\/fibgar.es\/en\/laws-of-concord-a-historical-setback-in-the-democratic-memory-of-spain-and-europe\/\" class=\"edgtf-blog-list-read-more\">Read more<i class=\"arrow_right\"><\/i><\/a>\n\t\t<\/div>\n\t<\/div>\n<\/li>\n<li class=\"edgtf-blog-list-item clearfix\">\n\t<div class=\"edgtf-blog-list-item-inner\">\n\t\t<div class=\"edgtf-item-image\">\n\t\t\t<a itemprop=\"url\" href=\"https:\/\/fibgar.es\/en\/reflections-from-the-online-seminar-challenges-of-environmental-democracy\/\">\n\t\t\t\t<img loading=\"lazy\" decoding=\"async\" width=\"2560\" height=\"1440\" src=\"https:\/\/fibgar.es\/wp-content\/uploads\/2024\/04\/seminario-6-foto-ingles.png\" class=\"attachment-full size-full wp-post-image\" alt=\"\" srcset=\"https:\/\/fibgar.es\/wp-content\/uploads\/2024\/04\/seminario-6-foto-ingles.png 2560w, https:\/\/fibgar.es\/wp-content\/uploads\/2024\/04\/seminario-6-foto-ingles-300x169.png 300w, https:\/\/fibgar.es\/wp-content\/uploads\/2024\/04\/seminario-6-foto-ingles-1024x576.png 1024w, https:\/\/fibgar.es\/wp-content\/uploads\/2024\/04\/seminario-6-foto-ingles-768x432.png 768w, https:\/\/fibgar.es\/wp-content\/uploads\/2024\/04\/seminario-6-foto-ingles-1536x864.png 1536w\" sizes=\"auto, (max-width: 2560px) 100vw, 2560px\" \/>\t\t\t<\/a>\n\t\t<\/div>\n\t\t<div class=\"edgtf-item-text-holder\" style=\"background-color:#ffffff;box-shadow:none;\">\n\t\t\t<h3 itemprop=\"name\" class=\"edgtf-item-title entry-title\">\n\t\t\t\t<a itemprop=\"url\" href=\"https:\/\/fibgar.es\/en\/reflections-from-the-online-seminar-challenges-of-environmental-democracy\/\" >\n\t\t\t\t\tReflections from the online seminar &#8220;Challenges of environmental democracy&#8221;\t\t\t\t<\/a>\n\t\t\t<\/h3>\n\n\t\t\t<div class=\"edgtf-item-info-section\">\n\t\t\t\t<div class=\"edgtf-post-info-author\">by\t<a itemprop=\"author\" class=\"edgtf-post-info-author-link\" href=\"https:\/\/fibgar.es\/en\/author\/fibgaradmin\/\">\n\t\tFibgar\t<\/a>\n<\/div><div class=\"edgtf-post-info-category\">\n\t<a href=\"https:\/\/fibgar.es\/en\/category\/articles\/\" rel=\"category tag\">Articles<\/a><\/div><div itemprop=\"dateCreated\" class=\"edgtf-post-info-date entry-date updated\">\n\t\t\t19\/04\/2024\t    <meta itemprop=\"interactionCount\" content=\"UserComments: 0\"\/>\n<\/div>\t\t\t<\/div>\n\n\t\t\t\t\t\t\t<p itemprop=\"description\" class=\"edgtf-excerpt\">The environmental challenges we face today are unprecedented, and have emerged as an issue that threatens global democracies. This was the central the...<\/p>\n\t\t\t\t\t\t<a itemprop=\"url\" href=\"https:\/\/fibgar.es\/en\/reflections-from-the-online-seminar-challenges-of-environmental-democracy\/\" class=\"edgtf-blog-list-read-more\">Read more<i class=\"arrow_right\"><\/i><\/a>\n\t\t<\/div>\n\t<\/div>\n<\/li>\n<li class=\"edgtf-blog-list-item clearfix\">\n\t<div class=\"edgtf-blog-list-item-inner\">\n\t\t<div class=\"edgtf-item-image\">\n\t\t\t<a itemprop=\"url\" href=\"https:\/\/fibgar.es\/en\/what-is-the-status-of-universal-jurisdiction\/\">\n\t\t\t\t<img loading=\"lazy\" decoding=\"async\" width=\"1900\" height=\"860\" src=\"https:\/\/fibgar.es\/wp-content\/uploads\/2022\/10\/home-figbar-justicia.jpg\" class=\"attachment-full size-full wp-post-image\" alt=\"\" srcset=\"https:\/\/fibgar.es\/wp-content\/uploads\/2022\/10\/home-figbar-justicia.jpg 1900w, https:\/\/fibgar.es\/wp-content\/uploads\/2022\/10\/home-figbar-justicia-300x136.jpg 300w, https:\/\/fibgar.es\/wp-content\/uploads\/2022\/10\/home-figbar-justicia-1024x463.jpg 1024w, https:\/\/fibgar.es\/wp-content\/uploads\/2022\/10\/home-figbar-justicia-768x348.jpg 768w, https:\/\/fibgar.es\/wp-content\/uploads\/2022\/10\/home-figbar-justicia-1536x695.jpg 1536w\" sizes=\"auto, (max-width: 1900px) 100vw, 1900px\" \/>\t\t\t<\/a>\n\t\t<\/div>\n\t\t<div class=\"edgtf-item-text-holder\" style=\"background-color:#ffffff;box-shadow:none;\">\n\t\t\t<h3 itemprop=\"name\" class=\"edgtf-item-title entry-title\">\n\t\t\t\t<a itemprop=\"url\" href=\"https:\/\/fibgar.es\/en\/what-is-the-status-of-universal-jurisdiction\/\" >\n\t\t\t\t\tWhat is the status of Universal Jurisdiction?\t\t\t\t<\/a>\n\t\t\t<\/h3>\n\n\t\t\t<div class=\"edgtf-item-info-section\">\n\t\t\t\t<div class=\"edgtf-post-info-author\">by\t<a itemprop=\"author\" class=\"edgtf-post-info-author-link\" href=\"https:\/\/fibgar.es\/en\/author\/fibgaradmin\/\">\n\t\tFibgar\t<\/a>\n<\/div><div class=\"edgtf-post-info-category\">\n\t<a href=\"https:\/\/fibgar.es\/en\/category\/articles\/\" rel=\"category tag\">Articles<\/a>, <a href=\"https:\/\/fibgar.es\/en\/category\/universal-jurisdiction\/\" rel=\"category tag\">Universal jurisdiction<\/a><\/div><div itemprop=\"dateCreated\" class=\"edgtf-post-info-date entry-date updated\">\n\t\t\t16\/04\/2024\t    <meta itemprop=\"interactionCount\" content=\"UserComments: 0\"\/>\n<\/div>\t\t\t<\/div>\n\n\t\t\t\t\t\t\t<p itemprop=\"description\" class=\"edgtf-excerpt\">The potential of universal jurisdiction remains untapped, although a positive trend stands out. This is what the 2024 edition of the Universal Jurisdi...<\/p>\n\t\t\t\t\t\t<a itemprop=\"url\" href=\"https:\/\/fibgar.es\/en\/what-is-the-status-of-universal-jurisdiction\/\" class=\"edgtf-blog-list-read-more\">Read more<i class=\"arrow_right\"><\/i><\/a>\n\t\t<\/div>\n\t<\/div>\n<\/li>\n<li class=\"edgtf-blog-list-item clearfix\">\n\t<div class=\"edgtf-blog-list-item-inner\">\n\t\t<div class=\"edgtf-item-image\">\n\t\t\t<a itemprop=\"url\" href=\"https:\/\/fibgar.es\/en\/anti-slapp-directive-finally-published-in-the-official-journal-of-the-european-union\/\">\n\t\t\t\t<img loading=\"lazy\" decoding=\"async\" width=\"652\" height=\"326\" src=\"https:\/\/fibgar.es\/wp-content\/uploads\/2024\/04\/DOUE.png\" class=\"attachment-full size-full wp-post-image\" alt=\"\" srcset=\"https:\/\/fibgar.es\/wp-content\/uploads\/2024\/04\/DOUE.png 652w, https:\/\/fibgar.es\/wp-content\/uploads\/2024\/04\/DOUE-300x150.png 300w\" sizes=\"auto, (max-width: 652px) 100vw, 652px\" \/>\t\t\t<\/a>\n\t\t<\/div>\n\t\t<div class=\"edgtf-item-text-holder\" style=\"background-color:#ffffff;box-shadow:none;\">\n\t\t\t<h3 itemprop=\"name\" class=\"edgtf-item-title entry-title\">\n\t\t\t\t<a itemprop=\"url\" href=\"https:\/\/fibgar.es\/en\/anti-slapp-directive-finally-published-in-the-official-journal-of-the-european-union\/\" >\n\t\t\t\t\tAnti-SLAPP Directive finally published in the Official Journal of the European Union\t\t\t\t<\/a>\n\t\t\t<\/h3>\n\n\t\t\t<div class=\"edgtf-item-info-section\">\n\t\t\t\t<div class=\"edgtf-post-info-author\">by\t<a itemprop=\"author\" class=\"edgtf-post-info-author-link\" href=\"https:\/\/fibgar.es\/en\/author\/fibgaradmin\/\">\n\t\tFibgar\t<\/a>\n<\/div><div class=\"edgtf-post-info-category\">\n\t<a href=\"https:\/\/fibgar.es\/en\/category\/articles\/\" rel=\"category tag\">Articles<\/a><\/div><div itemprop=\"dateCreated\" class=\"edgtf-post-info-date entry-date updated\">\n\t\t\t16\/04\/2024\t    <meta itemprop=\"interactionCount\" content=\"UserComments: 0\"\/>\n<\/div>\t\t\t<\/div>\n\n\t\t\t\t\t\t\t<p itemprop=\"description\" class=\"edgtf-excerpt\">On the 16th of April 2024, the DIRECTIVE (EU) 2024\/1069 OF THE EUROPEAN PARLIAMENT AND OF THE COUNCIL of 11\u00a0April 2024 on protecting persons who enga...<\/p>\n\t\t\t\t\t\t<a itemprop=\"url\" href=\"https:\/\/fibgar.es\/en\/anti-slapp-directive-finally-published-in-the-official-journal-of-the-european-union\/\" class=\"edgtf-blog-list-read-more\">Read more<i class=\"arrow_right\"><\/i><\/a>\n\t\t<\/div>\n\t<\/div>\n<\/li>\n<li class=\"edgtf-blog-list-item clearfix\">\n\t<div class=\"edgtf-blog-list-item-inner\">\n\t\t<div class=\"edgtf-item-image\">\n\t\t\t<a itemprop=\"url\" href=\"https:\/\/fibgar.es\/en\/patfox-welcomes-the-adoption-of-the-council-of-europes-recommendation-on-slapps\/\">\n\t\t\t\t<img loading=\"lazy\" decoding=\"async\" width=\"1920\" height=\"960\" src=\"https:\/\/fibgar.es\/wp-content\/uploads\/2024\/04\/original.jpeg\" class=\"attachment-full size-full wp-post-image\" alt=\"\" srcset=\"https:\/\/fibgar.es\/wp-content\/uploads\/2024\/04\/original.jpeg 1920w, https:\/\/fibgar.es\/wp-content\/uploads\/2024\/04\/original-300x150.jpeg 300w, https:\/\/fibgar.es\/wp-content\/uploads\/2024\/04\/original-1024x512.jpeg 1024w, https:\/\/fibgar.es\/wp-content\/uploads\/2024\/04\/original-768x384.jpeg 768w, https:\/\/fibgar.es\/wp-content\/uploads\/2024\/04\/original-1536x768.jpeg 1536w, https:\/\/fibgar.es\/wp-content\/uploads\/2024\/04\/original-1000x500.jpeg 1000w\" sizes=\"auto, (max-width: 1920px) 100vw, 1920px\" \/>\t\t\t<\/a>\n\t\t<\/div>\n\t\t<div class=\"edgtf-item-text-holder\" style=\"background-color:#ffffff;box-shadow:none;\">\n\t\t\t<h3 itemprop=\"name\" class=\"edgtf-item-title entry-title\">\n\t\t\t\t<a itemprop=\"url\" href=\"https:\/\/fibgar.es\/en\/patfox-welcomes-the-adoption-of-the-council-of-europes-recommendation-on-slapps\/\" >\n\t\t\t\t\tPATFox welcomes the adoption of the Council of Europe\u2019s Recommendation on SLAPPs\t\t\t\t<\/a>\n\t\t\t<\/h3>\n\n\t\t\t<div class=\"edgtf-item-info-section\">\n\t\t\t\t<div class=\"edgtf-post-info-author\">by\t<a itemprop=\"author\" class=\"edgtf-post-info-author-link\" href=\"https:\/\/fibgar.es\/en\/author\/fibgaradmin\/\">\n\t\tFibgar\t<\/a>\n<\/div><div class=\"edgtf-post-info-category\">\n\t<a href=\"https:\/\/fibgar.es\/en\/category\/articles\/\" rel=\"category tag\">Articles<\/a>, <a href=\"https:\/\/fibgar.es\/en\/category\/derechos-humanos-en\/\" rel=\"category tag\">Derechos humanos<\/a><\/div><div itemprop=\"dateCreated\" class=\"edgtf-post-info-date entry-date updated\">\n\t\t\t05\/04\/2024\t    <meta itemprop=\"interactionCount\" content=\"UserComments: 0\"\/>\n<\/div>\t\t\t<\/div>\n\n\t\t\t\t\t\t\t<p itemprop=\"description\" class=\"edgtf-excerpt\">Today the Committee of Ministers finally of the Council of Europe (CoE) adopted the Recommendation CM\/Rec(2024)2 on countering the use of strategic la...<\/p>\n\t\t\t\t\t\t<a itemprop=\"url\" href=\"https:\/\/fibgar.es\/en\/patfox-welcomes-the-adoption-of-the-council-of-europes-recommendation-on-slapps\/\" class=\"edgtf-blog-list-read-more\">Read more<i class=\"arrow_right\"><\/i><\/a>\n\t\t<\/div>\n\t<\/div>\n<\/li>\n<li class=\"edgtf-blog-list-item clearfix\">\n\t<div class=\"edgtf-blog-list-item-inner\">\n\t\t<div class=\"edgtf-item-image\">\n\t\t\t<a itemprop=\"url\" href=\"https:\/\/fibgar.es\/en\/reflections-from-the-seminar-political-instability-immediate-consequences\/\">\n\t\t\t\t<img loading=\"lazy\" decoding=\"async\" width=\"2560\" height=\"1440\" src=\"https:\/\/fibgar.es\/wp-content\/uploads\/2024\/04\/foto-articulo-seminario-4-ingles-1.png\" class=\"attachment-full size-full wp-post-image\" alt=\"\" srcset=\"https:\/\/fibgar.es\/wp-content\/uploads\/2024\/04\/foto-articulo-seminario-4-ingles-1.png 2560w, https:\/\/fibgar.es\/wp-content\/uploads\/2024\/04\/foto-articulo-seminario-4-ingles-1-300x169.png 300w, https:\/\/fibgar.es\/wp-content\/uploads\/2024\/04\/foto-articulo-seminario-4-ingles-1-1024x576.png 1024w, https:\/\/fibgar.es\/wp-content\/uploads\/2024\/04\/foto-articulo-seminario-4-ingles-1-768x432.png 768w, https:\/\/fibgar.es\/wp-content\/uploads\/2024\/04\/foto-articulo-seminario-4-ingles-1-1536x864.png 1536w\" sizes=\"auto, (max-width: 2560px) 100vw, 2560px\" \/>\t\t\t<\/a>\n\t\t<\/div>\n\t\t<div class=\"edgtf-item-text-holder\" style=\"background-color:#ffffff;box-shadow:none;\">\n\t\t\t<h3 itemprop=\"name\" class=\"edgtf-item-title entry-title\">\n\t\t\t\t<a itemprop=\"url\" href=\"https:\/\/fibgar.es\/en\/reflections-from-the-seminar-political-instability-immediate-consequences\/\" >\n\t\t\t\t\tReflections from the seminar &#8220;Political instability: immediate consequences&#8221;\t\t\t\t<\/a>\n\t\t\t<\/h3>\n\n\t\t\t<div class=\"edgtf-item-info-section\">\n\t\t\t\t<div class=\"edgtf-post-info-author\">by\t<a itemprop=\"author\" class=\"edgtf-post-info-author-link\" href=\"https:\/\/fibgar.es\/en\/author\/fibgaradmin\/\">\n\t\tFibgar\t<\/a>\n<\/div><div class=\"edgtf-post-info-category\">\n\t<a href=\"https:\/\/fibgar.es\/en\/category\/articles\/\" rel=\"category tag\">Articles<\/a><\/div><div itemprop=\"dateCreated\" class=\"edgtf-post-info-date entry-date updated\">\n\t\t\t04\/04\/2024\t    <meta itemprop=\"interactionCount\" content=\"UserComments: 0\"\/>\n<\/div>\t\t\t<\/div>\n\n\t\t\t\t\t\t\t<p itemprop=\"description\" class=\"edgtf-excerpt\">On 3 April, the fourth seminar took place as part of our project VOCES &#8211; Civil society voices for a more sustainable democracy: dialogue between...<\/p>\n\t\t\t\t\t\t<a itemprop=\"url\" href=\"https:\/\/fibgar.es\/en\/reflections-from-the-seminar-political-instability-immediate-consequences\/\" class=\"edgtf-blog-list-read-more\">Read more<i class=\"arrow_right\"><\/i><\/a>\n\t\t<\/div>\n\t<\/div>\n<\/li>\n<li class=\"edgtf-blog-list-item clearfix\">\n\t<div class=\"edgtf-blog-list-item-inner\">\n\t\t<div class=\"edgtf-item-image\">\n\t\t\t<a itemprop=\"url\" href=\"https:\/\/fibgar.es\/en\/reflections-of-the-seminar-art-culture-and-expression-in-the-democratic-memory\/\">\n\t\t\t\t<img loading=\"lazy\" decoding=\"async\" width=\"2560\" height=\"1440\" src=\"https:\/\/fibgar.es\/wp-content\/uploads\/2024\/04\/Portada-en-ingles-1.png\" class=\"attachment-full size-full wp-post-image\" alt=\"\" srcset=\"https:\/\/fibgar.es\/wp-content\/uploads\/2024\/04\/Portada-en-ingles-1.png 2560w, https:\/\/fibgar.es\/wp-content\/uploads\/2024\/04\/Portada-en-ingles-1-300x169.png 300w, https:\/\/fibgar.es\/wp-content\/uploads\/2024\/04\/Portada-en-ingles-1-1024x576.png 1024w, https:\/\/fibgar.es\/wp-content\/uploads\/2024\/04\/Portada-en-ingles-1-768x432.png 768w, https:\/\/fibgar.es\/wp-content\/uploads\/2024\/04\/Portada-en-ingles-1-1536x864.png 1536w\" sizes=\"auto, (max-width: 2560px) 100vw, 2560px\" \/>\t\t\t<\/a>\n\t\t<\/div>\n\t\t<div class=\"edgtf-item-text-holder\" style=\"background-color:#ffffff;box-shadow:none;\">\n\t\t\t<h3 itemprop=\"name\" class=\"edgtf-item-title entry-title\">\n\t\t\t\t<a itemprop=\"url\" href=\"https:\/\/fibgar.es\/en\/reflections-of-the-seminar-art-culture-and-expression-in-the-democratic-memory\/\" >\n\t\t\t\t\tReflections of the Seminar &#8220;Art, culture and expression in the Democratic Memory&#8221;\t\t\t\t<\/a>\n\t\t\t<\/h3>\n\n\t\t\t<div class=\"edgtf-item-info-section\">\n\t\t\t\t<div class=\"edgtf-post-info-author\">by\t<a itemprop=\"author\" class=\"edgtf-post-info-author-link\" href=\"https:\/\/fibgar.es\/en\/author\/fibgaradmin\/\">\n\t\tFibgar\t<\/a>\n<\/div><div class=\"edgtf-post-info-category\">\n\t<a href=\"https:\/\/fibgar.es\/en\/category\/articles\/\" rel=\"category tag\">Articles<\/a><\/div><div itemprop=\"dateCreated\" class=\"edgtf-post-info-date entry-date updated\">\n\t\t\t14\/03\/2024\t    <meta itemprop=\"interactionCount\" content=\"UserComments: 0\"\/>\n<\/div>\t\t\t<\/div>\n\n\t\t\t\t\t\t\t<p itemprop=\"description\" class=\"edgtf-excerpt\">In a scenario where diverse current issues are increasingly intertwined, the preservation and transmission of democratic memory stands as a fundamenta...<\/p>\n\t\t\t\t\t\t<a itemprop=\"url\" href=\"https:\/\/fibgar.es\/en\/reflections-of-the-seminar-art-culture-and-expression-in-the-democratic-memory\/\" class=\"edgtf-blog-list-read-more\">Read more<i class=\"arrow_right\"><\/i><\/a>\n\t\t<\/div>\n\t<\/div>\n<\/li>\n<li class=\"edgtf-blog-list-item clearfix\">\n\t<div class=\"edgtf-blog-list-item-inner\">\n\t\t<div class=\"edgtf-item-image\">\n\t\t\t<a itemprop=\"url\" href=\"https:\/\/fibgar.es\/en\/reflexiones-sobre-el-seminario-online-libertad-de-expresion-y-de-informacion-en-el-punto-de-mira\/\">\n\t\t\t\t<img loading=\"lazy\" decoding=\"async\" width=\"2560\" height=\"1440\" src=\"https:\/\/fibgar.es\/wp-content\/uploads\/2024\/03\/foto-articulo-ingles.png\" class=\"attachment-full size-full wp-post-image\" alt=\"\" srcset=\"https:\/\/fibgar.es\/wp-content\/uploads\/2024\/03\/foto-articulo-ingles.png 2560w, https:\/\/fibgar.es\/wp-content\/uploads\/2024\/03\/foto-articulo-ingles-300x169.png 300w, https:\/\/fibgar.es\/wp-content\/uploads\/2024\/03\/foto-articulo-ingles-1024x576.png 1024w, https:\/\/fibgar.es\/wp-content\/uploads\/2024\/03\/foto-articulo-ingles-768x432.png 768w, https:\/\/fibgar.es\/wp-content\/uploads\/2024\/03\/foto-articulo-ingles-1536x864.png 1536w\" sizes=\"auto, (max-width: 2560px) 100vw, 2560px\" \/>\t\t\t<\/a>\n\t\t<\/div>\n\t\t<div class=\"edgtf-item-text-holder\" style=\"background-color:#ffffff;box-shadow:none;\">\n\t\t\t<h3 itemprop=\"name\" class=\"edgtf-item-title entry-title\">\n\t\t\t\t<a itemprop=\"url\" href=\"https:\/\/fibgar.es\/en\/reflexiones-sobre-el-seminario-online-libertad-de-expresion-y-de-informacion-en-el-punto-de-mira\/\" >\n\t\t\t\t\tReflections on the online seminar &#8220;Freedom of expression and information in the spotlight&#8221;\t\t\t\t<\/a>\n\t\t\t<\/h3>\n\n\t\t\t<div class=\"edgtf-item-info-section\">\n\t\t\t\t<div class=\"edgtf-post-info-author\">by\t<a itemprop=\"author\" class=\"edgtf-post-info-author-link\" href=\"https:\/\/fibgar.es\/en\/author\/fibgarau\/\">\n\t\tFibgar\t<\/a>\n<\/div><div class=\"edgtf-post-info-category\">\n\t<a href=\"https:\/\/fibgar.es\/en\/category\/articles\/\" rel=\"category tag\">Articles<\/a>, <a href=\"https:\/\/fibgar.es\/category\/articulos\/\" rel=\"category tag\">Art\u00edculos<\/a><\/div><div itemprop=\"dateCreated\" class=\"edgtf-post-info-date entry-date updated\">\n\t\t\t08\/03\/2024\t    <meta itemprop=\"interactionCount\" content=\"UserComments: 0\"\/>\n<\/div>\t\t\t<\/div>\n\n\t\t\t\t\t\t\t<p itemprop=\"description\" class=\"edgtf-excerpt\">In the digital and global landscape in which we find ourselves today, freedom of expression and information face unprecedented challenges that require...<\/p>\n\t\t\t\t\t\t<a itemprop=\"url\" href=\"https:\/\/fibgar.es\/en\/reflexiones-sobre-el-seminario-online-libertad-de-expresion-y-de-informacion-en-el-punto-de-mira\/\" class=\"edgtf-blog-list-read-more\">Read more<i class=\"arrow_right\"><\/i><\/a>\n\t\t<\/div>\n\t<\/div>\n<\/li>\n<li class=\"edgtf-blog-list-item clearfix\">\n\t<div class=\"edgtf-blog-list-item-inner\">\n\t\t<div class=\"edgtf-item-image\">\n\t\t\t<a itemprop=\"url\" href=\"https:\/\/fibgar.es\/en\/el-parlamento-europeo-aprueba-nuevos-delitos-y-sanciones-ambientales\/\">\n\t\t\t\t<img loading=\"lazy\" decoding=\"async\" width=\"1600\" height=\"900\" src=\"https:\/\/fibgar.es\/wp-content\/uploads\/2024\/04\/portada-directiva-ingles.png\" class=\"attachment-full size-full wp-post-image\" alt=\"\" srcset=\"https:\/\/fibgar.es\/wp-content\/uploads\/2024\/04\/portada-directiva-ingles.png 1600w, https:\/\/fibgar.es\/wp-content\/uploads\/2024\/04\/portada-directiva-ingles-300x169.png 300w, https:\/\/fibgar.es\/wp-content\/uploads\/2024\/04\/portada-directiva-ingles-1024x576.png 1024w, https:\/\/fibgar.es\/wp-content\/uploads\/2024\/04\/portada-directiva-ingles-768x432.png 768w, https:\/\/fibgar.es\/wp-content\/uploads\/2024\/04\/portada-directiva-ingles-1536x864.png 1536w\" sizes=\"auto, (max-width: 1600px) 100vw, 1600px\" \/>\t\t\t<\/a>\n\t\t<\/div>\n\t\t<div class=\"edgtf-item-text-holder\" style=\"background-color:#ffffff;box-shadow:none;\">\n\t\t\t<h3 itemprop=\"name\" class=\"edgtf-item-title entry-title\">\n\t\t\t\t<a itemprop=\"url\" href=\"https:\/\/fibgar.es\/en\/el-parlamento-europeo-aprueba-nuevos-delitos-y-sanciones-ambientales\/\" >\n\t\t\t\t\tEuropean Parliament approves new environmental crimes and penalties\t\t\t\t<\/a>\n\t\t\t<\/h3>\n\n\t\t\t<div class=\"edgtf-item-info-section\">\n\t\t\t\t<div class=\"edgtf-post-info-author\">by\t<a itemprop=\"author\" class=\"edgtf-post-info-author-link\" href=\"https:\/\/fibgar.es\/en\/author\/fibgaradmin\/\">\n\t\tFibgar\t<\/a>\n<\/div><div class=\"edgtf-post-info-category\">\n\t<a href=\"https:\/\/fibgar.es\/en\/category\/articles\/\" rel=\"category tag\">Articles<\/a><\/div><div itemprop=\"dateCreated\" class=\"edgtf-post-info-date entry-date updated\">\n\t\t\t05\/03\/2024\t    <meta itemprop=\"interactionCount\" content=\"UserComments: 0\"\/>\n<\/div>\t\t\t<\/div>\n\n\t\t\t\t\t\t\t<p itemprop=\"description\" class=\"edgtf-excerpt\">In a global context where environmental awareness and care for the environment are at the top of political agendas, last Tuesday marked a significant ...<\/p>\n\t\t\t\t\t\t<a itemprop=\"url\" href=\"https:\/\/fibgar.es\/en\/el-parlamento-europeo-aprueba-nuevos-delitos-y-sanciones-ambientales\/\" class=\"edgtf-blog-list-read-more\">Read more<i class=\"arrow_right\"><\/i><\/a>\n\t\t<\/div>\n\t<\/div>\n<\/li>\n<li class=\"edgtf-blog-list-item clearfix\">\n\t<div class=\"edgtf-blog-list-item-inner\">\n\t\t<div class=\"edgtf-item-image\">\n\t\t\t<a itemprop=\"url\" href=\"https:\/\/fibgar.es\/en\/indispensable-patfox-work-recognised-at-the-european-parliament\/\">\n\t\t\t\t<img loading=\"lazy\" decoding=\"async\" width=\"1150\" height=\"647\" src=\"https:\/\/fibgar.es\/wp-content\/uploads\/2024\/02\/IMG_20240201_173930.jpg\" class=\"attachment-full size-full wp-post-image\" alt=\"\" srcset=\"https:\/\/fibgar.es\/wp-content\/uploads\/2024\/02\/IMG_20240201_173930.jpg 1150w, https:\/\/fibgar.es\/wp-content\/uploads\/2024\/02\/IMG_20240201_173930-300x169.jpg 300w, https:\/\/fibgar.es\/wp-content\/uploads\/2024\/02\/IMG_20240201_173930-1024x576.jpg 1024w, https:\/\/fibgar.es\/wp-content\/uploads\/2024\/02\/IMG_20240201_173930-768x432.jpg 768w\" sizes=\"auto, (max-width: 1150px) 100vw, 1150px\" \/>\t\t\t<\/a>\n\t\t<\/div>\n\t\t<div class=\"edgtf-item-text-holder\" style=\"background-color:#ffffff;box-shadow:none;\">\n\t\t\t<h3 itemprop=\"name\" class=\"edgtf-item-title entry-title\">\n\t\t\t\t<a itemprop=\"url\" href=\"https:\/\/fibgar.es\/en\/indispensable-patfox-work-recognised-at-the-european-parliament\/\" >\n\t\t\t\t\t\u201cIndispensable\u201d PATFox work recognised at the European Parliament\t\t\t\t<\/a>\n\t\t\t<\/h3>\n\n\t\t\t<div class=\"edgtf-item-info-section\">\n\t\t\t\t<div class=\"edgtf-post-info-author\">by\t<a itemprop=\"author\" class=\"edgtf-post-info-author-link\" href=\"https:\/\/fibgar.es\/en\/author\/fibgaradmin\/\">\n\t\tFibgar\t<\/a>\n<\/div><div class=\"edgtf-post-info-category\">\n\t<a href=\"https:\/\/fibgar.es\/en\/category\/articles\/\" rel=\"category tag\">Articles<\/a><\/div><div itemprop=\"dateCreated\" class=\"edgtf-post-info-date entry-date updated\">\n\t\t\t01\/02\/2024\t    <meta itemprop=\"interactionCount\" content=\"UserComments: 0\"\/>\n<\/div>\t\t\t<\/div>\n\n\t\t\t\t\t\t\t<p itemprop=\"description\" class=\"edgtf-excerpt\">Today, the European Parliament (EP) adopted the Directive on protecting persons who engage in public participation from manifestly unfounded claims or...<\/p>\n\t\t\t\t\t\t<a itemprop=\"url\" href=\"https:\/\/fibgar.es\/en\/indispensable-patfox-work-recognised-at-the-european-parliament\/\" class=\"edgtf-blog-list-read-more\">Read more<i class=\"arrow_right\"><\/i><\/a>\n\t\t<\/div>\n\t<\/div>\n<\/li>\n<li class=\"edgtf-blog-list-item clearfix\">\n\t<div class=\"edgtf-blog-list-item-inner\">\n\t\t<div class=\"edgtf-item-image\">\n\t\t\t<a itemprop=\"url\" href=\"https:\/\/fibgar.es\/en\/eliminando-la-discriminacion-y-la-intolerancia-para-evitar-los-discursos-de-odio\/\">\n\t\t\t\t<img loading=\"lazy\" decoding=\"async\" width=\"1600\" height=\"900\" src=\"https:\/\/fibgar.es\/wp-content\/uploads\/2024\/01\/DIA-INTERNACIONAL5.png\" class=\"attachment-full size-full wp-post-image\" alt=\"\" srcset=\"https:\/\/fibgar.es\/wp-content\/uploads\/2024\/01\/DIA-INTERNACIONAL5.png 1600w, https:\/\/fibgar.es\/wp-content\/uploads\/2024\/01\/DIA-INTERNACIONAL5-300x169.png 300w, https:\/\/fibgar.es\/wp-content\/uploads\/2024\/01\/DIA-INTERNACIONAL5-1024x576.png 1024w, https:\/\/fibgar.es\/wp-content\/uploads\/2024\/01\/DIA-INTERNACIONAL5-768x432.png 768w, https:\/\/fibgar.es\/wp-content\/uploads\/2024\/01\/DIA-INTERNACIONAL5-1536x864.png 1536w\" sizes=\"auto, (max-width: 1600px) 100vw, 1600px\" \/>\t\t\t<\/a>\n\t\t<\/div>\n\t\t<div class=\"edgtf-item-text-holder\" style=\"background-color:#ffffff;box-shadow:none;\">\n\t\t\t<h3 itemprop=\"name\" class=\"edgtf-item-title entry-title\">\n\t\t\t\t<a itemprop=\"url\" href=\"https:\/\/fibgar.es\/en\/eliminando-la-discriminacion-y-la-intolerancia-para-evitar-los-discursos-de-odio\/\" >\n\t\t\t\t\tEliminating discrimination and intolerance to avoid hateful speeches\u00a0\t\t\t\t<\/a>\n\t\t\t<\/h3>\n\n\t\t\t<div class=\"edgtf-item-info-section\">\n\t\t\t\t<div class=\"edgtf-post-info-author\">by\t<a itemprop=\"author\" class=\"edgtf-post-info-author-link\" href=\"https:\/\/fibgar.es\/en\/author\/fibgarau\/\">\n\t\tFibgar\t<\/a>\n<\/div><div class=\"edgtf-post-info-category\">\n\t<a href=\"https:\/\/fibgar.es\/en\/category\/articles\/\" rel=\"category tag\">Articles<\/a><\/div><div itemprop=\"dateCreated\" class=\"edgtf-post-info-date entry-date updated\">\n\t\t\t29\/01\/2024\t    <meta itemprop=\"interactionCount\" content=\"UserComments: 0\"\/>\n<\/div>\t\t\t<\/div>\n\n\t\t\t\t\t\t\t<p itemprop=\"description\" class=\"edgtf-excerpt\">More than seventy years have passed since the liberation of the German Nazi concentration and extermination camp Auschwitz-Birkenau by Soviet troops, ...<\/p>\n\t\t\t\t\t\t<a itemprop=\"url\" href=\"https:\/\/fibgar.es\/en\/eliminando-la-discriminacion-y-la-intolerancia-para-evitar-los-discursos-de-odio\/\" class=\"edgtf-blog-list-read-more\">Read more<i class=\"arrow_right\"><\/i><\/a>\n\t\t<\/div>\n\t<\/div>\n<\/li>\n<li class=\"edgtf-blog-list-item clearfix\">\n\t<div class=\"edgtf-blog-list-item-inner\">\n\t\t<div class=\"edgtf-item-image\">\n\t\t\t<a itemprop=\"url\" href=\"https:\/\/fibgar.es\/en\/da-comienzo-el-cafe-de-la-memoria\/\">\n\t\t\t\t<img loading=\"lazy\" decoding=\"async\" width=\"1600\" height=\"900\" src=\"https:\/\/fibgar.es\/wp-content\/uploads\/2024\/01\/Copia-de-TW-Cafe-de-la-memoria-.png\" class=\"attachment-full size-full wp-post-image\" alt=\"\" srcset=\"https:\/\/fibgar.es\/wp-content\/uploads\/2024\/01\/Copia-de-TW-Cafe-de-la-memoria-.png 1600w, https:\/\/fibgar.es\/wp-content\/uploads\/2024\/01\/Copia-de-TW-Cafe-de-la-memoria--300x169.png 300w, https:\/\/fibgar.es\/wp-content\/uploads\/2024\/01\/Copia-de-TW-Cafe-de-la-memoria--1024x576.png 1024w, https:\/\/fibgar.es\/wp-content\/uploads\/2024\/01\/Copia-de-TW-Cafe-de-la-memoria--768x432.png 768w, https:\/\/fibgar.es\/wp-content\/uploads\/2024\/01\/Copia-de-TW-Cafe-de-la-memoria--1536x864.png 1536w\" sizes=\"auto, (max-width: 1600px) 100vw, 1600px\" \/>\t\t\t<\/a>\n\t\t<\/div>\n\t\t<div class=\"edgtf-item-text-holder\" style=\"background-color:#ffffff;box-shadow:none;\">\n\t\t\t<h3 itemprop=\"name\" class=\"edgtf-item-title entry-title\">\n\t\t\t\t<a itemprop=\"url\" href=\"https:\/\/fibgar.es\/en\/da-comienzo-el-cafe-de-la-memoria\/\" >\n\t\t\t\t\tThe Memory Coffee begins!\t\t\t\t<\/a>\n\t\t\t<\/h3>\n\n\t\t\t<div class=\"edgtf-item-info-section\">\n\t\t\t\t<div class=\"edgtf-post-info-author\">by\t<a itemprop=\"author\" class=\"edgtf-post-info-author-link\" href=\"https:\/\/fibgar.es\/en\/author\/fibgarau\/\">\n\t\tFibgar\t<\/a>\n<\/div><div class=\"edgtf-post-info-category\">\n\t<a href=\"https:\/\/fibgar.es\/en\/category\/articles\/\" rel=\"category tag\">Articles<\/a><\/div><div itemprop=\"dateCreated\" class=\"edgtf-post-info-date entry-date updated\">\n\t\t\t25\/01\/2024\t    <meta itemprop=\"interactionCount\" content=\"UserComments: 0\"\/>\n<\/div>\t\t\t<\/div>\n\n\t\t\t\t\t\t\t<p itemprop=\"description\" class=\"edgtf-excerpt\">From FIBGAR, we launched during the months of February, March and April, four virtual meetings that make up &#8220;The Memory Coffee&#8221;. In them, ...<\/p>\n\t\t\t\t\t\t<a itemprop=\"url\" href=\"https:\/\/fibgar.es\/en\/da-comienzo-el-cafe-de-la-memoria\/\" class=\"edgtf-blog-list-read-more\">Read more<i class=\"arrow_right\"><\/i><\/a>\n\t\t<\/div>\n\t<\/div>\n<\/li>\n<li class=\"edgtf-blog-list-item clearfix\">\n\t<div class=\"edgtf-blog-list-item-inner\">\n\t\t<div class=\"edgtf-item-image\">\n\t\t\t<a itemprop=\"url\" href=\"https:\/\/fibgar.es\/en\/evento-final-de-nuestro-proyecto-patfox-en-el-parlamento-europeo\/\">\n\t\t\t\t<img loading=\"lazy\" decoding=\"async\" width=\"6912\" height=\"3456\" src=\"https:\/\/fibgar.es\/wp-content\/uploads\/2024\/01\/Banner.png\" class=\"attachment-full size-full wp-post-image\" alt=\"\" srcset=\"https:\/\/fibgar.es\/wp-content\/uploads\/2024\/01\/Banner.png 6912w, https:\/\/fibgar.es\/wp-content\/uploads\/2024\/01\/Banner-300x150.png 300w, https:\/\/fibgar.es\/wp-content\/uploads\/2024\/01\/Banner-1024x512.png 1024w, https:\/\/fibgar.es\/wp-content\/uploads\/2024\/01\/Banner-768x384.png 768w, https:\/\/fibgar.es\/wp-content\/uploads\/2024\/01\/Banner-1536x768.png 1536w, https:\/\/fibgar.es\/wp-content\/uploads\/2024\/01\/Banner-1000x500.png 1000w\" sizes=\"auto, (max-width: 6912px) 100vw, 6912px\" \/>\t\t\t<\/a>\n\t\t<\/div>\n\t\t<div class=\"edgtf-item-text-holder\" style=\"background-color:#ffffff;box-shadow:none;\">\n\t\t\t<h3 itemprop=\"name\" class=\"edgtf-item-title entry-title\">\n\t\t\t\t<a itemprop=\"url\" href=\"https:\/\/fibgar.es\/en\/evento-final-de-nuestro-proyecto-patfox-en-el-parlamento-europeo\/\" >\n\t\t\t\t\tFinal event of our project PATFOX in the European Parliament\u00a0\t\t\t\t<\/a>\n\t\t\t<\/h3>\n\n\t\t\t<div class=\"edgtf-item-info-section\">\n\t\t\t\t<div class=\"edgtf-post-info-author\">by\t<a itemprop=\"author\" class=\"edgtf-post-info-author-link\" href=\"https:\/\/fibgar.es\/en\/author\/fibgarau\/\">\n\t\tFibgar\t<\/a>\n<\/div><div class=\"edgtf-post-info-category\">\n\t<a href=\"https:\/\/fibgar.es\/en\/category\/articles\/\" rel=\"category tag\">Articles<\/a>, <a href=\"https:\/\/fibgar.es\/en\/category\/sin-categorizar\/\" rel=\"category tag\">Sin categorizar<\/a><\/div><div itemprop=\"dateCreated\" class=\"edgtf-post-info-date entry-date updated\">\n\t\t\t24\/01\/2024\t    <meta itemprop=\"interactionCount\" content=\"UserComments: 0\"\/>\n<\/div>\t\t\t<\/div>\n\n\t\t\t\t\t\t\t<p itemprop=\"description\" class=\"edgtf-excerpt\">The Pioneering Anti-SLAPP Training for Freedom of Expression (PATFOX) project, co-funded by the European Commission and led by FIBGAR, comes to an end...<\/p>\n\t\t\t\t\t\t<a itemprop=\"url\" href=\"https:\/\/fibgar.es\/en\/evento-final-de-nuestro-proyecto-patfox-en-el-parlamento-europeo\/\" class=\"edgtf-blog-list-read-more\">Read more<i class=\"arrow_right\"><\/i><\/a>\n\t\t<\/div>\n\t<\/div>\n<\/li>\n<li class=\"edgtf-blog-list-item clearfix\">\n\t<div class=\"edgtf-blog-list-item-inner\">\n\t\t<div class=\"edgtf-item-image\">\n\t\t\t<a itemprop=\"url\" href=\"https:\/\/fibgar.es\/en\/educacion-y-derechos-humanos-un-desafio-global\/\">\n\t\t\t\t<img loading=\"lazy\" decoding=\"async\" width=\"1600\" height=\"900\" src=\"https:\/\/fibgar.es\/wp-content\/uploads\/2024\/01\/DIA-INTERNACIONAL6.png\" class=\"attachment-full size-full wp-post-image\" alt=\"\" srcset=\"https:\/\/fibgar.es\/wp-content\/uploads\/2024\/01\/DIA-INTERNACIONAL6.png 1600w, https:\/\/fibgar.es\/wp-content\/uploads\/2024\/01\/DIA-INTERNACIONAL6-300x169.png 300w, https:\/\/fibgar.es\/wp-content\/uploads\/2024\/01\/DIA-INTERNACIONAL6-1024x576.png 1024w, https:\/\/fibgar.es\/wp-content\/uploads\/2024\/01\/DIA-INTERNACIONAL6-768x432.png 768w, https:\/\/fibgar.es\/wp-content\/uploads\/2024\/01\/DIA-INTERNACIONAL6-1536x864.png 1536w\" sizes=\"auto, (max-width: 1600px) 100vw, 1600px\" \/>\t\t\t<\/a>\n\t\t<\/div>\n\t\t<div class=\"edgtf-item-text-holder\" style=\"background-color:#ffffff;box-shadow:none;\">\n\t\t\t<h3 itemprop=\"name\" class=\"edgtf-item-title entry-title\">\n\t\t\t\t<a itemprop=\"url\" href=\"https:\/\/fibgar.es\/en\/educacion-y-derechos-humanos-un-desafio-global\/\" >\n\t\t\t\t\tEducation and Human Rights: a global challenge\u00a0\t\t\t\t<\/a>\n\t\t\t<\/h3>\n\n\t\t\t<div class=\"edgtf-item-info-section\">\n\t\t\t\t<div class=\"edgtf-post-info-author\">by\t<a itemprop=\"author\" class=\"edgtf-post-info-author-link\" href=\"https:\/\/fibgar.es\/en\/author\/fibgarau\/\">\n\t\tFibgar\t<\/a>\n<\/div><div class=\"edgtf-post-info-category\">\n\t<a href=\"https:\/\/fibgar.es\/en\/category\/articles\/\" rel=\"category tag\">Articles<\/a><\/div><div itemprop=\"dateCreated\" class=\"edgtf-post-info-date entry-date updated\">\n\t\t\t24\/01\/2024\t    <meta itemprop=\"interactionCount\" content=\"UserComments: 0\"\/>\n<\/div>\t\t\t<\/div>\n\n\t\t\t\t\t\t\t<p itemprop=\"description\" class=\"edgtf-excerpt\">In 2018, the United Nations General Assembly proclaimed January 24 as Education Day. In this sixth edition, the slogan &#8220;Learning for lasting pea...<\/p>\n\t\t\t\t\t\t<a itemprop=\"url\" href=\"https:\/\/fibgar.es\/en\/educacion-y-derechos-humanos-un-desafio-global\/\" class=\"edgtf-blog-list-read-more\">Read more<i class=\"arrow_right\"><\/i><\/a>\n\t\t<\/div>\n\t<\/div>\n<\/li>\n<li class=\"edgtf-blog-list-item clearfix\">\n\t<div class=\"edgtf-blog-list-item-inner\">\n\t\t<div class=\"edgtf-item-image\">\n\t\t\t<a itemprop=\"url\" href=\"https:\/\/fibgar.es\/en\/towards-a-european-identity\/\">\n\t\t\t\t<img loading=\"lazy\" decoding=\"async\" width=\"1600\" height=\"900\" src=\"https:\/\/fibgar.es\/wp-content\/uploads\/2024\/01\/Hacia-una-identidad-europea.png\" class=\"attachment-full size-full wp-post-image\" alt=\"\" srcset=\"https:\/\/fibgar.es\/wp-content\/uploads\/2024\/01\/Hacia-una-identidad-europea.png 1600w, https:\/\/fibgar.es\/wp-content\/uploads\/2024\/01\/Hacia-una-identidad-europea-300x169.png 300w, https:\/\/fibgar.es\/wp-content\/uploads\/2024\/01\/Hacia-una-identidad-europea-1024x576.png 1024w, https:\/\/fibgar.es\/wp-content\/uploads\/2024\/01\/Hacia-una-identidad-europea-768x432.png 768w, https:\/\/fibgar.es\/wp-content\/uploads\/2024\/01\/Hacia-una-identidad-europea-1536x864.png 1536w\" sizes=\"auto, (max-width: 1600px) 100vw, 1600px\" \/>\t\t\t<\/a>\n\t\t<\/div>\n\t\t<div class=\"edgtf-item-text-holder\" style=\"background-color:#ffffff;box-shadow:none;\">\n\t\t\t<h3 itemprop=\"name\" class=\"edgtf-item-title entry-title\">\n\t\t\t\t<a itemprop=\"url\" href=\"https:\/\/fibgar.es\/en\/towards-a-european-identity\/\" >\n\t\t\t\t\tTowards a European identity\t\t\t\t<\/a>\n\t\t\t<\/h3>\n\n\t\t\t<div class=\"edgtf-item-info-section\">\n\t\t\t\t<div class=\"edgtf-post-info-author\">by\t<a itemprop=\"author\" class=\"edgtf-post-info-author-link\" href=\"https:\/\/fibgar.es\/en\/author\/fibgaradmin\/\">\n\t\tFibgar\t<\/a>\n<\/div><div class=\"edgtf-post-info-category\">\n\t<a href=\"https:\/\/fibgar.es\/en\/category\/articles\/\" rel=\"category tag\">Articles<\/a><\/div><div itemprop=\"dateCreated\" class=\"edgtf-post-info-date entry-date updated\">\n\t\t\t23\/01\/2024\t    <meta itemprop=\"interactionCount\" content=\"UserComments: 0\"\/>\n<\/div>\t\t\t<\/div>\n\n\t\t\t\t\t\t\t<p itemprop=\"description\" class=\"edgtf-excerpt\">Towards a European identity: the role of civil society organizations in the promotion of democratic memory policies. ...<\/p>\n\t\t\t\t\t\t<a itemprop=\"url\" href=\"https:\/\/fibgar.es\/en\/towards-a-european-identity\/\" class=\"edgtf-blog-list-read-more\">Read more<i class=\"arrow_right\"><\/i><\/a>\n\t\t<\/div>\n\t<\/div>\n<\/li>\n<li class=\"edgtf-blog-list-item clearfix\">\n\t<div class=\"edgtf-blog-list-item-inner\">\n\t\t<div class=\"edgtf-item-image\">\n\t\t\t<a itemprop=\"url\" href=\"https:\/\/fibgar.es\/en\/un-ejemplo-mundial-en-materia-de-memoria-verdad-y-justicia-el-dossier-sobre-la-evolucion-de-las-sentencias-pronunciadas-en-argentina-en-juicios-de-lesa-humanidad-elaborado-por-la-procuraduria-de-cri\/\">\n\t\t\t\t<img loading=\"lazy\" decoding=\"async\" width=\"2560\" height=\"1707\" src=\"https:\/\/fibgar.es\/wp-content\/uploads\/2024\/01\/angelica-reyes-cs9v06TuiT8-unsplash-scaled.jpg\" class=\"attachment-full size-full wp-post-image\" alt=\"\" srcset=\"https:\/\/fibgar.es\/wp-content\/uploads\/2024\/01\/angelica-reyes-cs9v06TuiT8-unsplash-scaled.jpg 2560w, https:\/\/fibgar.es\/wp-content\/uploads\/2024\/01\/angelica-reyes-cs9v06TuiT8-unsplash-300x200.jpg 300w, https:\/\/fibgar.es\/wp-content\/uploads\/2024\/01\/angelica-reyes-cs9v06TuiT8-unsplash-1024x683.jpg 1024w, https:\/\/fibgar.es\/wp-content\/uploads\/2024\/01\/angelica-reyes-cs9v06TuiT8-unsplash-768x512.jpg 768w, https:\/\/fibgar.es\/wp-content\/uploads\/2024\/01\/angelica-reyes-cs9v06TuiT8-unsplash-1536x1024.jpg 1536w\" sizes=\"auto, (max-width: 2560px) 100vw, 2560px\" \/>\t\t\t<\/a>\n\t\t<\/div>\n\t\t<div class=\"edgtf-item-text-holder\" style=\"background-color:#ffffff;box-shadow:none;\">\n\t\t\t<h3 itemprop=\"name\" class=\"edgtf-item-title entry-title\">\n\t\t\t\t<a itemprop=\"url\" href=\"https:\/\/fibgar.es\/en\/un-ejemplo-mundial-en-materia-de-memoria-verdad-y-justicia-el-dossier-sobre-la-evolucion-de-las-sentencias-pronunciadas-en-argentina-en-juicios-de-lesa-humanidad-elaborado-por-la-procuraduria-de-cri\/\" >\n\t\t\t\t\tA global example of memory, truth and justice: the Dossier on the evolution of sentences handed down in Argentina in trials for crimes against humanity prepared by the Office of the Prosecutor for Crimes against Humanity\t\t\t\t<\/a>\n\t\t\t<\/h3>\n\n\t\t\t<div class=\"edgtf-item-info-section\">\n\t\t\t\t<div class=\"edgtf-post-info-author\">by\t<a itemprop=\"author\" class=\"edgtf-post-info-author-link\" href=\"https:\/\/fibgar.es\/en\/author\/fibgarau\/\">\n\t\tFibgar\t<\/a>\n<\/div><div class=\"edgtf-post-info-category\">\n\t<a href=\"https:\/\/fibgar.es\/en\/category\/articles\/\" rel=\"category tag\">Articles<\/a><\/div><div itemprop=\"dateCreated\" class=\"edgtf-post-info-date entry-date updated\">\n\t\t\t17\/01\/2024\t    <meta itemprop=\"interactionCount\" content=\"UserComments: 0\"\/>\n<\/div>\t\t\t<\/div>\n\n\t\t\t\t\t\t\t<p itemprop=\"description\" class=\"edgtf-excerpt\">&#8220;It is necessary to shield the Never Again, as an input for democracy, because violence is the hydra with a thousand heads&#8221;. Jorge Auat. F...<\/p>\n\t\t\t\t\t\t<a itemprop=\"url\" href=\"https:\/\/fibgar.es\/en\/un-ejemplo-mundial-en-materia-de-memoria-verdad-y-justicia-el-dossier-sobre-la-evolucion-de-las-sentencias-pronunciadas-en-argentina-en-juicios-de-lesa-humanidad-elaborado-por-la-procuraduria-de-cri\/\" class=\"edgtf-blog-list-read-more\">Read more<i class=\"arrow_right\"><\/i><\/a>\n\t\t<\/div>\n\t<\/div>\n<\/li>\n<li class=\"edgtf-blog-list-item clearfix\">\n\t<div class=\"edgtf-blog-list-item-inner\">\n\t\t<div class=\"edgtf-item-image\">\n\t\t\t<a itemprop=\"url\" href=\"https:\/\/fibgar.es\/en\/dia-internacional-sobre-la-solidaridad-humana-un-valor-universal-para-construir-un-mundo-mas-humanitario-justo-e-igualitario\/\">\n\t\t\t\t<img loading=\"lazy\" decoding=\"async\" width=\"3200\" height=\"1800\" src=\"https:\/\/fibgar.es\/wp-content\/uploads\/2023\/12\/DIA-INTERNACIONAL10.png\" class=\"attachment-full size-full wp-post-image\" alt=\"\" srcset=\"https:\/\/fibgar.es\/wp-content\/uploads\/2023\/12\/DIA-INTERNACIONAL10.png 3200w, https:\/\/fibgar.es\/wp-content\/uploads\/2023\/12\/DIA-INTERNACIONAL10-300x169.png 300w, https:\/\/fibgar.es\/wp-content\/uploads\/2023\/12\/DIA-INTERNACIONAL10-1024x576.png 1024w, https:\/\/fibgar.es\/wp-content\/uploads\/2023\/12\/DIA-INTERNACIONAL10-768x432.png 768w, https:\/\/fibgar.es\/wp-content\/uploads\/2023\/12\/DIA-INTERNACIONAL10-1536x864.png 1536w\" sizes=\"auto, (max-width: 3200px) 100vw, 3200px\" \/>\t\t\t<\/a>\n\t\t<\/div>\n\t\t<div class=\"edgtf-item-text-holder\" style=\"background-color:#ffffff;box-shadow:none;\">\n\t\t\t<h3 itemprop=\"name\" class=\"edgtf-item-title entry-title\">\n\t\t\t\t<a itemprop=\"url\" href=\"https:\/\/fibgar.es\/en\/dia-internacional-sobre-la-solidaridad-humana-un-valor-universal-para-construir-un-mundo-mas-humanitario-justo-e-igualitario\/\" >\n\t\t\t\t\tInternational Day of Human Solidarity: a universal value for building a more humanitarian, just and egalitarian world\t\t\t\t<\/a>\n\t\t\t<\/h3>\n\n\t\t\t<div class=\"edgtf-item-info-section\">\n\t\t\t\t<div class=\"edgtf-post-info-author\">by\t<a itemprop=\"author\" class=\"edgtf-post-info-author-link\" href=\"https:\/\/fibgar.es\/en\/author\/fibgarau\/\">\n\t\tFibgar\t<\/a>\n<\/div><div class=\"edgtf-post-info-category\">\n\t<a href=\"https:\/\/fibgar.es\/en\/category\/articles\/\" rel=\"category tag\">Articles<\/a><\/div><div itemprop=\"dateCreated\" class=\"edgtf-post-info-date entry-date updated\">\n\t\t\t20\/12\/2023\t    <meta itemprop=\"interactionCount\" content=\"UserComments: 0\"\/>\n<\/div>\t\t\t<\/div>\n\n\t\t\t\t\t\t\t<p itemprop=\"description\" class=\"edgtf-excerpt\">&#8220;Many small people, in small places, doing small things, can change the world.&#8221; Eduardo Galeano. The International Day of Human Solidarity...<\/p>\n\t\t\t\t\t\t<a itemprop=\"url\" href=\"https:\/\/fibgar.es\/en\/dia-internacional-sobre-la-solidaridad-humana-un-valor-universal-para-construir-un-mundo-mas-humanitario-justo-e-igualitario\/\" class=\"edgtf-blog-list-read-more\">Read more<i class=\"arrow_right\"><\/i><\/a>\n\t\t<\/div>\n\t<\/div>\n<\/li>\n<li class=\"edgtf-blog-list-item clearfix\">\n\t<div class=\"edgtf-blog-list-item-inner\">\n\t\t<div class=\"edgtf-item-image\">\n\t\t\t<a itemprop=\"url\" href=\"https:\/\/fibgar.es\/en\/la-contribucion-de-las-personas-migrantes-en-el-crecimiento-inclusivo-y-el-desarrollo-sostenible-hacia-una-migracion-segura-ordenada-y-regulada\/\">\n\t\t\t\t<img loading=\"lazy\" decoding=\"async\" width=\"3200\" height=\"1800\" src=\"https:\/\/fibgar.es\/wp-content\/uploads\/2023\/12\/DIA-INTERNACIONAL9.png\" class=\"attachment-full size-full wp-post-image\" alt=\"\" srcset=\"https:\/\/fibgar.es\/wp-content\/uploads\/2023\/12\/DIA-INTERNACIONAL9.png 3200w, https:\/\/fibgar.es\/wp-content\/uploads\/2023\/12\/DIA-INTERNACIONAL9-300x169.png 300w, https:\/\/fibgar.es\/wp-content\/uploads\/2023\/12\/DIA-INTERNACIONAL9-1024x576.png 1024w, https:\/\/fibgar.es\/wp-content\/uploads\/2023\/12\/DIA-INTERNACIONAL9-768x432.png 768w, https:\/\/fibgar.es\/wp-content\/uploads\/2023\/12\/DIA-INTERNACIONAL9-1536x864.png 1536w\" sizes=\"auto, (max-width: 3200px) 100vw, 3200px\" \/>\t\t\t<\/a>\n\t\t<\/div>\n\t\t<div class=\"edgtf-item-text-holder\" style=\"background-color:#ffffff;box-shadow:none;\">\n\t\t\t<h3 itemprop=\"name\" class=\"edgtf-item-title entry-title\">\n\t\t\t\t<a itemprop=\"url\" href=\"https:\/\/fibgar.es\/en\/la-contribucion-de-las-personas-migrantes-en-el-crecimiento-inclusivo-y-el-desarrollo-sostenible-hacia-una-migracion-segura-ordenada-y-regulada\/\" >\n\t\t\t\t\tThe contribution of migrants to inclusive growth and sustainable development: towards a safe, orderly and regulated migration\t\t\t\t<\/a>\n\t\t\t<\/h3>\n\n\t\t\t<div class=\"edgtf-item-info-section\">\n\t\t\t\t<div class=\"edgtf-post-info-author\">by\t<a itemprop=\"author\" class=\"edgtf-post-info-author-link\" href=\"https:\/\/fibgar.es\/en\/author\/fibgarau\/\">\n\t\tFibgar\t<\/a>\n<\/div><div class=\"edgtf-post-info-category\">\n\t<a href=\"https:\/\/fibgar.es\/en\/category\/articles\/\" rel=\"category tag\">Articles<\/a><\/div><div itemprop=\"dateCreated\" class=\"edgtf-post-info-date entry-date updated\">\n\t\t\t18\/12\/2023\t    <meta itemprop=\"interactionCount\" content=\"UserComments: 0\"\/>\n<\/div>\t\t\t<\/div>\n\n\t\t\t\t\t\t\t<p itemprop=\"description\" class=\"edgtf-excerpt\">Whether in search of a better future or for reasons of force majeure, migrants have existed since the beginning of humanity. Migration is an important...<\/p>\n\t\t\t\t\t\t<a itemprop=\"url\" href=\"https:\/\/fibgar.es\/en\/la-contribucion-de-las-personas-migrantes-en-el-crecimiento-inclusivo-y-el-desarrollo-sostenible-hacia-una-migracion-segura-ordenada-y-regulada\/\" class=\"edgtf-blog-list-read-more\">Read more<i class=\"arrow_right\"><\/i><\/a>\n\t\t<\/div>\n\t<\/div>\n<\/li>\n<li class=\"edgtf-blog-list-item clearfix\">\n\t<div class=\"edgtf-blog-list-item-inner\">\n\t\t<div class=\"edgtf-item-image\">\n\t\t\t<a itemprop=\"url\" href=\"https:\/\/fibgar.es\/en\/dia-internacional-contra-la-corrupcion-veinte-anos-de-lucha\/\">\n\t\t\t\t<img loading=\"lazy\" decoding=\"async\" width=\"3200\" height=\"1800\" src=\"https:\/\/fibgar.es\/wp-content\/uploads\/2023\/12\/DIA-INTERNACIONAL7.png\" class=\"attachment-full size-full wp-post-image\" alt=\"\" srcset=\"https:\/\/fibgar.es\/wp-content\/uploads\/2023\/12\/DIA-INTERNACIONAL7.png 3200w, https:\/\/fibgar.es\/wp-content\/uploads\/2023\/12\/DIA-INTERNACIONAL7-300x169.png 300w, https:\/\/fibgar.es\/wp-content\/uploads\/2023\/12\/DIA-INTERNACIONAL7-1024x576.png 1024w, https:\/\/fibgar.es\/wp-content\/uploads\/2023\/12\/DIA-INTERNACIONAL7-768x432.png 768w, https:\/\/fibgar.es\/wp-content\/uploads\/2023\/12\/DIA-INTERNACIONAL7-1536x864.png 1536w\" sizes=\"auto, (max-width: 3200px) 100vw, 3200px\" \/>\t\t\t<\/a>\n\t\t<\/div>\n\t\t<div class=\"edgtf-item-text-holder\" style=\"background-color:#ffffff;box-shadow:none;\">\n\t\t\t<h3 itemprop=\"name\" class=\"edgtf-item-title entry-title\">\n\t\t\t\t<a itemprop=\"url\" href=\"https:\/\/fibgar.es\/en\/dia-internacional-contra-la-corrupcion-veinte-anos-de-lucha\/\" >\n\t\t\t\t\tInternational Anti-Corruption Day: Twenty Years of Fighting Back\t\t\t\t<\/a>\n\t\t\t<\/h3>\n\n\t\t\t<div class=\"edgtf-item-info-section\">\n\t\t\t\t<div class=\"edgtf-post-info-author\">by\t<a itemprop=\"author\" class=\"edgtf-post-info-author-link\" href=\"https:\/\/fibgar.es\/en\/author\/fibgarau\/\">\n\t\tFibgar\t<\/a>\n<\/div><div class=\"edgtf-post-info-category\">\n\t<a href=\"https:\/\/fibgar.es\/en\/category\/articles\/\" rel=\"category tag\">Articles<\/a><\/div><div itemprop=\"dateCreated\" class=\"edgtf-post-info-date entry-date updated\">\n\t\t\t09\/12\/2023\t    <meta itemprop=\"interactionCount\" content=\"UserComments: 0\"\/>\n<\/div>\t\t\t<\/div>\n\n\t\t\t\t\t\t\t<p itemprop=\"description\" class=\"edgtf-excerpt\">&#8220;Corruption is an insidious plague [&#8230;] It undermines democracy and the rule of law, leads to human rights violations, distorts markets, er...<\/p>\n\t\t\t\t\t\t<a itemprop=\"url\" href=\"https:\/\/fibgar.es\/en\/dia-internacional-contra-la-corrupcion-veinte-anos-de-lucha\/\" class=\"edgtf-blog-list-read-more\">Read more<i class=\"arrow_right\"><\/i><\/a>\n\t\t<\/div>\n\t<\/div>\n<\/li>\n<li class=\"edgtf-blog-list-item clearfix\">\n\t<div class=\"edgtf-blog-list-item-inner\">\n\t\t<div class=\"edgtf-item-image\">\n\t\t\t<a itemprop=\"url\" href=\"https:\/\/fibgar.es\/en\/a-threat-to-the-status-quo-the-work-of-women-human-rights-defenders\/\">\n\t\t\t\t<img loading=\"lazy\" decoding=\"async\" width=\"1600\" height=\"900\" src=\"https:\/\/fibgar.es\/wp-content\/uploads\/2023\/11\/DIA-INTERNACIONAL.png\" class=\"attachment-full size-full wp-post-image\" alt=\"\" srcset=\"https:\/\/fibgar.es\/wp-content\/uploads\/2023\/11\/DIA-INTERNACIONAL.png 1600w, https:\/\/fibgar.es\/wp-content\/uploads\/2023\/11\/DIA-INTERNACIONAL-300x169.png 300w, https:\/\/fibgar.es\/wp-content\/uploads\/2023\/11\/DIA-INTERNACIONAL-1024x576.png 1024w, https:\/\/fibgar.es\/wp-content\/uploads\/2023\/11\/DIA-INTERNACIONAL-768x432.png 768w, https:\/\/fibgar.es\/wp-content\/uploads\/2023\/11\/DIA-INTERNACIONAL-1536x864.png 1536w\" sizes=\"auto, (max-width: 1600px) 100vw, 1600px\" \/>\t\t\t<\/a>\n\t\t<\/div>\n\t\t<div class=\"edgtf-item-text-holder\" style=\"background-color:#ffffff;box-shadow:none;\">\n\t\t\t<h3 itemprop=\"name\" class=\"edgtf-item-title entry-title\">\n\t\t\t\t<a itemprop=\"url\" href=\"https:\/\/fibgar.es\/en\/a-threat-to-the-status-quo-the-work-of-women-human-rights-defenders\/\" >\n\t\t\t\t\tA threat to the status quo: the work of women human rights defenders\t\t\t\t<\/a>\n\t\t\t<\/h3>\n\n\t\t\t<div class=\"edgtf-item-info-section\">\n\t\t\t\t<div class=\"edgtf-post-info-author\">by\t<a itemprop=\"author\" class=\"edgtf-post-info-author-link\" href=\"https:\/\/fibgar.es\/en\/author\/fibgarau\/\">\n\t\tFibgar\t<\/a>\n<\/div><div class=\"edgtf-post-info-category\">\n\t<a href=\"https:\/\/fibgar.es\/en\/category\/articles\/\" rel=\"category tag\">Articles<\/a><\/div><div itemprop=\"dateCreated\" class=\"edgtf-post-info-date entry-date updated\">\n\t\t\t29\/11\/2023\t    <meta itemprop=\"interactionCount\" content=\"UserComments: 0\"\/>\n<\/div>\t\t\t<\/div>\n\n\t\t\t\t\t\t\t<p itemprop=\"description\" class=\"edgtf-excerpt\">If the incorporation of Human Rights in international instruments marked a before and after in the respect for the condition of people and the recogni...<\/p>\n\t\t\t\t\t\t<a itemprop=\"url\" href=\"https:\/\/fibgar.es\/en\/a-threat-to-the-status-quo-the-work-of-women-human-rights-defenders\/\" class=\"edgtf-blog-list-read-more\">Read more<i class=\"arrow_right\"><\/i><\/a>\n\t\t<\/div>\n\t<\/div>\n<\/li>\n<li class=\"edgtf-blog-list-item clearfix\">\n\t<div class=\"edgtf-blog-list-item-inner\">\n\t\t<div class=\"edgtf-item-image\">\n\t\t\t<a itemprop=\"url\" href=\"https:\/\/fibgar.es\/en\/the-bumpy-road-to-eliminating-violence-against-women-the-influence-of-crisis-contexts-on-the-trafficking-of-women-and-girls\/\">\n\t\t\t\t<img loading=\"lazy\" decoding=\"async\" width=\"3400\" height=\"1912\" src=\"https:\/\/fibgar.es\/wp-content\/uploads\/2023\/11\/DIA-INTERNACIONAL6.png\" class=\"attachment-full size-full wp-post-image\" alt=\"\" srcset=\"https:\/\/fibgar.es\/wp-content\/uploads\/2023\/11\/DIA-INTERNACIONAL6.png 3400w, https:\/\/fibgar.es\/wp-content\/uploads\/2023\/11\/DIA-INTERNACIONAL6-300x169.png 300w, https:\/\/fibgar.es\/wp-content\/uploads\/2023\/11\/DIA-INTERNACIONAL6-1024x576.png 1024w, https:\/\/fibgar.es\/wp-content\/uploads\/2023\/11\/DIA-INTERNACIONAL6-768x432.png 768w, https:\/\/fibgar.es\/wp-content\/uploads\/2023\/11\/DIA-INTERNACIONAL6-1536x864.png 1536w\" sizes=\"auto, (max-width: 3400px) 100vw, 3400px\" \/>\t\t\t<\/a>\n\t\t<\/div>\n\t\t<div class=\"edgtf-item-text-holder\" style=\"background-color:#ffffff;box-shadow:none;\">\n\t\t\t<h3 itemprop=\"name\" class=\"edgtf-item-title entry-title\">\n\t\t\t\t<a itemprop=\"url\" href=\"https:\/\/fibgar.es\/en\/the-bumpy-road-to-eliminating-violence-against-women-the-influence-of-crisis-contexts-on-the-trafficking-of-women-and-girls\/\" >\n\t\t\t\t\tThe bumpy road to eliminating violence against women: the influence of crisis contexts on the trafficking of women and girls\t\t\t\t<\/a>\n\t\t\t<\/h3>\n\n\t\t\t<div class=\"edgtf-item-info-section\">\n\t\t\t\t<div class=\"edgtf-post-info-author\">by\t<a itemprop=\"author\" class=\"edgtf-post-info-author-link\" href=\"https:\/\/fibgar.es\/en\/author\/fibgarau\/\">\n\t\tFibgar\t<\/a>\n<\/div><div class=\"edgtf-post-info-category\">\n\t<a href=\"https:\/\/fibgar.es\/en\/category\/articles\/\" rel=\"category tag\">Articles<\/a><\/div><div itemprop=\"dateCreated\" class=\"edgtf-post-info-date entry-date updated\">\n\t\t\t24\/11\/2023\t    <meta itemprop=\"interactionCount\" content=\"UserComments: 0\"\/>\n<\/div>\t\t\t<\/div>\n\n\t\t\t\t\t\t\t<p itemprop=\"description\" class=\"edgtf-excerpt\">The context of historical and structural discrimination against women is manifested in practices that have affected, unfortunately affect and will con...<\/p>\n\t\t\t\t\t\t<a itemprop=\"url\" href=\"https:\/\/fibgar.es\/en\/the-bumpy-road-to-eliminating-violence-against-women-the-influence-of-crisis-contexts-on-the-trafficking-of-women-and-girls\/\" class=\"edgtf-blog-list-read-more\">Read more<i class=\"arrow_right\"><\/i><\/a>\n\t\t<\/div>\n\t<\/div>\n<\/li>\n<li class=\"edgtf-blog-list-item clearfix\">\n\t<div class=\"edgtf-blog-list-item-inner\">\n\t\t<div class=\"edgtf-item-image\">\n\t\t\t<a itemprop=\"url\" href=\"https:\/\/fibgar.es\/en\/celebration-of-the-final-event-of-the-project-memorizate-lets-commit-to-democratic-memory\/\">\n\t\t\t\t<img loading=\"lazy\" decoding=\"async\" width=\"1024\" height=\"1365\" src=\"https:\/\/fibgar.es\/wp-content\/uploads\/2023\/11\/29f1473f-2143-41c1-9884-8b56d8f1927a.jpeg\" class=\"attachment-full size-full wp-post-image\" alt=\"\" srcset=\"https:\/\/fibgar.es\/wp-content\/uploads\/2023\/11\/29f1473f-2143-41c1-9884-8b56d8f1927a.jpeg 1024w, https:\/\/fibgar.es\/wp-content\/uploads\/2023\/11\/29f1473f-2143-41c1-9884-8b56d8f1927a-225x300.jpeg 225w, https:\/\/fibgar.es\/wp-content\/uploads\/2023\/11\/29f1473f-2143-41c1-9884-8b56d8f1927a-768x1024.jpeg 768w, https:\/\/fibgar.es\/wp-content\/uploads\/2023\/11\/29f1473f-2143-41c1-9884-8b56d8f1927a-600x800.jpeg 600w\" sizes=\"auto, (max-width: 1024px) 100vw, 1024px\" \/>\t\t\t<\/a>\n\t\t<\/div>\n\t\t<div class=\"edgtf-item-text-holder\" style=\"background-color:#ffffff;box-shadow:none;\">\n\t\t\t<h3 itemprop=\"name\" class=\"edgtf-item-title entry-title\">\n\t\t\t\t<a itemprop=\"url\" href=\"https:\/\/fibgar.es\/en\/celebration-of-the-final-event-of-the-project-memorizate-lets-commit-to-democratic-memory\/\" >\n\t\t\t\t\tCelebration of the final event of the project \u00a1Memor\u00edzate! &#8211; Let&#8217;s commit to democratic memory!\t\t\t\t<\/a>\n\t\t\t<\/h3>\n\n\t\t\t<div class=\"edgtf-item-info-section\">\n\t\t\t\t<div class=\"edgtf-post-info-author\">by\t<a itemprop=\"author\" class=\"edgtf-post-info-author-link\" href=\"https:\/\/fibgar.es\/en\/author\/fibgaradmin\/\">\n\t\tFibgar\t<\/a>\n<\/div><div class=\"edgtf-post-info-category\">\n\t<a href=\"https:\/\/fibgar.es\/en\/category\/articles\/\" rel=\"category tag\">Articles<\/a><\/div><div itemprop=\"dateCreated\" class=\"edgtf-post-info-date entry-date updated\">\n\t\t\t23\/11\/2023\t    <meta itemprop=\"interactionCount\" content=\"UserComments: 0\"\/>\n<\/div>\t\t\t<\/div>\n\n\t\t\t\t\t\t\t<p itemprop=\"description\" class=\"edgtf-excerpt\">El evento Construyendo las memorias de pasado, presente y futuro de la democracia europea: experiencias del proyecto Memor\u00edzate tuvo lugar el mi\u00e9rco...<\/p>\n\t\t\t\t\t\t<a itemprop=\"url\" href=\"https:\/\/fibgar.es\/en\/celebration-of-the-final-event-of-the-project-memorizate-lets-commit-to-democratic-memory\/\" class=\"edgtf-blog-list-read-more\">Read more<i class=\"arrow_right\"><\/i><\/a>\n\t\t<\/div>\n\t<\/div>\n<\/li>\n<li class=\"edgtf-blog-list-item clearfix\">\n\t<div class=\"edgtf-blog-list-item-inner\">\n\t\t<div class=\"edgtf-item-image\">\n\t\t\t<a itemprop=\"url\" href=\"https:\/\/fibgar.es\/en\/the-european-commission-focuses-on-reforming-its-anti-trafficking-directive-and-promotes-the-incorporation-of-more-efficient-rules-in-the-face-of-its-evolving-dynamics\/\">\n\t\t\t\t<img loading=\"lazy\" decoding=\"async\" width=\"3200\" height=\"1800\" src=\"https:\/\/fibgar.es\/wp-content\/uploads\/2023\/11\/POST-GENERICO-3.png\" class=\"attachment-full size-full wp-post-image\" alt=\"\" srcset=\"https:\/\/fibgar.es\/wp-content\/uploads\/2023\/11\/POST-GENERICO-3.png 3200w, https:\/\/fibgar.es\/wp-content\/uploads\/2023\/11\/POST-GENERICO-3-300x169.png 300w, https:\/\/fibgar.es\/wp-content\/uploads\/2023\/11\/POST-GENERICO-3-1024x576.png 1024w, https:\/\/fibgar.es\/wp-content\/uploads\/2023\/11\/POST-GENERICO-3-768x432.png 768w, https:\/\/fibgar.es\/wp-content\/uploads\/2023\/11\/POST-GENERICO-3-1536x864.png 1536w\" sizes=\"auto, (max-width: 3200px) 100vw, 3200px\" \/>\t\t\t<\/a>\n\t\t<\/div>\n\t\t<div class=\"edgtf-item-text-holder\" style=\"background-color:#ffffff;box-shadow:none;\">\n\t\t\t<h3 itemprop=\"name\" class=\"edgtf-item-title entry-title\">\n\t\t\t\t<a itemprop=\"url\" href=\"https:\/\/fibgar.es\/en\/the-european-commission-focuses-on-reforming-its-anti-trafficking-directive-and-promotes-the-incorporation-of-more-efficient-rules-in-the-face-of-its-evolving-dynamics\/\" >\n\t\t\t\t\tThe European Commission focuses on reforming its Anti-Trafficking Directive and promotes the incorporation of more efficient rules in the face of its evolving dynamics.\t\t\t\t<\/a>\n\t\t\t<\/h3>\n\n\t\t\t<div class=\"edgtf-item-info-section\">\n\t\t\t\t<div class=\"edgtf-post-info-author\">by\t<a itemprop=\"author\" class=\"edgtf-post-info-author-link\" href=\"https:\/\/fibgar.es\/en\/author\/fibgarau\/\">\n\t\tFibgar\t<\/a>\n<\/div><div class=\"edgtf-post-info-category\">\n\t<a href=\"https:\/\/fibgar.es\/en\/category\/articles\/\" rel=\"category tag\">Articles<\/a><\/div><div itemprop=\"dateCreated\" class=\"edgtf-post-info-date entry-date updated\">\n\t\t\t17\/11\/2023\t    <meta itemprop=\"interactionCount\" content=\"UserComments: 0\"\/>\n<\/div>\t\t\t<\/div>\n\n\t\t\t\t\t\t\t<p itemprop=\"description\" class=\"edgtf-excerpt\">The European Commission (EC) is in the process of updating regulations aimed at preventing and combating human trafficking. Human trafficking is an in...<\/p>\n\t\t\t\t\t\t<a itemprop=\"url\" href=\"https:\/\/fibgar.es\/en\/the-european-commission-focuses-on-reforming-its-anti-trafficking-directive-and-promotes-the-incorporation-of-more-efficient-rules-in-the-face-of-its-evolving-dynamics\/\" class=\"edgtf-blog-list-read-more\">Read more<i class=\"arrow_right\"><\/i><\/a>\n\t\t<\/div>\n\t<\/div>\n<\/li>\n<li class=\"edgtf-blog-list-item clearfix\">\n\t<div class=\"edgtf-blog-list-item-inner\">\n\t\t<div class=\"edgtf-item-image\">\n\t\t\t<a itemprop=\"url\" href=\"https:\/\/fibgar.es\/en\/fascism-and-anti-semitism-paths-of-hope-from-the-world-forum-on-human-rights\/\">\n\t\t\t\t<img loading=\"lazy\" decoding=\"async\" width=\"2560\" height=\"1920\" src=\"https:\/\/fibgar.es\/wp-content\/uploads\/2023\/11\/WhatsApp-Image-2023-11-07-at-08.51.22-scaled.jpeg\" class=\"attachment-full size-full wp-post-image\" alt=\"\" srcset=\"https:\/\/fibgar.es\/wp-content\/uploads\/2023\/11\/WhatsApp-Image-2023-11-07-at-08.51.22-scaled.jpeg 2560w, https:\/\/fibgar.es\/wp-content\/uploads\/2023\/11\/WhatsApp-Image-2023-11-07-at-08.51.22-300x225.jpeg 300w, https:\/\/fibgar.es\/wp-content\/uploads\/2023\/11\/WhatsApp-Image-2023-11-07-at-08.51.22-1024x768.jpeg 1024w, https:\/\/fibgar.es\/wp-content\/uploads\/2023\/11\/WhatsApp-Image-2023-11-07-at-08.51.22-768x576.jpeg 768w, https:\/\/fibgar.es\/wp-content\/uploads\/2023\/11\/WhatsApp-Image-2023-11-07-at-08.51.22-1536x1152.jpeg 1536w, https:\/\/fibgar.es\/wp-content\/uploads\/2023\/11\/WhatsApp-Image-2023-11-07-at-08.51.22-800x600.jpeg 800w\" sizes=\"auto, (max-width: 2560px) 100vw, 2560px\" \/>\t\t\t<\/a>\n\t\t<\/div>\n\t\t<div class=\"edgtf-item-text-holder\" style=\"background-color:#ffffff;box-shadow:none;\">\n\t\t\t<h3 itemprop=\"name\" class=\"edgtf-item-title entry-title\">\n\t\t\t\t<a itemprop=\"url\" href=\"https:\/\/fibgar.es\/en\/fascism-and-anti-semitism-paths-of-hope-from-the-world-forum-on-human-rights\/\" >\n\t\t\t\t\tFascism and anti-Semitism: paths of hope from the World Forum on Human Rights\t\t\t\t<\/a>\n\t\t\t<\/h3>\n\n\t\t\t<div class=\"edgtf-item-info-section\">\n\t\t\t\t<div class=\"edgtf-post-info-author\">by\t<a itemprop=\"author\" class=\"edgtf-post-info-author-link\" href=\"https:\/\/fibgar.es\/en\/author\/fibgarau\/\">\n\t\tFibgar\t<\/a>\n<\/div><div class=\"edgtf-post-info-category\">\n\t<a href=\"https:\/\/fibgar.es\/en\/category\/articles\/\" rel=\"category tag\">Articles<\/a><\/div><div itemprop=\"dateCreated\" class=\"edgtf-post-info-date entry-date updated\">\n\t\t\t08\/11\/2023\t    <meta itemprop=\"interactionCount\" content=\"UserComments: 0\"\/>\n<\/div>\t\t\t<\/div>\n\n\t\t\t\t\t\t\t<p itemprop=\"description\" class=\"edgtf-excerpt\">The first days of November bring back memories of events in our history that we Europeans should not forget. November 9 not only commemorates the fall...<\/p>\n\t\t\t\t\t\t<a itemprop=\"url\" href=\"https:\/\/fibgar.es\/en\/fascism-and-anti-semitism-paths-of-hope-from-the-world-forum-on-human-rights\/\" class=\"edgtf-blog-list-read-more\">Read more<i class=\"arrow_right\"><\/i><\/a>\n\t\t<\/div>\n\t<\/div>\n<\/li>\n<li class=\"edgtf-blog-list-item clearfix\">\n\t<div class=\"edgtf-blog-list-item-inner\">\n\t\t<div class=\"edgtf-item-image\">\n\t\t\t<a itemprop=\"url\" href=\"https:\/\/fibgar.es\/en\/the-memorizate-project-has-been-selected-to-participate-in-the-world-forum-for-democracy\/\">\n\t\t\t\t<img loading=\"lazy\" decoding=\"async\" width=\"906\" height=\"509\" src=\"https:\/\/fibgar.es\/wp-content\/uploads\/2023\/11\/870_489px_EN-1.png\" class=\"attachment-full size-full wp-post-image\" alt=\"\" srcset=\"https:\/\/fibgar.es\/wp-content\/uploads\/2023\/11\/870_489px_EN-1.png 906w, https:\/\/fibgar.es\/wp-content\/uploads\/2023\/11\/870_489px_EN-1-300x169.png 300w, https:\/\/fibgar.es\/wp-content\/uploads\/2023\/11\/870_489px_EN-1-768x431.png 768w\" sizes=\"auto, (max-width: 906px) 100vw, 906px\" \/>\t\t\t<\/a>\n\t\t<\/div>\n\t\t<div class=\"edgtf-item-text-holder\" style=\"background-color:#ffffff;box-shadow:none;\">\n\t\t\t<h3 itemprop=\"name\" class=\"edgtf-item-title entry-title\">\n\t\t\t\t<a itemprop=\"url\" href=\"https:\/\/fibgar.es\/en\/the-memorizate-project-has-been-selected-to-participate-in-the-world-forum-for-democracy\/\" >\n\t\t\t\t\tThe Memor\u00edzate project has been selected to participate in the World Forum for Democracy.\t\t\t\t<\/a>\n\t\t\t<\/h3>\n\n\t\t\t<div class=\"edgtf-item-info-section\">\n\t\t\t\t<div class=\"edgtf-post-info-author\">by\t<a itemprop=\"author\" class=\"edgtf-post-info-author-link\" href=\"https:\/\/fibgar.es\/en\/author\/fibgaradmin\/\">\n\t\tFibgar\t<\/a>\n<\/div><div class=\"edgtf-post-info-category\">\n\t<a href=\"https:\/\/fibgar.es\/en\/category\/articles\/\" rel=\"category tag\">Articles<\/a><\/div><div itemprop=\"dateCreated\" class=\"edgtf-post-info-date entry-date updated\">\n\t\t\t03\/11\/2023\t    <meta itemprop=\"interactionCount\" content=\"UserComments: 0\"\/>\n<\/div>\t\t\t<\/div>\n\n\t\t\t\t\t\t\t<p itemprop=\"description\" class=\"edgtf-excerpt\">It is a pleasure to announce that the FIBGAR project, Memor\u00edzate has been selected to participate in the World Forum for Democracy 2023 (World Forum ...<\/p>\n\t\t\t\t\t\t<a itemprop=\"url\" href=\"https:\/\/fibgar.es\/en\/the-memorizate-project-has-been-selected-to-participate-in-the-world-forum-for-democracy\/\" class=\"edgtf-blog-list-read-more\">Read more<i class=\"arrow_right\"><\/i><\/a>\n\t\t<\/div>\n\t<\/div>\n<\/li>\n<li class=\"edgtf-blog-list-item clearfix\">\n\t<div class=\"edgtf-blog-list-item-inner\">\n\t\t<div class=\"edgtf-item-image\">\n\t\t\t<a itemprop=\"url\" href=\"https:\/\/fibgar.es\/en\/in-the-face-of-the-impunity-of-power-greater-commitment-to-the-defense-of-freedom-of-the-press\/\">\n\t\t\t\t<img loading=\"lazy\" decoding=\"async\" width=\"3200\" height=\"1800\" src=\"https:\/\/fibgar.es\/wp-content\/uploads\/2023\/10\/DIA-INTERNACIONAL5.png\" class=\"attachment-full size-full wp-post-image\" alt=\"\" srcset=\"https:\/\/fibgar.es\/wp-content\/uploads\/2023\/10\/DIA-INTERNACIONAL5.png 3200w, https:\/\/fibgar.es\/wp-content\/uploads\/2023\/10\/DIA-INTERNACIONAL5-300x169.png 300w, https:\/\/fibgar.es\/wp-content\/uploads\/2023\/10\/DIA-INTERNACIONAL5-1024x576.png 1024w, https:\/\/fibgar.es\/wp-content\/uploads\/2023\/10\/DIA-INTERNACIONAL5-768x432.png 768w, https:\/\/fibgar.es\/wp-content\/uploads\/2023\/10\/DIA-INTERNACIONAL5-1536x864.png 1536w\" sizes=\"auto, (max-width: 3200px) 100vw, 3200px\" \/>\t\t\t<\/a>\n\t\t<\/div>\n\t\t<div class=\"edgtf-item-text-holder\" style=\"background-color:#ffffff;box-shadow:none;\">\n\t\t\t<h3 itemprop=\"name\" class=\"edgtf-item-title entry-title\">\n\t\t\t\t<a itemprop=\"url\" href=\"https:\/\/fibgar.es\/en\/in-the-face-of-the-impunity-of-power-greater-commitment-to-the-defense-of-freedom-of-the-press\/\" >\n\t\t\t\t\tIn the face of the impunity of power, greater commitment to the defense of freedom of the press\t\t\t\t<\/a>\n\t\t\t<\/h3>\n\n\t\t\t<div class=\"edgtf-item-info-section\">\n\t\t\t\t<div class=\"edgtf-post-info-author\">by\t<a itemprop=\"author\" class=\"edgtf-post-info-author-link\" href=\"https:\/\/fibgar.es\/en\/author\/fibgarau\/\">\n\t\tFibgar\t<\/a>\n<\/div><div class=\"edgtf-post-info-category\">\n\t<a href=\"https:\/\/fibgar.es\/en\/category\/articles\/\" rel=\"category tag\">Articles<\/a><\/div><div itemprop=\"dateCreated\" class=\"edgtf-post-info-date entry-date updated\">\n\t\t\t02\/11\/2023\t    <meta itemprop=\"interactionCount\" content=\"UserComments: 0\"\/>\n<\/div>\t\t\t<\/div>\n\n\t\t\t\t\t\t\t<p itemprop=\"description\" class=\"edgtf-excerpt\">November 2 is the International Day to End Impunity for Crimes against Journalists, a day dedicated to raising awareness of the importance of press fr...<\/p>\n\t\t\t\t\t\t<a itemprop=\"url\" href=\"https:\/\/fibgar.es\/en\/in-the-face-of-the-impunity-of-power-greater-commitment-to-the-defense-of-freedom-of-the-press\/\" class=\"edgtf-blog-list-read-more\">Read more<i class=\"arrow_right\"><\/i><\/a>\n\t\t<\/div>\n\t<\/div>\n<\/li>\n<li class=\"edgtf-blog-list-item clearfix\">\n\t<div class=\"edgtf-blog-list-item-inner\">\n\t\t<div class=\"edgtf-item-image\">\n\t\t\t<a itemprop=\"url\" href=\"https:\/\/fibgar.es\/en\/weaving-european-justice-fibgar-commemorates-the-european-day-of-justice-reaffirming-the-commitment-to-our-projects\/\">\n\t\t\t\t<img loading=\"lazy\" decoding=\"async\" width=\"3600\" height=\"2025\" src=\"https:\/\/fibgar.es\/wp-content\/uploads\/2023\/10\/DIA-INTERNACIONAL10.png\" class=\"attachment-full size-full wp-post-image\" alt=\"\" srcset=\"https:\/\/fibgar.es\/wp-content\/uploads\/2023\/10\/DIA-INTERNACIONAL10.png 3600w, https:\/\/fibgar.es\/wp-content\/uploads\/2023\/10\/DIA-INTERNACIONAL10-300x169.png 300w, https:\/\/fibgar.es\/wp-content\/uploads\/2023\/10\/DIA-INTERNACIONAL10-1024x576.png 1024w, https:\/\/fibgar.es\/wp-content\/uploads\/2023\/10\/DIA-INTERNACIONAL10-768x432.png 768w, https:\/\/fibgar.es\/wp-content\/uploads\/2023\/10\/DIA-INTERNACIONAL10-1536x864.png 1536w\" sizes=\"auto, (max-width: 3600px) 100vw, 3600px\" \/>\t\t\t<\/a>\n\t\t<\/div>\n\t\t<div class=\"edgtf-item-text-holder\" style=\"background-color:#ffffff;box-shadow:none;\">\n\t\t\t<h3 itemprop=\"name\" class=\"edgtf-item-title entry-title\">\n\t\t\t\t<a itemprop=\"url\" href=\"https:\/\/fibgar.es\/en\/weaving-european-justice-fibgar-commemorates-the-european-day-of-justice-reaffirming-the-commitment-to-our-projects\/\" >\n\t\t\t\t\tWeaving European justice: FIBGAR commemorates the European Day of Justice reaffirming the commitment to our projects\t\t\t\t<\/a>\n\t\t\t<\/h3>\n\n\t\t\t<div class=\"edgtf-item-info-section\">\n\t\t\t\t<div class=\"edgtf-post-info-author\">by\t<a itemprop=\"author\" class=\"edgtf-post-info-author-link\" href=\"https:\/\/fibgar.es\/en\/author\/fibgarau\/\">\n\t\tFibgar\t<\/a>\n<\/div><div class=\"edgtf-post-info-category\">\n\t<a href=\"https:\/\/fibgar.es\/en\/category\/articles\/\" rel=\"category tag\">Articles<\/a><\/div><div itemprop=\"dateCreated\" class=\"edgtf-post-info-date entry-date updated\">\n\t\t\t25\/10\/2023\t    <meta itemprop=\"interactionCount\" content=\"UserComments: 0\"\/>\n<\/div>\t\t\t<\/div>\n\n\t\t\t\t\t\t\t<p itemprop=\"description\" class=\"edgtf-excerpt\">October 25 is a significant day in the European calendar. Since 2003, the Council of Europe and the European Commission have decided to celebrate the ...<\/p>\n\t\t\t\t\t\t<a itemprop=\"url\" href=\"https:\/\/fibgar.es\/en\/weaving-european-justice-fibgar-commemorates-the-european-day-of-justice-reaffirming-the-commitment-to-our-projects\/\" class=\"edgtf-blog-list-read-more\">Read more<i class=\"arrow_right\"><\/i><\/a>\n\t\t<\/div>\n\t<\/div>\n<\/li>\n<li class=\"edgtf-blog-list-item clearfix\">\n\t<div class=\"edgtf-blog-list-item-inner\">\n\t\t<div class=\"edgtf-item-image\">\n\t\t\t<a itemprop=\"url\" href=\"https:\/\/fibgar.es\/en\/international-day-against-climate-change-the-importance-of-climate-action\/\">\n\t\t\t\t<img loading=\"lazy\" decoding=\"async\" width=\"4000\" height=\"2250\" src=\"https:\/\/fibgar.es\/wp-content\/uploads\/2023\/10\/DIA-INTERNACIONAL11.png\" class=\"attachment-full size-full wp-post-image\" alt=\"\" srcset=\"https:\/\/fibgar.es\/wp-content\/uploads\/2023\/10\/DIA-INTERNACIONAL11.png 4000w, https:\/\/fibgar.es\/wp-content\/uploads\/2023\/10\/DIA-INTERNACIONAL11-300x169.png 300w, https:\/\/fibgar.es\/wp-content\/uploads\/2023\/10\/DIA-INTERNACIONAL11-1024x576.png 1024w, https:\/\/fibgar.es\/wp-content\/uploads\/2023\/10\/DIA-INTERNACIONAL11-768x432.png 768w, https:\/\/fibgar.es\/wp-content\/uploads\/2023\/10\/DIA-INTERNACIONAL11-1536x864.png 1536w\" sizes=\"auto, (max-width: 4000px) 100vw, 4000px\" \/>\t\t\t<\/a>\n\t\t<\/div>\n\t\t<div class=\"edgtf-item-text-holder\" style=\"background-color:#ffffff;box-shadow:none;\">\n\t\t\t<h3 itemprop=\"name\" class=\"edgtf-item-title entry-title\">\n\t\t\t\t<a itemprop=\"url\" href=\"https:\/\/fibgar.es\/en\/international-day-against-climate-change-the-importance-of-climate-action\/\" >\n\t\t\t\t\tInternational Day Against Climate Change: the importance of climate action\t\t\t\t<\/a>\n\t\t\t<\/h3>\n\n\t\t\t<div class=\"edgtf-item-info-section\">\n\t\t\t\t<div class=\"edgtf-post-info-author\">by\t<a itemprop=\"author\" class=\"edgtf-post-info-author-link\" href=\"https:\/\/fibgar.es\/en\/author\/fibgarau\/\">\n\t\tFibgar\t<\/a>\n<\/div><div class=\"edgtf-post-info-category\">\n\t<a href=\"https:\/\/fibgar.es\/en\/category\/articles\/\" rel=\"category tag\">Articles<\/a><\/div><div itemprop=\"dateCreated\" class=\"edgtf-post-info-date entry-date updated\">\n\t\t\t24\/10\/2023\t    <meta itemprop=\"interactionCount\" content=\"UserComments: 0\"\/>\n<\/div>\t\t\t<\/div>\n\n\t\t\t\t\t\t\t<p itemprop=\"description\" class=\"edgtf-excerpt\">Scientists at NASA&#8217;s Goddars at NASA&#8217;s Goddars Institute for Space Studies in New York have established that the northern hemisphere summe...<\/p>\n\t\t\t\t\t\t<a itemprop=\"url\" href=\"https:\/\/fibgar.es\/en\/international-day-against-climate-change-the-importance-of-climate-action\/\" class=\"edgtf-blog-list-read-more\">Read more<i class=\"arrow_right\"><\/i><\/a>\n\t\t<\/div>\n\t<\/div>\n<\/li>\n<li class=\"edgtf-blog-list-item clearfix\">\n\t<div class=\"edgtf-blog-list-item-inner\">\n\t\t<div class=\"edgtf-item-image\">\n\t\t\t<a itemprop=\"url\" href=\"https:\/\/fibgar.es\/en\/patfox-will-be-presented-at-the-uia-67th-congress\/\">\n\t\t\t\t<img loading=\"lazy\" decoding=\"async\" width=\"2481\" height=\"2281\" src=\"https:\/\/fibgar.es\/wp-content\/uploads\/2023\/10\/programme_final_rome_2023_bat_uk-3_page-0001.jpg\" class=\"attachment-full size-full wp-post-image\" alt=\"\" srcset=\"https:\/\/fibgar.es\/wp-content\/uploads\/2023\/10\/programme_final_rome_2023_bat_uk-3_page-0001.jpg 2481w, https:\/\/fibgar.es\/wp-content\/uploads\/2023\/10\/programme_final_rome_2023_bat_uk-3_page-0001-300x276.jpg 300w, https:\/\/fibgar.es\/wp-content\/uploads\/2023\/10\/programme_final_rome_2023_bat_uk-3_page-0001-1024x941.jpg 1024w, https:\/\/fibgar.es\/wp-content\/uploads\/2023\/10\/programme_final_rome_2023_bat_uk-3_page-0001-768x706.jpg 768w, https:\/\/fibgar.es\/wp-content\/uploads\/2023\/10\/programme_final_rome_2023_bat_uk-3_page-0001-1536x1412.jpg 1536w\" sizes=\"auto, (max-width: 2481px) 100vw, 2481px\" \/>\t\t\t<\/a>\n\t\t<\/div>\n\t\t<div class=\"edgtf-item-text-holder\" style=\"background-color:#ffffff;box-shadow:none;\">\n\t\t\t<h3 itemprop=\"name\" class=\"edgtf-item-title entry-title\">\n\t\t\t\t<a itemprop=\"url\" href=\"https:\/\/fibgar.es\/en\/patfox-will-be-presented-at-the-uia-67th-congress\/\" >\n\t\t\t\t\tPATFox will be presented at the UIA 67th Congress\t\t\t\t<\/a>\n\t\t\t<\/h3>\n\n\t\t\t<div class=\"edgtf-item-info-section\">\n\t\t\t\t<div class=\"edgtf-post-info-author\">by\t<a itemprop=\"author\" class=\"edgtf-post-info-author-link\" href=\"https:\/\/fibgar.es\/en\/author\/fibgarau\/\">\n\t\tFibgar\t<\/a>\n<\/div><div class=\"edgtf-post-info-category\">\n\t<a href=\"https:\/\/fibgar.es\/en\/category\/articles\/\" rel=\"category tag\">Articles<\/a><\/div><div itemprop=\"dateCreated\" class=\"edgtf-post-info-date entry-date updated\">\n\t\t\t23\/10\/2023\t    <meta itemprop=\"interactionCount\" content=\"UserComments: 0\"\/>\n<\/div>\t\t\t<\/div>\n\n\t\t\t\t\t\t\t<p itemprop=\"description\" class=\"edgtf-excerpt\">This Saturday 28th of October, our project coordinator Alessia Schiavon (FIBGAR) will present the project at the annual congress of the International ...<\/p>\n\t\t\t\t\t\t<a itemprop=\"url\" href=\"https:\/\/fibgar.es\/en\/patfox-will-be-presented-at-the-uia-67th-congress\/\" class=\"edgtf-blog-list-read-more\">Read more<i class=\"arrow_right\"><\/i><\/a>\n\t\t<\/div>\n\t<\/div>\n<\/li>\n<li class=\"edgtf-blog-list-item clearfix\">\n\t<div class=\"edgtf-blog-list-item-inner\">\n\t\t<div class=\"edgtf-item-image\">\n\t\t\t<a itemprop=\"url\" href=\"https:\/\/fibgar.es\/en\/primera-observacion-general-sobre-desapariciones-forzadas-en-el-contexto-de-la-migracion-un-paso-relevante-en-la-proteccion-de-los-derechos-humanos-de-los-migrantes\/\">\n\t\t\t\t<img loading=\"lazy\" decoding=\"async\" width=\"3200\" height=\"1800\" src=\"https:\/\/fibgar.es\/wp-content\/uploads\/2023\/10\/Desapariciones-forzadas-y-migraciones.png\" class=\"attachment-full size-full wp-post-image\" alt=\"\" srcset=\"https:\/\/fibgar.es\/wp-content\/uploads\/2023\/10\/Desapariciones-forzadas-y-migraciones.png 3200w, https:\/\/fibgar.es\/wp-content\/uploads\/2023\/10\/Desapariciones-forzadas-y-migraciones-300x169.png 300w, https:\/\/fibgar.es\/wp-content\/uploads\/2023\/10\/Desapariciones-forzadas-y-migraciones-1024x576.png 1024w, https:\/\/fibgar.es\/wp-content\/uploads\/2023\/10\/Desapariciones-forzadas-y-migraciones-768x432.png 768w, https:\/\/fibgar.es\/wp-content\/uploads\/2023\/10\/Desapariciones-forzadas-y-migraciones-1536x864.png 1536w\" sizes=\"auto, (max-width: 3200px) 100vw, 3200px\" \/>\t\t\t<\/a>\n\t\t<\/div>\n\t\t<div class=\"edgtf-item-text-holder\" style=\"background-color:#ffffff;box-shadow:none;\">\n\t\t\t<h3 itemprop=\"name\" class=\"edgtf-item-title entry-title\">\n\t\t\t\t<a itemprop=\"url\" href=\"https:\/\/fibgar.es\/en\/primera-observacion-general-sobre-desapariciones-forzadas-en-el-contexto-de-la-migracion-un-paso-relevante-en-la-proteccion-de-los-derechos-humanos-de-los-migrantes\/\" >\n\t\t\t\t\tFirst General Comment on enforced disappearances in the context of migration: a relevant step in the protection of migrants&#8217; human rights\u00a0\t\t\t\t<\/a>\n\t\t\t<\/h3>\n\n\t\t\t<div class=\"edgtf-item-info-section\">\n\t\t\t\t<div class=\"edgtf-post-info-author\">by\t<a itemprop=\"author\" class=\"edgtf-post-info-author-link\" href=\"https:\/\/fibgar.es\/en\/author\/fibgarau\/\">\n\t\tFibgar\t<\/a>\n<\/div><div class=\"edgtf-post-info-category\">\n\t<a href=\"https:\/\/fibgar.es\/en\/category\/articles\/\" rel=\"category tag\">Articles<\/a><\/div><div itemprop=\"dateCreated\" class=\"edgtf-post-info-date entry-date updated\">\n\t\t\t20\/10\/2023\t    <meta itemprop=\"interactionCount\" content=\"UserComments: 0\"\/>\n<\/div>\t\t\t<\/div>\n\n\t\t\t\t\t\t\t<p itemprop=\"description\" class=\"edgtf-excerpt\">Within the framework of the 25th session of the Committee on Enforced Disappearances, the first General Comment on enforced disappearances of persons ...<\/p>\n\t\t\t\t\t\t<a itemprop=\"url\" href=\"https:\/\/fibgar.es\/en\/primera-observacion-general-sobre-desapariciones-forzadas-en-el-contexto-de-la-migracion-un-paso-relevante-en-la-proteccion-de-los-derechos-humanos-de-los-migrantes\/\" class=\"edgtf-blog-list-read-more\">Read more<i class=\"arrow_right\"><\/i><\/a>\n\t\t<\/div>\n\t<\/div>\n<\/li>\n<li class=\"edgtf-blog-list-item clearfix\">\n\t<div class=\"edgtf-blog-list-item-inner\">\n\t\t<div class=\"edgtf-item-image\">\n\t\t\t<a itemprop=\"url\" href=\"https:\/\/fibgar.es\/en\/commitment-to-rural-women-an-ongoing-struggle-towards-the-2030-agenda\/\">\n\t\t\t\t<img loading=\"lazy\" decoding=\"async\" width=\"1600\" height=\"900\" src=\"https:\/\/fibgar.es\/wp-content\/uploads\/2023\/10\/DIA-INTERNACIONAL.png\" class=\"attachment-full size-full wp-post-image\" alt=\"\" srcset=\"https:\/\/fibgar.es\/wp-content\/uploads\/2023\/10\/DIA-INTERNACIONAL.png 1600w, https:\/\/fibgar.es\/wp-content\/uploads\/2023\/10\/DIA-INTERNACIONAL-300x169.png 300w, https:\/\/fibgar.es\/wp-content\/uploads\/2023\/10\/DIA-INTERNACIONAL-1024x576.png 1024w, https:\/\/fibgar.es\/wp-content\/uploads\/2023\/10\/DIA-INTERNACIONAL-768x432.png 768w, https:\/\/fibgar.es\/wp-content\/uploads\/2023\/10\/DIA-INTERNACIONAL-1536x864.png 1536w\" sizes=\"auto, (max-width: 1600px) 100vw, 1600px\" \/>\t\t\t<\/a>\n\t\t<\/div>\n\t\t<div class=\"edgtf-item-text-holder\" style=\"background-color:#ffffff;box-shadow:none;\">\n\t\t\t<h3 itemprop=\"name\" class=\"edgtf-item-title entry-title\">\n\t\t\t\t<a itemprop=\"url\" href=\"https:\/\/fibgar.es\/en\/commitment-to-rural-women-an-ongoing-struggle-towards-the-2030-agenda\/\" >\n\t\t\t\t\tCommitment to rural women: an ongoing struggle towards the 2030 Agenda\t\t\t\t<\/a>\n\t\t\t<\/h3>\n\n\t\t\t<div class=\"edgtf-item-info-section\">\n\t\t\t\t<div class=\"edgtf-post-info-author\">by\t<a itemprop=\"author\" class=\"edgtf-post-info-author-link\" href=\"https:\/\/fibgar.es\/en\/author\/fibgarau\/\">\n\t\tFibgar\t<\/a>\n<\/div><div class=\"edgtf-post-info-category\">\n\t<a href=\"https:\/\/fibgar.es\/en\/category\/articles\/\" rel=\"category tag\">Articles<\/a><\/div><div itemprop=\"dateCreated\" class=\"edgtf-post-info-date entry-date updated\">\n\t\t\t13\/10\/2023\t    <meta itemprop=\"interactionCount\" content=\"UserComments: 0\"\/>\n<\/div>\t\t\t<\/div>\n\n\t\t\t\t\t\t\t<p itemprop=\"description\" class=\"edgtf-excerpt\">Every October 15, since 2007, the work of rural and indigenous women around the world is commemorated. Under the initiative of the United Nations, Res...<\/p>\n\t\t\t\t\t\t<a itemprop=\"url\" href=\"https:\/\/fibgar.es\/en\/commitment-to-rural-women-an-ongoing-struggle-towards-the-2030-agenda\/\" class=\"edgtf-blog-list-read-more\">Read more<i class=\"arrow_right\"><\/i><\/a>\n\t\t<\/div>\n\t<\/div>\n<\/li>\n<li class=\"edgtf-blog-list-item clearfix\">\n\t<div class=\"edgtf-blog-list-item-inner\">\n\t\t<div class=\"edgtf-item-image\">\n\t\t\t<a itemprop=\"url\" href=\"https:\/\/fibgar.es\/en\/world-day-against-the-death-penalty-a-battle-for-human-rights\/\">\n\t\t\t\t<img loading=\"lazy\" decoding=\"async\" width=\"1600\" height=\"900\" src=\"https:\/\/fibgar.es\/wp-content\/uploads\/2023\/10\/DIA-INTERNACIONAL8.png\" class=\"attachment-full size-full wp-post-image\" alt=\"\" srcset=\"https:\/\/fibgar.es\/wp-content\/uploads\/2023\/10\/DIA-INTERNACIONAL8.png 1600w, https:\/\/fibgar.es\/wp-content\/uploads\/2023\/10\/DIA-INTERNACIONAL8-300x169.png 300w, https:\/\/fibgar.es\/wp-content\/uploads\/2023\/10\/DIA-INTERNACIONAL8-1024x576.png 1024w, https:\/\/fibgar.es\/wp-content\/uploads\/2023\/10\/DIA-INTERNACIONAL8-768x432.png 768w, https:\/\/fibgar.es\/wp-content\/uploads\/2023\/10\/DIA-INTERNACIONAL8-1536x864.png 1536w\" sizes=\"auto, (max-width: 1600px) 100vw, 1600px\" \/>\t\t\t<\/a>\n\t\t<\/div>\n\t\t<div class=\"edgtf-item-text-holder\" style=\"background-color:#ffffff;box-shadow:none;\">\n\t\t\t<h3 itemprop=\"name\" class=\"edgtf-item-title entry-title\">\n\t\t\t\t<a itemprop=\"url\" href=\"https:\/\/fibgar.es\/en\/world-day-against-the-death-penalty-a-battle-for-human-rights\/\" >\n\t\t\t\t\tWorld Day Against the Death Penalty: a battle for human rights\t\t\t\t<\/a>\n\t\t\t<\/h3>\n\n\t\t\t<div class=\"edgtf-item-info-section\">\n\t\t\t\t<div class=\"edgtf-post-info-author\">by\t<a itemprop=\"author\" class=\"edgtf-post-info-author-link\" href=\"https:\/\/fibgar.es\/en\/author\/fibgarau\/\">\n\t\tFibgar\t<\/a>\n<\/div><div class=\"edgtf-post-info-category\">\n\t<a href=\"https:\/\/fibgar.es\/en\/category\/articles\/\" rel=\"category tag\">Articles<\/a><\/div><div itemprop=\"dateCreated\" class=\"edgtf-post-info-date entry-date updated\">\n\t\t\t10\/10\/2023\t    <meta itemprop=\"interactionCount\" content=\"UserComments: 0\"\/>\n<\/div>\t\t\t<\/div>\n\n\t\t\t\t\t\t\t<p itemprop=\"description\" class=\"edgtf-excerpt\">October 10 marks a milestone in the ongoing struggle to abolish this controversial practice worldwide. This day not only pays tribute to those who hav...<\/p>\n\t\t\t\t\t\t<a itemprop=\"url\" href=\"https:\/\/fibgar.es\/en\/world-day-against-the-death-penalty-a-battle-for-human-rights\/\" class=\"edgtf-blog-list-read-more\">Read more<i class=\"arrow_right\"><\/i><\/a>\n\t\t<\/div>\n\t<\/div>\n<\/li>\n<li class=\"edgtf-blog-list-item clearfix\">\n\t<div class=\"edgtf-blog-list-item-inner\">\n\t\t<div class=\"edgtf-item-image\">\n\t\t\t<a itemprop=\"url\" href=\"https:\/\/fibgar.es\/en\/third-anti-slapp-seminar-in-spain\/\">\n\t\t\t\t<img loading=\"lazy\" decoding=\"async\" width=\"2016\" height=\"1512\" src=\"https:\/\/fibgar.es\/wp-content\/uploads\/2023\/10\/image006.jpg\" class=\"attachment-full size-full wp-post-image\" alt=\"\" srcset=\"https:\/\/fibgar.es\/wp-content\/uploads\/2023\/10\/image006.jpg 2016w, https:\/\/fibgar.es\/wp-content\/uploads\/2023\/10\/image006-300x225.jpg 300w, https:\/\/fibgar.es\/wp-content\/uploads\/2023\/10\/image006-1024x768.jpg 1024w, https:\/\/fibgar.es\/wp-content\/uploads\/2023\/10\/image006-768x576.jpg 768w, https:\/\/fibgar.es\/wp-content\/uploads\/2023\/10\/image006-1536x1152.jpg 1536w, https:\/\/fibgar.es\/wp-content\/uploads\/2023\/10\/image006-800x600.jpg 800w\" sizes=\"auto, (max-width: 2016px) 100vw, 2016px\" \/>\t\t\t<\/a>\n\t\t<\/div>\n\t\t<div class=\"edgtf-item-text-holder\" style=\"background-color:#ffffff;box-shadow:none;\">\n\t\t\t<h3 itemprop=\"name\" class=\"edgtf-item-title entry-title\">\n\t\t\t\t<a itemprop=\"url\" href=\"https:\/\/fibgar.es\/en\/third-anti-slapp-seminar-in-spain\/\" >\n\t\t\t\t\tThird Anti-SLAPP seminar in Spain\t\t\t\t<\/a>\n\t\t\t<\/h3>\n\n\t\t\t<div class=\"edgtf-item-info-section\">\n\t\t\t\t<div class=\"edgtf-post-info-author\">by\t<a itemprop=\"author\" class=\"edgtf-post-info-author-link\" href=\"https:\/\/fibgar.es\/en\/author\/fibgarau\/\">\n\t\tFibgar\t<\/a>\n<\/div><div class=\"edgtf-post-info-category\">\n\t<a href=\"https:\/\/fibgar.es\/en\/category\/articles\/\" rel=\"category tag\">Articles<\/a><\/div><div itemprop=\"dateCreated\" class=\"edgtf-post-info-date entry-date updated\">\n\t\t\t04\/10\/2023\t    <meta itemprop=\"interactionCount\" content=\"UserComments: 0\"\/>\n<\/div>\t\t\t<\/div>\n\n\t\t\t\t\t\t\t<p itemprop=\"description\" class=\"edgtf-excerpt\">On the occasion of the International Day of Peace, last September 21, FIBGAR held its third Anti-SLAPP seminar within the framework of the European pr...<\/p>\n\t\t\t\t\t\t<a itemprop=\"url\" href=\"https:\/\/fibgar.es\/en\/third-anti-slapp-seminar-in-spain\/\" class=\"edgtf-blog-list-read-more\">Read more<i class=\"arrow_right\"><\/i><\/a>\n\t\t<\/div>\n\t<\/div>\n<\/li>\n<li class=\"edgtf-blog-list-item clearfix\">\n\t<div class=\"edgtf-blog-list-item-inner\">\n\t\t<div class=\"edgtf-item-image\">\n\t\t\t<a itemprop=\"url\" href=\"https:\/\/fibgar.es\/en\/international-day-of-peace-promoting-peace-as-a-tool-for-the-protection-of-human-rights\/\">\n\t\t\t\t<img loading=\"lazy\" decoding=\"async\" width=\"1600\" height=\"900\" src=\"https:\/\/fibgar.es\/wp-content\/uploads\/2023\/09\/DIA-INTERNACIONAL4.png\" class=\"attachment-full size-full wp-post-image\" alt=\"\" srcset=\"https:\/\/fibgar.es\/wp-content\/uploads\/2023\/09\/DIA-INTERNACIONAL4.png 1600w, https:\/\/fibgar.es\/wp-content\/uploads\/2023\/09\/DIA-INTERNACIONAL4-300x169.png 300w, https:\/\/fibgar.es\/wp-content\/uploads\/2023\/09\/DIA-INTERNACIONAL4-1024x576.png 1024w, https:\/\/fibgar.es\/wp-content\/uploads\/2023\/09\/DIA-INTERNACIONAL4-768x432.png 768w, https:\/\/fibgar.es\/wp-content\/uploads\/2023\/09\/DIA-INTERNACIONAL4-1536x864.png 1536w\" sizes=\"auto, (max-width: 1600px) 100vw, 1600px\" \/>\t\t\t<\/a>\n\t\t<\/div>\n\t\t<div class=\"edgtf-item-text-holder\" style=\"background-color:#ffffff;box-shadow:none;\">\n\t\t\t<h3 itemprop=\"name\" class=\"edgtf-item-title entry-title\">\n\t\t\t\t<a itemprop=\"url\" href=\"https:\/\/fibgar.es\/en\/international-day-of-peace-promoting-peace-as-a-tool-for-the-protection-of-human-rights\/\" >\n\t\t\t\t\tInternational Day of Peace: promoting peace as a tool for the protection of human rights.\t\t\t\t<\/a>\n\t\t\t<\/h3>\n\n\t\t\t<div class=\"edgtf-item-info-section\">\n\t\t\t\t<div class=\"edgtf-post-info-author\">by\t<a itemprop=\"author\" class=\"edgtf-post-info-author-link\" href=\"https:\/\/fibgar.es\/en\/author\/fibgarau\/\">\n\t\tFibgar\t<\/a>\n<\/div><div class=\"edgtf-post-info-category\">\n\t<a href=\"https:\/\/fibgar.es\/en\/category\/articles\/\" rel=\"category tag\">Articles<\/a>, <a href=\"https:\/\/fibgar.es\/en\/category\/sin-categorizar\/\" rel=\"category tag\">Sin categorizar<\/a><\/div><div itemprop=\"dateCreated\" class=\"edgtf-post-info-date entry-date updated\">\n\t\t\t21\/09\/2023\t    <meta itemprop=\"interactionCount\" content=\"UserComments: 0\"\/>\n<\/div>\t\t\t<\/div>\n\n\t\t\t\t\t\t\t<p itemprop=\"description\" class=\"edgtf-excerpt\">Every year since 1981, the International Day of Peace has been celebrated worldwide on September 21. The initiative was born in the General Assembly o...<\/p>\n\t\t\t\t\t\t<a itemprop=\"url\" href=\"https:\/\/fibgar.es\/en\/international-day-of-peace-promoting-peace-as-a-tool-for-the-protection-of-human-rights\/\" class=\"edgtf-blog-list-read-more\">Read more<i class=\"arrow_right\"><\/i><\/a>\n\t\t<\/div>\n\t<\/div>\n<\/li>\n<li class=\"edgtf-blog-list-item clearfix\">\n\t<div class=\"edgtf-blog-list-item-inner\">\n\t\t<div class=\"edgtf-item-image\">\n\t\t\t<a itemprop=\"url\" href=\"https:\/\/fibgar.es\/en\/patfox-at-the-40th-cambridge-international-symposium-on-economic-crime\/\">\n\t\t\t\t<img loading=\"lazy\" decoding=\"async\" width=\"1024\" height=\"768\" src=\"https:\/\/fibgar.es\/wp-content\/uploads\/2023\/09\/IMG-20230905-WA0027-4.jpg\" class=\"attachment-full size-full wp-post-image\" alt=\"Nuestra directora Alessia Schiavon (FIBGAR), Naomi Colvin (Blueprint for Free Speech) y Maria Krambia-Kapardis (Universidad Tecnol\u00f3gica de Chipre).\" srcset=\"https:\/\/fibgar.es\/wp-content\/uploads\/2023\/09\/IMG-20230905-WA0027-4.jpg 1024w, https:\/\/fibgar.es\/wp-content\/uploads\/2023\/09\/IMG-20230905-WA0027-4-300x225.jpg 300w, https:\/\/fibgar.es\/wp-content\/uploads\/2023\/09\/IMG-20230905-WA0027-4-768x576.jpg 768w, https:\/\/fibgar.es\/wp-content\/uploads\/2023\/09\/IMG-20230905-WA0027-4-800x600.jpg 800w\" sizes=\"auto, (max-width: 1024px) 100vw, 1024px\" \/>\t\t\t<\/a>\n\t\t<\/div>\n\t\t<div class=\"edgtf-item-text-holder\" style=\"background-color:#ffffff;box-shadow:none;\">\n\t\t\t<h3 itemprop=\"name\" class=\"edgtf-item-title entry-title\">\n\t\t\t\t<a itemprop=\"url\" href=\"https:\/\/fibgar.es\/en\/patfox-at-the-40th-cambridge-international-symposium-on-economic-crime\/\" >\n\t\t\t\t\tPATFox at the 40th Cambridge International Symposium on Economic Crime\t\t\t\t<\/a>\n\t\t\t<\/h3>\n\n\t\t\t<div class=\"edgtf-item-info-section\">\n\t\t\t\t<div class=\"edgtf-post-info-author\">by\t<a itemprop=\"author\" class=\"edgtf-post-info-author-link\" href=\"https:\/\/fibgar.es\/en\/author\/fibgarau\/\">\n\t\tFibgar\t<\/a>\n<\/div><div class=\"edgtf-post-info-category\">\n\t<a href=\"https:\/\/fibgar.es\/en\/category\/articles\/\" rel=\"category tag\">Articles<\/a><\/div><div itemprop=\"dateCreated\" class=\"edgtf-post-info-date entry-date updated\">\n\t\t\t18\/09\/2023\t    <meta itemprop=\"interactionCount\" content=\"UserComments: 0\"\/>\n<\/div>\t\t\t<\/div>\n\n\t\t\t\t\t\t\t<p itemprop=\"description\" class=\"edgtf-excerpt\">On September 5th, together with our partners from PATFox, Blueprint for Free Speech and the Cyprus University of Technology we organize the workshop &amp;...<\/p>\n\t\t\t\t\t\t<a itemprop=\"url\" href=\"https:\/\/fibgar.es\/en\/patfox-at-the-40th-cambridge-international-symposium-on-economic-crime\/\" class=\"edgtf-blog-list-read-more\">Read more<i class=\"arrow_right\"><\/i><\/a>\n\t\t<\/div>\n\t<\/div>\n<\/li>\n<li class=\"edgtf-blog-list-item clearfix\">\n\t<div class=\"edgtf-blog-list-item-inner\">\n\t\t<div class=\"edgtf-item-image\">\n\t\t\t<a itemprop=\"url\" href=\"https:\/\/fibgar.es\/en\/patfox-at-the-ahri-annual-conference-on-human-rights-advocacy-in-the-spotlight\/\">\n\t\t\t\t<img loading=\"lazy\" decoding=\"async\" width=\"800\" height=\"328\" src=\"https:\/\/fibgar.es\/wp-content\/uploads\/2023\/09\/1694091699272.jpeg\" class=\"attachment-full size-full wp-post-image\" alt=\"\" srcset=\"https:\/\/fibgar.es\/wp-content\/uploads\/2023\/09\/1694091699272.jpeg 800w, https:\/\/fibgar.es\/wp-content\/uploads\/2023\/09\/1694091699272-300x123.jpeg 300w, https:\/\/fibgar.es\/wp-content\/uploads\/2023\/09\/1694091699272-768x315.jpeg 768w\" sizes=\"auto, (max-width: 800px) 100vw, 800px\" \/>\t\t\t<\/a>\n\t\t<\/div>\n\t\t<div class=\"edgtf-item-text-holder\" style=\"background-color:#ffffff;box-shadow:none;\">\n\t\t\t<h3 itemprop=\"name\" class=\"edgtf-item-title entry-title\">\n\t\t\t\t<a itemprop=\"url\" href=\"https:\/\/fibgar.es\/en\/patfox-at-the-ahri-annual-conference-on-human-rights-advocacy-in-the-spotlight\/\" >\n\t\t\t\t\tPATFox at the AHRI Annual Conference on &#8220;Human Rights Advocacy in the Spotlight&#8221;.\t\t\t\t<\/a>\n\t\t\t<\/h3>\n\n\t\t\t<div class=\"edgtf-item-info-section\">\n\t\t\t\t<div class=\"edgtf-post-info-author\">by\t<a itemprop=\"author\" class=\"edgtf-post-info-author-link\" href=\"https:\/\/fibgar.es\/en\/author\/fibgarau\/\">\n\t\tFibgar\t<\/a>\n<\/div><div class=\"edgtf-post-info-category\">\n\t<a href=\"https:\/\/fibgar.es\/en\/category\/articles\/\" rel=\"category tag\">Articles<\/a><\/div><div itemprop=\"dateCreated\" class=\"edgtf-post-info-date entry-date updated\">\n\t\t\t18\/09\/2023\t    <meta itemprop=\"interactionCount\" content=\"UserComments: 0\"\/>\n<\/div>\t\t\t<\/div>\n\n\t\t\t\t\t\t\t<p itemprop=\"description\" class=\"edgtf-excerpt\">Last week, our director, Alessia Schiavon, presented the project of PATFox before the panel of &#8220;Possible strategies for addressing constraints i...<\/p>\n\t\t\t\t\t\t<a itemprop=\"url\" href=\"https:\/\/fibgar.es\/en\/patfox-at-the-ahri-annual-conference-on-human-rights-advocacy-in-the-spotlight\/\" class=\"edgtf-blog-list-read-more\">Read more<i class=\"arrow_right\"><\/i><\/a>\n\t\t<\/div>\n\t<\/div>\n<\/li>\n<li class=\"edgtf-blog-list-item clearfix\">\n\t<div class=\"edgtf-blog-list-item-inner\">\n\t\t<div class=\"edgtf-item-image\">\n\t\t\t<a itemprop=\"url\" href=\"https:\/\/fibgar.es\/en\/ending-the-francoist-pact-of-oblivion\/\">\n\t\t\t\t<img loading=\"lazy\" decoding=\"async\" width=\"1600\" height=\"900\" src=\"https:\/\/fibgar.es\/wp-content\/uploads\/2023\/09\/TW-Articulo-impunidad-del-franquismo.png\" class=\"attachment-full size-full wp-post-image\" alt=\"\" srcset=\"https:\/\/fibgar.es\/wp-content\/uploads\/2023\/09\/TW-Articulo-impunidad-del-franquismo.png 1600w, https:\/\/fibgar.es\/wp-content\/uploads\/2023\/09\/TW-Articulo-impunidad-del-franquismo-300x169.png 300w, https:\/\/fibgar.es\/wp-content\/uploads\/2023\/09\/TW-Articulo-impunidad-del-franquismo-1024x576.png 1024w, https:\/\/fibgar.es\/wp-content\/uploads\/2023\/09\/TW-Articulo-impunidad-del-franquismo-768x432.png 768w, https:\/\/fibgar.es\/wp-content\/uploads\/2023\/09\/TW-Articulo-impunidad-del-franquismo-1536x864.png 1536w\" sizes=\"auto, (max-width: 1600px) 100vw, 1600px\" \/>\t\t\t<\/a>\n\t\t<\/div>\n\t\t<div class=\"edgtf-item-text-holder\" style=\"background-color:#ffffff;box-shadow:none;\">\n\t\t\t<h3 itemprop=\"name\" class=\"edgtf-item-title entry-title\">\n\t\t\t\t<a itemprop=\"url\" href=\"https:\/\/fibgar.es\/en\/ending-the-francoist-pact-of-oblivion\/\" >\n\t\t\t\t\tEnding the Francoist Pact of Oblivion\t\t\t\t<\/a>\n\t\t\t<\/h3>\n\n\t\t\t<div class=\"edgtf-item-info-section\">\n\t\t\t\t<div class=\"edgtf-post-info-author\">by\t<a itemprop=\"author\" class=\"edgtf-post-info-author-link\" href=\"https:\/\/fibgar.es\/en\/author\/fibgarau\/\">\n\t\tFibgar\t<\/a>\n<\/div><div class=\"edgtf-post-info-category\">\n\t<a href=\"https:\/\/fibgar.es\/en\/category\/articles\/\" rel=\"category tag\">Articles<\/a><\/div><div itemprop=\"dateCreated\" class=\"edgtf-post-info-date entry-date updated\">\n\t\t\t15\/09\/2023\t    <meta itemprop=\"interactionCount\" content=\"UserComments: 0\"\/>\n<\/div>\t\t\t<\/div>\n\n\t\t\t\t\t\t\t<p itemprop=\"description\" class=\"edgtf-excerpt\">Today, September 15, 2023, is a historic day for Spain. Julio Pacheco Yepes, victim of arbitrary detention and torture for belonging to an anti-fascis...<\/p>\n\t\t\t\t\t\t<a itemprop=\"url\" href=\"https:\/\/fibgar.es\/en\/ending-the-francoist-pact-of-oblivion\/\" class=\"edgtf-blog-list-read-more\">Read more<i class=\"arrow_right\"><\/i><\/a>\n\t\t<\/div>\n\t<\/div>\n<\/li>\n<li class=\"edgtf-blog-list-item clearfix\">\n\t<div class=\"edgtf-blog-list-item-inner\">\n\t\t<div class=\"edgtf-item-image\">\n\t\t\t<a itemprop=\"url\" href=\"https:\/\/fibgar.es\/en\/the-democratic-future-of-europe-everyones-commitment\/\">\n\t\t\t\t<img loading=\"lazy\" decoding=\"async\" width=\"1600\" height=\"900\" src=\"https:\/\/fibgar.es\/wp-content\/uploads\/2023\/09\/DIA-INTERNACIONAL.png\" class=\"attachment-full size-full wp-post-image\" alt=\"\" srcset=\"https:\/\/fibgar.es\/wp-content\/uploads\/2023\/09\/DIA-INTERNACIONAL.png 1600w, https:\/\/fibgar.es\/wp-content\/uploads\/2023\/09\/DIA-INTERNACIONAL-300x169.png 300w, https:\/\/fibgar.es\/wp-content\/uploads\/2023\/09\/DIA-INTERNACIONAL-1024x576.png 1024w, https:\/\/fibgar.es\/wp-content\/uploads\/2023\/09\/DIA-INTERNACIONAL-768x432.png 768w, https:\/\/fibgar.es\/wp-content\/uploads\/2023\/09\/DIA-INTERNACIONAL-1536x864.png 1536w\" sizes=\"auto, (max-width: 1600px) 100vw, 1600px\" \/>\t\t\t<\/a>\n\t\t<\/div>\n\t\t<div class=\"edgtf-item-text-holder\" style=\"background-color:#ffffff;box-shadow:none;\">\n\t\t\t<h3 itemprop=\"name\" class=\"edgtf-item-title entry-title\">\n\t\t\t\t<a itemprop=\"url\" href=\"https:\/\/fibgar.es\/en\/the-democratic-future-of-europe-everyones-commitment\/\" >\n\t\t\t\t\tThe democratic future of Europe: everyone&#8217;s commitment\t\t\t\t<\/a>\n\t\t\t<\/h3>\n\n\t\t\t<div class=\"edgtf-item-info-section\">\n\t\t\t\t<div class=\"edgtf-post-info-author\">by\t<a itemprop=\"author\" class=\"edgtf-post-info-author-link\" href=\"https:\/\/fibgar.es\/en\/author\/fibgarau\/\">\n\t\tFibgar\t<\/a>\n<\/div><div class=\"edgtf-post-info-category\">\n\t<a href=\"https:\/\/fibgar.es\/en\/category\/articles\/\" rel=\"category tag\">Articles<\/a><\/div><div itemprop=\"dateCreated\" class=\"edgtf-post-info-date entry-date updated\">\n\t\t\t15\/09\/2023\t    <meta itemprop=\"interactionCount\" content=\"UserComments: 0\"\/>\n<\/div>\t\t\t<\/div>\n\n\t\t\t\t\t\t\t<p itemprop=\"description\" class=\"edgtf-excerpt\">In 2007, through the resolution on the &#8220;Support by the United Nations system of the efforts of governments to promote and consolidate new or res...<\/p>\n\t\t\t\t\t\t<a itemprop=\"url\" href=\"https:\/\/fibgar.es\/en\/the-democratic-future-of-europe-everyones-commitment\/\" class=\"edgtf-blog-list-read-more\">Read more<i class=\"arrow_right\"><\/i><\/a>\n\t\t<\/div>\n\t<\/div>\n<\/li>\n<li class=\"edgtf-blog-list-item clearfix\">\n\t<div class=\"edgtf-blog-list-item-inner\">\n\t\t<div class=\"edgtf-item-image\">\n\t\t\t<a itemprop=\"url\" href=\"https:\/\/fibgar.es\/en\/the-dystopian-future-is-already-here-the-need-for-environmental-action\/\">\n\t\t\t\t<img loading=\"lazy\" decoding=\"async\" width=\"1600\" height=\"900\" src=\"https:\/\/fibgar.es\/wp-content\/uploads\/2023\/09\/POST-GENERICO.png\" class=\"attachment-full size-full wp-post-image\" alt=\"\" srcset=\"https:\/\/fibgar.es\/wp-content\/uploads\/2023\/09\/POST-GENERICO.png 1600w, https:\/\/fibgar.es\/wp-content\/uploads\/2023\/09\/POST-GENERICO-300x169.png 300w, https:\/\/fibgar.es\/wp-content\/uploads\/2023\/09\/POST-GENERICO-1024x576.png 1024w, https:\/\/fibgar.es\/wp-content\/uploads\/2023\/09\/POST-GENERICO-768x432.png 768w, https:\/\/fibgar.es\/wp-content\/uploads\/2023\/09\/POST-GENERICO-1536x864.png 1536w\" sizes=\"auto, (max-width: 1600px) 100vw, 1600px\" \/>\t\t\t<\/a>\n\t\t<\/div>\n\t\t<div class=\"edgtf-item-text-holder\" style=\"background-color:#ffffff;box-shadow:none;\">\n\t\t\t<h3 itemprop=\"name\" class=\"edgtf-item-title entry-title\">\n\t\t\t\t<a itemprop=\"url\" href=\"https:\/\/fibgar.es\/en\/the-dystopian-future-is-already-here-the-need-for-environmental-action\/\" >\n\t\t\t\t\t&#8220;The dystopian future is already here&#8221;: the need for environmental action\t\t\t\t<\/a>\n\t\t\t<\/h3>\n\n\t\t\t<div class=\"edgtf-item-info-section\">\n\t\t\t\t<div class=\"edgtf-post-info-author\">by\t<a itemprop=\"author\" class=\"edgtf-post-info-author-link\" href=\"https:\/\/fibgar.es\/en\/author\/fibgarau\/\">\n\t\tFibgar\t<\/a>\n<\/div><div class=\"edgtf-post-info-category\">\n\t<a href=\"https:\/\/fibgar.es\/en\/category\/articles\/\" rel=\"category tag\">Articles<\/a><\/div><div itemprop=\"dateCreated\" class=\"edgtf-post-info-date entry-date updated\">\n\t\t\t14\/09\/2023\t    <meta itemprop=\"interactionCount\" content=\"UserComments: 0\"\/>\n<\/div>\t\t\t<\/div>\n\n\t\t\t\t\t\t\t<p itemprop=\"description\" class=\"edgtf-excerpt\">For decades, the economic development we have enjoyed has been taking too high a toll on the living beings that inhabit the planet, including people a...<\/p>\n\t\t\t\t\t\t<a itemprop=\"url\" href=\"https:\/\/fibgar.es\/en\/the-dystopian-future-is-already-here-the-need-for-environmental-action\/\" class=\"edgtf-blog-list-read-more\">Read more<i class=\"arrow_right\"><\/i><\/a>\n\t\t<\/div>\n\t<\/div>\n<\/li>\n<li class=\"edgtf-blog-list-item clearfix\">\n\t<div class=\"edgtf-blog-list-item-inner\">\n\t\t<div class=\"edgtf-item-image\">\n\t\t\t<a itemprop=\"url\" href=\"https:\/\/fibgar.es\/en\/dia-internacional-de-las-victimas-de-la-tortura-2\/\">\n\t\t\t\t<img loading=\"lazy\" decoding=\"async\" width=\"1600\" height=\"900\" src=\"https:\/\/fibgar.es\/wp-content\/uploads\/2023\/08\/DIA-INTERNACIONAL3.png\" class=\"attachment-full size-full wp-post-image\" alt=\"\" srcset=\"https:\/\/fibgar.es\/wp-content\/uploads\/2023\/08\/DIA-INTERNACIONAL3.png 1600w, https:\/\/fibgar.es\/wp-content\/uploads\/2023\/08\/DIA-INTERNACIONAL3-300x169.png 300w, https:\/\/fibgar.es\/wp-content\/uploads\/2023\/08\/DIA-INTERNACIONAL3-1024x576.png 1024w, https:\/\/fibgar.es\/wp-content\/uploads\/2023\/08\/DIA-INTERNACIONAL3-768x432.png 768w, https:\/\/fibgar.es\/wp-content\/uploads\/2023\/08\/DIA-INTERNACIONAL3-1536x864.png 1536w\" sizes=\"auto, (max-width: 1600px) 100vw, 1600px\" \/>\t\t\t<\/a>\n\t\t<\/div>\n\t\t<div class=\"edgtf-item-text-holder\" style=\"background-color:#ffffff;box-shadow:none;\">\n\t\t\t<h3 itemprop=\"name\" class=\"edgtf-item-title entry-title\">\n\t\t\t\t<a itemprop=\"url\" href=\"https:\/\/fibgar.es\/en\/dia-internacional-de-las-victimas-de-la-tortura-2\/\" >\n\t\t\t\t\tInternational Day of the Victims of Torture\u00a0\t\t\t\t<\/a>\n\t\t\t<\/h3>\n\n\t\t\t<div class=\"edgtf-item-info-section\">\n\t\t\t\t<div class=\"edgtf-post-info-author\">by\t<a itemprop=\"author\" class=\"edgtf-post-info-author-link\" href=\"https:\/\/fibgar.es\/en\/author\/fibgarau\/\">\n\t\tFibgar\t<\/a>\n<\/div><div class=\"edgtf-post-info-category\">\n\t<a href=\"https:\/\/fibgar.es\/en\/category\/articles\/\" rel=\"category tag\">Articles<\/a><\/div><div itemprop=\"dateCreated\" class=\"edgtf-post-info-date entry-date updated\">\n\t\t\t30\/08\/2023\t    <meta itemprop=\"interactionCount\" content=\"UserComments: 0\"\/>\n<\/div>\t\t\t<\/div>\n\n\t\t\t\t\t\t\t<p itemprop=\"description\" class=\"edgtf-excerpt\">Since 1997, June 26 has been the United Nations International Day in Support of Victims of Torture and commemorates the entry into force in 1987 of th...<\/p>\n\t\t\t\t\t\t<a itemprop=\"url\" href=\"https:\/\/fibgar.es\/en\/dia-internacional-de-las-victimas-de-la-tortura-2\/\" class=\"edgtf-blog-list-read-more\">Read more<i class=\"arrow_right\"><\/i><\/a>\n\t\t<\/div>\n\t<\/div>\n<\/li>\n<li class=\"edgtf-blog-list-item clearfix\">\n\t<div class=\"edgtf-blog-list-item-inner\">\n\t\t<div class=\"edgtf-item-image\">\n\t\t\t<a itemprop=\"url\" href=\"https:\/\/fibgar.es\/en\/dia-internacional-de-la-juventud\/\">\n\t\t\t\t<img loading=\"lazy\" decoding=\"async\" width=\"1600\" height=\"900\" src=\"https:\/\/fibgar.es\/wp-content\/uploads\/2023\/08\/DIA-INTERNACIONAL2.png\" class=\"attachment-full size-full wp-post-image\" alt=\"\" srcset=\"https:\/\/fibgar.es\/wp-content\/uploads\/2023\/08\/DIA-INTERNACIONAL2.png 1600w, https:\/\/fibgar.es\/wp-content\/uploads\/2023\/08\/DIA-INTERNACIONAL2-300x169.png 300w, https:\/\/fibgar.es\/wp-content\/uploads\/2023\/08\/DIA-INTERNACIONAL2-1024x576.png 1024w, https:\/\/fibgar.es\/wp-content\/uploads\/2023\/08\/DIA-INTERNACIONAL2-768x432.png 768w, https:\/\/fibgar.es\/wp-content\/uploads\/2023\/08\/DIA-INTERNACIONAL2-1536x864.png 1536w\" sizes=\"auto, (max-width: 1600px) 100vw, 1600px\" \/>\t\t\t<\/a>\n\t\t<\/div>\n\t\t<div class=\"edgtf-item-text-holder\" style=\"background-color:#ffffff;box-shadow:none;\">\n\t\t\t<h3 itemprop=\"name\" class=\"edgtf-item-title entry-title\">\n\t\t\t\t<a itemprop=\"url\" href=\"https:\/\/fibgar.es\/en\/dia-internacional-de-la-juventud\/\" >\n\t\t\t\t\tInternational Youth Day\u00a0\t\t\t\t<\/a>\n\t\t\t<\/h3>\n\n\t\t\t<div class=\"edgtf-item-info-section\">\n\t\t\t\t<div class=\"edgtf-post-info-author\">by\t<a itemprop=\"author\" class=\"edgtf-post-info-author-link\" href=\"https:\/\/fibgar.es\/en\/author\/fibgarau\/\">\n\t\tFibgar\t<\/a>\n<\/div><div class=\"edgtf-post-info-category\">\n\t<a href=\"https:\/\/fibgar.es\/en\/category\/articles\/\" rel=\"category tag\">Articles<\/a><\/div><div itemprop=\"dateCreated\" class=\"edgtf-post-info-date entry-date updated\">\n\t\t\t28\/08\/2023\t    <meta itemprop=\"interactionCount\" content=\"UserComments: 0\"\/>\n<\/div>\t\t\t<\/div>\n\n\t\t\t\t\t\t\t<p itemprop=\"description\" class=\"edgtf-excerpt\">Last August 12 was International Youth Day. Declared as such by the United Nations General Assembly in 1999, every year this day is used to draw the a...<\/p>\n\t\t\t\t\t\t<a itemprop=\"url\" href=\"https:\/\/fibgar.es\/en\/dia-internacional-de-la-juventud\/\" class=\"edgtf-blog-list-read-more\">Read more<i class=\"arrow_right\"><\/i><\/a>\n\t\t<\/div>\n\t<\/div>\n<\/li>\n<li class=\"edgtf-blog-list-item clearfix\">\n\t<div class=\"edgtf-blog-list-item-inner\">\n\t\t<div class=\"edgtf-item-image\">\n\t\t\t<a itemprop=\"url\" href=\"https:\/\/fibgar.es\/en\/la-importancia-de-la-memoria-democratica-en-la-conmemoracion-de-las-victimas-de-crimenes-contra-los-derechos-humanos\/\">\n\t\t\t\t<img loading=\"lazy\" decoding=\"async\" width=\"3200\" height=\"1800\" src=\"https:\/\/fibgar.es\/wp-content\/uploads\/2023\/08\/Conmemoracion-de-las-victimas-de-crimenes.png\" class=\"attachment-full size-full wp-post-image\" alt=\"\" srcset=\"https:\/\/fibgar.es\/wp-content\/uploads\/2023\/08\/Conmemoracion-de-las-victimas-de-crimenes.png 3200w, https:\/\/fibgar.es\/wp-content\/uploads\/2023\/08\/Conmemoracion-de-las-victimas-de-crimenes-300x169.png 300w, https:\/\/fibgar.es\/wp-content\/uploads\/2023\/08\/Conmemoracion-de-las-victimas-de-crimenes-1024x576.png 1024w, https:\/\/fibgar.es\/wp-content\/uploads\/2023\/08\/Conmemoracion-de-las-victimas-de-crimenes-768x432.png 768w, https:\/\/fibgar.es\/wp-content\/uploads\/2023\/08\/Conmemoracion-de-las-victimas-de-crimenes-1536x864.png 1536w\" sizes=\"auto, (max-width: 3200px) 100vw, 3200px\" \/>\t\t\t<\/a>\n\t\t<\/div>\n\t\t<div class=\"edgtf-item-text-holder\" style=\"background-color:#ffffff;box-shadow:none;\">\n\t\t\t<h3 itemprop=\"name\" class=\"edgtf-item-title entry-title\">\n\t\t\t\t<a itemprop=\"url\" href=\"https:\/\/fibgar.es\/en\/la-importancia-de-la-memoria-democratica-en-la-conmemoracion-de-las-victimas-de-crimenes-contra-los-derechos-humanos\/\" >\n\t\t\t\t\tThe importance of democratic memory in the commemoration of victims of human rights crimes\u00a0\t\t\t\t<\/a>\n\t\t\t<\/h3>\n\n\t\t\t<div class=\"edgtf-item-info-section\">\n\t\t\t\t<div class=\"edgtf-post-info-author\">by\t<a itemprop=\"author\" class=\"edgtf-post-info-author-link\" href=\"https:\/\/fibgar.es\/en\/author\/fibgarau\/\">\n\t\tFibgar\t<\/a>\n<\/div><div class=\"edgtf-post-info-category\">\n\t<a href=\"https:\/\/fibgar.es\/en\/category\/articles\/\" rel=\"category tag\">Articles<\/a><\/div><div itemprop=\"dateCreated\" class=\"edgtf-post-info-date entry-date updated\">\n\t\t\t23\/08\/2023\t    <meta itemprop=\"interactionCount\" content=\"UserComments: 0\"\/>\n<\/div>\t\t\t<\/div>\n\n\t\t\t\t\t\t\t<p itemprop=\"description\" class=\"edgtf-excerpt\">Since 2009, the European Day of Remembrance for the Victims of Stalinism and Nazism has been celebrated on August 23. The aim of this day is &#8220;to...<\/p>\n\t\t\t\t\t\t<a itemprop=\"url\" href=\"https:\/\/fibgar.es\/en\/la-importancia-de-la-memoria-democratica-en-la-conmemoracion-de-las-victimas-de-crimenes-contra-los-derechos-humanos\/\" class=\"edgtf-blog-list-read-more\">Read more<i class=\"arrow_right\"><\/i><\/a>\n\t\t<\/div>\n\t<\/div>\n<\/li>\n<li class=\"edgtf-blog-list-item clearfix\">\n\t<div class=\"edgtf-blog-list-item-inner\">\n\t\t<div class=\"edgtf-item-image\">\n\t\t\t<a itemprop=\"url\" href=\"https:\/\/fibgar.es\/en\/los-pueblos-originarios-los-guardianes-de-nuestros-entornos-naturales\/\">\n\t\t\t\t<img loading=\"lazy\" decoding=\"async\" width=\"1600\" height=\"900\" src=\"https:\/\/fibgar.es\/wp-content\/uploads\/2023\/08\/DIA-INTERNACIONAL1-1.png\" class=\"attachment-full size-full wp-post-image\" alt=\"\" srcset=\"https:\/\/fibgar.es\/wp-content\/uploads\/2023\/08\/DIA-INTERNACIONAL1-1.png 1600w, https:\/\/fibgar.es\/wp-content\/uploads\/2023\/08\/DIA-INTERNACIONAL1-1-300x169.png 300w, https:\/\/fibgar.es\/wp-content\/uploads\/2023\/08\/DIA-INTERNACIONAL1-1-1024x576.png 1024w, https:\/\/fibgar.es\/wp-content\/uploads\/2023\/08\/DIA-INTERNACIONAL1-1-768x432.png 768w, https:\/\/fibgar.es\/wp-content\/uploads\/2023\/08\/DIA-INTERNACIONAL1-1-1536x864.png 1536w\" sizes=\"auto, (max-width: 1600px) 100vw, 1600px\" \/>\t\t\t<\/a>\n\t\t<\/div>\n\t\t<div class=\"edgtf-item-text-holder\" style=\"background-color:#ffffff;box-shadow:none;\">\n\t\t\t<h3 itemprop=\"name\" class=\"edgtf-item-title entry-title\">\n\t\t\t\t<a itemprop=\"url\" href=\"https:\/\/fibgar.es\/en\/los-pueblos-originarios-los-guardianes-de-nuestros-entornos-naturales\/\" >\n\t\t\t\t\tIndigenous people: the guardians of our natural environments\u00a0\t\t\t\t<\/a>\n\t\t\t<\/h3>\n\n\t\t\t<div class=\"edgtf-item-info-section\">\n\t\t\t\t<div class=\"edgtf-post-info-author\">by\t<a itemprop=\"author\" class=\"edgtf-post-info-author-link\" href=\"https:\/\/fibgar.es\/en\/author\/fibgarau\/\">\n\t\tFibgar\t<\/a>\n<\/div><div class=\"edgtf-post-info-category\">\n\t<a href=\"https:\/\/fibgar.es\/en\/category\/articles\/\" rel=\"category tag\">Articles<\/a><\/div><div itemprop=\"dateCreated\" class=\"edgtf-post-info-date entry-date updated\">\n\t\t\t09\/08\/2023\t    <meta itemprop=\"interactionCount\" content=\"UserComments: 0\"\/>\n<\/div>\t\t\t<\/div>\n\n\t\t\t\t\t\t\t<p itemprop=\"description\" class=\"edgtf-excerpt\">On August 9, 1982, the first meeting of the Working Group on the Multiple Populations of Indigenous Peoples of the Sub-Commission on Prevention of Dis...<\/p>\n\t\t\t\t\t\t<a itemprop=\"url\" href=\"https:\/\/fibgar.es\/en\/los-pueblos-originarios-los-guardianes-de-nuestros-entornos-naturales\/\" class=\"edgtf-blog-list-read-more\">Read more<i class=\"arrow_right\"><\/i><\/a>\n\t\t<\/div>\n\t<\/div>\n<\/li>\n<li class=\"edgtf-blog-list-item clearfix\">\n\t<div class=\"edgtf-blog-list-item-inner\">\n\t\t<div class=\"edgtf-item-image\">\n\t\t\t<a itemprop=\"url\" href=\"https:\/\/fibgar.es\/en\/comunicado-elecciones-memoria-y-democracia\/\">\n\t\t\t\t<img loading=\"lazy\" decoding=\"async\" width=\"1600\" height=\"900\" src=\"https:\/\/fibgar.es\/wp-content\/uploads\/2023\/07\/POST-GENERICO.png\" class=\"attachment-full size-full wp-post-image\" alt=\"\" srcset=\"https:\/\/fibgar.es\/wp-content\/uploads\/2023\/07\/POST-GENERICO.png 1600w, https:\/\/fibgar.es\/wp-content\/uploads\/2023\/07\/POST-GENERICO-300x169.png 300w, https:\/\/fibgar.es\/wp-content\/uploads\/2023\/07\/POST-GENERICO-1024x576.png 1024w, https:\/\/fibgar.es\/wp-content\/uploads\/2023\/07\/POST-GENERICO-768x432.png 768w, https:\/\/fibgar.es\/wp-content\/uploads\/2023\/07\/POST-GENERICO-1536x864.png 1536w\" sizes=\"auto, (max-width: 1600px) 100vw, 1600px\" \/>\t\t\t<\/a>\n\t\t<\/div>\n\t\t<div class=\"edgtf-item-text-holder\" style=\"background-color:#ffffff;box-shadow:none;\">\n\t\t\t<h3 itemprop=\"name\" class=\"edgtf-item-title entry-title\">\n\t\t\t\t<a itemprop=\"url\" href=\"https:\/\/fibgar.es\/en\/comunicado-elecciones-memoria-y-democracia\/\" >\n\t\t\t\t\tStatement on elections, memory and democracy\u00a0\t\t\t\t<\/a>\n\t\t\t<\/h3>\n\n\t\t\t<div class=\"edgtf-item-info-section\">\n\t\t\t\t<div class=\"edgtf-post-info-author\">by\t<a itemprop=\"author\" class=\"edgtf-post-info-author-link\" href=\"https:\/\/fibgar.es\/en\/author\/fibgarau\/\">\n\t\tFibgar\t<\/a>\n<\/div><div class=\"edgtf-post-info-category\">\n\t<a href=\"https:\/\/fibgar.es\/en\/category\/articles\/\" rel=\"category tag\">Articles<\/a><\/div><div itemprop=\"dateCreated\" class=\"edgtf-post-info-date entry-date updated\">\n\t\t\t20\/07\/2023\t    <meta itemprop=\"interactionCount\" content=\"UserComments: 0\"\/>\n<\/div>\t\t\t<\/div>\n\n\t\t\t\t\t\t\t<p itemprop=\"description\" class=\"edgtf-excerpt\">In view of the upcoming General Elections on July 23rd, 2023, the memorialist associations that make up the Truth Commission Platform demand that all ...<\/p>\n\t\t\t\t\t\t<a itemprop=\"url\" href=\"https:\/\/fibgar.es\/en\/comunicado-elecciones-memoria-y-democracia\/\" class=\"edgtf-blog-list-read-more\">Read more<i class=\"arrow_right\"><\/i><\/a>\n\t\t<\/div>\n\t<\/div>\n<\/li>\n<li class=\"edgtf-blog-list-item clearfix\">\n\t<div class=\"edgtf-blog-list-item-inner\">\n\t\t<div class=\"edgtf-item-image\">\n\t\t\t<a itemprop=\"url\" href=\"https:\/\/fibgar.es\/en\/la-lucha-contra-las-slapps-en-el-centro-del-debate-europeo\/\">\n\t\t\t\t<img loading=\"lazy\" decoding=\"async\" width=\"2560\" height=\"1707\" src=\"https:\/\/fibgar.es\/wp-content\/uploads\/2023\/06\/guillaume-perigois-wVqC9dty3VQ-unsplash-scaled.jpg\" class=\"attachment-full size-full wp-post-image\" alt=\"\" srcset=\"https:\/\/fibgar.es\/wp-content\/uploads\/2023\/06\/guillaume-perigois-wVqC9dty3VQ-unsplash-scaled.jpg 2560w, https:\/\/fibgar.es\/wp-content\/uploads\/2023\/06\/guillaume-perigois-wVqC9dty3VQ-unsplash-300x200.jpg 300w, https:\/\/fibgar.es\/wp-content\/uploads\/2023\/06\/guillaume-perigois-wVqC9dty3VQ-unsplash-1024x683.jpg 1024w, https:\/\/fibgar.es\/wp-content\/uploads\/2023\/06\/guillaume-perigois-wVqC9dty3VQ-unsplash-768x512.jpg 768w, https:\/\/fibgar.es\/wp-content\/uploads\/2023\/06\/guillaume-perigois-wVqC9dty3VQ-unsplash-1536x1024.jpg 1536w\" sizes=\"auto, (max-width: 2560px) 100vw, 2560px\" \/>\t\t\t<\/a>\n\t\t<\/div>\n\t\t<div class=\"edgtf-item-text-holder\" style=\"background-color:#ffffff;box-shadow:none;\">\n\t\t\t<h3 itemprop=\"name\" class=\"edgtf-item-title entry-title\">\n\t\t\t\t<a itemprop=\"url\" href=\"https:\/\/fibgar.es\/en\/la-lucha-contra-las-slapps-en-el-centro-del-debate-europeo\/\" >\n\t\t\t\t\tThe fight against SLAPPs at the center of the European debate\t\t\t\t<\/a>\n\t\t\t<\/h3>\n\n\t\t\t<div class=\"edgtf-item-info-section\">\n\t\t\t\t<div class=\"edgtf-post-info-author\">by\t<a itemprop=\"author\" class=\"edgtf-post-info-author-link\" href=\"https:\/\/fibgar.es\/en\/author\/fibgarau\/\">\n\t\tFibgar\t<\/a>\n<\/div><div class=\"edgtf-post-info-category\">\n\t<a href=\"https:\/\/fibgar.es\/en\/category\/articles\/\" rel=\"category tag\">Articles<\/a><\/div><div itemprop=\"dateCreated\" class=\"edgtf-post-info-date entry-date updated\">\n\t\t\t29\/06\/2023\t    <meta itemprop=\"interactionCount\" content=\"UserComments: 0\"\/>\n<\/div>\t\t\t<\/div>\n\n\t\t\t\t\t\t\t<p itemprop=\"description\" class=\"edgtf-excerpt\">&#8220;SLAPP suits are a threat to the rule of law and seriously undermine the fundamental rights of expression, information and association. They are...<\/p>\n\t\t\t\t\t\t<a itemprop=\"url\" href=\"https:\/\/fibgar.es\/en\/la-lucha-contra-las-slapps-en-el-centro-del-debate-europeo\/\" class=\"edgtf-blog-list-read-more\">Read more<i class=\"arrow_right\"><\/i><\/a>\n\t\t<\/div>\n\t<\/div>\n<\/li>\n<li class=\"edgtf-blog-list-item clearfix\">\n\t<div class=\"edgtf-blog-list-item-inner\">\n\t\t<div class=\"edgtf-item-image\">\n\t\t\t<a itemprop=\"url\" href=\"https:\/\/fibgar.es\/en\/dia-internacional-de-las-victimas-de-la-tortura\/\">\n\t\t\t\t<img loading=\"lazy\" decoding=\"async\" width=\"3200\" height=\"1800\" src=\"https:\/\/fibgar.es\/wp-content\/uploads\/2023\/06\/DIA-INTERNACIONAL.png\" class=\"attachment-full size-full wp-post-image\" alt=\"\" srcset=\"https:\/\/fibgar.es\/wp-content\/uploads\/2023\/06\/DIA-INTERNACIONAL.png 3200w, https:\/\/fibgar.es\/wp-content\/uploads\/2023\/06\/DIA-INTERNACIONAL-300x169.png 300w, https:\/\/fibgar.es\/wp-content\/uploads\/2023\/06\/DIA-INTERNACIONAL-1024x576.png 1024w, https:\/\/fibgar.es\/wp-content\/uploads\/2023\/06\/DIA-INTERNACIONAL-768x432.png 768w, https:\/\/fibgar.es\/wp-content\/uploads\/2023\/06\/DIA-INTERNACIONAL-1536x864.png 1536w\" sizes=\"auto, (max-width: 3200px) 100vw, 3200px\" \/>\t\t\t<\/a>\n\t\t<\/div>\n\t\t<div class=\"edgtf-item-text-holder\" style=\"background-color:#ffffff;box-shadow:none;\">\n\t\t\t<h3 itemprop=\"name\" class=\"edgtf-item-title entry-title\">\n\t\t\t\t<a itemprop=\"url\" href=\"https:\/\/fibgar.es\/en\/dia-internacional-de-las-victimas-de-la-tortura\/\" >\n\t\t\t\t\tD\u00eda Internacional de las v\u00edctimas de la tortura\t\t\t\t<\/a>\n\t\t\t<\/h3>\n\n\t\t\t<div class=\"edgtf-item-info-section\">\n\t\t\t\t<div class=\"edgtf-post-info-author\">by\t<a itemprop=\"author\" class=\"edgtf-post-info-author-link\" href=\"https:\/\/fibgar.es\/en\/author\/fibgarau\/\">\n\t\tFibgar\t<\/a>\n<\/div><div class=\"edgtf-post-info-category\">\n\t<a href=\"https:\/\/fibgar.es\/en\/category\/articles\/\" rel=\"category tag\">Articles<\/a><\/div><div itemprop=\"dateCreated\" class=\"edgtf-post-info-date entry-date updated\">\n\t\t\t26\/06\/2023\t    <meta itemprop=\"interactionCount\" content=\"UserComments: 0\"\/>\n<\/div>\t\t\t<\/div>\n\n\t\t\t\t\t\t\t<p itemprop=\"description\" class=\"edgtf-excerpt\">El 26 de junio es, desde 1997, el D\u00eda Internacional de las Naciones en Apoyo de las V\u00edctimas de la Tortura y conmemora la entrada en vigor en 1987 d...<\/p>\n\t\t\t\t\t\t<a itemprop=\"url\" href=\"https:\/\/fibgar.es\/en\/dia-internacional-de-las-victimas-de-la-tortura\/\" class=\"edgtf-blog-list-read-more\">Read more<i class=\"arrow_right\"><\/i><\/a>\n\t\t<\/div>\n\t<\/div>\n<\/li>\n<li class=\"edgtf-blog-list-item clearfix\">\n\t<div class=\"edgtf-blog-list-item-inner\">\n\t\t<div class=\"edgtf-item-image\">\n\t\t\t<a itemprop=\"url\" href=\"https:\/\/fibgar.es\/en\/la-proteccion-de-los-alertadores-en-europa-avances-y-retrocesos\/\">\n\t\t\t\t<img loading=\"lazy\" decoding=\"async\" width=\"1600\" height=\"900\" src=\"https:\/\/fibgar.es\/wp-content\/uploads\/2023\/06\/DIA-INTERNACIONAL-3.png\" class=\"attachment-full size-full wp-post-image\" alt=\"\" srcset=\"https:\/\/fibgar.es\/wp-content\/uploads\/2023\/06\/DIA-INTERNACIONAL-3.png 1600w, https:\/\/fibgar.es\/wp-content\/uploads\/2023\/06\/DIA-INTERNACIONAL-3-300x169.png 300w, https:\/\/fibgar.es\/wp-content\/uploads\/2023\/06\/DIA-INTERNACIONAL-3-1024x576.png 1024w, https:\/\/fibgar.es\/wp-content\/uploads\/2023\/06\/DIA-INTERNACIONAL-3-768x432.png 768w, https:\/\/fibgar.es\/wp-content\/uploads\/2023\/06\/DIA-INTERNACIONAL-3-1536x864.png 1536w\" sizes=\"auto, (max-width: 1600px) 100vw, 1600px\" \/>\t\t\t<\/a>\n\t\t<\/div>\n\t\t<div class=\"edgtf-item-text-holder\" style=\"background-color:#ffffff;box-shadow:none;\">\n\t\t\t<h3 itemprop=\"name\" class=\"edgtf-item-title entry-title\">\n\t\t\t\t<a itemprop=\"url\" href=\"https:\/\/fibgar.es\/en\/la-proteccion-de-los-alertadores-en-europa-avances-y-retrocesos\/\" >\n\t\t\t\t\tThe protection of whistleblowers in Europe: progress and setbacks\u00a0\t\t\t\t<\/a>\n\t\t\t<\/h3>\n\n\t\t\t<div class=\"edgtf-item-info-section\">\n\t\t\t\t<div class=\"edgtf-post-info-author\">by\t<a itemprop=\"author\" class=\"edgtf-post-info-author-link\" href=\"https:\/\/fibgar.es\/en\/author\/fibgarau\/\">\n\t\tFibgar\t<\/a>\n<\/div><div class=\"edgtf-post-info-category\">\n\t<a href=\"https:\/\/fibgar.es\/en\/category\/articles\/\" rel=\"category tag\">Articles<\/a>, <a href=\"https:\/\/fibgar.es\/en\/category\/derechos-humanos-en\/\" rel=\"category tag\">Derechos humanos<\/a><\/div><div itemprop=\"dateCreated\" class=\"edgtf-post-info-date entry-date updated\">\n\t\t\t23\/06\/2023\t    <meta itemprop=\"interactionCount\" content=\"UserComments: 0\"\/>\n<\/div>\t\t\t<\/div>\n\n\t\t\t\t\t\t\t<p itemprop=\"description\" class=\"edgtf-excerpt\">Faced with an increase in cases of whistleblowers reporting wrongdoing within companies and public institutions, the European Union (hereinafter, the ...<\/p>\n\t\t\t\t\t\t<a itemprop=\"url\" href=\"https:\/\/fibgar.es\/en\/la-proteccion-de-los-alertadores-en-europa-avances-y-retrocesos\/\" class=\"edgtf-blog-list-read-more\">Read more<i class=\"arrow_right\"><\/i><\/a>\n\t\t<\/div>\n\t<\/div>\n<\/li>\n<li class=\"edgtf-blog-list-item clearfix\">\n\t<div class=\"edgtf-blog-list-item-inner\">\n\t\t<div class=\"edgtf-item-image\">\n\t\t\t<a itemprop=\"url\" href=\"https:\/\/fibgar.es\/en\/un-llamado-a-la-empatia-y-la-solidaridad-reflexiones-en-el-dia-mundial-del-refugiado\/\">\n\t\t\t\t<img loading=\"lazy\" decoding=\"async\" width=\"1600\" height=\"900\" src=\"https:\/\/fibgar.es\/wp-content\/uploads\/2023\/06\/DIA-INTERNACIONAL-4.png\" class=\"attachment-full size-full wp-post-image\" alt=\"\" srcset=\"https:\/\/fibgar.es\/wp-content\/uploads\/2023\/06\/DIA-INTERNACIONAL-4.png 1600w, https:\/\/fibgar.es\/wp-content\/uploads\/2023\/06\/DIA-INTERNACIONAL-4-300x169.png 300w, https:\/\/fibgar.es\/wp-content\/uploads\/2023\/06\/DIA-INTERNACIONAL-4-1024x576.png 1024w, https:\/\/fibgar.es\/wp-content\/uploads\/2023\/06\/DIA-INTERNACIONAL-4-768x432.png 768w, https:\/\/fibgar.es\/wp-content\/uploads\/2023\/06\/DIA-INTERNACIONAL-4-1536x864.png 1536w\" sizes=\"auto, (max-width: 1600px) 100vw, 1600px\" \/>\t\t\t<\/a>\n\t\t<\/div>\n\t\t<div class=\"edgtf-item-text-holder\" style=\"background-color:#ffffff;box-shadow:none;\">\n\t\t\t<h3 itemprop=\"name\" class=\"edgtf-item-title entry-title\">\n\t\t\t\t<a itemprop=\"url\" href=\"https:\/\/fibgar.es\/en\/un-llamado-a-la-empatia-y-la-solidaridad-reflexiones-en-el-dia-mundial-del-refugiado\/\" >\n\t\t\t\t\tA CALL FOR EMPATHY AND SOLIDARITY: REFLECTIONS ON WORLD REFUGEE DAY\u00a0\t\t\t\t<\/a>\n\t\t\t<\/h3>\n\n\t\t\t<div class=\"edgtf-item-info-section\">\n\t\t\t\t<div class=\"edgtf-post-info-author\">by\t<a itemprop=\"author\" class=\"edgtf-post-info-author-link\" href=\"https:\/\/fibgar.es\/en\/author\/fibgarau\/\">\n\t\tFibgar\t<\/a>\n<\/div><div class=\"edgtf-post-info-category\">\n\t<a href=\"https:\/\/fibgar.es\/en\/category\/articles\/\" rel=\"category tag\">Articles<\/a>, <a href=\"https:\/\/fibgar.es\/en\/category\/derechos-humanos-en\/\" rel=\"category tag\">Derechos humanos<\/a><\/div><div itemprop=\"dateCreated\" class=\"edgtf-post-info-date entry-date updated\">\n\t\t\t20\/06\/2023\t    <meta itemprop=\"interactionCount\" content=\"UserComments: 0\"\/>\n<\/div>\t\t\t<\/div>\n\n\t\t\t\t\t\t\t<p itemprop=\"description\" class=\"edgtf-excerpt\">World Refugee Day is commemorated every June 20, a date that invites us to reflect on the difficult reality faced by millions of displaced people in s...<\/p>\n\t\t\t\t\t\t<a itemprop=\"url\" href=\"https:\/\/fibgar.es\/en\/un-llamado-a-la-empatia-y-la-solidaridad-reflexiones-en-el-dia-mundial-del-refugiado\/\" class=\"edgtf-blog-list-read-more\">Read more<i class=\"arrow_right\"><\/i><\/a>\n\t\t<\/div>\n\t<\/div>\n<\/li>\n<li class=\"edgtf-blog-list-item clearfix\">\n\t<div class=\"edgtf-blog-list-item-inner\">\n\t\t<div class=\"edgtf-item-image\">\n\t\t\t<a itemprop=\"url\" href=\"https:\/\/fibgar.es\/en\/capacitacion-anti-slapp-nuevas-amenazas-a-la-democracia-como-contrarrestar-las-slapps\/\">\n\t\t\t\t<img loading=\"lazy\" decoding=\"async\" width=\"300\" height=\"168\" src=\"https:\/\/fibgar.es\/wp-content\/uploads\/2023\/06\/download-21.jpeg\" class=\"attachment-full size-full wp-post-image\" alt=\"\" \/>\t\t\t<\/a>\n\t\t<\/div>\n\t\t<div class=\"edgtf-item-text-holder\" style=\"background-color:#ffffff;box-shadow:none;\">\n\t\t\t<h3 itemprop=\"name\" class=\"edgtf-item-title entry-title\">\n\t\t\t\t<a itemprop=\"url\" href=\"https:\/\/fibgar.es\/en\/capacitacion-anti-slapp-nuevas-amenazas-a-la-democracia-como-contrarrestar-las-slapps\/\" >\n\t\t\t\t\tAnti-SLAPP training: New threats to democracy:\u00a0How to counter SLAPPs?\t\t\t\t<\/a>\n\t\t\t<\/h3>\n\n\t\t\t<div class=\"edgtf-item-info-section\">\n\t\t\t\t<div class=\"edgtf-post-info-author\">by\t<a itemprop=\"author\" class=\"edgtf-post-info-author-link\" href=\"https:\/\/fibgar.es\/en\/author\/fibgarau\/\">\n\t\tFibgar\t<\/a>\n<\/div><div class=\"edgtf-post-info-category\">\n\t<a href=\"https:\/\/fibgar.es\/en\/category\/articles\/\" rel=\"category tag\">Articles<\/a>, <a href=\"https:\/\/fibgar.es\/en\/category\/derechos-humanos-en\/\" rel=\"category tag\">Derechos humanos<\/a><\/div><div itemprop=\"dateCreated\" class=\"edgtf-post-info-date entry-date updated\">\n\t\t\t19\/06\/2023\t    <meta itemprop=\"interactionCount\" content=\"UserComments: 0\"\/>\n<\/div>\t\t\t<\/div>\n\n\t\t\t\t\t\t\t<p itemprop=\"description\" class=\"edgtf-excerpt\">On June 14, 2023, in the framework of the European project PATFox (Pioneering AntiSLAPP Training for Freedom of Expression) and with the support of th...<\/p>\n\t\t\t\t\t\t<a itemprop=\"url\" href=\"https:\/\/fibgar.es\/en\/capacitacion-anti-slapp-nuevas-amenazas-a-la-democracia-como-contrarrestar-las-slapps\/\" class=\"edgtf-blog-list-read-more\">Read more<i class=\"arrow_right\"><\/i><\/a>\n\t\t<\/div>\n\t<\/div>\n<\/li>\n<li class=\"edgtf-blog-list-item clearfix\">\n\t<div class=\"edgtf-blog-list-item-inner\">\n\t\t<div class=\"edgtf-item-image\">\n\t\t\t<a itemprop=\"url\" href=\"https:\/\/fibgar.es\/en\/cronicas-de-luchas-contra-el-odio-acampa-por-la-paz-y-el-derecho-al-refugio\/\">\n\t\t\t\t<img loading=\"lazy\" decoding=\"async\" width=\"1080\" height=\"500\" src=\"https:\/\/fibgar.es\/wp-content\/uploads\/2023\/06\/POST-GENERICO-3.jpg\" class=\"attachment-full size-full wp-post-image\" alt=\"\" srcset=\"https:\/\/fibgar.es\/wp-content\/uploads\/2023\/06\/POST-GENERICO-3.jpg 1080w, https:\/\/fibgar.es\/wp-content\/uploads\/2023\/06\/POST-GENERICO-3-300x139.jpg 300w, https:\/\/fibgar.es\/wp-content\/uploads\/2023\/06\/POST-GENERICO-3-1024x474.jpg 1024w, https:\/\/fibgar.es\/wp-content\/uploads\/2023\/06\/POST-GENERICO-3-768x356.jpg 768w\" sizes=\"auto, (max-width: 1080px) 100vw, 1080px\" \/>\t\t\t<\/a>\n\t\t<\/div>\n\t\t<div class=\"edgtf-item-text-holder\" style=\"background-color:#ffffff;box-shadow:none;\">\n\t\t\t<h3 itemprop=\"name\" class=\"edgtf-item-title entry-title\">\n\t\t\t\t<a itemprop=\"url\" href=\"https:\/\/fibgar.es\/en\/cronicas-de-luchas-contra-el-odio-acampa-por-la-paz-y-el-derecho-al-refugio\/\" >\n\t\t\t\t\tChronicles of struggles against hatred: ACAMPA for peace and the right to shelter\u00a0\t\t\t\t<\/a>\n\t\t\t<\/h3>\n\n\t\t\t<div class=\"edgtf-item-info-section\">\n\t\t\t\t<div class=\"edgtf-post-info-author\">by\t<a itemprop=\"author\" class=\"edgtf-post-info-author-link\" href=\"https:\/\/fibgar.es\/en\/author\/fibgarau\/\">\n\t\tFibgar\t<\/a>\n<\/div><div class=\"edgtf-post-info-category\">\n\t<a href=\"https:\/\/fibgar.es\/en\/category\/articles\/\" rel=\"category tag\">Articles<\/a>, <a href=\"https:\/\/fibgar.es\/en\/category\/derechos-humanos-en\/\" rel=\"category tag\">Derechos humanos<\/a><\/div><div itemprop=\"dateCreated\" class=\"edgtf-post-info-date entry-date updated\">\n\t\t\t19\/06\/2023\t    <meta itemprop=\"interactionCount\" content=\"UserComments: 0\"\/>\n<\/div>\t\t\t<\/div>\n\n\t\t\t\t\t\t\t<p itemprop=\"description\" class=\"edgtf-excerpt\">In recent years, a discourse based on racism, xenophobia, intolerance, ethnocentrism, discrimination, inequality, exclusion, marginalization and crimi...<\/p>\n\t\t\t\t\t\t<a itemprop=\"url\" href=\"https:\/\/fibgar.es\/en\/cronicas-de-luchas-contra-el-odio-acampa-por-la-paz-y-el-derecho-al-refugio\/\" class=\"edgtf-blog-list-read-more\">Read more<i class=\"arrow_right\"><\/i><\/a>\n\t\t<\/div>\n\t<\/div>\n<\/li>\n<li class=\"edgtf-blog-list-item clearfix\">\n\t<div class=\"edgtf-blog-list-item-inner\">\n\t\t<div class=\"edgtf-item-image\">\n\t\t\t<a itemprop=\"url\" href=\"https:\/\/fibgar.es\/en\/informe-de-derechos-fundamentales-2023-analizando-los-desafios-y-avances-en-la-union-europea\/\">\n\t\t\t\t<img loading=\"lazy\" decoding=\"async\" width=\"1600\" height=\"900\" src=\"https:\/\/fibgar.es\/wp-content\/uploads\/2023\/06\/POST-GENERICO4.png\" class=\"attachment-full size-full wp-post-image\" alt=\"\" srcset=\"https:\/\/fibgar.es\/wp-content\/uploads\/2023\/06\/POST-GENERICO4.png 1600w, https:\/\/fibgar.es\/wp-content\/uploads\/2023\/06\/POST-GENERICO4-300x169.png 300w, https:\/\/fibgar.es\/wp-content\/uploads\/2023\/06\/POST-GENERICO4-1024x576.png 1024w, https:\/\/fibgar.es\/wp-content\/uploads\/2023\/06\/POST-GENERICO4-768x432.png 768w, https:\/\/fibgar.es\/wp-content\/uploads\/2023\/06\/POST-GENERICO4-1536x864.png 1536w\" sizes=\"auto, (max-width: 1600px) 100vw, 1600px\" \/>\t\t\t<\/a>\n\t\t<\/div>\n\t\t<div class=\"edgtf-item-text-holder\" style=\"background-color:#ffffff;box-shadow:none;\">\n\t\t\t<h3 itemprop=\"name\" class=\"edgtf-item-title entry-title\">\n\t\t\t\t<a itemprop=\"url\" href=\"https:\/\/fibgar.es\/en\/informe-de-derechos-fundamentales-2023-analizando-los-desafios-y-avances-en-la-union-europea\/\" >\n\t\t\t\t\tFundamental Rights Report 2023: analyzing challenges and developments in the European Union.\u00a0\t\t\t\t<\/a>\n\t\t\t<\/h3>\n\n\t\t\t<div class=\"edgtf-item-info-section\">\n\t\t\t\t<div class=\"edgtf-post-info-author\">by\t<a itemprop=\"author\" class=\"edgtf-post-info-author-link\" href=\"https:\/\/fibgar.es\/en\/author\/fibgarau\/\">\n\t\tFibgar\t<\/a>\n<\/div><div class=\"edgtf-post-info-category\">\n\t<a href=\"https:\/\/fibgar.es\/en\/category\/articles\/\" rel=\"category tag\">Articles<\/a>, <a href=\"https:\/\/fibgar.es\/en\/category\/derechos-humanos-en\/\" rel=\"category tag\">Derechos humanos<\/a><\/div><div itemprop=\"dateCreated\" class=\"edgtf-post-info-date entry-date updated\">\n\t\t\t13\/06\/2023\t    <meta itemprop=\"interactionCount\" content=\"UserComments: 0\"\/>\n<\/div>\t\t\t<\/div>\n\n\t\t\t\t\t\t\t<p itemprop=\"description\" class=\"edgtf-excerpt\">The European Union Agency for Fundamental Rights (FRA) has recently published the European Union Fundamental Rights Report 2023. This document reviews...<\/p>\n\t\t\t\t\t\t<a itemprop=\"url\" href=\"https:\/\/fibgar.es\/en\/informe-de-derechos-fundamentales-2023-analizando-los-desafios-y-avances-en-la-union-europea\/\" class=\"edgtf-blog-list-read-more\">Read more<i class=\"arrow_right\"><\/i><\/a>\n\t\t<\/div>\n\t<\/div>\n<\/li>\n<li class=\"edgtf-blog-list-item clearfix\">\n\t<div class=\"edgtf-blog-list-item-inner\">\n\t\t<div class=\"edgtf-item-image\">\n\t\t\t<a itemprop=\"url\" href=\"https:\/\/fibgar.es\/en\/convencion-de-liubliana-la-haya-un-paso-adelante-en-la-persecucion-de-crimenes-internacionales\/\">\n\t\t\t\t<img loading=\"lazy\" decoding=\"async\" width=\"1600\" height=\"900\" src=\"https:\/\/fibgar.es\/wp-content\/uploads\/2023\/06\/POST-GENERICO3.png\" class=\"attachment-full size-full wp-post-image\" alt=\"\" srcset=\"https:\/\/fibgar.es\/wp-content\/uploads\/2023\/06\/POST-GENERICO3.png 1600w, https:\/\/fibgar.es\/wp-content\/uploads\/2023\/06\/POST-GENERICO3-300x169.png 300w, https:\/\/fibgar.es\/wp-content\/uploads\/2023\/06\/POST-GENERICO3-1024x576.png 1024w, https:\/\/fibgar.es\/wp-content\/uploads\/2023\/06\/POST-GENERICO3-768x432.png 768w, https:\/\/fibgar.es\/wp-content\/uploads\/2023\/06\/POST-GENERICO3-1536x864.png 1536w\" sizes=\"auto, (max-width: 1600px) 100vw, 1600px\" \/>\t\t\t<\/a>\n\t\t<\/div>\n\t\t<div class=\"edgtf-item-text-holder\" style=\"background-color:#ffffff;box-shadow:none;\">\n\t\t\t<h3 itemprop=\"name\" class=\"edgtf-item-title entry-title\">\n\t\t\t\t<a itemprop=\"url\" href=\"https:\/\/fibgar.es\/en\/convencion-de-liubliana-la-haya-un-paso-adelante-en-la-persecucion-de-crimenes-internacionales\/\" >\n\t\t\t\t\tLjubljana-Hague Convention: a step forward in the prosecution of international crimes\u00a0\t\t\t\t<\/a>\n\t\t\t<\/h3>\n\n\t\t\t<div class=\"edgtf-item-info-section\">\n\t\t\t\t<div class=\"edgtf-post-info-author\">by\t<a itemprop=\"author\" class=\"edgtf-post-info-author-link\" href=\"https:\/\/fibgar.es\/en\/author\/fibgarau\/\">\n\t\tFibgar\t<\/a>\n<\/div><div class=\"edgtf-post-info-category\">\n\t<a href=\"https:\/\/fibgar.es\/en\/category\/articles\/\" rel=\"category tag\">Articles<\/a>, <a href=\"https:\/\/fibgar.es\/en\/category\/derechos-humanos-en\/\" rel=\"category tag\">Derechos humanos<\/a><\/div><div itemprop=\"dateCreated\" class=\"edgtf-post-info-date entry-date updated\">\n\t\t\t09\/06\/2023\t    <meta itemprop=\"interactionCount\" content=\"UserComments: 0\"\/>\n<\/div>\t\t\t<\/div>\n\n\t\t\t\t\t\t\t<p itemprop=\"description\" class=\"edgtf-excerpt\">At the Diplomatic Conference held from 15 to 26 May in Ljubljana, Slovenia, organized by the MLA initiative[1], which includes the Netherlands, Belgiu...<\/p>\n\t\t\t\t\t\t<a itemprop=\"url\" href=\"https:\/\/fibgar.es\/en\/convencion-de-liubliana-la-haya-un-paso-adelante-en-la-persecucion-de-crimenes-internacionales\/\" class=\"edgtf-blog-list-read-more\">Read more<i class=\"arrow_right\"><\/i><\/a>\n\t\t<\/div>\n\t<\/div>\n<\/li>\n<li class=\"edgtf-blog-list-item clearfix\">\n\t<div class=\"edgtf-blog-list-item-inner\">\n\t\t<div class=\"edgtf-item-image\">\n\t\t\t<a itemprop=\"url\" href=\"https:\/\/fibgar.es\/en\/la-proteccion-de-los-oceanos-una-tarea-esencial-para-la-supervivencia-de-la-vida-en-la-tierra\/\">\n\t\t\t\t<img loading=\"lazy\" decoding=\"async\" width=\"1600\" height=\"900\" src=\"https:\/\/fibgar.es\/wp-content\/uploads\/2023\/06\/DIA-INTERNACIONAL-1.png\" class=\"attachment-full size-full wp-post-image\" alt=\"\" srcset=\"https:\/\/fibgar.es\/wp-content\/uploads\/2023\/06\/DIA-INTERNACIONAL-1.png 1600w, https:\/\/fibgar.es\/wp-content\/uploads\/2023\/06\/DIA-INTERNACIONAL-1-300x169.png 300w, https:\/\/fibgar.es\/wp-content\/uploads\/2023\/06\/DIA-INTERNACIONAL-1-1024x576.png 1024w, https:\/\/fibgar.es\/wp-content\/uploads\/2023\/06\/DIA-INTERNACIONAL-1-768x432.png 768w, https:\/\/fibgar.es\/wp-content\/uploads\/2023\/06\/DIA-INTERNACIONAL-1-1536x864.png 1536w\" sizes=\"auto, (max-width: 1600px) 100vw, 1600px\" \/>\t\t\t<\/a>\n\t\t<\/div>\n\t\t<div class=\"edgtf-item-text-holder\" style=\"background-color:#ffffff;box-shadow:none;\">\n\t\t\t<h3 itemprop=\"name\" class=\"edgtf-item-title entry-title\">\n\t\t\t\t<a itemprop=\"url\" href=\"https:\/\/fibgar.es\/en\/la-proteccion-de-los-oceanos-una-tarea-esencial-para-la-supervivencia-de-la-vida-en-la-tierra\/\" >\n\t\t\t\t\tProtecting the oceans: an essential task for the survival of life on Earth\u00a0\t\t\t\t<\/a>\n\t\t\t<\/h3>\n\n\t\t\t<div class=\"edgtf-item-info-section\">\n\t\t\t\t<div class=\"edgtf-post-info-author\">by\t<a itemprop=\"author\" class=\"edgtf-post-info-author-link\" href=\"https:\/\/fibgar.es\/en\/author\/fibgarau\/\">\n\t\tFibgar\t<\/a>\n<\/div><div class=\"edgtf-post-info-category\">\n\t<a href=\"https:\/\/fibgar.es\/en\/category\/articles\/\" rel=\"category tag\">Articles<\/a>, <a href=\"https:\/\/fibgar.es\/en\/category\/derechos-humanos-en\/\" rel=\"category tag\">Derechos humanos<\/a><\/div><div itemprop=\"dateCreated\" class=\"edgtf-post-info-date entry-date updated\">\n\t\t\t08\/06\/2023\t    <meta itemprop=\"interactionCount\" content=\"UserComments: 0\"\/>\n<\/div>\t\t\t<\/div>\n\n\t\t\t\t\t\t\t<p itemprop=\"description\" class=\"edgtf-excerpt\">Protecting the oceans is an essential task for the survival of life on Earth. On June 8, World Oceans Day is celebrated to highlight the value and imp...<\/p>\n\t\t\t\t\t\t<a itemprop=\"url\" href=\"https:\/\/fibgar.es\/en\/la-proteccion-de-los-oceanos-una-tarea-esencial-para-la-supervivencia-de-la-vida-en-la-tierra\/\" class=\"edgtf-blog-list-read-more\">Read more<i class=\"arrow_right\"><\/i><\/a>\n\t\t<\/div>\n\t<\/div>\n<\/li>\n<li class=\"edgtf-blog-list-item clearfix\">\n\t<div class=\"edgtf-blog-list-item-inner\">\n\t\t<div class=\"edgtf-item-image\">\n\t\t\t<a itemprop=\"url\" href=\"https:\/\/fibgar.es\/en\/dia-mundial-del-medio-ambiente-la-reduccion-de-la-contaminacion-por-plasticos-alargaria-la-vida-de-nuestros-derechos-humanos\/\">\n\t\t\t\t<img loading=\"lazy\" decoding=\"async\" width=\"3200\" height=\"1800\" src=\"https:\/\/fibgar.es\/wp-content\/uploads\/2023\/06\/DIA-INTERNACIONAL-2.png\" class=\"attachment-full size-full wp-post-image\" alt=\"\" srcset=\"https:\/\/fibgar.es\/wp-content\/uploads\/2023\/06\/DIA-INTERNACIONAL-2.png 3200w, https:\/\/fibgar.es\/wp-content\/uploads\/2023\/06\/DIA-INTERNACIONAL-2-300x169.png 300w, https:\/\/fibgar.es\/wp-content\/uploads\/2023\/06\/DIA-INTERNACIONAL-2-1024x576.png 1024w, https:\/\/fibgar.es\/wp-content\/uploads\/2023\/06\/DIA-INTERNACIONAL-2-768x432.png 768w, https:\/\/fibgar.es\/wp-content\/uploads\/2023\/06\/DIA-INTERNACIONAL-2-1536x864.png 1536w\" sizes=\"auto, (max-width: 3200px) 100vw, 3200px\" \/>\t\t\t<\/a>\n\t\t<\/div>\n\t\t<div class=\"edgtf-item-text-holder\" style=\"background-color:#ffffff;box-shadow:none;\">\n\t\t\t<h3 itemprop=\"name\" class=\"edgtf-item-title entry-title\">\n\t\t\t\t<a itemprop=\"url\" href=\"https:\/\/fibgar.es\/en\/dia-mundial-del-medio-ambiente-la-reduccion-de-la-contaminacion-por-plasticos-alargaria-la-vida-de-nuestros-derechos-humanos\/\" >\n\t\t\t\t\tWorld Environment Day: reducing plastic pollution would extend the life of our human rights\u00a0\t\t\t\t<\/a>\n\t\t\t<\/h3>\n\n\t\t\t<div class=\"edgtf-item-info-section\">\n\t\t\t\t<div class=\"edgtf-post-info-author\">by\t<a itemprop=\"author\" class=\"edgtf-post-info-author-link\" href=\"https:\/\/fibgar.es\/en\/author\/fibgarau\/\">\n\t\tFibgar\t<\/a>\n<\/div><div class=\"edgtf-post-info-category\">\n\t<a href=\"https:\/\/fibgar.es\/en\/category\/articles\/\" rel=\"category tag\">Articles<\/a>, <a href=\"https:\/\/fibgar.es\/en\/category\/derechos-humanos-en\/\" rel=\"category tag\">Derechos humanos<\/a><\/div><div itemprop=\"dateCreated\" class=\"edgtf-post-info-date entry-date updated\">\n\t\t\t05\/06\/2023\t    <meta itemprop=\"interactionCount\" content=\"UserComments: 0\"\/>\n<\/div>\t\t\t<\/div>\n\n\t\t\t\t\t\t\t<p itemprop=\"description\" class=\"edgtf-excerpt\">In the last 50 years, global plastic production has grown exponentially, leaving in its wake 9.2 billion tons of plastic between 1950 and 2017, as sta...<\/p>\n\t\t\t\t\t\t<a itemprop=\"url\" href=\"https:\/\/fibgar.es\/en\/dia-mundial-del-medio-ambiente-la-reduccion-de-la-contaminacion-por-plasticos-alargaria-la-vida-de-nuestros-derechos-humanos\/\" class=\"edgtf-blog-list-read-more\">Read more<i class=\"arrow_right\"><\/i><\/a>\n\t\t<\/div>\n\t<\/div>\n<\/li>\n<li class=\"edgtf-blog-list-item clearfix\">\n\t<div class=\"edgtf-blog-list-item-inner\">\n\t\t<div class=\"edgtf-item-image\">\n\t\t\t<a itemprop=\"url\" href=\"https:\/\/fibgar.es\/en\/fibgar-y-elsa-barcelona-ub-la-slapps-nuevas-formas-de-abuso-de-la-ley\/\">\n\t\t\t\t<img loading=\"lazy\" decoding=\"async\" width=\"1200\" height=\"1200\" src=\"https:\/\/fibgar.es\/wp-content\/uploads\/2023\/05\/training-anti-slapp.png\" class=\"attachment-full size-full wp-post-image\" alt=\"\" srcset=\"https:\/\/fibgar.es\/wp-content\/uploads\/2023\/05\/training-anti-slapp.png 1200w, https:\/\/fibgar.es\/wp-content\/uploads\/2023\/05\/training-anti-slapp-300x300.png 300w, https:\/\/fibgar.es\/wp-content\/uploads\/2023\/05\/training-anti-slapp-1024x1024.png 1024w, https:\/\/fibgar.es\/wp-content\/uploads\/2023\/05\/training-anti-slapp-150x150.png 150w, https:\/\/fibgar.es\/wp-content\/uploads\/2023\/05\/training-anti-slapp-768x768.png 768w, https:\/\/fibgar.es\/wp-content\/uploads\/2023\/05\/training-anti-slapp-550x550.png 550w, https:\/\/fibgar.es\/wp-content\/uploads\/2023\/05\/training-anti-slapp-1000x1000.png 1000w\" sizes=\"auto, (max-width: 1200px) 100vw, 1200px\" \/>\t\t\t<\/a>\n\t\t<\/div>\n\t\t<div class=\"edgtf-item-text-holder\" style=\"background-color:#ffffff;box-shadow:none;\">\n\t\t\t<h3 itemprop=\"name\" class=\"edgtf-item-title entry-title\">\n\t\t\t\t<a itemprop=\"url\" href=\"https:\/\/fibgar.es\/en\/fibgar-y-elsa-barcelona-ub-la-slapps-nuevas-formas-de-abuso-de-la-ley\/\" >\n\t\t\t\t\tFIBGAR and ELSA Barcelona UB:\u00a0\u00a0The &#8220;SLAPPs: new forms of abuse of the law\u201d\u00a0\t\t\t\t<\/a>\n\t\t\t<\/h3>\n\n\t\t\t<div class=\"edgtf-item-info-section\">\n\t\t\t\t<div class=\"edgtf-post-info-author\">by\t<a itemprop=\"author\" class=\"edgtf-post-info-author-link\" href=\"https:\/\/fibgar.es\/en\/author\/fibgarau\/\">\n\t\tFibgar\t<\/a>\n<\/div><div class=\"edgtf-post-info-category\">\n\t<a href=\"https:\/\/fibgar.es\/en\/category\/articles\/\" rel=\"category tag\">Articles<\/a><\/div><div itemprop=\"dateCreated\" class=\"edgtf-post-info-date entry-date updated\">\n\t\t\t23\/05\/2023\t    <meta itemprop=\"interactionCount\" content=\"UserComments: 0\"\/>\n<\/div>\t\t\t<\/div>\n\n\t\t\t\t\t\t\t<p itemprop=\"description\" class=\"edgtf-excerpt\">In the framework of the PATFOXproject, last May 17 2023 we gave the virtual conference &#8220;SLAPPs: new forms of abuse of the law&#8221;, organized ...<\/p>\n\t\t\t\t\t\t<a itemprop=\"url\" href=\"https:\/\/fibgar.es\/en\/fibgar-y-elsa-barcelona-ub-la-slapps-nuevas-formas-de-abuso-de-la-ley\/\" class=\"edgtf-blog-list-read-more\">Read more<i class=\"arrow_right\"><\/i><\/a>\n\t\t<\/div>\n\t<\/div>\n<\/li>\n<li class=\"edgtf-blog-list-item clearfix\">\n\t<div class=\"edgtf-blog-list-item-inner\">\n\t\t<div class=\"edgtf-item-image\">\n\t\t\t<a itemprop=\"url\" href=\"https:\/\/fibgar.es\/en\/consejo-de-europa-slapps-como-sintoma-del-retroceso-democratico-en-europa\/\">\n\t\t\t\t<img loading=\"lazy\" decoding=\"async\" width=\"1600\" height=\"900\" src=\"https:\/\/fibgar.es\/wp-content\/uploads\/2023\/05\/POST-GENERICO5.png\" class=\"attachment-full size-full wp-post-image\" alt=\"\" srcset=\"https:\/\/fibgar.es\/wp-content\/uploads\/2023\/05\/POST-GENERICO5.png 1600w, https:\/\/fibgar.es\/wp-content\/uploads\/2023\/05\/POST-GENERICO5-300x169.png 300w, https:\/\/fibgar.es\/wp-content\/uploads\/2023\/05\/POST-GENERICO5-1024x576.png 1024w, https:\/\/fibgar.es\/wp-content\/uploads\/2023\/05\/POST-GENERICO5-768x432.png 768w, https:\/\/fibgar.es\/wp-content\/uploads\/2023\/05\/POST-GENERICO5-1536x864.png 1536w\" sizes=\"auto, (max-width: 1600px) 100vw, 1600px\" \/>\t\t\t<\/a>\n\t\t<\/div>\n\t\t<div class=\"edgtf-item-text-holder\" style=\"background-color:#ffffff;box-shadow:none;\">\n\t\t\t<h3 itemprop=\"name\" class=\"edgtf-item-title entry-title\">\n\t\t\t\t<a itemprop=\"url\" href=\"https:\/\/fibgar.es\/en\/consejo-de-europa-slapps-como-sintoma-del-retroceso-democratico-en-europa\/\" >\n\t\t\t\t\tCouncil of Europe: SLAPPs as a symptom of democratic regression in Europe\u00a0\t\t\t\t<\/a>\n\t\t\t<\/h3>\n\n\t\t\t<div class=\"edgtf-item-info-section\">\n\t\t\t\t<div class=\"edgtf-post-info-author\">by\t<a itemprop=\"author\" class=\"edgtf-post-info-author-link\" href=\"https:\/\/fibgar.es\/en\/author\/fibgarau\/\">\n\t\tFibgar\t<\/a>\n<\/div><div class=\"edgtf-post-info-category\">\n\t<a href=\"https:\/\/fibgar.es\/en\/category\/articles\/\" rel=\"category tag\">Articles<\/a>, <a href=\"https:\/\/fibgar.es\/en\/category\/derechos-humanos-en\/\" rel=\"category tag\">Derechos humanos<\/a><\/div><div itemprop=\"dateCreated\" class=\"edgtf-post-info-date entry-date updated\">\n\t\t\t19\/05\/2023\t    <meta itemprop=\"interactionCount\" content=\"UserComments: 0\"\/>\n<\/div>\t\t\t<\/div>\n\n\t\t\t\t\t\t\t<p itemprop=\"description\" class=\"edgtf-excerpt\">This week the Fourth Summit of Heads of State and Government of the Council of Europe-also known as the Council of Europe Summit-is taking place in Re...<\/p>\n\t\t\t\t\t\t<a itemprop=\"url\" href=\"https:\/\/fibgar.es\/en\/consejo-de-europa-slapps-como-sintoma-del-retroceso-democratico-en-europa\/\" class=\"edgtf-blog-list-read-more\">Read more<i class=\"arrow_right\"><\/i><\/a>\n\t\t<\/div>\n\t<\/div>\n<\/li>\n<li class=\"edgtf-blog-list-item clearfix\">\n\t<div class=\"edgtf-blog-list-item-inner\">\n\t\t<div class=\"edgtf-item-image\">\n\t\t\t<a itemprop=\"url\" href=\"https:\/\/fibgar.es\/en\/dia-de-europa-juntos-por-el-respeto-universal-de-los-derechos-humanos\/\">\n\t\t\t\t<img loading=\"lazy\" decoding=\"async\" width=\"1600\" height=\"900\" src=\"https:\/\/fibgar.es\/wp-content\/uploads\/2023\/05\/DIA-INTERNACIONAL4.png\" class=\"attachment-full size-full wp-post-image\" alt=\"\" srcset=\"https:\/\/fibgar.es\/wp-content\/uploads\/2023\/05\/DIA-INTERNACIONAL4.png 1600w, https:\/\/fibgar.es\/wp-content\/uploads\/2023\/05\/DIA-INTERNACIONAL4-300x169.png 300w, https:\/\/fibgar.es\/wp-content\/uploads\/2023\/05\/DIA-INTERNACIONAL4-1024x576.png 1024w, https:\/\/fibgar.es\/wp-content\/uploads\/2023\/05\/DIA-INTERNACIONAL4-768x432.png 768w, https:\/\/fibgar.es\/wp-content\/uploads\/2023\/05\/DIA-INTERNACIONAL4-1536x864.png 1536w\" sizes=\"auto, (max-width: 1600px) 100vw, 1600px\" \/>\t\t\t<\/a>\n\t\t<\/div>\n\t\t<div class=\"edgtf-item-text-holder\" style=\"background-color:#ffffff;box-shadow:none;\">\n\t\t\t<h3 itemprop=\"name\" class=\"edgtf-item-title entry-title\">\n\t\t\t\t<a itemprop=\"url\" href=\"https:\/\/fibgar.es\/en\/dia-de-europa-juntos-por-el-respeto-universal-de-los-derechos-humanos\/\" >\n\t\t\t\t\tEurope Day: together for the universal respect of Human Rights\u00a0\t\t\t\t<\/a>\n\t\t\t<\/h3>\n\n\t\t\t<div class=\"edgtf-item-info-section\">\n\t\t\t\t<div class=\"edgtf-post-info-author\">by\t<a itemprop=\"author\" class=\"edgtf-post-info-author-link\" href=\"https:\/\/fibgar.es\/en\/author\/fibgarau\/\">\n\t\tFibgar\t<\/a>\n<\/div><div class=\"edgtf-post-info-category\">\n\t<a href=\"https:\/\/fibgar.es\/en\/category\/articles\/\" rel=\"category tag\">Articles<\/a><\/div><div itemprop=\"dateCreated\" class=\"edgtf-post-info-date entry-date updated\">\n\t\t\t09\/05\/2023\t    <meta itemprop=\"interactionCount\" content=\"UserComments: 0\"\/>\n<\/div>\t\t\t<\/div>\n\n\t\t\t\t\t\t\t<p itemprop=\"description\" class=\"edgtf-excerpt\">Today, May 9, is Europe Day, a date to commemorate peace and unity in the ancient continent. This day was marked as it coincides with the anniversary ...<\/p>\n\t\t\t\t\t\t<a itemprop=\"url\" href=\"https:\/\/fibgar.es\/en\/dia-de-europa-juntos-por-el-respeto-universal-de-los-derechos-humanos\/\" class=\"edgtf-blog-list-read-more\">Read more<i class=\"arrow_right\"><\/i><\/a>\n\t\t<\/div>\n\t<\/div>\n<\/li>\n<li class=\"edgtf-blog-list-item clearfix\">\n\t<div class=\"edgtf-blog-list-item-inner\">\n\t\t<div class=\"edgtf-item-image\">\n\t\t\t<a itemprop=\"url\" href=\"https:\/\/fibgar.es\/en\/un-ano-despues-la-formacion-anti-slapp-es-mas-crucial-que-nunca\/\">\n\t\t\t\t<img loading=\"lazy\" decoding=\"async\" width=\"1600\" height=\"900\" src=\"https:\/\/fibgar.es\/wp-content\/uploads\/2023\/04\/POST-GENERICO2.png\" class=\"attachment-full size-full wp-post-image\" alt=\"\" srcset=\"https:\/\/fibgar.es\/wp-content\/uploads\/2023\/04\/POST-GENERICO2.png 1600w, https:\/\/fibgar.es\/wp-content\/uploads\/2023\/04\/POST-GENERICO2-300x169.png 300w, https:\/\/fibgar.es\/wp-content\/uploads\/2023\/04\/POST-GENERICO2-1024x576.png 1024w, https:\/\/fibgar.es\/wp-content\/uploads\/2023\/04\/POST-GENERICO2-768x432.png 768w, https:\/\/fibgar.es\/wp-content\/uploads\/2023\/04\/POST-GENERICO2-1536x864.png 1536w\" sizes=\"auto, (max-width: 1600px) 100vw, 1600px\" \/>\t\t\t<\/a>\n\t\t<\/div>\n\t\t<div class=\"edgtf-item-text-holder\" style=\"background-color:#ffffff;box-shadow:none;\">\n\t\t\t<h3 itemprop=\"name\" class=\"edgtf-item-title entry-title\">\n\t\t\t\t<a itemprop=\"url\" href=\"https:\/\/fibgar.es\/en\/un-ano-despues-la-formacion-anti-slapp-es-mas-crucial-que-nunca\/\" >\n\t\t\t\t\tOne year on: anti-SLAPP training is more crucial than ever\u00a0\t\t\t\t<\/a>\n\t\t\t<\/h3>\n\n\t\t\t<div class=\"edgtf-item-info-section\">\n\t\t\t\t<div class=\"edgtf-post-info-author\">by\t<a itemprop=\"author\" class=\"edgtf-post-info-author-link\" href=\"https:\/\/fibgar.es\/en\/author\/fibgarau\/\">\n\t\tFibgar\t<\/a>\n<\/div><div class=\"edgtf-post-info-category\">\n\t<a href=\"https:\/\/fibgar.es\/en\/category\/articles\/\" rel=\"category tag\">Articles<\/a><\/div><div itemprop=\"dateCreated\" class=\"edgtf-post-info-date entry-date updated\">\n\t\t\t27\/04\/2023\t    <meta itemprop=\"interactionCount\" content=\"UserComments: 0\"\/>\n<\/div>\t\t\t<\/div>\n\n\t\t\t\t\t\t\t<p itemprop=\"description\" class=\"edgtf-excerpt\">One year ago, on April 27, 2022 the European Commission (EC) adopted a proposal for an anti-SLAPP Directive, which is expected to provide procedural s...<\/p>\n\t\t\t\t\t\t<a itemprop=\"url\" href=\"https:\/\/fibgar.es\/en\/un-ano-despues-la-formacion-anti-slapp-es-mas-crucial-que-nunca\/\" class=\"edgtf-blog-list-read-more\">Read more<i class=\"arrow_right\"><\/i><\/a>\n\t\t<\/div>\n\t<\/div>\n<\/li>\n<li class=\"edgtf-blog-list-item clearfix\">\n\t<div class=\"edgtf-blog-list-item-inner\">\n\t\t<div class=\"edgtf-item-image\">\n\t\t\t<a itemprop=\"url\" href=\"https:\/\/fibgar.es\/en\/international-mother-earth-day-a-call-to-care-for-our-planet\/\">\n\t\t\t\t<img loading=\"lazy\" decoding=\"async\" width=\"1080\" height=\"500\" src=\"https:\/\/fibgar.es\/wp-content\/uploads\/2023\/04\/DIA-INTERNACIONAL-BLOG.jpg\" class=\"attachment-full size-full wp-post-image\" alt=\"\" srcset=\"https:\/\/fibgar.es\/wp-content\/uploads\/2023\/04\/DIA-INTERNACIONAL-BLOG.jpg 1080w, https:\/\/fibgar.es\/wp-content\/uploads\/2023\/04\/DIA-INTERNACIONAL-BLOG-300x139.jpg 300w, https:\/\/fibgar.es\/wp-content\/uploads\/2023\/04\/DIA-INTERNACIONAL-BLOG-1024x474.jpg 1024w, https:\/\/fibgar.es\/wp-content\/uploads\/2023\/04\/DIA-INTERNACIONAL-BLOG-768x356.jpg 768w\" sizes=\"auto, (max-width: 1080px) 100vw, 1080px\" \/>\t\t\t<\/a>\n\t\t<\/div>\n\t\t<div class=\"edgtf-item-text-holder\" style=\"background-color:#ffffff;box-shadow:none;\">\n\t\t\t<h3 itemprop=\"name\" class=\"edgtf-item-title entry-title\">\n\t\t\t\t<a itemprop=\"url\" href=\"https:\/\/fibgar.es\/en\/international-mother-earth-day-a-call-to-care-for-our-planet\/\" >\n\t\t\t\t\tInternational Mother Earth Day: a call to care for our planet\t\t\t\t<\/a>\n\t\t\t<\/h3>\n\n\t\t\t<div class=\"edgtf-item-info-section\">\n\t\t\t\t<div class=\"edgtf-post-info-author\">by\t<a itemprop=\"author\" class=\"edgtf-post-info-author-link\" href=\"https:\/\/fibgar.es\/en\/author\/fibgarau\/\">\n\t\tFibgar\t<\/a>\n<\/div><div class=\"edgtf-post-info-category\">\n\t<a href=\"https:\/\/fibgar.es\/en\/category\/articles\/\" rel=\"category tag\">Articles<\/a><\/div><div itemprop=\"dateCreated\" class=\"edgtf-post-info-date entry-date updated\">\n\t\t\t21\/04\/2023\t    <meta itemprop=\"interactionCount\" content=\"UserComments: 0\"\/>\n<\/div>\t\t\t<\/div>\n\n\t\t\t\t\t\t\t<p itemprop=\"description\" class=\"edgtf-excerpt\">April 22, 2023 is International Mother Earth Day. This day focuses on emphasizing the importance of rebuilding our deteriorated relationship with natu...<\/p>\n\t\t\t\t\t\t<a itemprop=\"url\" href=\"https:\/\/fibgar.es\/en\/international-mother-earth-day-a-call-to-care-for-our-planet\/\" class=\"edgtf-blog-list-read-more\">Read more<i class=\"arrow_right\"><\/i><\/a>\n\t\t<\/div>\n\t<\/div>\n<\/li>\n<li class=\"edgtf-blog-list-item clearfix\">\n\t<div class=\"edgtf-blog-list-item-inner\">\n\t\t<div class=\"edgtf-item-image\">\n\t\t\t<a itemprop=\"url\" href=\"https:\/\/fibgar.es\/en\/universal-jurisdiction-in-todays-world\/\">\n\t\t\t\t<img loading=\"lazy\" decoding=\"async\" width=\"2160\" height=\"1000\" src=\"https:\/\/fibgar.es\/wp-content\/uploads\/2023\/04\/JU.png\" class=\"attachment-full size-full wp-post-image\" alt=\"\" srcset=\"https:\/\/fibgar.es\/wp-content\/uploads\/2023\/04\/JU.png 2160w, https:\/\/fibgar.es\/wp-content\/uploads\/2023\/04\/JU-300x139.png 300w, https:\/\/fibgar.es\/wp-content\/uploads\/2023\/04\/JU-1024x474.png 1024w, https:\/\/fibgar.es\/wp-content\/uploads\/2023\/04\/JU-768x356.png 768w, https:\/\/fibgar.es\/wp-content\/uploads\/2023\/04\/JU-1536x711.png 1536w\" sizes=\"auto, (max-width: 2160px) 100vw, 2160px\" \/>\t\t\t<\/a>\n\t\t<\/div>\n\t\t<div class=\"edgtf-item-text-holder\" style=\"background-color:#ffffff;box-shadow:none;\">\n\t\t\t<h3 itemprop=\"name\" class=\"edgtf-item-title entry-title\">\n\t\t\t\t<a itemprop=\"url\" href=\"https:\/\/fibgar.es\/en\/universal-jurisdiction-in-todays-world\/\" >\n\t\t\t\t\tUniversal Jurisdiction in Today&#8217;s World\t\t\t\t<\/a>\n\t\t\t<\/h3>\n\n\t\t\t<div class=\"edgtf-item-info-section\">\n\t\t\t\t<div class=\"edgtf-post-info-author\">by\t<a itemprop=\"author\" class=\"edgtf-post-info-author-link\" href=\"https:\/\/fibgar.es\/en\/author\/fibgarau\/\">\n\t\tFibgar\t<\/a>\n<\/div><div class=\"edgtf-post-info-category\">\n\t<a href=\"https:\/\/fibgar.es\/en\/category\/articles\/\" rel=\"category tag\">Articles<\/a>, <a href=\"https:\/\/fibgar.es\/en\/category\/universal-jurisdiction\/\" rel=\"category tag\">Universal jurisdiction<\/a><\/div><div itemprop=\"dateCreated\" class=\"edgtf-post-info-date entry-date updated\">\n\t\t\t18\/04\/2023\t    <meta itemprop=\"interactionCount\" content=\"UserComments: 0\"\/>\n<\/div>\t\t\t<\/div>\n\n\t\t\t\t\t\t\t<p itemprop=\"description\" class=\"edgtf-excerpt\">This week has been published the latest Annual Review of Universal Jurisdiction 2023, conducted by Trial International, where international cases occu...<\/p>\n\t\t\t\t\t\t<a itemprop=\"url\" href=\"https:\/\/fibgar.es\/en\/universal-jurisdiction-in-todays-world\/\" class=\"edgtf-blog-list-read-more\">Read more<i class=\"arrow_right\"><\/i><\/a>\n\t\t<\/div>\n\t<\/div>\n<\/li>\n<li class=\"edgtf-blog-list-item clearfix\">\n\t<div class=\"edgtf-blog-list-item-inner\">\n\t\t<div class=\"edgtf-item-image\">\n\t\t\t<a itemprop=\"url\" href=\"https:\/\/fibgar.es\/en\/memorize-yourself-lets-commit-to-memory\/\">\n\t\t\t\t<img loading=\"lazy\" decoding=\"async\" width=\"500\" height=\"500\" src=\"https:\/\/fibgar.es\/wp-content\/uploads\/2023\/04\/Post-instagram-Memorizate-e1681289149391.png\" class=\"attachment-full size-full wp-post-image\" alt=\"\" srcset=\"https:\/\/fibgar.es\/wp-content\/uploads\/2023\/04\/Post-instagram-Memorizate-e1681289149391.png 500w, https:\/\/fibgar.es\/wp-content\/uploads\/2023\/04\/Post-instagram-Memorizate-e1681289149391-300x300.png 300w, https:\/\/fibgar.es\/wp-content\/uploads\/2023\/04\/Post-instagram-Memorizate-e1681289149391-150x150.png 150w\" sizes=\"auto, (max-width: 500px) 100vw, 500px\" \/>\t\t\t<\/a>\n\t\t<\/div>\n\t\t<div class=\"edgtf-item-text-holder\" style=\"background-color:#ffffff;box-shadow:none;\">\n\t\t\t<h3 itemprop=\"name\" class=\"edgtf-item-title entry-title\">\n\t\t\t\t<a itemprop=\"url\" href=\"https:\/\/fibgar.es\/en\/memorize-yourself-lets-commit-to-memory\/\" >\n\t\t\t\t\tMEMORIZE YOURSELF &#8211; LET&#8217;S COMMIT TO MEMORY\t\t\t\t<\/a>\n\t\t\t<\/h3>\n\n\t\t\t<div class=\"edgtf-item-info-section\">\n\t\t\t\t<div class=\"edgtf-post-info-author\">by\t<a itemprop=\"author\" class=\"edgtf-post-info-author-link\" href=\"https:\/\/fibgar.es\/en\/author\/fibgarau\/\">\n\t\tFibgar\t<\/a>\n<\/div><div class=\"edgtf-post-info-category\">\n\t<a href=\"https:\/\/fibgar.es\/en\/category\/articles\/\" rel=\"category tag\">Articles<\/a>, <a href=\"https:\/\/fibgar.es\/en\/category\/derechos-humanos-en\/\" rel=\"category tag\">Derechos humanos<\/a><\/div><div itemprop=\"dateCreated\" class=\"edgtf-post-info-date entry-date updated\">\n\t\t\t12\/04\/2023\t    <meta itemprop=\"interactionCount\" content=\"UserComments: 0\"\/>\n<\/div>\t\t\t<\/div>\n\n\t\t\t\t\t\t\t<p itemprop=\"description\" class=\"edgtf-excerpt\">As an extension of the Memor\u00edzate y Memor\u00edzate &#8211; Activemos la memoria project, Memor\u00edzate &#8211; \u00a1Compromet\u00e1monos con la memoria! Academy ...<\/p>\n\t\t\t\t\t\t<a itemprop=\"url\" href=\"https:\/\/fibgar.es\/en\/memorize-yourself-lets-commit-to-memory\/\" class=\"edgtf-blog-list-read-more\">Read more<i class=\"arrow_right\"><\/i><\/a>\n\t\t<\/div>\n\t<\/div>\n<\/li>\n<li class=\"edgtf-blog-list-item clearfix\">\n\t<div class=\"edgtf-blog-list-item-inner\">\n\t\t<div class=\"edgtf-item-image\">\n\t\t\t<a itemprop=\"url\" href=\"https:\/\/fibgar.es\/en\/fibgar-participated-in-the-third-world-forum-on-human-rights\/\">\n\t\t\t\t<img loading=\"lazy\" decoding=\"async\" width=\"2560\" height=\"1707\" src=\"https:\/\/fibgar.es\/wp-content\/uploads\/2023\/03\/Foro-54-de-56-1-scaled.jpg\" class=\"attachment-full size-full wp-post-image\" alt=\"\" srcset=\"https:\/\/fibgar.es\/wp-content\/uploads\/2023\/03\/Foro-54-de-56-1-scaled.jpg 2560w, https:\/\/fibgar.es\/wp-content\/uploads\/2023\/03\/Foro-54-de-56-1-300x200.jpg 300w, https:\/\/fibgar.es\/wp-content\/uploads\/2023\/03\/Foro-54-de-56-1-1024x683.jpg 1024w, https:\/\/fibgar.es\/wp-content\/uploads\/2023\/03\/Foro-54-de-56-1-768x512.jpg 768w, https:\/\/fibgar.es\/wp-content\/uploads\/2023\/03\/Foro-54-de-56-1-1536x1024.jpg 1536w\" sizes=\"auto, (max-width: 2560px) 100vw, 2560px\" \/>\t\t\t<\/a>\n\t\t<\/div>\n\t\t<div class=\"edgtf-item-text-holder\" style=\"background-color:#ffffff;box-shadow:none;\">\n\t\t\t<h3 itemprop=\"name\" class=\"edgtf-item-title entry-title\">\n\t\t\t\t<a itemprop=\"url\" href=\"https:\/\/fibgar.es\/en\/fibgar-participated-in-the-third-world-forum-on-human-rights\/\" >\n\t\t\t\t\tFIBGAR participated in the Third World Forum on Human Rights\t\t\t\t<\/a>\n\t\t\t<\/h3>\n\n\t\t\t<div class=\"edgtf-item-info-section\">\n\t\t\t\t<div class=\"edgtf-post-info-author\">by\t<a itemprop=\"author\" class=\"edgtf-post-info-author-link\" href=\"https:\/\/fibgar.es\/en\/author\/fibgarau\/\">\n\t\tFibgar\t<\/a>\n<\/div><div class=\"edgtf-post-info-category\">\n\t<a href=\"https:\/\/fibgar.es\/en\/category\/articles\/\" rel=\"category tag\">Articles<\/a>, <a href=\"https:\/\/fibgar.es\/en\/category\/derechos-humanos-en\/\" rel=\"category tag\">Derechos humanos<\/a><\/div><div itemprop=\"dateCreated\" class=\"edgtf-post-info-date entry-date updated\">\n\t\t\t29\/03\/2023\t    <meta itemprop=\"interactionCount\" content=\"UserComments: 0\"\/>\n<\/div>\t\t\t<\/div>\n\n\t\t\t\t\t\t\t<p itemprop=\"description\" class=\"edgtf-excerpt\">Last week we participated in the Third World Forum on Human Rights March 20-24, 2023 in the city of Buenos Aires, organized by the International Cente...<\/p>\n\t\t\t\t\t\t<a itemprop=\"url\" href=\"https:\/\/fibgar.es\/en\/fibgar-participated-in-the-third-world-forum-on-human-rights\/\" class=\"edgtf-blog-list-read-more\">Read more<i class=\"arrow_right\"><\/i><\/a>\n\t\t<\/div>\n\t<\/div>\n<\/li>\n<li class=\"edgtf-blog-list-item clearfix\">\n\t<div class=\"edgtf-blog-list-item-inner\">\n\t\t<div class=\"edgtf-item-image\">\n\t\t\t<a itemprop=\"url\" href=\"https:\/\/fibgar.es\/en\/never-again-always-true\/\">\n\t\t\t\t<img loading=\"lazy\" decoding=\"async\" width=\"500\" height=\"281\" src=\"https:\/\/fibgar.es\/wp-content\/uploads\/2023\/03\/DIA-INTERNACIONAL-3-e1679655582370.jpg\" class=\"attachment-full size-full wp-post-image\" alt=\"\" srcset=\"https:\/\/fibgar.es\/wp-content\/uploads\/2023\/03\/DIA-INTERNACIONAL-3-e1679655582370.jpg 500w, https:\/\/fibgar.es\/wp-content\/uploads\/2023\/03\/DIA-INTERNACIONAL-3-e1679655582370-300x169.jpg 300w\" sizes=\"auto, (max-width: 500px) 100vw, 500px\" \/>\t\t\t<\/a>\n\t\t<\/div>\n\t\t<div class=\"edgtf-item-text-holder\" style=\"background-color:#ffffff;box-shadow:none;\">\n\t\t\t<h3 itemprop=\"name\" class=\"edgtf-item-title entry-title\">\n\t\t\t\t<a itemprop=\"url\" href=\"https:\/\/fibgar.es\/en\/never-again-always-true\/\" >\n\t\t\t\t\tNever again, always true\t\t\t\t<\/a>\n\t\t\t<\/h3>\n\n\t\t\t<div class=\"edgtf-item-info-section\">\n\t\t\t\t<div class=\"edgtf-post-info-author\">by\t<a itemprop=\"author\" class=\"edgtf-post-info-author-link\" href=\"https:\/\/fibgar.es\/en\/author\/fibgarau\/\">\n\t\tFibgar\t<\/a>\n<\/div><div class=\"edgtf-post-info-category\">\n\t<a href=\"https:\/\/fibgar.es\/en\/category\/articles\/\" rel=\"category tag\">Articles<\/a>, <a href=\"https:\/\/fibgar.es\/en\/category\/derechos-humanos-en\/\" rel=\"category tag\">Derechos humanos<\/a><\/div><div itemprop=\"dateCreated\" class=\"edgtf-post-info-date entry-date updated\">\n\t\t\t24\/03\/2023\t    <meta itemprop=\"interactionCount\" content=\"UserComments: 0\"\/>\n<\/div>\t\t\t<\/div>\n\n\t\t\t\t\t\t\t<p itemprop=\"description\" class=\"edgtf-excerpt\">Today, as we do every March 24, we commemorate the International Day for the Right to the Truth in relation to Serious Violations of Human Rights and ...<\/p>\n\t\t\t\t\t\t<a itemprop=\"url\" href=\"https:\/\/fibgar.es\/en\/never-again-always-true\/\" class=\"edgtf-blog-list-read-more\">Read more<i class=\"arrow_right\"><\/i><\/a>\n\t\t<\/div>\n\t<\/div>\n<\/li>\n<li class=\"edgtf-blog-list-item clearfix\">\n\t<div class=\"edgtf-blog-list-item-inner\">\n\t\t<div class=\"edgtf-item-image\">\n\t\t\t<a itemprop=\"url\" href=\"https:\/\/fibgar.es\/en\/the-first-patfox-event-in-brussels\/\">\n\t\t\t\t<img loading=\"lazy\" decoding=\"async\" width=\"500\" height=\"219\" src=\"https:\/\/fibgar.es\/wp-content\/uploads\/2023\/03\/20230228_EP-146183A_DLL_075-scaled-e1678698224817.jpg\" class=\"attachment-full size-full wp-post-image\" alt=\"\" srcset=\"https:\/\/fibgar.es\/wp-content\/uploads\/2023\/03\/20230228_EP-146183A_DLL_075-scaled-e1678698224817.jpg 500w, https:\/\/fibgar.es\/wp-content\/uploads\/2023\/03\/20230228_EP-146183A_DLL_075-scaled-e1678698224817-300x131.jpg 300w\" sizes=\"auto, (max-width: 500px) 100vw, 500px\" \/>\t\t\t<\/a>\n\t\t<\/div>\n\t\t<div class=\"edgtf-item-text-holder\" style=\"background-color:#ffffff;box-shadow:none;\">\n\t\t\t<h3 itemprop=\"name\" class=\"edgtf-item-title entry-title\">\n\t\t\t\t<a itemprop=\"url\" href=\"https:\/\/fibgar.es\/en\/the-first-patfox-event-in-brussels\/\" >\n\t\t\t\t\tThe first PATFox event in Brussels\t\t\t\t<\/a>\n\t\t\t<\/h3>\n\n\t\t\t<div class=\"edgtf-item-info-section\">\n\t\t\t\t<div class=\"edgtf-post-info-author\">by\t<a itemprop=\"author\" class=\"edgtf-post-info-author-link\" href=\"https:\/\/fibgar.es\/en\/author\/fibgarau\/\">\n\t\tFibgar\t<\/a>\n<\/div><div class=\"edgtf-post-info-category\">\n\t<a href=\"https:\/\/fibgar.es\/en\/category\/articles\/\" rel=\"category tag\">Articles<\/a>, <a href=\"https:\/\/fibgar.es\/en\/category\/organized-crime-and-corruption\/\" rel=\"category tag\">Organized crime and corruption<\/a><\/div><div itemprop=\"dateCreated\" class=\"edgtf-post-info-date entry-date updated\">\n\t\t\t13\/03\/2023\t    <meta itemprop=\"interactionCount\" content=\"UserComments: 0\"\/>\n<\/div>\t\t\t<\/div>\n\n\t\t\t\t\t\t\t<p itemprop=\"description\" class=\"edgtf-excerpt\">On February 28, PATFox project partners met in Brussels for the event&#8220;Anti-SLAPP legal training: Experiences from the PATFox project&#8221;. The...<\/p>\n\t\t\t\t\t\t<a itemprop=\"url\" href=\"https:\/\/fibgar.es\/en\/the-first-patfox-event-in-brussels\/\" class=\"edgtf-blog-list-read-more\">Read more<i class=\"arrow_right\"><\/i><\/a>\n\t\t<\/div>\n\t<\/div>\n<\/li>\n<li class=\"edgtf-blog-list-item clearfix\">\n\t<div class=\"edgtf-blog-list-item-inner\">\n\t\t<div class=\"edgtf-item-image\">\n\t\t\t<a itemprop=\"url\" href=\"https:\/\/fibgar.es\/en\/war-in-ukraine-one-year-on-ending-impunity\/\">\n\t\t\t\t<img loading=\"lazy\" decoding=\"async\" width=\"500\" height=\"281\" src=\"https:\/\/fibgar.es\/wp-content\/uploads\/2023\/02\/DIAS-INTERNACIONALES-e1677225065721.png\" class=\"attachment-full size-full wp-post-image\" alt=\"\" srcset=\"https:\/\/fibgar.es\/wp-content\/uploads\/2023\/02\/DIAS-INTERNACIONALES-e1677225065721.png 500w, https:\/\/fibgar.es\/wp-content\/uploads\/2023\/02\/DIAS-INTERNACIONALES-e1677225065721-300x169.png 300w\" sizes=\"auto, (max-width: 500px) 100vw, 500px\" \/>\t\t\t<\/a>\n\t\t<\/div>\n\t\t<div class=\"edgtf-item-text-holder\" style=\"background-color:#ffffff;box-shadow:none;\">\n\t\t\t<h3 itemprop=\"name\" class=\"edgtf-item-title entry-title\">\n\t\t\t\t<a itemprop=\"url\" href=\"https:\/\/fibgar.es\/en\/war-in-ukraine-one-year-on-ending-impunity\/\" >\n\t\t\t\t\tWar in Ukraine, one year on: ending impunity\t\t\t\t<\/a>\n\t\t\t<\/h3>\n\n\t\t\t<div class=\"edgtf-item-info-section\">\n\t\t\t\t<div class=\"edgtf-post-info-author\">by\t<a itemprop=\"author\" class=\"edgtf-post-info-author-link\" href=\"https:\/\/fibgar.es\/en\/author\/fibgarau\/\">\n\t\tFibgar\t<\/a>\n<\/div><div class=\"edgtf-post-info-category\">\n\t<a href=\"https:\/\/fibgar.es\/en\/category\/articles\/\" rel=\"category tag\">Articles<\/a><\/div><div itemprop=\"dateCreated\" class=\"edgtf-post-info-date entry-date updated\">\n\t\t\t24\/02\/2023\t    <meta itemprop=\"interactionCount\" content=\"UserComments: 0\"\/>\n<\/div>\t\t\t<\/div>\n\n\t\t\t\t\t\t\t<p itemprop=\"description\" class=\"edgtf-excerpt\">On February 24, 2022 Russia invaded Ukraine in contravention of the basic principles of international humanitarian law and international human rights ...<\/p>\n\t\t\t\t\t\t<a itemprop=\"url\" href=\"https:\/\/fibgar.es\/en\/war-in-ukraine-one-year-on-ending-impunity\/\" class=\"edgtf-blog-list-read-more\">Read more<i class=\"arrow_right\"><\/i><\/a>\n\t\t<\/div>\n\t<\/div>\n<\/li>\n\t<\/ul>\t\n<\/div>\n[\/vc_column][\/vc_row]<\/p>\n<\/div>","protected":false},"excerpt":{"rendered":"<p>[vc_row content_width=&#8221;grid&#8221; css=&#8221;.vc_custom_1599688152866{padding-top: 67px !important;padding-bottom: 50px !important;}&#8221; el_class=&#8221;post-box&#8221;][vc_column][\/vc_column][\/vc_row]<\/p>\n","protected":false},"author":1,"featured_media":0,"parent":21861,"menu_order":0,"comment_status":"closed","ping_status":"closed","template":"full-width.php","meta":{"footnotes":""},"class_list":["post-21863","page","type-page","status-publish","hentry"],"yoast_head":"<!-- This site is optimized with the Yoast SEO plugin v27.4 - https:\/\/yoast.com\/product\/yoast-seo-wordpress\/ -->\n<title>Articles - FIBGAR<\/title>\n<meta name=\"robots\" content=\"index, follow, max-snippet:-1, max-image-preview:large, max-video-preview:-1\" \/>\n<link rel=\"canonical\" href=\"https:\/\/fibgar.es\/en\/news\/articles\/\" \/>\n<meta property=\"og:locale\" content=\"en_US\" \/>\n<meta property=\"og:type\" content=\"article\" \/>\n<meta property=\"og:title\" content=\"Articles - FIBGAR\" \/>\n<meta property=\"og:description\" content=\"[vc_row content_width=&#8221;grid&#8221; css=&#8221;.vc_custom_1599688152866{padding-top: 67px !important;padding-bottom: 50px !important;}&#8221; el_class=&#8221;post-box&#8221;][vc_column][\/vc_column][\/vc_row]\" \/>\n<meta property=\"og:url\" content=\"https:\/\/fibgar.es\/en\/news\/articles\/\" \/>\n<meta property=\"og:site_name\" content=\"FIBGAR\" \/>\n<meta property=\"article:publisher\" content=\"https:\/\/www.facebook.com\/Fibgar\" \/>\n<meta property=\"article:modified_time\" content=\"2023-08-28T12:56:40+00:00\" \/>\n<meta name=\"twitter:card\" content=\"summary_large_image\" \/>\n<meta name=\"twitter:site\" content=\"@fibgar_\" \/>\n<meta name=\"twitter:label1\" content=\"Est. reading time\" \/>\n\t<meta name=\"twitter:data1\" content=\"1 minute\" \/>\n<script type=\"application\/ld+json\" class=\"yoast-schema-graph\">{\"@context\":\"https:\\\/\\\/schema.org\",\"@graph\":[{\"@type\":\"WebPage\",\"@id\":\"https:\\\/\\\/fibgar.es\\\/en\\\/news\\\/articles\\\/\",\"url\":\"https:\\\/\\\/fibgar.es\\\/en\\\/news\\\/articles\\\/\",\"name\":\"Articles - FIBGAR\",\"isPartOf\":{\"@id\":\"https:\\\/\\\/fibgar.es\\\/en\\\/#website\"},\"datePublished\":\"2022-10-13T09:16:50+00:00\",\"dateModified\":\"2023-08-28T12:56:40+00:00\",\"breadcrumb\":{\"@id\":\"https:\\\/\\\/fibgar.es\\\/en\\\/news\\\/articles\\\/#breadcrumb\"},\"inLanguage\":\"en-US\",\"potentialAction\":[{\"@type\":\"ReadAction\",\"target\":[\"https:\\\/\\\/fibgar.es\\\/en\\\/news\\\/articles\\\/\"]}]},{\"@type\":\"BreadcrumbList\",\"@id\":\"https:\\\/\\\/fibgar.es\\\/en\\\/news\\\/articles\\\/#breadcrumb\",\"itemListElement\":[{\"@type\":\"ListItem\",\"position\":1,\"name\":\"Home\",\"item\":\"https:\\\/\\\/fibgar.es\\\/en\\\/\"},{\"@type\":\"ListItem\",\"position\":2,\"name\":\"News\",\"item\":\"https:\\\/\\\/fibgar.es\\\/en\\\/novedades\\\/\"},{\"@type\":\"ListItem\",\"position\":3,\"name\":\"Articles\"}]},{\"@type\":\"WebSite\",\"@id\":\"https:\\\/\\\/fibgar.es\\\/en\\\/#website\",\"url\":\"https:\\\/\\\/fibgar.es\\\/en\\\/\",\"name\":\"FIBGAR\",\"description\":\"Fundaci\u00f3n Internacional Baltasar Garz\u00f3n\",\"publisher\":{\"@id\":\"https:\\\/\\\/fibgar.es\\\/en\\\/#organization\"},\"alternateName\":\"FIBGAR\",\"potentialAction\":[{\"@type\":\"SearchAction\",\"target\":{\"@type\":\"EntryPoint\",\"urlTemplate\":\"https:\\\/\\\/fibgar.es\\\/en\\\/?s={search_term_string}\"},\"query-input\":{\"@type\":\"PropertyValueSpecification\",\"valueRequired\":true,\"valueName\":\"search_term_string\"}}],\"inLanguage\":\"en-US\"},{\"@type\":\"Organization\",\"@id\":\"https:\\\/\\\/fibgar.es\\\/en\\\/#organization\",\"name\":\"Fundaci\u00f3n Internacional Baltasar Garz\u00f3n\",\"alternateName\":\"FIBGAR\",\"url\":\"https:\\\/\\\/fibgar.es\\\/en\\\/\",\"logo\":{\"@type\":\"ImageObject\",\"inLanguage\":\"en-US\",\"@id\":\"https:\\\/\\\/fibgar.es\\\/en\\\/#\\\/schema\\\/logo\\\/image\\\/\",\"url\":\"https:\\\/\\\/fibgar.es\\\/wp-content\\\/uploads\\\/2020\\\/04\\\/cropped-fibgar-icono.jpeg\",\"contentUrl\":\"https:\\\/\\\/fibgar.es\\\/wp-content\\\/uploads\\\/2020\\\/04\\\/cropped-fibgar-icono.jpeg\",\"width\":512,\"height\":512,\"caption\":\"Fundaci\u00f3n Internacional Baltasar Garz\u00f3n\"},\"image\":{\"@id\":\"https:\\\/\\\/fibgar.es\\\/en\\\/#\\\/schema\\\/logo\\\/image\\\/\"},\"sameAs\":[\"https:\\\/\\\/www.facebook.com\\\/Fibgar\",\"https:\\\/\\\/x.com\\\/fibgar_\"]}]}<\/script>\n<!-- \/ Yoast SEO plugin. -->","yoast_head_json":{"title":"Articles - FIBGAR","robots":{"index":"index","follow":"follow","max-snippet":"max-snippet:-1","max-image-preview":"max-image-preview:large","max-video-preview":"max-video-preview:-1"},"canonical":"https:\/\/fibgar.es\/en\/news\/articles\/","og_locale":"en_US","og_type":"article","og_title":"Articles - FIBGAR","og_description":"[vc_row content_width=&#8221;grid&#8221; css=&#8221;.vc_custom_1599688152866{padding-top: 67px !important;padding-bottom: 50px !important;}&#8221; el_class=&#8221;post-box&#8221;][vc_column][\/vc_column][\/vc_row]","og_url":"https:\/\/fibgar.es\/en\/news\/articles\/","og_site_name":"FIBGAR","article_publisher":"https:\/\/www.facebook.com\/Fibgar","article_modified_time":"2023-08-28T12:56:40+00:00","twitter_card":"summary_large_image","twitter_site":"@fibgar_","twitter_misc":{"Est. reading time":"1 minute"},"schema":{"@context":"https:\/\/schema.org","@graph":[{"@type":"WebPage","@id":"https:\/\/fibgar.es\/en\/news\/articles\/","url":"https:\/\/fibgar.es\/en\/news\/articles\/","name":"Articles - FIBGAR","isPartOf":{"@id":"https:\/\/fibgar.es\/en\/#website"},"datePublished":"2022-10-13T09:16:50+00:00","dateModified":"2023-08-28T12:56:40+00:00","breadcrumb":{"@id":"https:\/\/fibgar.es\/en\/news\/articles\/#breadcrumb"},"inLanguage":"en-US","potentialAction":[{"@type":"ReadAction","target":["https:\/\/fibgar.es\/en\/news\/articles\/"]}]},{"@type":"BreadcrumbList","@id":"https:\/\/fibgar.es\/en\/news\/articles\/#breadcrumb","itemListElement":[{"@type":"ListItem","position":1,"name":"Home","item":"https:\/\/fibgar.es\/en\/"},{"@type":"ListItem","position":2,"name":"News","item":"https:\/\/fibgar.es\/en\/novedades\/"},{"@type":"ListItem","position":3,"name":"Articles"}]},{"@type":"WebSite","@id":"https:\/\/fibgar.es\/en\/#website","url":"https:\/\/fibgar.es\/en\/","name":"FIBGAR","description":"Fundaci\u00f3n Internacional Baltasar Garz\u00f3n","publisher":{"@id":"https:\/\/fibgar.es\/en\/#organization"},"alternateName":"FIBGAR","potentialAction":[{"@type":"SearchAction","target":{"@type":"EntryPoint","urlTemplate":"https:\/\/fibgar.es\/en\/?s={search_term_string}"},"query-input":{"@type":"PropertyValueSpecification","valueRequired":true,"valueName":"search_term_string"}}],"inLanguage":"en-US"},{"@type":"Organization","@id":"https:\/\/fibgar.es\/en\/#organization","name":"Fundaci\u00f3n Internacional Baltasar Garz\u00f3n","alternateName":"FIBGAR","url":"https:\/\/fibgar.es\/en\/","logo":{"@type":"ImageObject","inLanguage":"en-US","@id":"https:\/\/fibgar.es\/en\/#\/schema\/logo\/image\/","url":"https:\/\/fibgar.es\/wp-content\/uploads\/2020\/04\/cropped-fibgar-icono.jpeg","contentUrl":"https:\/\/fibgar.es\/wp-content\/uploads\/2020\/04\/cropped-fibgar-icono.jpeg","width":512,"height":512,"caption":"Fundaci\u00f3n Internacional Baltasar Garz\u00f3n"},"image":{"@id":"https:\/\/fibgar.es\/en\/#\/schema\/logo\/image\/"},"sameAs":["https:\/\/www.facebook.com\/Fibgar","https:\/\/x.com\/fibgar_"]}]}},"_links":{"self":[{"href":"https:\/\/fibgar.es\/en\/wp-json\/wp\/v2\/pages\/21863","targetHints":{"allow":["GET"]}}],"collection":[{"href":"https:\/\/fibgar.es\/en\/wp-json\/wp\/v2\/pages"}],"about":[{"href":"https:\/\/fibgar.es\/en\/wp-json\/wp\/v2\/types\/page"}],"author":[{"embeddable":true,"href":"https:\/\/fibgar.es\/en\/wp-json\/wp\/v2\/users\/1"}],"replies":[{"embeddable":true,"href":"https:\/\/fibgar.es\/en\/wp-json\/wp\/v2\/comments?post=21863"}],"version-history":[{"count":2,"href":"https:\/\/fibgar.es\/en\/wp-json\/wp\/v2\/pages\/21863\/revisions"}],"predecessor-version":[{"id":21906,"href":"https:\/\/fibgar.es\/en\/wp-json\/wp\/v2\/pages\/21863\/revisions\/21906"}],"up":[{"embeddable":true,"href":"https:\/\/fibgar.es\/en\/wp-json\/wp\/v2\/pages\/21861"}],"wp:attachment":[{"href":"https:\/\/fibgar.es\/en\/wp-json\/wp\/v2\/media?parent=21863"}],"curies":[{"name":"wp","href":"https:\/\/api.w.org\/{rel}","templated":true}]}}